{"id":19,"date":"2016-06-28T09:52:26","date_gmt":"2016-06-28T09:52:26","guid":{"rendered":"http:\/\/evont.janxcode.com\/?page_id=19"},"modified":"2025-01-24T19:34:06","modified_gmt":"2025-01-24T19:34:06","slug":"galeria","status":"publish","type":"page","link":"https:\/\/carnavalvegano.do\/index.php\/galeria\/","title":{"rendered":"Galeria"},"content":{"rendered":"<p>[vc_row el_class=\u00bbjx-evont-padding\u00bb fullwidth=\u00bbyes\u00bb css=\u00bb.vc_custom_1486152509397{background-image: url(http:\/\/juanvmedrano.com\/cv2017\/wp-content\/uploads\/2016\/06\/calendario-1.png?id=790) !important;}\u00bb][vc_column][vc_single_image image=\u00bb10501&#8243; img_size=\u00bb600&#215;100&#8243; alignment=\u00bbcenter\u00bb css=\u00bb.vc_custom_1737747227422{margin-top: -70px !important;}\u00bb][vc_empty_space height=\u00bb60px\u00bb][vc_column_text css=\u00bb.vc_custom_1486152395294{margin-right: 100px !important;margin-left: 100px !important;}\u00bb]<style type=\"text\/css\">a.eg-henryharrison-element-1,a.eg-henryharrison-element-2{-webkit-transition:all .4s linear;   -moz-transition:all .4s linear;   -o-transition:all .4s linear;   -ms-transition:all .4s linear;   transition:all .4s linear}.eg-jimmy-carter-element-11 i:before{margin-left:0px; margin-right:0px}.eg-harding-element-17{letter-spacing:1px}.eg-harding-wrapper .esg-entry-media{overflow:hidden; box-sizing:border-box;   -webkit-box-sizing:border-box;   -moz-box-sizing:border-box;   padding:30px 30px 0px 30px}.eg-harding-wrapper .esg-entry-media img{overflow:hidden; border-radius:50%;   -webkit-border-radius:50%;   -moz-border-radius:50%}.eg-ulysses-s-grant-wrapper .esg-entry-media{overflow:hidden; box-sizing:border-box;   -webkit-box-sizing:border-box;   -moz-box-sizing:border-box;   padding:30px 30px 0px 30px}.eg-ulysses-s-grant-wrapper .esg-entry-media img{overflow:hidden; border-radius:50%;   -webkit-border-radius:50%;   -moz-border-radius:50%}.eg-richard-nixon-wrapper .esg-entry-media{overflow:hidden; box-sizing:border-box;   -webkit-box-sizing:border-box;   -moz-box-sizing:border-box;   padding:30px 30px 0px 30px}.eg-richard-nixon-wrapper .esg-entry-media img{overflow:hidden; border-radius:50%;   -webkit-border-radius:50%;   -moz-border-radius:50%}.eg-herbert-hoover-wrapper .esg-entry-media img{filter:url(\"data:image\/svg+xml;utf8,<svg xmlns='http:\/\/www.w3.org\/2000\/svg'><filter id='grayscale'><feColorMatrix type='matrix' values='0.3333 0.3333 0.3333 0 0 0.3333 0.3333 0.3333 0 0 0.3333 0.3333 0.3333 0 0 0 0 0 1 0'\/><\/filter><\/svg>#grayscale\");   filter:gray;   -webkit-filter:grayscale(100%)}.eg-herbert-hoover-wrapper:hover .esg-entry-media img{filter:url(\"data:image\/svg+xml;utf8,<svg xmlns='http:\/\/www.w3.org\/2000\/svg'><filter id='grayscale'><feColorMatrix type='matrix' values='1 0 0 0 0,0 1 0 0 0,0 0 1 0 0,0 0 0 1 0'\/><\/filter><\/svg>#grayscale\");  -webkit-filter:grayscale(0%)}.eg-lyndon-johnson-wrapper .esg-entry-media img{filter:url(\"data:image\/svg+xml;utf8,<svg xmlns='http:\/\/www.w3.org\/2000\/svg'><filter id='grayscale'><feColorMatrix type='matrix' values='0.3333 0.3333 0.3333 0 0 0.3333 0.3333 0.3333 0 0 0.3333 0.3333 0.3333 0 0 0 0 0 1 0'\/><\/filter><\/svg>#grayscale\");   filter:gray;   -webkit-filter:grayscale(100%)}.eg-lyndon-johnson-wrapper:hover .esg-entry-media img{filter:url(\"data:image\/svg+xml;utf8,<svg xmlns='http:\/\/www.w3.org\/2000\/svg'><filter id='grayscale'><feColorMatrix type='matrix' values='1 0 0 0 0,0 1 0 0 0,0 0 1 0 0,0 0 0 1 0'\/><\/filter><\/svg>#grayscale\");  -webkit-filter:grayscale(0%)}.esg-overlay.eg-ronald-reagan-container{background:-moz-linear-gradient(top,rgba(0,0,0,0) 50%,rgba(0,0,0,0.83) 99%,rgba(0,0,0,0.85) 100%); background:-webkit-gradient(linear,left top,left bottom,color-stop(50%,rgba(0,0,0,0)),color-stop(99%,rgba(0,0,0,0.83)),color-stop(100%,rgba(0,0,0,0.85))); background:-webkit-linear-gradient(top,rgba(0,0,0,0) 50%,rgba(0,0,0,0.83) 99%,rgba(0,0,0,0.85) 100%); background:-o-linear-gradient(top,rgba(0,0,0,0) 50%,rgba(0,0,0,0.83) 99%,rgba(0,0,0,0.85) 100%); background:-ms-linear-gradient(top,rgba(0,0,0,0) 50%,rgba(0,0,0,0.83) 99%,rgba(0,0,0,0.85) 100%); background:linear-gradient(to bottom,rgba(0,0,0,0) 50%,rgba(0,0,0,0.83) 99%,rgba(0,0,0,0.85) 100%); filter:progid:DXImageTransform.Microsoft.gradient( startColorstr='#00000000',endColorstr='#d9000000',GradientType=0 )}.eg-georgebush-wrapper .esg-entry-cover{background:-moz-linear-gradient(top,rgba(0,0,0,0) 50%,rgba(0,0,0,0.83) 99%,rgba(0,0,0,0.85) 100%); background:-webkit-gradient(linear,left top,left bottom,color-stop(50%,rgba(0,0,0,0)),color-stop(99%,rgba(0,0,0,0.83)),color-stop(100%,rgba(0,0,0,0.85))); background:-webkit-linear-gradient(top,rgba(0,0,0,0) 50%,rgba(0,0,0,0.83) 99%,rgba(0,0,0,0.85) 100%); background:-o-linear-gradient(top,rgba(0,0,0,0) 50%,rgba(0,0,0,0.83) 99%,rgba(0,0,0,0.85) 100%); background:-ms-linear-gradient(top,rgba(0,0,0,0) 50%,rgba(0,0,0,0.83) 99%,rgba(0,0,0,0.85) 100%); background:linear-gradient(to bottom,rgba(0,0,0,0) 50%,rgba(0,0,0,0.83) 99%,rgba(0,0,0,0.85) 100%); filter:progid:DXImageTransform.Microsoft.gradient( startColorstr='#00000000',endColorstr='#d9000000',GradientType=0 )}.eg-jefferson-wrapper{-webkit-border-radius:5px !important; -moz-border-radius:5px !important; border-radius:5px !important; -webkit-mask-image:url(data:image\/png;base64,iVBORw0KGgoAAAANSUhEUgAAAAEAAAABCAIAAACQd1PeAAAAGXRFWHRTb2Z0d2FyZQBBZG9iZSBJbWFnZVJlYWR5ccllPAAAAA5JREFUeNpiYGBgAAgwAAAEAAGbA+oJAAAAAElFTkSuQmCC) !important}.eg-monroe-element-1{text-shadow:0px 1px 3px rgba(0,0,0,0.1)}.eg-lyndon-johnson-wrapper .esg-entry-cover{background:-moz-radial-gradient(center,ellipse cover,rgba(0,0,0,0.35) 0%,rgba(18,18,18,0) 96%,rgba(19,19,19,0) 100%); background:-webkit-gradient(radial,center center,0px,center center,100%,color-stop(0%,rgba(0,0,0,0.35)),color-stop(96%,rgba(18,18,18,0)),color-stop(100%,rgba(19,19,19,0))); background:-webkit-radial-gradient(center,ellipse cover,rgba(0,0,0,0.35) 0%,rgba(18,18,18,0) 96%,rgba(19,19,19,0) 100%); background:-o-radial-gradient(center,ellipse cover,rgba(0,0,0,0.35) 0%,rgba(18,18,18,0) 96%,rgba(19,19,19,0) 100%); background:-ms-radial-gradient(center,ellipse cover,rgba(0,0,0,0.35) 0%,rgba(18,18,18,0) 96%,rgba(19,19,19,0) 100%); background:radial-gradient(ellipse at center,rgba(0,0,0,0.35) 0%,rgba(18,18,18,0) 96%,rgba(19,19,19,0) 100%); filter:progid:DXImageTransform.Microsoft.gradient( startColorstr='#59000000',endColorstr='#00131313',GradientType=1 )}.eg-wilbert-wrapper .esg-entry-cover{background:-moz-radial-gradient(center,ellipse cover,rgba(0,0,0,0.35) 0%,rgba(18,18,18,0) 96%,rgba(19,19,19,0) 100%); background:-webkit-gradient(radial,center center,0px,center center,100%,color-stop(0%,rgba(0,0,0,0.35)),color-stop(96%,rgba(18,18,18,0)),color-stop(100%,rgba(19,19,19,0))); background:-webkit-radial-gradient(center,ellipse cover,rgba(0,0,0,0.35) 0%,rgba(18,18,18,0) 96%,rgba(19,19,19,0) 100%); background:-o-radial-gradient(center,ellipse cover,rgba(0,0,0,0.35) 0%,rgba(18,18,18,0) 96%,rgba(19,19,19,0) 100%); background:-ms-radial-gradient(center,ellipse cover,rgba(0,0,0,0.35) 0%,rgba(18,18,18,0) 96%,rgba(19,19,19,0) 100%); background:radial-gradient(ellipse at center,rgba(0,0,0,0.35) 0%,rgba(18,18,18,0) 96%,rgba(19,19,19,0) 100%); filter:progid:DXImageTransform.Microsoft.gradient( startColorstr='#59000000',endColorstr='#00131313',GradientType=1 )}.eg-wilbert-wrapper .esg-entry-media img{-webkit-transition:0.4s ease-in-out;  -moz-transition:0.4s ease-in-out;  -o-transition:0.4s ease-in-out;  transition:0.4s ease-in-out;  filter:url(\"data:image\/svg+xml;utf8,<svg xmlns='http:\/\/www.w3.org\/2000\/svg'><filter id='grayscale'><feColorMatrix type='matrix' values='0.3333 0.3333 0.3333 0 0 0.3333 0.3333 0.3333 0 0 0.3333 0.3333 0.3333 0 0 0 0 0 1 0'\/><\/filter><\/svg>#grayscale\");   filter:gray;   -webkit-filter:grayscale(100%)}.eg-wilbert-wrapper:hover .esg-entry-media img{filter:url(\"data:image\/svg+xml;utf8,<svg xmlns='http:\/\/www.w3.org\/2000\/svg'><filter id='grayscale'><feColorMatrix type='matrix' values='1 0 0 0 0,0 1 0 0 0,0 0 1 0 0,0 0 0 1 0'\/><\/filter><\/svg>#grayscale\");  -webkit-filter:grayscale(0%)}.eg-phillie-element-3:after{content:\" \";width:0px;height:0px;border-style:solid;border-width:5px 5px 0 5px;border-color:#000 transparent transparent transparent;left:50%;margin-left:-5px; bottom:-5px; position:absolute}.eg-howardtaft-wrapper .esg-entry-media img,.eg-howardtaft-wrapper .esg-media-poster{filter:url(\"data:image\/svg+xml;utf8,<svg xmlns='http:\/\/www.w3.org\/2000\/svg'><filter id='grayscale'><feColorMatrix type='matrix' values='1 0 0 0 0,0 1 0 0 0,0 0 1 0 0,0 0 0 1 0'\/><\/filter><\/svg>#grayscale\");  -webkit-filter:grayscale(0%)}.eg-howardtaft-wrapper:hover .esg-entry-media img,.eg-howardtaft-wrapper:hover .esg-media-poster{filter:url(\"data:image\/svg+xml;utf8,<svg xmlns='http:\/\/www.w3.org\/2000\/svg'><filter id='grayscale'><feColorMatrix type='matrix' values='0.3333 0.3333 0.3333 0 0 0.3333 0.3333 0.3333 0 0 0.3333 0.3333 0.3333 0 0 0 0 0 1 0'\/><\/filter><\/svg>#grayscale\");   filter:gray;   -webkit-filter:grayscale(100%)}.myportfolio-container .added_to_cart.wc-forward{font-family:\"Open Sans\"; font-size:13px; color:#fff; margin-top:10px}.esgbox-title.esgbox-title-outside-wrap{font-size:15px; font-weight:700; text-align:center}.esgbox-title.esgbox-title-inside-wrap{padding-bottom:10px; font-size:15px; font-weight:700; text-align:center}.esg-content.eg-twitterstream-element-33-a{display:inline-block}.eg-twitterstream-element-35{word-break:break-all}.esg-overlay.eg-twitterstream-container{background:-moz-linear-gradient(top,rgba(0,0,0,0) 50%,rgba(0,0,0,0.83) 99%,rgba(0,0,0,0.85) 100%); background:-webkit-gradient(linear,left top,left bottom,color-stop(50%,rgba(0,0,0,0)),color-stop(99%,rgba(0,0,0,0.83)),color-stop(100%,rgba(0,0,0,0.85))); background:-webkit-linear-gradient(top,rgba(0,0,0,0) 50%,rgba(0,0,0,0.83) 99%,rgba(0,0,0,0.85) 100%); background:-o-linear-gradient(top,rgba(0,0,0,0) 50%,rgba(0,0,0,0.83) 99%,rgba(0,0,0,0.85) 100%); background:-ms-linear-gradient(top,rgba(0,0,0,0) 50%,rgba(0,0,0,0.83) 99%,rgba(0,0,0,0.85) 100%); background:linear-gradient(to bottom,rgba(0,0,0,0) 50%,rgba(0,0,0,0.83) 99%,rgba(0,0,0,0.85) 100%); filter:progid:DXImageTransform.Microsoft.gradient( startColorstr='#00000000',endColorstr='#d9000000',GradientType=0 )}.esg-content.eg-facebookstream-element-33-a{display:inline-block}.eg-facebookstream-element-0{word-break:break-all}.esg-overlay.eg-flickrstream-container{background:-moz-linear-gradient(top,rgba(0,0,0,0) 50%,rgba(0,0,0,0.83) 99%,rgba(0,0,0,0.85) 100%); background:-webkit-gradient(linear,left top,left bottom,color-stop(50%,rgba(0,0,0,0)),color-stop(99%,rgba(0,0,0,0.83)),color-stop(100%,rgba(0,0,0,0.85))); background:-webkit-linear-gradient(top,rgba(0,0,0,0) 50%,rgba(0,0,0,0.83) 99%,rgba(0,0,0,0.85) 100%); background:-o-linear-gradient(top,rgba(0,0,0,0) 50%,rgba(0,0,0,0.83) 99%,rgba(0,0,0,0.85) 100%); background:-ms-linear-gradient(top,rgba(0,0,0,0) 50%,rgba(0,0,0,0.83) 99%,rgba(0,0,0,0.85) 100%); background:linear-gradient(to bottom,rgba(0,0,0,0) 50%,rgba(0,0,0,0.83) 99%,rgba(0,0,0,0.85) 100%); filter:progid:DXImageTransform.Microsoft.gradient( startColorstr='#00000000',endColorstr='#d9000000',GradientType=0 )}<\/style>\n<!-- CACHE CREATED FOR: 2 --><style type=\"text\/css\">.minimal-light .navigationbuttons,.minimal-light .esg-pagination,.minimal-light .esg-filters{text-align:center}.minimal-light .esg-filterbutton,.minimal-light .esg-navigationbutton,.minimal-light .esg-sortbutton,.minimal-light .esg-cartbutton a{color:#999; margin-right:5px; cursor:pointer; padding:0px 16px; border:1px solid #e5e5e5; line-height:38px; border-radius:5px; -moz-border-radius:5px; -webkit-border-radius:5px; font-size:12px; font-weight:700; font-family:\"Open Sans\",sans-serif; display:inline-block; background:#fff; margin-bottom:5px}.minimal-light .esg-navigationbutton *{color:#999}.minimal-light .esg-navigationbutton{padding:0px 16px}.minimal-light .esg-pagination-button:last-child{margin-right:0}.minimal-light .esg-left,.minimal-light .esg-right{padding:0px 11px}.minimal-light .esg-sortbutton-wrapper,.minimal-light .esg-cartbutton-wrapper{display:inline-block}.minimal-light .esg-sortbutton-order,.minimal-light .esg-cartbutton-order{display:inline-block;  vertical-align:top;  border:1px solid #e5e5e5;  width:40px;  line-height:38px;  border-radius:0px 5px 5px 0px;  -moz-border-radius:0px 5px 5px 0px;  -webkit-border-radius:0px 5px 5px 0px;  font-size:12px;  font-weight:700;  color:#999;  cursor:pointer;  background:#fff}.minimal-light .esg-cartbutton{color:#333; cursor:default !important}.minimal-light .esg-cartbutton .esgicon-basket{color:#333;   font-size:15px;   line-height:15px;   margin-right:10px}.minimal-light .esg-cartbutton-wrapper{cursor:default !important}.minimal-light .esg-sortbutton,.minimal-light .esg-cartbutton{display:inline-block; position:relative; cursor:pointer; margin-right:0px; border-right:none; border-radius:5px 0px 0px 5px; -moz-border-radius:5px 0px 0px 5px; -webkit-border-radius:5px 0px 0px 5px}.minimal-light .esg-navigationbutton:hover,.minimal-light .esg-filterbutton:hover,.minimal-light .esg-sortbutton:hover,.minimal-light .esg-sortbutton-order:hover,.minimal-light .esg-cartbutton a:hover,.minimal-light .esg-filterbutton.selected{background-color:#fff;   border-color:#bbb;   color:#333;   box-shadow:0px 3px 5px 0px rgba(0,0,0,0.13)}.minimal-light .esg-navigationbutton:hover *{color:#333}.minimal-light .esg-sortbutton-order.tp-desc:hover{border-color:#bbb; color:#333; box-shadow:0px -3px 5px 0px rgba(0,0,0,0.13) !important}.minimal-light .esg-filter-checked{padding:1px 3px;  color:#cbcbcb;  background:#cbcbcb;  margin-left:7px;  font-size:9px;  font-weight:300;  line-height:9px;  vertical-align:middle}.minimal-light .esg-filterbutton.selected .esg-filter-checked,.minimal-light .esg-filterbutton:hover .esg-filter-checked{padding:1px 3px 1px 3px;  color:#fff;  background:#000;  margin-left:7px;  font-size:9px;  font-weight:300;  line-height:9px;  vertical-align:middle}<\/style>\n<style type=\"text\/css\">.eg-monroe-element-0{font-size:13px; line-height:30px; color:#eeee22; font-weight:800; padding:3px 15px 2px 15px ; border-radius:3px 3px 3px 3px ; background-color:rgba(221,51,51,1.00); z-index:2 !important; display:block; font-family:\"Raleway\"; border-top-width:0px; border-right-width:0px; border-bottom-width:3px; border-left-width:0px; border-color:#a52424; border-style:solid}.eg-monroe-element-1{font-size:16px; line-height:24px; color:#ffffff; font-weight:900; display:inline-block; float:none; clear:both; margin:0px 0px 0px 0px ; padding:4px 12px 3px 12px ; border-radius:0px 0px 0px 0px ; background-color:rgba(255,255,255,0.15); position:relative; z-index:2 !important; font-family:\"Raleway\"; text-transform:capitalize}.eg-monroe-element-8{font-size:17px; line-height:24px; color:#000000; font-weight:800; display:inline-block; float:none; clear:both; margin:30px 0px 0px 0px ; padding:3px 12px 4px 12px ; border-radius:0px 0px 0px 0px ; background-color:rgba(255,255,255,1.00); position:relative; z-index:2 !important; font-family:\"Raleway\"; text-transform:capitalize}<\/style>\n<style type=\"text\/css\">.eg-monroe-element-0:hover{font-size:13px; line-height:30px; color:#dd3333; font-weight:800; border-radius:3px 3px 3px 3px ; background-color:rgba(238,238,34,1.00); font-family:\"Raleway\"; border-top-width:0px; border-right-width:0px; border-bottom-width:3px; border-left-width:0px; border-color:#ceb91c; border-style:solid}<\/style>\n<style type=\"text\/css\">.eg-monroe-element-0-a{display:inline-block; float:none; clear:both; margin:0px 0px 30px 0px ; position:relative}<\/style>\n<style type=\"text\/css\">.eg-monroe-container{background-color:rgba(10,10,10,0.50)}<\/style>\n<style type=\"text\/css\">.eg-monroe-content{background-color:#ffffff; padding:0px 0px 0px 0px; border-width:0px 0px 0px 0px; border-radius:0px 0px 0px 0px; border-color:transparent; border-style:none; text-align:center}<\/style>\n<style type=\"text\/css\">.esg-grid .mainul li.eg-monroe-wrapper{background-color:#ffffff; padding:0px 0px 0px 0px; border-width:0px 0px 0px 0px; border-radius:0px 0px 0px 0px; border-color:transparent; border-style:none}<\/style>\n<style type=\"text\/css\">.esg-grid .mainul li.eg-monroe-wrapper .esg-media-poster{background-size:cover; background-position:center center; background-repeat:no-repeat}<\/style>\n<!-- THE ESSENTIAL GRID 2.1.0.2 POST -->\n\n<article class=\"myportfolio-container minimal-light\" id=\"esg-grid-2-1-wrap\">\n\n    <div id=\"esg-grid-2-1\" class=\"esg-grid\" style=\"background-color: #ffffff;padding: px px 0px px ; box-sizing:border-box; -moz-box-sizing:border-box; -webkit-box-sizing:border-box;\">\n<ul>\n<li id=\"eg-2-post-id-435\" class=\"filterall filter-galeria filter-uncategorized eg-monroe-wrapper eg-post-id-435\" data-date=\"1420729921\">\n    <div class=\"esg-media-cover-wrapper\">\n<div class=\"esg-entry-media\"><img loading=\"lazy\" decoding=\"async\" src=\"https:\/\/carnavalvegano.do\/wp-content\/uploads\/2015\/01\/www.carnavalvegano.com-114.jpg\" alt=\"\" width=\"550\" height=\"366\"><\/div>\n\n            <div class=\"esg-entry-cover\">\n\n                <div class=\"esg-overlay esg-fadeout eg-monroe-container\" data-delay=\"0\"><\/div>\n\n\t\t\t\t<div class=\"esg-bottom eg-post-435 eg-monroe-element-0-a esg-flipup\" data-delay=\"0\"><a class=\"eg-monroe-element-0 eg-post-435\" href=\"https:\/\/carnavalvegano.do\/index.php\/2015\/01\/08\/despertar-del-carnaval-vegano-grupo-los-panitas-02enero2011\/\" target=\"_self\">Ver M\u00e1s<\/a><\/div>\n\t\t\t\t<div class=\"esg-center eg-post-435 eg-monroe-element-1 esg-flipdownout\" data-delay=\"0\">Despertar del Carnaval Vegano @ Grupo Los Panitas 02\/Enero\/2011<\/div>\n\t\t\t\t<div class=\"esg-top eg-post-435 eg-monroe-element-8 esg-slidedown\" data-delay=\"0\">enero 8, 2015<\/div>\n           <\/div>\n   <\/div>\n\n<\/li>\n<li id=\"eg-2-post-id-462\" class=\"filterall filter-galeria filter-uncategorized eg-monroe-wrapper eg-post-id-462\" data-date=\"1420730122\">\n    <div class=\"esg-media-cover-wrapper\">\n<div class=\"esg-entry-media\"><img loading=\"lazy\" decoding=\"async\" src=\"https:\/\/carnavalvegano.do\/wp-content\/uploads\/2015\/01\/www.carnavalvegano.com-21.jpg\" alt=\"\" width=\"600\" height=\"400\"><\/div>\n\n            <div class=\"esg-entry-cover\">\n\n                <div class=\"esg-overlay esg-fadeout eg-monroe-container\" data-delay=\"0\"><\/div>\n\n\t\t\t\t<div class=\"esg-bottom eg-post-462 eg-monroe-element-0-a esg-flipup\" data-delay=\"0\"><a class=\"eg-monroe-element-0 eg-post-462\" href=\"https:\/\/carnavalvegano.do\/index.php\/2015\/01\/08\/caravana-del-grupo-de-carnaval-los-bichos-09enero2011\/\" target=\"_self\">Ver M\u00e1s<\/a><\/div>\n\t\t\t\t<div class=\"esg-center eg-post-462 eg-monroe-element-1 esg-flipdownout\" data-delay=\"0\">Caravana del Grupo de Carnaval @ Los Bichos 09\/Enero\/2011<\/div>\n\t\t\t\t<div class=\"esg-top eg-post-462 eg-monroe-element-8 esg-slidedown\" data-delay=\"0\">enero 8, 2015<\/div>\n           <\/div>\n   <\/div>\n\n<\/li>\n<li id=\"eg-2-post-id-467\" class=\"filterall filter-galeria filter-uncategorized eg-monroe-wrapper eg-post-id-467\" data-date=\"1420730451\">\n    <div class=\"esg-media-cover-wrapper\">\n<div class=\"esg-entry-media\"><img loading=\"lazy\" decoding=\"async\" src=\"https:\/\/carnavalvegano.do\/wp-content\/uploads\/2015\/01\/www.carnavalvegano.com-61.jpg\" alt=\"\" width=\"400\" height=\"600\"><\/div>\n\n            <div class=\"esg-entry-cover\">\n\n                <div class=\"esg-overlay esg-fadeout eg-monroe-container\" data-delay=\"0\"><\/div>\n\n\t\t\t\t<div class=\"esg-bottom eg-post-467 eg-monroe-element-0-a esg-flipup\" data-delay=\"0\"><a class=\"eg-monroe-element-0 eg-post-467\" href=\"https:\/\/carnavalvegano.do\/index.php\/2015\/01\/08\/carnaval-vegano-2010-01enero2011\/\" target=\"_self\">Ver M\u00e1s<\/a><\/div>\n\t\t\t\t<div class=\"esg-center eg-post-467 eg-monroe-element-1 esg-flipdownout\" data-delay=\"0\">Carnaval Vegano 2010, 01\/Enero\/2011<\/div>\n\t\t\t\t<div class=\"esg-top eg-post-467 eg-monroe-element-8 esg-slidedown\" data-delay=\"0\">enero 8, 2015<\/div>\n           <\/div>\n   <\/div>\n\n<\/li>\n<li id=\"eg-2-post-id-6335\" class=\"filterall filter-galeria filter-uncategorized eg-monroe-wrapper eg-post-id-6335\" data-date=\"1420730674\">\n    <div class=\"esg-media-cover-wrapper\">\n<div class=\"esg-entry-media\"><img loading=\"lazy\" decoding=\"async\" src=\"https:\/\/carnavalvegano.do\/wp-content\/uploads\/2015\/01\/www.carnavalvegano.com-102-1.jpg\" alt=\"\" width=\"600\" height=\"400\"><\/div>\n\n            <div class=\"esg-entry-cover\">\n\n                <div class=\"esg-overlay esg-fadeout eg-monroe-container\" data-delay=\"0\"><\/div>\n\n\t\t\t\t<div class=\"esg-bottom eg-post-6335 eg-monroe-element-0-a esg-flipup\" data-delay=\"0\"><a class=\"eg-monroe-element-0 eg-post-6335\" href=\"https:\/\/carnavalvegano.do\/index.php\/2015\/01\/08\/lanzamiento-carnaval-vegano-2011-hotel-embajador-13enero2011\/\" target=\"_self\">Ver M\u00e1s<\/a><\/div>\n\t\t\t\t<div class=\"esg-center eg-post-6335 eg-monroe-element-1 esg-flipdownout\" data-delay=\"0\">Lanzamiento Carnaval Vegano 2011 @ Hotel Embajador 13\/Enero\/2011<\/div>\n\t\t\t\t<div class=\"esg-top eg-post-6335 eg-monroe-element-8 esg-slidedown\" data-delay=\"0\">enero 8, 2015<\/div>\n           <\/div>\n   <\/div>\n\n<\/li>\n<li id=\"eg-2-post-id-9177\" class=\"filterall filter-galeria filter-uncategorized eg-monroe-wrapper eg-post-id-9177\" data-date=\"1420730905\">\n    <div class=\"esg-media-cover-wrapper\">\n<div class=\"esg-entry-media\"><img loading=\"lazy\" decoding=\"async\" src=\"https:\/\/carnavalvegano.do\/wp-content\/uploads\/2015\/01\/Microvision.Com_.Do-13.jpg\" alt=\"\" width=\"600\" height=\"399\"><\/div>\n\n            <div class=\"esg-entry-cover\">\n\n                <div class=\"esg-overlay esg-fadeout eg-monroe-container\" data-delay=\"0\"><\/div>\n\n\t\t\t\t<div class=\"esg-bottom eg-post-9177 eg-monroe-element-0-a esg-flipup\" data-delay=\"0\"><a class=\"eg-monroe-element-0 eg-post-9177\" href=\"https:\/\/carnavalvegano.do\/index.php\/2015\/01\/08\/cena-de-gala-candidatas-miss-carnaval-2011-lite-lounge-la-vega-15enero2011\/\" target=\"_self\">Ver M\u00e1s<\/a><\/div>\n\t\t\t\t<div class=\"esg-center eg-post-9177 eg-monroe-element-1 esg-flipdownout\" data-delay=\"0\">Cena de Gala, Candidatas Miss Carnaval 2011 @ Lite Lounge, La Vega 15\/Enero\/2011<\/div>\n\t\t\t\t<div class=\"esg-top eg-post-9177 eg-monroe-element-8 esg-slidedown\" data-delay=\"0\">enero 8, 2015<\/div>\n           <\/div>\n   <\/div>\n\n<\/li>\n<li id=\"eg-2-post-id-477\" class=\"filterall filter-galeria filter-uncategorized eg-monroe-wrapper eg-post-id-477\" data-date=\"1420731071\">\n    <div class=\"esg-media-cover-wrapper\">\n<div class=\"esg-entry-media\"><img loading=\"lazy\" decoding=\"async\" src=\"https:\/\/carnavalvegano.do\/wp-content\/uploads\/2015\/01\/www.carnavalvegano.com-24.jpg\" alt=\"\" width=\"600\" height=\"400\"><\/div>\n\n            <div class=\"esg-entry-cover\">\n\n                <div class=\"esg-overlay esg-fadeout eg-monroe-container\" data-delay=\"0\"><\/div>\n\n\t\t\t\t<div class=\"esg-bottom eg-post-477 eg-monroe-element-0-a esg-flipup\" data-delay=\"0\"><a class=\"eg-monroe-element-0 eg-post-477\" href=\"https:\/\/carnavalvegano.do\/index.php\/2015\/01\/08\/la-vega-se-prepara-para-el-carnaval-2011-20enero2011\/\" target=\"_self\">Ver M\u00e1s<\/a><\/div>\n\t\t\t\t<div class=\"esg-center eg-post-477 eg-monroe-element-1 esg-flipdownout\" data-delay=\"0\">La Vega Se Prepara Para El Carnaval 2011 20\/Enero\/2011<\/div>\n\t\t\t\t<div class=\"esg-top eg-post-477 eg-monroe-element-8 esg-slidedown\" data-delay=\"0\">enero 8, 2015<\/div>\n           <\/div>\n   <\/div>\n\n<\/li>\n<li id=\"eg-2-post-id-481\" class=\"filterall filter-galeria filter-uncategorized eg-monroe-wrapper eg-post-id-481\" data-date=\"1420731907\">\n    <div class=\"esg-media-cover-wrapper\">\n<div class=\"esg-entry-media\"><img loading=\"lazy\" decoding=\"async\" src=\"https:\/\/carnavalvegano.do\/wp-content\/uploads\/2015\/01\/www.carnavalvegano.com-157.jpg\" alt=\"\" width=\"600\" height=\"400\"><\/div>\n\n            <div class=\"esg-entry-cover\">\n\n                <div class=\"esg-overlay esg-fadeout eg-monroe-container\" data-delay=\"0\"><\/div>\n\n\t\t\t\t<div class=\"esg-bottom eg-post-481 eg-monroe-element-0-a esg-flipup\" data-delay=\"0\"><a class=\"eg-monroe-element-0 eg-post-481\" href=\"https:\/\/carnavalvegano.do\/index.php\/2015\/01\/08\/miss-carnaval-2011-bajo-techo-fernando-teruel-la-vega-22enero2011\/\" target=\"_self\">Ver M\u00e1s<\/a><\/div>\n\t\t\t\t<div class=\"esg-center eg-post-481 eg-monroe-element-1 esg-flipdownout\" data-delay=\"0\">Miss Carnaval 2011 @ Bajo Techo Fernando Teruel, La Vega 22\/Enero\/2011<\/div>\n\t\t\t\t<div class=\"esg-top eg-post-481 eg-monroe-element-8 esg-slidedown\" data-delay=\"0\">enero 8, 2015<\/div>\n           <\/div>\n   <\/div>\n\n<\/li>\n<li id=\"eg-2-post-id-488\" class=\"filterall filter-galeria filter-uncategorized eg-monroe-wrapper eg-post-id-488\" data-date=\"1420732132\">\n    <div class=\"esg-media-cover-wrapper\">\n<div class=\"esg-entry-media\"><img loading=\"lazy\" decoding=\"async\" src=\"https:\/\/carnavalvegano.do\/wp-content\/uploads\/2015\/01\/www.carnavalvegano.com-2.jpg\" alt=\"\" width=\"600\" height=\"399\"><\/div>\n\n            <div class=\"esg-entry-cover\">\n\n                <div class=\"esg-overlay esg-fadeout eg-monroe-container\" data-delay=\"0\"><\/div>\n\n\t\t\t\t<div class=\"esg-bottom eg-post-488 eg-monroe-element-0-a esg-flipup\" data-delay=\"0\"><a class=\"eg-monroe-element-0 eg-post-488\" href=\"https:\/\/carnavalvegano.do\/index.php\/2015\/01\/08\/fotos-preparativos-miss-carnaval-2011\/\" target=\"_self\">Ver M\u00e1s<\/a><\/div>\n\t\t\t\t<div class=\"esg-center eg-post-488 eg-monroe-element-1 esg-flipdownout\" data-delay=\"0\">Fotos Preparativos Miss Carnaval 2011<\/div>\n\t\t\t\t<div class=\"esg-top eg-post-488 eg-monroe-element-8 esg-slidedown\" data-delay=\"0\">enero 8, 2015<\/div>\n           <\/div>\n   <\/div>\n\n<\/li>\n<li id=\"eg-2-post-id-6337\" class=\"filterall filter-galeria filter-uncategorized eg-monroe-wrapper eg-post-id-6337\" data-date=\"1420732831\">\n    <div class=\"esg-media-cover-wrapper\">\n<div class=\"esg-entry-media\"><img loading=\"lazy\" decoding=\"async\" src=\"https:\/\/carnavalvegano.do\/wp-content\/uploads\/2015\/01\/www.carnavalvegano.com-12.jpg\" alt=\"\" width=\"600\" height=\"400\"><\/div>\n\n            <div class=\"esg-entry-cover\">\n\n                <div class=\"esg-overlay esg-fadeout eg-monroe-container\" data-delay=\"0\"><\/div>\n\n\t\t\t\t<div class=\"esg-bottom eg-post-6337 eg-monroe-element-0-a esg-flipup\" data-delay=\"0\"><a class=\"eg-monroe-element-0 eg-post-6337\" href=\"https:\/\/carnavalvegano.do\/index.php\/2015\/01\/08\/gran-caravana-zona-5-y-el-grupo-los-cuervos-23enero2011\/\" target=\"_self\">Ver M\u00e1s<\/a><\/div>\n\t\t\t\t<div class=\"esg-center eg-post-6337 eg-monroe-element-1 esg-flipdownout\" data-delay=\"0\">Gran Caravana Zona 5 y El Grupo Los Cuervos 23\/Enero\/2011<\/div>\n\t\t\t\t<div class=\"esg-top eg-post-6337 eg-monroe-element-8 esg-slidedown\" data-delay=\"0\">enero 8, 2015<\/div>\n           <\/div>\n   <\/div>\n\n<\/li>\n<li id=\"eg-2-post-id-495\" class=\"filterall filter-galeria filter-uncategorized eg-monroe-wrapper eg-post-id-495\" data-date=\"1420733063\">\n    <div class=\"esg-media-cover-wrapper\">\n<div class=\"esg-entry-media\"><img loading=\"lazy\" decoding=\"async\" src=\"https:\/\/carnavalvegano.do\/wp-content\/uploads\/2015\/01\/www.carnavalvegano.com-10.jpg\" alt=\"\" width=\"600\" height=\"400\"><\/div>\n\n            <div class=\"esg-entry-cover\">\n\n                <div class=\"esg-overlay esg-fadeout eg-monroe-container\" data-delay=\"0\"><\/div>\n\n\t\t\t\t<div class=\"esg-bottom eg-post-495 eg-monroe-element-0-a esg-flipup\" data-delay=\"0\"><a class=\"eg-monroe-element-0 eg-post-495\" href=\"https:\/\/carnavalvegano.do\/index.php\/2015\/01\/08\/gran-caravana-zona-2-carnaval-vegano-23enero2011\/\" target=\"_self\">Ver M\u00e1s<\/a><\/div>\n\t\t\t\t<div class=\"esg-center eg-post-495 eg-monroe-element-1 esg-flipdownout\" data-delay=\"0\">Gran Caravana Zona 2 Carnaval Vegano 23\/Enero\/2011<\/div>\n\t\t\t\t<div class=\"esg-top eg-post-495 eg-monroe-element-8 esg-slidedown\" data-delay=\"0\">enero 8, 2015<\/div>\n           <\/div>\n   <\/div>\n\n<\/li>\n<li id=\"eg-2-post-id-498\" class=\"filterall filter-galeria filter-uncategorized eg-monroe-wrapper eg-post-id-498\" data-date=\"1420733118\">\n    <div class=\"esg-media-cover-wrapper\">\n<div class=\"esg-entry-media\"><img loading=\"lazy\" decoding=\"async\" src=\"https:\/\/carnavalvegano.do\/wp-content\/uploads\/2015\/01\/www.carnavalvegano.com-64.jpg\" alt=\"\" width=\"600\" height=\"400\"><\/div>\n\n            <div class=\"esg-entry-cover\">\n\n                <div class=\"esg-overlay esg-fadeout eg-monroe-container\" data-delay=\"0\"><\/div>\n\n\t\t\t\t<div class=\"esg-bottom eg-post-498 eg-monroe-element-0-a esg-flipup\" data-delay=\"0\"><a class=\"eg-monroe-element-0 eg-post-498\" href=\"https:\/\/carnavalvegano.do\/index.php\/2015\/01\/08\/miss-carnaval-infantil-2011-bajo-techo-fernando-teruel-23enero2011\/\" target=\"_self\">Ver M\u00e1s<\/a><\/div>\n\t\t\t\t<div class=\"esg-center eg-post-498 eg-monroe-element-1 esg-flipdownout\" data-delay=\"0\">Miss Carnaval Infantil 2011 @ Bajo Techo Fernando Teruel 23\/Enero\/2011<\/div>\n\t\t\t\t<div class=\"esg-top eg-post-498 eg-monroe-element-8 esg-slidedown\" data-delay=\"0\">enero 8, 2015<\/div>\n           <\/div>\n   <\/div>\n\n<\/li>\n<li id=\"eg-2-post-id-503\" class=\"filterall filter-galeria filter-uncategorized eg-monroe-wrapper eg-post-id-503\" data-date=\"1420733511\">\n    <div class=\"esg-media-cover-wrapper\">\n<div class=\"esg-entry-media\"><img loading=\"lazy\" decoding=\"async\" src=\"https:\/\/carnavalvegano.do\/wp-content\/uploads\/2015\/01\/carnavalvegano-105.jpg\" alt=\"\" width=\"533\" height=\"800\"><\/div>\n\n            <div class=\"esg-entry-cover\">\n\n                <div class=\"esg-overlay esg-fadeout eg-monroe-container\" data-delay=\"0\"><\/div>\n\n\t\t\t\t<div class=\"esg-bottom eg-post-503 eg-monroe-element-0-a esg-flipup\" data-delay=\"0\"><a class=\"eg-monroe-element-0 eg-post-503\" href=\"https:\/\/carnavalvegano.do\/index.php\/2015\/01\/08\/coronacion-rey-del-carnaval-vegano-29enero2011\/\" target=\"_self\">Ver M\u00e1s<\/a><\/div>\n\t\t\t\t<div class=\"esg-center eg-post-503 eg-monroe-element-1 esg-flipdownout\" data-delay=\"0\">Coronacion Rey del Carnaval Vegano 29\/Enero\/2011<\/div>\n\t\t\t\t<div class=\"esg-top eg-post-503 eg-monroe-element-8 esg-slidedown\" data-delay=\"0\">enero 8, 2015<\/div>\n           <\/div>\n   <\/div>\n\n<\/li>\n<li id=\"eg-2-post-id-808\" class=\"filterall filter-galeria filter-uncategorized eg-monroe-wrapper eg-post-id-808\" data-date=\"1420733786\">\n    <div class=\"esg-media-cover-wrapper\">\n<div class=\"esg-entry-media\"><img loading=\"lazy\" decoding=\"async\" src=\"https:\/\/carnavalvegano.do\/wp-content\/uploads\/2015\/01\/carnavalvegano-com-desfile-25.jpg\" alt=\"\" width=\"800\" height=\"533\"><\/div>\n\n            <div class=\"esg-entry-cover\">\n\n                <div class=\"esg-overlay esg-fadeout eg-monroe-container\" data-delay=\"0\"><\/div>\n\n\t\t\t\t<div class=\"esg-bottom eg-post-808 eg-monroe-element-0-a esg-flipup\" data-delay=\"0\"><a class=\"eg-monroe-element-0 eg-post-808\" href=\"https:\/\/carnavalvegano.do\/index.php\/2015\/01\/08\/desfile-carnaval-vegano-2011-30012011\/\" target=\"_self\">Ver M\u00e1s<\/a><\/div>\n\t\t\t\t<div class=\"esg-center eg-post-808 eg-monroe-element-1 esg-flipdownout\" data-delay=\"0\">Desfile Carnaval Vegano 2011 30\/01\/2011<\/div>\n\t\t\t\t<div class=\"esg-top eg-post-808 eg-monroe-element-8 esg-slidedown\" data-delay=\"0\">enero 8, 2015<\/div>\n           <\/div>\n   <\/div>\n\n<\/li>\n<li id=\"eg-2-post-id-809\" class=\"filterall filter-galeria filter-uncategorized eg-monroe-wrapper eg-post-id-809\" data-date=\"1420734014\">\n    <div class=\"esg-media-cover-wrapper\">\n<div class=\"esg-entry-media\"><img loading=\"lazy\" decoding=\"async\" src=\"https:\/\/carnavalvegano.do\/wp-content\/uploads\/2015\/01\/IMG_3436.jpg\" alt=\"\" width=\"600\" height=\"400\"><\/div>\n\n            <div class=\"esg-entry-cover\">\n\n                <div class=\"esg-overlay esg-fadeout eg-monroe-container\" data-delay=\"0\"><\/div>\n\n\t\t\t\t<div class=\"esg-bottom eg-post-809 eg-monroe-element-0-a esg-flipup\" data-delay=\"0\"><a class=\"eg-monroe-element-0 eg-post-809\" href=\"https:\/\/carnavalvegano.do\/index.php\/2015\/01\/08\/gobernador-de-la-vega-garantiza-la-seguridad-del-carnaval-vegano-2011-03febrero2011\/\" target=\"_self\">Ver M\u00e1s<\/a><\/div>\n\t\t\t\t<div class=\"esg-center eg-post-809 eg-monroe-element-1 esg-flipdownout\" data-delay=\"0\">Gobernador de La Vega garantiza la seguridad del Carnaval Vegano 2011 03\/Febrero\/2011<\/div>\n\t\t\t\t<div class=\"esg-top eg-post-809 eg-monroe-element-8 esg-slidedown\" data-delay=\"0\">enero 8, 2015<\/div>\n           <\/div>\n   <\/div>\n\n<\/li>\n<li id=\"eg-2-post-id-516\" class=\"filterall filter-galeria filter-uncategorized eg-monroe-wrapper eg-post-id-516\" data-date=\"1420734240\">\n    <div class=\"esg-media-cover-wrapper\">\n<div class=\"esg-entry-media\"><img loading=\"lazy\" decoding=\"async\" src=\"https:\/\/carnavalvegano.do\/wp-content\/uploads\/2015\/01\/carnavalvegano-com-05-02-11-1-49.jpg\" alt=\"\" width=\"800\" height=\"533\"><\/div>\n\n            <div class=\"esg-entry-cover\">\n\n                <div class=\"esg-overlay esg-fadeout eg-monroe-container\" data-delay=\"0\"><\/div>\n\n\t\t\t\t<div class=\"esg-bottom eg-post-516 eg-monroe-element-0-a esg-flipup\" data-delay=\"0\"><a class=\"eg-monroe-element-0 eg-post-516\" href=\"https:\/\/carnavalvegano.do\/index.php\/2015\/01\/08\/conciertos-carnaval-frank-reyes-el-sujeto-zona-brahma-05022011\/\" target=\"_self\">Ver M\u00e1s<\/a><\/div>\n\t\t\t\t<div class=\"esg-center eg-post-516 eg-monroe-element-1 esg-flipdownout\" data-delay=\"0\">Conciertos Carnaval : Frank Reyes & El Sujeto @ Zona Brahma 05\/02\/2011<\/div>\n\t\t\t\t<div class=\"esg-top eg-post-516 eg-monroe-element-8 esg-slidedown\" data-delay=\"0\">enero 8, 2015<\/div>\n           <\/div>\n   <\/div>\n\n<\/li>\n<li id=\"eg-2-post-id-810\" class=\"filterall filter-galeria filter-uncategorized eg-monroe-wrapper eg-post-id-810\" data-date=\"1420734375\">\n    <div class=\"esg-media-cover-wrapper\">\n<div class=\"esg-entry-media\"><img loading=\"lazy\" decoding=\"async\" src=\"https:\/\/carnavalvegano.do\/wp-content\/uploads\/2015\/01\/www.carnavalvegano.com-126-1.jpg\" alt=\"\" width=\"600\" height=\"400\"><\/div>\n\n            <div class=\"esg-entry-cover\">\n\n                <div class=\"esg-overlay esg-fadeout eg-monroe-container\" data-delay=\"0\"><\/div>\n\n\t\t\t\t<div class=\"esg-bottom eg-post-810 eg-monroe-element-0-a esg-flipup\" data-delay=\"0\"><a class=\"eg-monroe-element-0 eg-post-810\" href=\"https:\/\/carnavalvegano.do\/index.php\/2015\/01\/08\/primer-domingo-carnaval-vegano-2011-07febrero2011\/\" target=\"_self\">Ver M\u00e1s<\/a><\/div>\n\t\t\t\t<div class=\"esg-center eg-post-810 eg-monroe-element-1 esg-flipdownout\" data-delay=\"0\">Primer Domingo Carnaval Vegano 2011 07\/Febrero\/2011<\/div>\n\t\t\t\t<div class=\"esg-top eg-post-810 eg-monroe-element-8 esg-slidedown\" data-delay=\"0\">enero 8, 2015<\/div>\n           <\/div>\n   <\/div>\n\n<\/li>\n<li id=\"eg-2-post-id-811\" class=\"filterall filter-galeria filter-uncategorized eg-monroe-wrapper eg-post-id-811\" data-date=\"1420734652\">\n    <div class=\"esg-media-cover-wrapper\">\n<div class=\"esg-entry-media\"><img loading=\"lazy\" decoding=\"async\" src=\"https:\/\/carnavalvegano.do\/wp-content\/uploads\/2015\/01\/www.carnavalvegano.com-26-1.jpg\" alt=\"\" width=\"600\" height=\"400\"><\/div>\n\n            <div class=\"esg-entry-cover\">\n\n                <div class=\"esg-overlay esg-fadeout eg-monroe-container\" data-delay=\"0\"><\/div>\n\n\t\t\t\t<div class=\"esg-bottom eg-post-811 eg-monroe-element-0-a esg-flipup\" data-delay=\"0\"><a class=\"eg-monroe-element-0 eg-post-811\" href=\"https:\/\/carnavalvegano.do\/index.php\/2015\/01\/08\/concierto-el-torito-alexis-y-fido-carnaval-vegano-06febrero2011\/\" target=\"_self\">Ver M\u00e1s<\/a><\/div>\n\t\t\t\t<div class=\"esg-center eg-post-811 eg-monroe-element-1 esg-flipdownout\" data-delay=\"0\">Concierto El Torito + Alexis y Fido @ Carnaval Vegano 06\/Febrero\/2011<\/div>\n\t\t\t\t<div class=\"esg-top eg-post-811 eg-monroe-element-8 esg-slidedown\" data-delay=\"0\">enero 8, 2015<\/div>\n           <\/div>\n   <\/div>\n\n<\/li>\n<li id=\"eg-2-post-id-526\" class=\"filterall filter-galeria filter-uncategorized eg-monroe-wrapper eg-post-id-526\" data-date=\"1420734977\">\n    <div class=\"esg-media-cover-wrapper\">\n<div class=\"esg-entry-media\"><img loading=\"lazy\" decoding=\"async\" src=\"https:\/\/carnavalvegano.do\/wp-content\/uploads\/2015\/01\/carnavalvegano-com-112.jpg\" alt=\"\" width=\"533\" height=\"800\"><\/div>\n\n            <div class=\"esg-entry-cover\">\n\n                <div class=\"esg-overlay esg-fadeout eg-monroe-container\" data-delay=\"0\"><\/div>\n\n\t\t\t\t<div class=\"esg-bottom eg-post-526 eg-monroe-element-0-a esg-flipup\" data-delay=\"0\"><a class=\"eg-monroe-element-0 eg-post-526\" href=\"https:\/\/carnavalvegano.do\/index.php\/2015\/01\/08\/noche-urbana-carnaval-vegano-12febrero2011\/\" target=\"_self\">Ver M\u00e1s<\/a><\/div>\n\t\t\t\t<div class=\"esg-center eg-post-526 eg-monroe-element-1 esg-flipdownout\" data-delay=\"0\">Noche Urbana @ Carnaval Vegano 12\/Febrero\/2011<\/div>\n\t\t\t\t<div class=\"esg-top eg-post-526 eg-monroe-element-8 esg-slidedown\" data-delay=\"0\">enero 8, 2015<\/div>\n           <\/div>\n   <\/div>\n\n<\/li>\n<li id=\"eg-2-post-id-529\" class=\"filterall filter-galeria filter-uncategorized eg-monroe-wrapper eg-post-id-529\" data-date=\"1420735256\">\n    <div class=\"esg-media-cover-wrapper\">\n<div class=\"esg-entry-media\"><img loading=\"lazy\" decoding=\"async\" src=\"https:\/\/carnavalvegano.do\/wp-content\/uploads\/2015\/01\/DSC0080.jpg\" alt=\"\" width=\"640\" height=\"426\"><\/div>\n\n            <div class=\"esg-entry-cover\">\n\n                <div class=\"esg-overlay esg-fadeout eg-monroe-container\" data-delay=\"0\"><\/div>\n\n\t\t\t\t<div class=\"esg-bottom eg-post-529 eg-monroe-element-0-a esg-flipup\" data-delay=\"0\"><a class=\"eg-monroe-element-0 eg-post-529\" href=\"https:\/\/carnavalvegano.do\/index.php\/2015\/01\/08\/segundo-domingo-carnaval-vegano-2011-13febrero2011\/\" target=\"_self\">Ver M\u00e1s<\/a><\/div>\n\t\t\t\t<div class=\"esg-center eg-post-529 eg-monroe-element-1 esg-flipdownout\" data-delay=\"0\">Segundo Domingo Carnaval Vegano 2011 13\/Febrero\/2011<\/div>\n\t\t\t\t<div class=\"esg-top eg-post-529 eg-monroe-element-8 esg-slidedown\" data-delay=\"0\">enero 8, 2015<\/div>\n           <\/div>\n   <\/div>\n\n<\/li>\n<li id=\"eg-2-post-id-532\" class=\"filterall filter-galeria filter-uncategorized eg-monroe-wrapper eg-post-id-532\" data-date=\"1420736271\">\n    <div class=\"esg-media-cover-wrapper\">\n<div class=\"esg-entry-media\"><img loading=\"lazy\" decoding=\"async\" src=\"https:\/\/carnavalvegano.do\/wp-content\/uploads\/2015\/01\/www.carnavalvegano.com-103-1.jpg\" alt=\"\" width=\"426\" height=\"640\"><\/div>\n\n            <div class=\"esg-entry-cover\">\n\n                <div class=\"esg-overlay esg-fadeout eg-monroe-container\" data-delay=\"0\"><\/div>\n\n\t\t\t\t<div class=\"esg-bottom eg-post-532 eg-monroe-element-0-a esg-flipup\" data-delay=\"0\"><a class=\"eg-monroe-element-0 eg-post-532\" href=\"https:\/\/carnavalvegano.do\/index.php\/2015\/01\/08\/concierto-cristian-castro-y-hermanos-rosarios-carnaval-vegano-2011-13febrero11\/\" target=\"_self\">Ver M\u00e1s<\/a><\/div>\n\t\t\t\t<div class=\"esg-center eg-post-532 eg-monroe-element-1 esg-flipdownout\" data-delay=\"0\">Concierto Cristian Castro y Hermanos Rosarios Carnaval Vegano 2011 13\/Febrero\/11<\/div>\n\t\t\t\t<div class=\"esg-top eg-post-532 eg-monroe-element-8 esg-slidedown\" data-delay=\"0\">enero 8, 2015<\/div>\n           <\/div>\n   <\/div>\n\n<\/li>\n<li id=\"eg-2-post-id-535\" class=\"filterall filter-galeria filter-uncategorized eg-monroe-wrapper eg-post-id-535\" data-date=\"1420736644\">\n    <div class=\"esg-media-cover-wrapper\">\n<div class=\"esg-entry-media\"><img loading=\"lazy\" decoding=\"async\" src=\"https:\/\/carnavalvegano.do\/wp-content\/uploads\/2015\/01\/www.carnavalvegano.com-20.jpg\" alt=\"\" width=\"426\" height=\"640\"><\/div>\n\n            <div class=\"esg-entry-cover\">\n\n                <div class=\"esg-overlay esg-fadeout eg-monroe-container\" data-delay=\"0\"><\/div>\n\n\t\t\t\t<div class=\"esg-bottom eg-post-535 eg-monroe-element-0-a esg-flipup\" data-delay=\"0\"><a class=\"eg-monroe-element-0 eg-post-535\" href=\"https:\/\/carnavalvegano.do\/index.php\/2015\/01\/08\/mega-mamis-del-carnaval-vegano-2do-domingo-13febrero11\/\" target=\"_self\">Ver M\u00e1s<\/a><\/div>\n\t\t\t\t<div class=\"esg-center eg-post-535 eg-monroe-element-1 esg-flipdownout\" data-delay=\"0\">Mega Mamis Del Carnaval Vegano 2do Domingo 13\/Febrero\/11<\/div>\n\t\t\t\t<div class=\"esg-top eg-post-535 eg-monroe-element-8 esg-slidedown\" data-delay=\"0\">enero 8, 2015<\/div>\n           <\/div>\n   <\/div>\n\n<\/li>\n<li id=\"eg-2-post-id-542\" class=\"filterall filter-galeria filter-uncategorized eg-monroe-wrapper eg-post-id-542\" data-date=\"1420737724\">\n    <div class=\"esg-media-cover-wrapper\">\n<div class=\"esg-entry-media\"><img loading=\"lazy\" decoding=\"async\" src=\"https:\/\/carnavalvegano.do\/wp-content\/uploads\/2015\/01\/carnavalvegano-com-10.jpg\" alt=\"\" width=\"800\" height=\"533\"><\/div>\n\n            <div class=\"esg-entry-cover\">\n\n                <div class=\"esg-overlay esg-fadeout eg-monroe-container\" data-delay=\"0\"><\/div>\n\n\t\t\t\t<div class=\"esg-bottom eg-post-542 eg-monroe-element-0-a esg-flipup\" data-delay=\"0\"><a class=\"eg-monroe-element-0 eg-post-542\" href=\"https:\/\/carnavalvegano.do\/index.php\/2015\/01\/08\/dj-scuff-sensato-del-patio-mozart-la-para-ego-latino-zona-brahma-260211\/\" target=\"_self\">Ver M\u00e1s<\/a><\/div>\n\t\t\t\t<div class=\"esg-center eg-post-542 eg-monroe-element-1 esg-flipdownout\" data-delay=\"0\">DJ Plex, Don Miguelo & Tito Swing @ Zona Brahma Light 19\/febrero\/2011<\/div>\n\t\t\t\t<div class=\"esg-top eg-post-542 eg-monroe-element-8 esg-slidedown\" data-delay=\"0\">enero 8, 2015<\/div>\n           <\/div>\n   <\/div>\n\n<\/li>\n<li id=\"eg-2-post-id-553\" class=\"filterall filter-galeria filter-uncategorized eg-monroe-wrapper eg-post-id-553\" data-date=\"1420738325\">\n    <div class=\"esg-media-cover-wrapper\">\n<div class=\"esg-entry-media\"><img loading=\"lazy\" decoding=\"async\" src=\"https:\/\/carnavalvegano.do\/wp-content\/uploads\/2015\/01\/IMG_2026.jpg\" alt=\"\" width=\"400\" height=\"600\"><\/div>\n\n            <div class=\"esg-entry-cover\">\n\n                <div class=\"esg-overlay esg-fadeout eg-monroe-container\" data-delay=\"0\"><\/div>\n\n\t\t\t\t<div class=\"esg-bottom eg-post-553 eg-monroe-element-0-a esg-flipup\" data-delay=\"0\"><a class=\"eg-monroe-element-0 eg-post-553\" href=\"https:\/\/carnavalvegano.do\/index.php\/2015\/01\/08\/concierto-pena-suazo-la-banda-gorda-divino-jerry-rivera-carnaval-vegano-20febrero2011\/\" target=\"_self\">Ver M\u00e1s<\/a><\/div>\n\t\t\t\t<div class=\"esg-center eg-post-553 eg-monroe-element-1 esg-flipdownout\" data-delay=\"0\">Concierto Pe\u00f1a Suazo & La Banda Gorda, Divino, Jerry Rivera @ Carnaval Vegano 20\/Febrero\/2011<\/div>\n\t\t\t\t<div class=\"esg-top eg-post-553 eg-monroe-element-8 esg-slidedown\" data-delay=\"0\">enero 8, 2015<\/div>\n           <\/div>\n   <\/div>\n\n<\/li>\n<li id=\"eg-2-post-id-9434\" class=\"filterall filter-galeria filter-uncategorized eg-monroe-wrapper eg-post-id-9434\" data-date=\"1420738606\">\n    <div class=\"esg-media-cover-wrapper\">\n<div class=\"esg-entry-media\"><img loading=\"lazy\" decoding=\"async\" src=\"https:\/\/carnavalvegano.do\/wp-content\/uploads\/2015\/01\/La-Vega-Carnavalvegano.com-27.jpg\" alt=\"\" width=\"400\" height=\"600\"><\/div>\n\n            <div class=\"esg-entry-cover\">\n\n                <div class=\"esg-overlay esg-fadeout eg-monroe-container\" data-delay=\"0\"><\/div>\n\n\t\t\t\t<div class=\"esg-bottom eg-post-9434 eg-monroe-element-0-a esg-flipup\" data-delay=\"0\"><a class=\"eg-monroe-element-0 eg-post-9434\" href=\"https:\/\/carnavalvegano.do\/index.php\/2015\/01\/08\/mega-mamis-del-carnaval-vegano-tercer-domingo-20febrero2011\/\" target=\"_self\">Ver M\u00e1s<\/a><\/div>\n\t\t\t\t<div class=\"esg-center eg-post-9434 eg-monroe-element-1 esg-flipdownout\" data-delay=\"0\">Mega Mamis Del Carnaval Vegano Tercer Domingo 20\/Febrero\/2011<\/div>\n\t\t\t\t<div class=\"esg-top eg-post-9434 eg-monroe-element-8 esg-slidedown\" data-delay=\"0\">enero 8, 2015<\/div>\n           <\/div>\n   <\/div>\n\n<\/li>\n<li id=\"eg-2-post-id-9435\" class=\"filterall filter-galeria filter-uncategorized eg-monroe-wrapper eg-post-id-9435\" data-date=\"1420738847\">\n    <div class=\"esg-media-cover-wrapper\">\n<div class=\"esg-entry-media\"><img loading=\"lazy\" decoding=\"async\" src=\"https:\/\/carnavalvegano.do\/wp-content\/uploads\/2015\/01\/canavalvvgano_com-105.jpg\" alt=\"\" width=\"533\" height=\"800\"><\/div>\n\n            <div class=\"esg-entry-cover\">\n\n                <div class=\"esg-overlay esg-fadeout eg-monroe-container\" data-delay=\"0\"><\/div>\n\n\t\t\t\t<div class=\"esg-bottom eg-post-9435 eg-monroe-element-0-a esg-flipup\" data-delay=\"0\"><a class=\"eg-monroe-element-0 eg-post-9435\" href=\"https:\/\/carnavalvegano.do\/index.php\/2015\/01\/08\/dj-scuff-sensato-del-patio-mozart-la-para-ego-latino-zona-brahma-260211-2\/\" target=\"_self\">Ver M\u00e1s<\/a><\/div>\n\t\t\t\t<div class=\"esg-center eg-post-9435 eg-monroe-element-1 esg-flipdownout\" data-delay=\"0\">Dj Scuff, Sensato Del Patio, Mozart La Para, Ego Latino @ Zona Brahma 26\/02\/11<\/div>\n\t\t\t\t<div class=\"esg-top eg-post-9435 eg-monroe-element-8 esg-slidedown\" data-delay=\"0\">enero 8, 2015<\/div>\n           <\/div>\n   <\/div>\n\n<\/li>\n<li id=\"eg-2-post-id-9436\" class=\"filterall filter-galeria filter-uncategorized eg-monroe-wrapper eg-post-id-9436\" data-date=\"1420800739\">\n    <div class=\"esg-media-cover-wrapper\">\n<div class=\"esg-entry-media\"><img loading=\"lazy\" decoding=\"async\" src=\"https:\/\/carnavalvegano.do\/wp-content\/uploads\/2015\/01\/www.carnavalvegano.com-31.jpg\" alt=\"\" width=\"640\" height=\"426\"><\/div>\n\n            <div class=\"esg-entry-cover\">\n\n                <div class=\"esg-overlay esg-fadeout eg-monroe-container\" data-delay=\"0\"><\/div>\n\n\t\t\t\t<div class=\"esg-bottom eg-post-9436 eg-monroe-element-0-a esg-flipup\" data-delay=\"0\"><a class=\"eg-monroe-element-0 eg-post-9436\" href=\"https:\/\/carnavalvegano.do\/index.php\/2015\/01\/09\/desfile-estudiantil-del-27-de-febrero-2011-270211\/\" target=\"_self\">Ver M\u00e1s<\/a><\/div>\n\t\t\t\t<div class=\"esg-center eg-post-9436 eg-monroe-element-1 esg-flipdownout\" data-delay=\"0\">Desfile estudiantil del 27 de febrero 2011 27\/02\/11<\/div>\n\t\t\t\t<div class=\"esg-top eg-post-9436 eg-monroe-element-8 esg-slidedown\" data-delay=\"0\">enero 9, 2015<\/div>\n           <\/div>\n   <\/div>\n\n<\/li>\n<li id=\"eg-2-post-id-9437\" class=\"filterall filter-galeria filter-uncategorized eg-monroe-wrapper eg-post-id-9437\" data-date=\"1420800955\">\n    <div class=\"esg-media-cover-wrapper\">\n<div class=\"esg-entry-media\"><img loading=\"lazy\" decoding=\"async\" src=\"https:\/\/carnavalvegano.do\/wp-content\/uploads\/2015\/01\/www.carnavalvegano.com-126.jpg\" alt=\"\" width=\"640\" height=\"426\"><\/div>\n\n            <div class=\"esg-entry-cover\">\n\n                <div class=\"esg-overlay esg-fadeout eg-monroe-container\" data-delay=\"0\"><\/div>\n\n\t\t\t\t<div class=\"esg-bottom eg-post-9437 eg-monroe-element-0-a esg-flipup\" data-delay=\"0\"><a class=\"eg-monroe-element-0 eg-post-9437\" href=\"https:\/\/carnavalvegano.do\/index.php\/2015\/01\/09\/ultima-salida-de-los-mundialmente-famosos-diablos-cojuelos-veganos-270211\/\" target=\"_self\">Ver M\u00e1s<\/a><\/div>\n\t\t\t\t<div class=\"esg-center eg-post-9437 eg-monroe-element-1 esg-flipdownout\" data-delay=\"0\">Ultima Salida De Los Mundialmente Famosos Diablos Cojuelos Veganos 27\/02\/11<\/div>\n\t\t\t\t<div class=\"esg-top eg-post-9437 eg-monroe-element-8 esg-slidedown\" data-delay=\"0\">enero 9, 2015<\/div>\n           <\/div>\n   <\/div>\n\n<\/li>\n<li id=\"eg-2-post-id-9179\" class=\"filterall filter-galeria filter-uncategorized eg-monroe-wrapper eg-post-id-9179\" data-date=\"1420802089\">\n    <div class=\"esg-media-cover-wrapper\">\n<div class=\"esg-entry-media\"><img loading=\"lazy\" decoding=\"async\" src=\"https:\/\/carnavalvegano.do\/wp-content\/uploads\/2015\/01\/www.carnavalvegano.com-18.jpg\" alt=\"\" width=\"426\" height=\"640\"><\/div>\n\n            <div class=\"esg-entry-cover\">\n\n                <div class=\"esg-overlay esg-fadeout eg-monroe-container\" data-delay=\"0\"><\/div>\n\n\t\t\t\t<div class=\"esg-bottom eg-post-9179 eg-monroe-element-0-a esg-flipup\" data-delay=\"0\"><a class=\"eg-monroe-element-0 eg-post-9179\" href=\"https:\/\/carnavalvegano.do\/index.php\/2015\/01\/09\/mega-mamis-del-carnaval-vegano-cuarto-domingo-27febrero2011\/\" target=\"_self\">Ver M\u00e1s<\/a><\/div>\n\t\t\t\t<div class=\"esg-center eg-post-9179 eg-monroe-element-1 esg-flipdownout\" data-delay=\"0\">Mega Mamis Del Carnaval Vegano Cuarto Domingo 27\/Febrero\/2011<\/div>\n\t\t\t\t<div class=\"esg-top eg-post-9179 eg-monroe-element-8 esg-slidedown\" data-delay=\"0\">enero 9, 2015<\/div>\n           <\/div>\n   <\/div>\n\n<\/li>\n<li id=\"eg-2-post-id-9438\" class=\"filterall filter-galeria filter-uncategorized eg-monroe-wrapper eg-post-id-9438\" data-date=\"1420802217\">\n    <div class=\"esg-media-cover-wrapper\">\n<div class=\"esg-entry-media\"><img loading=\"lazy\" decoding=\"async\" src=\"https:\/\/carnavalvegano.do\/wp-content\/uploads\/2015\/01\/www.carnavalvegano.com-102.jpg\" alt=\"\" width=\"640\" height=\"426\"><\/div>\n\n            <div class=\"esg-entry-cover\">\n\n                <div class=\"esg-overlay esg-fadeout eg-monroe-container\" data-delay=\"0\"><\/div>\n\n\t\t\t\t<div class=\"esg-bottom eg-post-9438 eg-monroe-element-0-a esg-flipup\" data-delay=\"0\"><a class=\"eg-monroe-element-0 eg-post-9438\" href=\"https:\/\/carnavalvegano.do\/index.php\/2015\/01\/09\/concierto-gilberto-santa-rosa-milly-quezada-carnaval-vegano-27febrero2011\/\" target=\"_self\">Ver M\u00e1s<\/a><\/div>\n\t\t\t\t<div class=\"esg-center eg-post-9438 eg-monroe-element-1 esg-flipdownout\" data-delay=\"0\">Concierto Gilberto Santa Rosa & Milly Quezada Carnaval Vegano 27\/Febrero\/2011<\/div>\n\t\t\t\t<div class=\"esg-top eg-post-9438 eg-monroe-element-8 esg-slidedown\" data-delay=\"0\">enero 9, 2015<\/div>\n           <\/div>\n   <\/div>\n\n<\/li>\n<li id=\"eg-2-post-id-9439\" class=\"filterall filter-galeria filter-uncategorized eg-monroe-wrapper eg-post-id-9439\" data-date=\"1420802414\">\n    <div class=\"esg-media-cover-wrapper\">\n<div class=\"esg-entry-media\"><img loading=\"lazy\" decoding=\"async\" src=\"https:\/\/carnavalvegano.do\/wp-content\/uploads\/2015\/01\/www.carnavalvegano-34.jpg\" alt=\"\" width=\"800\" height=\"531\"><\/div>\n\n            <div class=\"esg-entry-cover\">\n\n                <div class=\"esg-overlay esg-fadeout eg-monroe-container\" data-delay=\"0\"><\/div>\n\n\t\t\t\t<div class=\"esg-bottom eg-post-9439 eg-monroe-element-0-a esg-flipup\" data-delay=\"0\"><a class=\"eg-monroe-element-0 eg-post-9439\" href=\"https:\/\/carnavalvegano.do\/index.php\/2015\/01\/09\/grupo-medrano-presenta-novedades-carnaval-vegano-2012-1-de-noviembre-del-2011\/\" target=\"_self\">Ver M\u00e1s<\/a><\/div>\n\t\t\t\t<div class=\"esg-center eg-post-9439 eg-monroe-element-1 esg-flipdownout\" data-delay=\"0\">Grupo Medrano presenta novedades Carnaval Vegano 2012, 1 de Noviembre del 2011<\/div>\n\t\t\t\t<div class=\"esg-top eg-post-9439 eg-monroe-element-8 esg-slidedown\" data-delay=\"0\">enero 9, 2015<\/div>\n           <\/div>\n   <\/div>\n\n<\/li>\n<li id=\"eg-2-post-id-9440\" class=\"filterall filter-galeria filter-uncategorized eg-monroe-wrapper eg-post-id-9440\" data-date=\"1420804810\">\n    <div class=\"esg-media-cover-wrapper\">\n<div class=\"esg-entry-media\"><img loading=\"lazy\" decoding=\"async\" src=\"https:\/\/carnavalvegano.do\/wp-content\/uploads\/2015\/01\/Carnavalvegano.do-10.jpg\" alt=\"\" width=\"700\" height=\"466\"><\/div>\n\n            <div class=\"esg-entry-cover\">\n\n                <div class=\"esg-overlay esg-fadeout eg-monroe-container\" data-delay=\"0\"><\/div>\n\n\t\t\t\t<div class=\"esg-bottom eg-post-9440 eg-monroe-element-0-a esg-flipup\" data-delay=\"0\"><a class=\"eg-monroe-element-0 eg-post-9440\" href=\"https:\/\/carnavalvegano.do\/index.php\/2015\/01\/09\/rueda-de-prensa-cocave-carnaval-vegano-10enero2012\/\" target=\"_self\">Ver M\u00e1s<\/a><\/div>\n\t\t\t\t<div class=\"esg-center eg-post-9440 eg-monroe-element-1 esg-flipdownout\" data-delay=\"0\">Rueda de Prensa COCAVE, Carnaval Vegano 10\/Enero\/2012<\/div>\n\t\t\t\t<div class=\"esg-top eg-post-9440 eg-monroe-element-8 esg-slidedown\" data-delay=\"0\">enero 9, 2015<\/div>\n           <\/div>\n   <\/div>\n\n<\/li>\n<li id=\"eg-2-post-id-9441\" class=\"filterall filter-galeria filter-uncategorized eg-monroe-wrapper eg-post-id-9441\" data-date=\"1420804986\">\n    <div class=\"esg-media-cover-wrapper\">\n<div class=\"esg-entry-media\"><img loading=\"lazy\" decoding=\"async\" src=\"https:\/\/carnavalvegano.do\/wp-content\/uploads\/2015\/01\/Salon-Anacaona-Hotel-Jaragua-www.carnavalvegano.com-100.jpg\" alt=\"\" width=\"640\" height=\"426\"><\/div>\n\n            <div class=\"esg-entry-cover\">\n\n                <div class=\"esg-overlay esg-fadeout eg-monroe-container\" data-delay=\"0\"><\/div>\n\n\t\t\t\t<div class=\"esg-bottom eg-post-9441 eg-monroe-element-0-a esg-flipup\" data-delay=\"0\"><a class=\"eg-monroe-element-0 eg-post-9441\" href=\"https:\/\/carnavalvegano.do\/index.php\/2015\/01\/09\/lanzamiento-carnaval-vegano-2012-hotel-jaragua-santo-domingo-12012012-2\/\" target=\"_self\">Ver M\u00e1s<\/a><\/div>\n\t\t\t\t<div class=\"esg-center eg-post-9441 eg-monroe-element-1 esg-flipdownout\" data-delay=\"0\">Lanzamiento Carnaval Vegano 2012 @ Hotel Jaragua Santo Domingo 12\/01\/2012<\/div>\n\t\t\t\t<div class=\"esg-top eg-post-9441 eg-monroe-element-8 esg-slidedown\" data-delay=\"0\">enero 9, 2015<\/div>\n           <\/div>\n   <\/div>\n\n<\/li>\n<li id=\"eg-2-post-id-9442\" class=\"filterall filter-galeria filter-uncategorized eg-monroe-wrapper eg-post-id-9442\" data-date=\"1420805218\">\n    <div class=\"esg-media-cover-wrapper\">\n<div class=\"esg-entry-media\"><img loading=\"lazy\" decoding=\"async\" src=\"https:\/\/carnavalvegano.do\/wp-content\/uploads\/2015\/01\/Los-Bichos-www.carnavalvegano.do-1.jpg\" alt=\"\" width=\"768\" height=\"509\"><\/div>\n\n            <div class=\"esg-entry-cover\">\n\n                <div class=\"esg-overlay esg-fadeout eg-monroe-container\" data-delay=\"0\"><\/div>\n\n\t\t\t\t<div class=\"esg-bottom eg-post-9442 eg-monroe-element-0-a esg-flipup\" data-delay=\"0\"><a class=\"eg-monroe-element-0 eg-post-9442\" href=\"https:\/\/carnavalvegano.do\/index.php\/2015\/01\/09\/caravana-con-los-bichos-carnaval-vegano-150112\/\" target=\"_self\">Ver M\u00e1s<\/a><\/div>\n\t\t\t\t<div class=\"esg-center eg-post-9442 eg-monroe-element-1 esg-flipdownout\" data-delay=\"0\">Caravana Con Los Bichos Carnaval Vegano 15\/01\/12<\/div>\n\t\t\t\t<div class=\"esg-top eg-post-9442 eg-monroe-element-8 esg-slidedown\" data-delay=\"0\">enero 9, 2015<\/div>\n           <\/div>\n   <\/div>\n\n<\/li>\n<li id=\"eg-2-post-id-9443\" class=\"filterall filter-galeria filter-uncategorized eg-monroe-wrapper eg-post-id-9443\" data-date=\"1420812355\">\n    <div class=\"esg-media-cover-wrapper\">\n<div class=\"esg-entry-media\"><img loading=\"lazy\" decoding=\"async\" src=\"https:\/\/carnavalvegano.do\/wp-content\/uploads\/2015\/01\/Los-Panitas-www.carnavalvegano.do-42.jpg\" alt=\"\" width=\"768\" height=\"509\"><\/div>\n\n            <div class=\"esg-entry-cover\">\n\n                <div class=\"esg-overlay esg-fadeout eg-monroe-container\" data-delay=\"0\"><\/div>\n\n\t\t\t\t<div class=\"esg-bottom eg-post-9443 eg-monroe-element-0-a esg-flipup\" data-delay=\"0\"><a class=\"eg-monroe-element-0 eg-post-9443\" href=\"https:\/\/carnavalvegano.do\/index.php\/2015\/01\/09\/reina-madre-del-carnaval-vegano-ana-mercedes-dona-mecho-da-inicio-la-gran-caravana-de-los-panitas-150112\/\" target=\"_self\">Ver M\u00e1s<\/a><\/div>\n\t\t\t\t<div class=\"esg-center eg-post-9443 eg-monroe-element-1 esg-flipdownout\" data-delay=\"0\">Reina Madre del Carnaval Vegano, Ana Mercedes (Do\u00f1a Mecho) Da Inicio A La Gran Caravana De Los Panitas 15\/01\/12<\/div>\n\t\t\t\t<div class=\"esg-top eg-post-9443 eg-monroe-element-8 esg-slidedown\" data-delay=\"0\">enero 9, 2015<\/div>\n           <\/div>\n   <\/div>\n\n<\/li>\n<li id=\"eg-2-post-id-9444\" class=\"filterall filter-galeria filter-uncategorized eg-monroe-wrapper eg-post-id-9444\" data-date=\"1420819700\">\n    <div class=\"esg-media-cover-wrapper\">\n<div class=\"esg-entry-media\"><img loading=\"lazy\" decoding=\"async\" src=\"https:\/\/carnavalvegano.do\/wp-content\/uploads\/2015\/01\/Miss-Carnaval-2012-www.carnavalvegano.do-112.jpg\" alt=\"\" width=\"750\" height=\"497\"><\/div>\n\n            <div class=\"esg-entry-cover\">\n\n                <div class=\"esg-overlay esg-fadeout eg-monroe-container\" data-delay=\"0\"><\/div>\n\n\t\t\t\t<div class=\"esg-bottom eg-post-9444 eg-monroe-element-0-a esg-flipup\" data-delay=\"0\"><a class=\"eg-monroe-element-0 eg-post-9444\" href=\"https:\/\/carnavalvegano.do\/index.php\/2015\/01\/09\/miss-carnaval-vegano-2012-bajo-techo-fernando-teruel-25-01-12\/\" target=\"_self\">Ver M\u00e1s<\/a><\/div>\n\t\t\t\t<div class=\"esg-center eg-post-9444 eg-monroe-element-1 esg-flipdownout\" data-delay=\"0\">Miss Carnaval Vegano 2012 @ Bajo Techo Fernando Teruel 25-01-12<\/div>\n\t\t\t\t<div class=\"esg-top eg-post-9444 eg-monroe-element-8 esg-slidedown\" data-delay=\"0\">enero 9, 2015<\/div>\n           <\/div>\n   <\/div>\n\n<\/li>\n<li id=\"eg-2-post-id-9445\" class=\"filterall filter-galeria filter-uncategorized eg-monroe-wrapper eg-post-id-9445\" data-date=\"1420821059\">\n    <div class=\"esg-media-cover-wrapper\">\n<div class=\"esg-entry-media\"><img loading=\"lazy\" decoding=\"async\" src=\"https:\/\/carnavalvegano.do\/wp-content\/uploads\/2015\/01\/www.carnavalvegano.do-25.jpg\" alt=\"\" width=\"800\" height=\"533\"><\/div>\n\n            <div class=\"esg-entry-cover\">\n\n                <div class=\"esg-overlay esg-fadeout eg-monroe-container\" data-delay=\"0\"><\/div>\n\n\t\t\t\t<div class=\"esg-bottom eg-post-9445 eg-monroe-element-0-a esg-flipup\" data-delay=\"0\"><a class=\"eg-monroe-element-0 eg-post-9445\" href=\"https:\/\/carnavalvegano.do\/index.php\/2015\/01\/09\/miss-carnaval-vegano-infantil-2012-bajo-techo-fernando-teruel-27-01-12\/\" target=\"_self\">Ver M\u00e1s<\/a><\/div>\n\t\t\t\t<div class=\"esg-center eg-post-9445 eg-monroe-element-1 esg-flipdownout\" data-delay=\"0\">Miss Carnaval Vegano Infantil 2012 @ Bajo Techo Fernando Teruel 27-01-12<\/div>\n\t\t\t\t<div class=\"esg-top eg-post-9445 eg-monroe-element-8 esg-slidedown\" data-delay=\"0\">enero 9, 2015<\/div>\n           <\/div>\n   <\/div>\n\n<\/li>\n<li id=\"eg-2-post-id-9446\" class=\"filterall filter-galeria filter-uncategorized eg-monroe-wrapper eg-post-id-9446\" data-date=\"1420821380\">\n    <div class=\"esg-media-cover-wrapper\">\n<div class=\"esg-entry-media\"><img loading=\"lazy\" decoding=\"async\" src=\"https:\/\/carnavalvegano.do\/wp-content\/uploads\/2015\/01\/www.carnavalvegano.com-103.jpg\" alt=\"\" width=\"700\" height=\"466\"><\/div>\n\n            <div class=\"esg-entry-cover\">\n\n                <div class=\"esg-overlay esg-fadeout eg-monroe-container\" data-delay=\"0\"><\/div>\n\n\t\t\t\t<div class=\"esg-bottom eg-post-9446 eg-monroe-element-0-a esg-flipup\" data-delay=\"0\"><a class=\"eg-monroe-element-0 eg-post-9446\" href=\"https:\/\/carnavalvegano.do\/index.php\/2015\/01\/09\/coronacion-rey-y-reina-madre-del-carnaval-vegano-28012012\/\" target=\"_self\">Ver M\u00e1s<\/a><\/div>\n\t\t\t\t<div class=\"esg-center eg-post-9446 eg-monroe-element-1 esg-flipdownout\" data-delay=\"0\">Coronacion Rey y Reina Madre del Carnaval Vegano 28\/01\/2012<\/div>\n\t\t\t\t<div class=\"esg-top eg-post-9446 eg-monroe-element-8 esg-slidedown\" data-delay=\"0\">enero 9, 2015<\/div>\n           <\/div>\n   <\/div>\n\n<\/li>\n<li id=\"eg-2-post-id-9447\" class=\"filterall filter-galeria filter-uncategorized eg-monroe-wrapper eg-post-id-9447\" data-date=\"1420821687\">\n    <div class=\"esg-media-cover-wrapper\">\n<div class=\"esg-entry-media\"><img loading=\"lazy\" decoding=\"async\" src=\"https:\/\/carnavalvegano.do\/wp-content\/uploads\/2015\/01\/www.carnavalvegano.do-113.jpg\" alt=\"\" width=\"464\" height=\"700\"><\/div>\n\n            <div class=\"esg-entry-cover\">\n\n                <div class=\"esg-overlay esg-fadeout eg-monroe-container\" data-delay=\"0\"><\/div>\n\n\t\t\t\t<div class=\"esg-bottom eg-post-9447 eg-monroe-element-0-a esg-flipup\" data-delay=\"0\"><a class=\"eg-monroe-element-0 eg-post-9447\" href=\"https:\/\/carnavalvegano.do\/index.php\/2015\/01\/09\/desfile-oficial-carnaval-vegano-29012012\/\" target=\"_self\">Ver M\u00e1s<\/a><\/div>\n\t\t\t\t<div class=\"esg-center eg-post-9447 eg-monroe-element-1 esg-flipdownout\" data-delay=\"0\">Desfile Oficial Carnaval Vegano 29\/01\/2012<\/div>\n\t\t\t\t<div class=\"esg-top eg-post-9447 eg-monroe-element-8 esg-slidedown\" data-delay=\"0\">enero 9, 2015<\/div>\n           <\/div>\n   <\/div>\n\n<\/li>\n<li id=\"eg-2-post-id-9448\" class=\"filterall filter-galeria filter-uncategorized eg-monroe-wrapper eg-post-id-9448\" data-date=\"1420822100\">\n    <div class=\"esg-media-cover-wrapper\">\n<div class=\"esg-entry-media\"><img loading=\"lazy\" decoding=\"async\" src=\"https:\/\/carnavalvegano.do\/wp-content\/uploads\/2015\/01\/www.carnavalvegano.do-14.jpg\" alt=\"\" width=\"750\" height=\"497\"><\/div>\n\n            <div class=\"esg-entry-cover\">\n\n                <div class=\"esg-overlay esg-fadeout eg-monroe-container\" data-delay=\"0\"><\/div>\n\n\t\t\t\t<div class=\"esg-bottom eg-post-9448 eg-monroe-element-0-a esg-flipup\" data-delay=\"0\"><a class=\"eg-monroe-element-0 eg-post-9448\" href=\"https:\/\/carnavalvegano.do\/index.php\/2015\/01\/09\/primer-programa-del-dale-k-dale-al-carnaval-microvision-canal-10-la-vega-010212\/\" target=\"_self\">Ver M\u00e1s<\/a><\/div>\n\t\t\t\t<div class=\"esg-center eg-post-9448 eg-monroe-element-1 esg-flipdownout\" data-delay=\"0\">Primer Programa Del Dale K Dale Al Carnaval @ Microvision Canal 10 La Vega 01\/02\/12<\/div>\n\t\t\t\t<div class=\"esg-top eg-post-9448 eg-monroe-element-8 esg-slidedown\" data-delay=\"0\">enero 9, 2015<\/div>\n           <\/div>\n   <\/div>\n\n<\/li>\n<li id=\"eg-2-post-id-806\" class=\"filterall filter-galeria filter-uncategorized eg-monroe-wrapper eg-post-id-806\" data-date=\"1420822650\">\n    <div class=\"esg-media-cover-wrapper\">\n<div class=\"esg-entry-media\"><img loading=\"lazy\" decoding=\"async\" src=\"https:\/\/carnavalvegano.do\/wp-content\/uploads\/2015\/01\/www.carnavalvegano.do-10.jpg\" alt=\"\" width=\"700\" height=\"466\"><\/div>\n\n            <div class=\"esg-entry-cover\">\n\n                <div class=\"esg-overlay esg-fadeout eg-monroe-container\" data-delay=\"0\"><\/div>\n\n\t\t\t\t<div class=\"esg-bottom eg-post-806 eg-monroe-element-0-a esg-flipup\" data-delay=\"0\"><a class=\"eg-monroe-element-0 eg-post-806\" href=\"https:\/\/carnavalvegano.do\/index.php\/2015\/01\/09\/montaje-carnaval-vegano-2012-020212\/\" target=\"_self\">Ver M\u00e1s<\/a><\/div>\n\t\t\t\t<div class=\"esg-center eg-post-806 eg-monroe-element-1 esg-flipdownout\" data-delay=\"0\">Montaje Carnaval Vegano 2012 02\/02\/12<\/div>\n\t\t\t\t<div class=\"esg-top eg-post-806 eg-monroe-element-8 esg-slidedown\" data-delay=\"0\">enero 9, 2015<\/div>\n           <\/div>\n   <\/div>\n\n<\/li>\n<li id=\"eg-2-post-id-9449\" class=\"filterall filter-galeria filter-uncategorized eg-monroe-wrapper eg-post-id-9449\" data-date=\"1420822785\">\n    <div class=\"esg-media-cover-wrapper\">\n<div class=\"esg-entry-media\"><img loading=\"lazy\" decoding=\"async\" src=\"https:\/\/carnavalvegano.do\/wp-content\/uploads\/2015\/01\/Zona-brahma-www.carnavalvegano-124.jpg\" alt=\"\" width=\"750\" height=\"497\"><\/div>\n\n            <div class=\"esg-entry-cover\">\n\n                <div class=\"esg-overlay esg-fadeout eg-monroe-container\" data-delay=\"0\"><\/div>\n\n\t\t\t\t<div class=\"esg-bottom eg-post-9449 eg-monroe-element-0-a esg-flipup\" data-delay=\"0\"><a class=\"eg-monroe-element-0 eg-post-9449\" href=\"https:\/\/carnavalvegano.do\/index.php\/2015\/01\/09\/crazy-design-chimbala-el-fother-zona-brahma-la-vega-040212\/\" target=\"_self\">Ver M\u00e1s<\/a><\/div>\n\t\t\t\t<div class=\"esg-center eg-post-9449 eg-monroe-element-1 esg-flipdownout\" data-delay=\"0\">Crazy Design, Chimbala, El Fother @ Zona Brahma, La Vega 04\/02\/12<\/div>\n\t\t\t\t<div class=\"esg-top eg-post-9449 eg-monroe-element-8 esg-slidedown\" data-delay=\"0\">enero 9, 2015<\/div>\n           <\/div>\n   <\/div>\n\n<\/li>\n<li id=\"eg-2-post-id-812\" class=\"filterall filter-galeria filter-uncategorized eg-monroe-wrapper eg-post-id-812\" data-date=\"1420825476\">\n    <div class=\"esg-media-cover-wrapper\">\n<div class=\"esg-entry-media\"><img loading=\"lazy\" decoding=\"async\" src=\"https:\/\/carnavalvegano.do\/wp-content\/uploads\/2015\/01\/1er-Domingo-www.carnavalvegano.do-100.jpg\" alt=\"\" width=\"499\" height=\"750\"><\/div>\n\n            <div class=\"esg-entry-cover\">\n\n                <div class=\"esg-overlay esg-fadeout eg-monroe-container\" data-delay=\"0\"><\/div>\n\n\t\t\t\t<div class=\"esg-bottom eg-post-812 eg-monroe-element-0-a esg-flipup\" data-delay=\"0\"><a class=\"eg-monroe-element-0 eg-post-812\" href=\"https:\/\/carnavalvegano.do\/index.php\/2015\/01\/09\/primer-domingo-carnaval-vegano-2012-050212\/\" target=\"_self\">Ver M\u00e1s<\/a><\/div>\n\t\t\t\t<div class=\"esg-center eg-post-812 eg-monroe-element-1 esg-flipdownout\" data-delay=\"0\">Primer Domingo Carnaval Vegano 2012 05\/02\/12<\/div>\n\t\t\t\t<div class=\"esg-top eg-post-812 eg-monroe-element-8 esg-slidedown\" data-delay=\"0\">enero 9, 2015<\/div>\n           <\/div>\n   <\/div>\n\n<\/li>\n<li id=\"eg-2-post-id-815\" class=\"filterall filter-galeria filter-uncategorized eg-monroe-wrapper eg-post-id-815\" data-date=\"1420825625\">\n    <div class=\"esg-media-cover-wrapper\">\n<div class=\"esg-entry-media\"><img loading=\"lazy\" decoding=\"async\" src=\"https:\/\/carnavalvegano.do\/wp-content\/uploads\/2015\/01\/Las-Mega-Mamis-Del-Carnaval-1er-Domingo-www.carnavalvegano.do-17.jpg\" alt=\"\" width=\"499\" height=\"750\"><\/div>\n\n            <div class=\"esg-entry-cover\">\n\n                <div class=\"esg-overlay esg-fadeout eg-monroe-container\" data-delay=\"0\"><\/div>\n\n\t\t\t\t<div class=\"esg-bottom eg-post-815 eg-monroe-element-0-a esg-flipup\" data-delay=\"0\"><a class=\"eg-monroe-element-0 eg-post-815\" href=\"https:\/\/carnavalvegano.do\/index.php\/2015\/01\/09\/mega-mamis-del-carnaval-vegano-1er-domingo-050212\/\" target=\"_self\">Ver M\u00e1s<\/a><\/div>\n\t\t\t\t<div class=\"esg-center eg-post-815 eg-monroe-element-1 esg-flipdownout\" data-delay=\"0\">Mega Mamis Del Carnaval Vegano 1er Domingo 05\/02\/12<\/div>\n\t\t\t\t<div class=\"esg-top eg-post-815 eg-monroe-element-8 esg-slidedown\" data-delay=\"0\">enero 9, 2015<\/div>\n           <\/div>\n   <\/div>\n\n<\/li>\n<li id=\"eg-2-post-id-818\" class=\"filterall filter-galeria filter-uncategorized eg-monroe-wrapper eg-post-id-818\" data-date=\"1420826029\">\n    <div class=\"esg-media-cover-wrapper\">\n<div class=\"esg-entry-media\"><img loading=\"lazy\" decoding=\"async\" src=\"https:\/\/carnavalvegano.do\/wp-content\/uploads\/2015\/01\/Daddy-Yankee-www.carnavalvegano.com-47.jpg\" alt=\"\" width=\"499\" height=\"750\"><\/div>\n\n            <div class=\"esg-entry-cover\">\n\n                <div class=\"esg-overlay esg-fadeout eg-monroe-container\" data-delay=\"0\"><\/div>\n\n\t\t\t\t<div class=\"esg-bottom eg-post-818 eg-monroe-element-0-a esg-flipup\" data-delay=\"0\"><a class=\"eg-monroe-element-0 eg-post-818\" href=\"https:\/\/carnavalvegano.do\/index.php\/2015\/01\/09\/daddy-yankee-en-concierto-opening-dj-scuff-carnaval-vegano-050212\/\" target=\"_self\">Ver M\u00e1s<\/a><\/div>\n\t\t\t\t<div class=\"esg-center eg-post-818 eg-monroe-element-1 esg-flipdownout\" data-delay=\"0\">Daddy Yankee En Concierto, Opening Dj Scuff @ Carnaval Vegano 05\/02\/12<\/div>\n\t\t\t\t<div class=\"esg-top eg-post-818 eg-monroe-element-8 esg-slidedown\" data-delay=\"0\">enero 9, 2015<\/div>\n           <\/div>\n   <\/div>\n\n<\/li>\n<li id=\"eg-2-post-id-822\" class=\"filterall filter-galeria filter-uncategorized eg-monroe-wrapper eg-post-id-822\" data-date=\"1420879244\">\n    <div class=\"esg-media-cover-wrapper\">\n<div class=\"esg-entry-media\"><img loading=\"lazy\" decoding=\"async\" src=\"https:\/\/carnavalvegano.do\/wp-content\/uploads\/2015\/01\/carnavalvegano-131.jpg\" alt=\"\" width=\"498\" height=\"750\"><\/div>\n\n            <div class=\"esg-entry-cover\">\n\n                <div class=\"esg-overlay esg-fadeout eg-monroe-container\" data-delay=\"0\"><\/div>\n\n\t\t\t\t<div class=\"esg-bottom eg-post-822 eg-monroe-element-0-a esg-flipup\" data-delay=\"0\"><a class=\"eg-monroe-element-0 eg-post-822\" href=\"https:\/\/carnavalvegano.do\/index.php\/2015\/01\/10\/lapiz-conciente-yomil-jay-el-musicologo-parque-las-flores-la-vega-120212\/\" target=\"_self\">Ver M\u00e1s<\/a><\/div>\n\t\t\t\t<div class=\"esg-center eg-post-822 eg-monroe-element-1 esg-flipdownout\" data-delay=\"0\">Lapiz Conciente, Yomil, Jay & El Musicologo @ Parque Las Flores, La Vega 12\/02\/12<\/div>\n\t\t\t\t<div class=\"esg-top eg-post-822 eg-monroe-element-8 esg-slidedown\" data-delay=\"0\">enero 10, 2015<\/div>\n           <\/div>\n   <\/div>\n\n<\/li>\n<li id=\"eg-2-post-id-825\" class=\"filterall filter-galeria filter-uncategorized eg-monroe-wrapper eg-post-id-825\" data-date=\"1420879372\">\n    <div class=\"esg-media-cover-wrapper\">\n<div class=\"esg-entry-media\"><img loading=\"lazy\" decoding=\"async\" src=\"https:\/\/carnavalvegano.do\/wp-content\/uploads\/2015\/01\/carnavalvegano.do-110.jpg\" alt=\"\" width=\"650\" height=\"433\"><\/div>\n\n            <div class=\"esg-entry-cover\">\n\n                <div class=\"esg-overlay esg-fadeout eg-monroe-container\" data-delay=\"0\"><\/div>\n\n\t\t\t\t<div class=\"esg-bottom eg-post-825 eg-monroe-element-0-a esg-flipup\" data-delay=\"0\"><a class=\"eg-monroe-element-0 eg-post-825\" href=\"https:\/\/carnavalvegano.do\/index.php\/2015\/01\/10\/segundo-domingo-carnaval-vegano-120212\/\" target=\"_self\">Ver M\u00e1s<\/a><\/div>\n\t\t\t\t<div class=\"esg-center eg-post-825 eg-monroe-element-1 esg-flipdownout\" data-delay=\"0\">Segundo Domingo @ Carnaval Vegano 12\/02\/12<\/div>\n\t\t\t\t<div class=\"esg-top eg-post-825 eg-monroe-element-8 esg-slidedown\" data-delay=\"0\">enero 10, 2015<\/div>\n           <\/div>\n   <\/div>\n\n<\/li>\n<li id=\"eg-2-post-id-828\" class=\"filterall filter-galeria filter-uncategorized eg-monroe-wrapper eg-post-id-828\" data-date=\"1420879488\">\n    <div class=\"esg-media-cover-wrapper\">\n<div class=\"esg-entry-media\"><img loading=\"lazy\" decoding=\"async\" src=\"https:\/\/carnavalvegano.do\/wp-content\/uploads\/2015\/01\/www.carnavalvegano-12.jpg\" alt=\"\" width=\"431\" height=\"650\"><\/div>\n\n            <div class=\"esg-entry-cover\">\n\n                <div class=\"esg-overlay esg-fadeout eg-monroe-container\" data-delay=\"0\"><\/div>\n\n\t\t\t\t<div class=\"esg-bottom eg-post-828 eg-monroe-element-0-a esg-flipup\" data-delay=\"0\"><a class=\"eg-monroe-element-0 eg-post-828\" href=\"https:\/\/carnavalvegano.do\/index.php\/2015\/01\/10\/mega-mamis-del-carnaval-vegano-2do-domingo-120212\/\" target=\"_self\">Ver M\u00e1s<\/a><\/div>\n\t\t\t\t<div class=\"esg-center eg-post-828 eg-monroe-element-1 esg-flipdownout\" data-delay=\"0\">Mega Mamis Del Carnaval Vegano 2do Domingo 12\/02\/12<\/div>\n\t\t\t\t<div class=\"esg-top eg-post-828 eg-monroe-element-8 esg-slidedown\" data-delay=\"0\">enero 10, 2015<\/div>\n           <\/div>\n   <\/div>\n\n<\/li>\n<li id=\"eg-2-post-id-831\" class=\"filterall filter-galeria filter-uncategorized eg-monroe-wrapper eg-post-id-831\" data-date=\"1420879631\">\n    <div class=\"esg-media-cover-wrapper\">\n<div class=\"esg-entry-media\"><img loading=\"lazy\" decoding=\"async\" src=\"https:\/\/carnavalvegano.do\/wp-content\/uploads\/2015\/01\/MG_6596.jpg\" alt=\"\" width=\"650\" height=\"433\"><\/div>\n\n            <div class=\"esg-entry-cover\">\n\n                <div class=\"esg-overlay esg-fadeout eg-monroe-container\" data-delay=\"0\"><\/div>\n\n\t\t\t\t<div class=\"esg-bottom eg-post-831 eg-monroe-element-0-a esg-flipup\" data-delay=\"0\"><a class=\"eg-monroe-element-0 eg-post-831\" href=\"https:\/\/carnavalvegano.do\/index.php\/2015\/01\/10\/concierto-victor-manuelle-hermanos-rosario-y-el-batallon-carnaval-vegano-120212\/\" target=\"_self\">Ver M\u00e1s<\/a><\/div>\n\t\t\t\t<div class=\"esg-center eg-post-831 eg-monroe-element-1 esg-flipdownout\" data-delay=\"0\">Concierto Victor Manuelle, Hermanos Rosario y El Batallon @ Carnaval Vegano 12\/02\/12<\/div>\n\t\t\t\t<div class=\"esg-top eg-post-831 eg-monroe-element-8 esg-slidedown\" data-delay=\"0\">enero 10, 2015<\/div>\n           <\/div>\n   <\/div>\n\n<\/li>\n<li id=\"eg-2-post-id-834\" class=\"filterall filter-galeria filter-uncategorized eg-monroe-wrapper eg-post-id-834\" data-date=\"1420879884\">\n    <div class=\"esg-media-cover-wrapper\">\n<div class=\"esg-entry-media\"><img loading=\"lazy\" decoding=\"async\" src=\"https:\/\/carnavalvegano.do\/wp-content\/uploads\/2015\/01\/Zona-brahma-www.carnavalvegano.com-1-21.jpg\" alt=\"\" width=\"512\" height=\"768\"><\/div>\n\n            <div class=\"esg-entry-cover\">\n\n                <div class=\"esg-overlay esg-fadeout eg-monroe-container\" data-delay=\"0\"><\/div>\n\n\t\t\t\t<div class=\"esg-bottom eg-post-834 eg-monroe-element-0-a esg-flipup\" data-delay=\"0\"><a class=\"eg-monroe-element-0 eg-post-834\" href=\"https:\/\/carnavalvegano.do\/index.php\/2015\/01\/10\/mc-jay-villanosam-monkey-black-zona-brahma-la-vega-180212\/\" target=\"_self\">Ver M\u00e1s<\/a><\/div>\n\t\t\t\t<div class=\"esg-center eg-post-834 eg-monroe-element-1 esg-flipdownout\" data-delay=\"0\">Mc Jay, Villanosam, Monkey Black @ Zona Brahma La Vega 18\/02\/12<\/div>\n\t\t\t\t<div class=\"esg-top eg-post-834 eg-monroe-element-8 esg-slidedown\" data-delay=\"0\">enero 10, 2015<\/div>\n           <\/div>\n   <\/div>\n\n<\/li>\n<li id=\"eg-2-post-id-837\" class=\"filterall filter-galeria filter-uncategorized eg-monroe-wrapper eg-post-id-837\" data-date=\"1420880070\">\n    <div class=\"esg-media-cover-wrapper\">\n<div class=\"esg-entry-media\"><img loading=\"lazy\" decoding=\"async\" src=\"https:\/\/carnavalvegano.do\/wp-content\/uploads\/2015\/01\/Tercer-Domingo-www.carnavalvegano.do-107.jpg\" alt=\"\" width=\"499\" height=\"750\"><\/div>\n\n            <div class=\"esg-entry-cover\">\n\n                <div class=\"esg-overlay esg-fadeout eg-monroe-container\" data-delay=\"0\"><\/div>\n\n\t\t\t\t<div class=\"esg-bottom eg-post-837 eg-monroe-element-0-a esg-flipup\" data-delay=\"0\"><a class=\"eg-monroe-element-0 eg-post-837\" href=\"https:\/\/carnavalvegano.do\/index.php\/2015\/01\/10\/tercer-domingo-carnaval-vegano-2012-190212\/\" target=\"_self\">Ver M\u00e1s<\/a><\/div>\n\t\t\t\t<div class=\"esg-center eg-post-837 eg-monroe-element-1 esg-flipdownout\" data-delay=\"0\">Tercer Domingo Carnaval Vegano 2012 19\/02\/12<\/div>\n\t\t\t\t<div class=\"esg-top eg-post-837 eg-monroe-element-8 esg-slidedown\" data-delay=\"0\">enero 10, 2015<\/div>\n           <\/div>\n   <\/div>\n\n<\/li>\n<li id=\"eg-2-post-id-840\" class=\"filterall filter-galeria filter-uncategorized eg-monroe-wrapper eg-post-id-840\" data-date=\"1420880200\">\n    <div class=\"esg-media-cover-wrapper\">\n<div class=\"esg-entry-media\"><img loading=\"lazy\" decoding=\"async\" src=\"https:\/\/carnavalvegano.do\/wp-content\/uploads\/2015\/01\/Mega-Mamis-www.carnavalvegano.do-14.jpg\" alt=\"\" width=\"499\" height=\"750\"><\/div>\n\n            <div class=\"esg-entry-cover\">\n\n                <div class=\"esg-overlay esg-fadeout eg-monroe-container\" data-delay=\"0\"><\/div>\n\n\t\t\t\t<div class=\"esg-bottom eg-post-840 eg-monroe-element-0-a esg-flipup\" data-delay=\"0\"><a class=\"eg-monroe-element-0 eg-post-840\" href=\"https:\/\/carnavalvegano.do\/index.php\/2015\/01\/10\/mega-mamis-del-carnaval-vegano-2012-tercer-domingo-190212\/\" target=\"_self\">Ver M\u00e1s<\/a><\/div>\n\t\t\t\t<div class=\"esg-center eg-post-840 eg-monroe-element-1 esg-flipdownout\" data-delay=\"0\">Mega Mamis Del Carnaval Vegano 2012 Tercer Domingo 19\/02\/12<\/div>\n\t\t\t\t<div class=\"esg-top eg-post-840 eg-monroe-element-8 esg-slidedown\" data-delay=\"0\">enero 10, 2015<\/div>\n           <\/div>\n   <\/div>\n\n<\/li>\n<li id=\"eg-2-post-id-843\" class=\"filterall filter-galeria filter-uncategorized eg-monroe-wrapper eg-post-id-843\" data-date=\"1420880316\">\n    <div class=\"esg-media-cover-wrapper\">\n<div class=\"esg-entry-media\"><img loading=\"lazy\" decoding=\"async\" src=\"https:\/\/carnavalvegano.do\/wp-content\/uploads\/2015\/01\/Estadio-Olimpico-www.carnavalvegano.do-164.jpg\" alt=\"\" width=\"750\" height=\"497\"><\/div>\n\n            <div class=\"esg-entry-cover\">\n\n                <div class=\"esg-overlay esg-fadeout eg-monroe-container\" data-delay=\"0\"><\/div>\n\n\t\t\t\t<div class=\"esg-bottom eg-post-843 eg-monroe-element-0-a esg-flipup\" data-delay=\"0\"><a class=\"eg-monroe-element-0 eg-post-843\" href=\"https:\/\/carnavalvegano.do\/index.php\/2015\/01\/10\/concierto-tito-el-bambino-y-el-cata-carnaval-vegano-estadio-olimpico-la-vega-190212\/\" target=\"_self\">Ver M\u00e1s<\/a><\/div>\n\t\t\t\t<div class=\"esg-center eg-post-843 eg-monroe-element-1 esg-flipdownout\" data-delay=\"0\">Concierto Tito El Bambino y El Cata Carnaval Vegano @ Estadio Olimpico La Vega 19\/02\/12<\/div>\n\t\t\t\t<div class=\"esg-top eg-post-843 eg-monroe-element-8 esg-slidedown\" data-delay=\"0\">enero 10, 2015<\/div>\n           <\/div>\n   <\/div>\n\n<\/li>\n<li id=\"eg-2-post-id-846\" class=\"filterall filter-galeria filter-uncategorized eg-monroe-wrapper eg-post-id-846\" data-date=\"1420880505\">\n    <div class=\"esg-media-cover-wrapper\">\n<div class=\"esg-entry-media\"><img loading=\"lazy\" decoding=\"async\" src=\"https:\/\/carnavalvegano.do\/wp-content\/uploads\/2015\/01\/www.carnavalvegano-18.jpg\" alt=\"\" width=\"466\" height=\"700\"><\/div>\n\n            <div class=\"esg-entry-cover\">\n\n                <div class=\"esg-overlay esg-fadeout eg-monroe-container\" data-delay=\"0\"><\/div>\n\n\t\t\t\t<div class=\"esg-bottom eg-post-846 eg-monroe-element-0-a esg-flipup\" data-delay=\"0\"><a class=\"eg-monroe-element-0 eg-post-846\" href=\"https:\/\/carnavalvegano.do\/index.php\/2015\/01\/10\/zunny-el-shick-y-cherito-parque-las-flores-la-vega-250212\/\" target=\"_self\">Ver M\u00e1s<\/a><\/div>\n\t\t\t\t<div class=\"esg-center eg-post-846 eg-monroe-element-1 esg-flipdownout\" data-delay=\"0\">Zunny, El Shick y Cherito @ Parque Las Flores La Vega 25\/02\/12<\/div>\n\t\t\t\t<div class=\"esg-top eg-post-846 eg-monroe-element-8 esg-slidedown\" data-delay=\"0\">enero 10, 2015<\/div>\n           <\/div>\n   <\/div>\n\n<\/li>\n<li id=\"eg-2-post-id-849\" class=\"filterall filter-galeria filter-uncategorized eg-monroe-wrapper eg-post-id-849\" data-date=\"1420880644\">\n    <div class=\"esg-media-cover-wrapper\">\n<div class=\"esg-entry-media\"><img loading=\"lazy\" decoding=\"async\" src=\"https:\/\/carnavalvegano.do\/wp-content\/uploads\/2015\/01\/www.carnavaldelavega.com-110.jpg\" alt=\"\" width=\"900\" height=\"598\"><\/div>\n\n            <div class=\"esg-entry-cover\">\n\n                <div class=\"esg-overlay esg-fadeout eg-monroe-container\" data-delay=\"0\"><\/div>\n\n\t\t\t\t<div class=\"esg-bottom eg-post-849 eg-monroe-element-0-a esg-flipup\" data-delay=\"0\"><a class=\"eg-monroe-element-0 eg-post-849\" href=\"https:\/\/carnavalvegano.do\/index.php\/2015\/01\/10\/cuarto-domingo-carnaval-vegano-2012-260212\/\" target=\"_self\">Ver M\u00e1s<\/a><\/div>\n\t\t\t\t<div class=\"esg-center eg-post-849 eg-monroe-element-1 esg-flipdownout\" data-delay=\"0\">Cuarto Domingo @ Carnaval Vegano 2012 26\/02\/12<\/div>\n\t\t\t\t<div class=\"esg-top eg-post-849 eg-monroe-element-8 esg-slidedown\" data-delay=\"0\">enero 10, 2015<\/div>\n           <\/div>\n   <\/div>\n\n<\/li>\n<li id=\"eg-2-post-id-852\" class=\"filterall filter-galeria filter-uncategorized eg-monroe-wrapper eg-post-id-852\" data-date=\"1420880783\">\n    <div class=\"esg-media-cover-wrapper\">\n<div class=\"esg-entry-media\"><img loading=\"lazy\" decoding=\"async\" src=\"https:\/\/carnavalvegano.do\/wp-content\/uploads\/2015\/01\/Mega-Mami-www.carnavalvegano.com-38.jpg\" alt=\"\" width=\"499\" height=\"750\"><\/div>\n\n            <div class=\"esg-entry-cover\">\n\n                <div class=\"esg-overlay esg-fadeout eg-monroe-container\" data-delay=\"0\"><\/div>\n\n\t\t\t\t<div class=\"esg-bottom eg-post-852 eg-monroe-element-0-a esg-flipup\" data-delay=\"0\"><a class=\"eg-monroe-element-0 eg-post-852\" href=\"https:\/\/carnavalvegano.do\/index.php\/2015\/01\/10\/mega-mamis-del-carnaval-vegano-cuarto-domingo-260212\/\" target=\"_self\">Ver M\u00e1s<\/a><\/div>\n\t\t\t\t<div class=\"esg-center eg-post-852 eg-monroe-element-1 esg-flipdownout\" data-delay=\"0\">Mega Mamis del Carnaval Vegano Cuarto Domingo 26\/02\/12<\/div>\n\t\t\t\t<div class=\"esg-top eg-post-852 eg-monroe-element-8 esg-slidedown\" data-delay=\"0\">enero 10, 2015<\/div>\n           <\/div>\n   <\/div>\n\n<\/li>\n<li id=\"eg-2-post-id-855\" class=\"filterall filter-galeria filter-uncategorized eg-monroe-wrapper eg-post-id-855\" data-date=\"1420880938\">\n    <div class=\"esg-media-cover-wrapper\">\n<div class=\"esg-entry-media\"><img loading=\"lazy\" decoding=\"async\" src=\"https:\/\/carnavalvegano.do\/wp-content\/uploads\/2015\/01\/Concierto-www.carnavalvegano.com-168.jpg\" alt=\"\" width=\"750\" height=\"500\"><\/div>\n\n            <div class=\"esg-entry-cover\">\n\n                <div class=\"esg-overlay esg-fadeout eg-monroe-container\" data-delay=\"0\"><\/div>\n\n\t\t\t\t<div class=\"esg-bottom eg-post-855 eg-monroe-element-0-a esg-flipup\" data-delay=\"0\"><a class=\"eg-monroe-element-0 eg-post-855\" href=\"https:\/\/carnavalvegano.do\/index.php\/2015\/01\/10\/rkm-y-ken-y-zion-lennox-y-cosculluela-carnaval-vegano-2012-estadio-olimpico-la-vega-260212\/\" target=\"_self\">Ver M\u00e1s<\/a><\/div>\n\t\t\t\t<div class=\"esg-center eg-post-855 eg-monroe-element-1 esg-flipdownout\" data-delay=\"0\">RKM y Ken-Y, Zion & Lennox y Cosculluela Carnaval Vegano 2012 @ Estadio Olimpico La Vega 26\/02\/12<\/div>\n\t\t\t\t<div class=\"esg-top eg-post-855 eg-monroe-element-8 esg-slidedown\" data-delay=\"0\">enero 10, 2015<\/div>\n           <\/div>\n   <\/div>\n\n<\/li>\n<li id=\"eg-2-post-id-858\" class=\"filterall filter-galeria filter-uncategorized eg-monroe-wrapper eg-post-id-858\" data-date=\"1420881067\">\n    <div class=\"esg-media-cover-wrapper\">\n<div class=\"esg-entry-media\"><img loading=\"lazy\" decoding=\"async\" src=\"https:\/\/carnavalvegano.do\/wp-content\/uploads\/2015\/01\/desfile27feb2012-carnavalvegano.do111.jpg\" alt=\"\" width=\"750\" height=\"500\"><\/div>\n\n            <div class=\"esg-entry-cover\">\n\n                <div class=\"esg-overlay esg-fadeout eg-monroe-container\" data-delay=\"0\"><\/div>\n\n\t\t\t\t<div class=\"esg-bottom eg-post-858 eg-monroe-element-0-a esg-flipup\" data-delay=\"0\"><a class=\"eg-monroe-element-0 eg-post-858\" href=\"https:\/\/carnavalvegano.do\/index.php\/2015\/01\/10\/desfile-estudiantil-del-27-de-febrero-2012-270212\/\" target=\"_self\">Ver M\u00e1s<\/a><\/div>\n\t\t\t\t<div class=\"esg-center eg-post-858 eg-monroe-element-1 esg-flipdownout\" data-delay=\"0\">Desfile estudiantil del 27 de febrero 2012 - 27\/02\/12<\/div>\n\t\t\t\t<div class=\"esg-top eg-post-858 eg-monroe-element-8 esg-slidedown\" data-delay=\"0\">enero 10, 2015<\/div>\n           <\/div>\n   <\/div>\n\n<\/li>\n<li id=\"eg-2-post-id-861\" class=\"filterall filter-galeria filter-uncategorized eg-monroe-wrapper eg-post-id-861\" data-date=\"1420881320\">\n    <div class=\"esg-media-cover-wrapper\">\n<div class=\"esg-entry-media\"><img loading=\"lazy\" decoding=\"async\" src=\"https:\/\/carnavalvegano.do\/wp-content\/uploads\/2015\/01\/27-de-Febrero-www.carnavalvegano.com_.do-117.jpg\" alt=\"\" width=\"500\" height=\"750\"><\/div>\n\n            <div class=\"esg-entry-cover\">\n\n                <div class=\"esg-overlay esg-fadeout eg-monroe-container\" data-delay=\"0\"><\/div>\n\n\t\t\t\t<div class=\"esg-bottom eg-post-861 eg-monroe-element-0-a esg-flipup\" data-delay=\"0\"><a class=\"eg-monroe-element-0 eg-post-861\" href=\"https:\/\/carnavalvegano.do\/index.php\/2015\/01\/10\/ultima-salida-de-los-mundialmente-famosos-diablos-cojuelos-veganos-270212\/\" target=\"_self\">Ver M\u00e1s<\/a><\/div>\n\t\t\t\t<div class=\"esg-center eg-post-861 eg-monroe-element-1 esg-flipdownout\" data-delay=\"0\">Ultima Salida De Los Mundialmente Famosos Diablos Cojuelos Veganos 27\/02\/12<\/div>\n\t\t\t\t<div class=\"esg-top eg-post-861 eg-monroe-element-8 esg-slidedown\" data-delay=\"0\">enero 10, 2015<\/div>\n           <\/div>\n   <\/div>\n\n<\/li>\n<li id=\"eg-2-post-id-864\" class=\"filterall filter-galeria filter-uncategorized eg-monroe-wrapper eg-post-id-864\" data-date=\"1420881477\">\n    <div class=\"esg-media-cover-wrapper\">\n<div class=\"esg-entry-media\"><img loading=\"lazy\" decoding=\"async\" src=\"https:\/\/carnavalvegano.do\/wp-content\/uploads\/2015\/01\/Mega-Mamis-www.carnavalvegano.do-3.jpg\" alt=\"\" width=\"332\" height=\"500\"><\/div>\n\n            <div class=\"esg-entry-cover\">\n\n                <div class=\"esg-overlay esg-fadeout eg-monroe-container\" data-delay=\"0\"><\/div>\n\n\t\t\t\t<div class=\"esg-bottom eg-post-864 eg-monroe-element-0-a esg-flipup\" data-delay=\"0\"><a class=\"eg-monroe-element-0 eg-post-864\" href=\"https:\/\/carnavalvegano.do\/index.php\/2015\/01\/10\/mega-mamis-del-carnaval-vegano-lunes-270212\/\" target=\"_self\">Ver M\u00e1s<\/a><\/div>\n\t\t\t\t<div class=\"esg-center eg-post-864 eg-monroe-element-1 esg-flipdownout\" data-delay=\"0\">Mega Mamis del Carnaval Vegano Lunes 27\/02\/12<\/div>\n\t\t\t\t<div class=\"esg-top eg-post-864 eg-monroe-element-8 esg-slidedown\" data-delay=\"0\">enero 10, 2015<\/div>\n           <\/div>\n   <\/div>\n\n<\/li>\n<li id=\"eg-2-post-id-867\" class=\"filterall filter-galeria filter-uncategorized eg-monroe-wrapper eg-post-id-867\" data-date=\"1420881833\">\n    <div class=\"esg-media-cover-wrapper\">\n<div class=\"esg-entry-media\"><img loading=\"lazy\" decoding=\"async\" src=\"https:\/\/carnavalvegano.do\/wp-content\/uploads\/2015\/01\/conciertos27feb2012-carnavalvegano-31.jpg\" alt=\"\" width=\"500\" height=\"750\"><\/div>\n\n            <div class=\"esg-entry-cover\">\n\n                <div class=\"esg-overlay esg-fadeout eg-monroe-container\" data-delay=\"0\"><\/div>\n\n\t\t\t\t<div class=\"esg-bottom eg-post-867 eg-monroe-element-0-a esg-flipup\" data-delay=\"0\"><a class=\"eg-monroe-element-0 eg-post-867\" href=\"https:\/\/carnavalvegano.do\/index.php\/2015\/01\/10\/concierto-hector-acosta-y-vakero-parque-las-flores-la-vega-270212\/\" target=\"_self\">Ver M\u00e1s<\/a><\/div>\n\t\t\t\t<div class=\"esg-center eg-post-867 eg-monroe-element-1 esg-flipdownout\" data-delay=\"0\">Concierto H\u00e9ctor Acosta y Vaker\u00f3 @ Parque Las Flores, La Vega - 27\/02\/12<\/div>\n\t\t\t\t<div class=\"esg-top eg-post-867 eg-monroe-element-8 esg-slidedown\" data-delay=\"0\">enero 10, 2015<\/div>\n           <\/div>\n   <\/div>\n\n<\/li>\n<li id=\"eg-2-post-id-870\" class=\"filterall filter-galeria filter-uncategorized eg-monroe-wrapper eg-post-id-870\" data-date=\"1420882057\">\n    <div class=\"esg-media-cover-wrapper\">\n<div class=\"esg-entry-media\"><img loading=\"lazy\" decoding=\"async\" src=\"https:\/\/carnavalvegano.do\/wp-content\/uploads\/2015\/01\/Danely-Tineo.jpg\" alt=\"\" width=\"533\" height=\"800\"><\/div>\n\n            <div class=\"esg-entry-cover\">\n\n                <div class=\"esg-overlay esg-fadeout eg-monroe-container\" data-delay=\"0\"><\/div>\n\n\t\t\t\t<div class=\"esg-bottom eg-post-870 eg-monroe-element-0-a esg-flipup\" data-delay=\"0\"><a class=\"eg-monroe-element-0 eg-post-870\" href=\"https:\/\/carnavalvegano.do\/index.php\/2015\/01\/10\/candidatas-reina-del-carnaval-de-la-vega-2013\/\" target=\"_self\">Ver M\u00e1s<\/a><\/div>\n\t\t\t\t<div class=\"esg-center eg-post-870 eg-monroe-element-1 esg-flipdownout\" data-delay=\"0\">Candidatas a Reina del Carnaval de La Vega 2013<\/div>\n\t\t\t\t<div class=\"esg-top eg-post-870 eg-monroe-element-8 esg-slidedown\" data-delay=\"0\">enero 10, 2015<\/div>\n           <\/div>\n   <\/div>\n\n<\/li>\n<li id=\"eg-2-post-id-873\" class=\"filterall filter-galeria filter-uncategorized eg-monroe-wrapper eg-post-id-873\" data-date=\"1420882402\">\n    <div class=\"esg-media-cover-wrapper\">\n<div class=\"esg-entry-media\"><img loading=\"lazy\" decoding=\"async\" src=\"https:\/\/carnavalvegano.do\/wp-content\/uploads\/2015\/01\/DSC_2322.jpg\" alt=\"\" width=\"700\" height=\"465\"><\/div>\n\n            <div class=\"esg-entry-cover\">\n\n                <div class=\"esg-overlay esg-fadeout eg-monroe-container\" data-delay=\"0\"><\/div>\n\n\t\t\t\t<div class=\"esg-bottom eg-post-873 eg-monroe-element-0-a esg-flipup\" data-delay=\"0\"><a class=\"eg-monroe-element-0 eg-post-873\" href=\"https:\/\/carnavalvegano.do\/index.php\/2015\/01\/10\/lanzamiento-carnaval-de-la-vega-2013-hotel-jaragua-santo-domingo-16012013\/\" target=\"_self\">Ver M\u00e1s<\/a><\/div>\n\t\t\t\t<div class=\"esg-center eg-post-873 eg-monroe-element-1 esg-flipdownout\" data-delay=\"0\">Lanzamiento Carnaval de La Vega 2013 @ Hotel Jaragua, Santo Domingo 16\/01\/2013<\/div>\n\t\t\t\t<div class=\"esg-top eg-post-873 eg-monroe-element-8 esg-slidedown\" data-delay=\"0\">enero 10, 2015<\/div>\n           <\/div>\n   <\/div>\n\n<\/li>\n<li id=\"eg-2-post-id-878\" class=\"filterall filter-galeria filter-uncategorized eg-monroe-wrapper eg-post-id-878\" data-date=\"1420882579\">\n    <div class=\"esg-media-cover-wrapper\">\n<div class=\"esg-entry-media\"><img loading=\"lazy\" decoding=\"async\" src=\"https:\/\/carnavalvegano.do\/wp-content\/uploads\/2015\/01\/MG_6971.jpg\" alt=\"\" width=\"700\" height=\"466\"><\/div>\n\n            <div class=\"esg-entry-cover\">\n\n                <div class=\"esg-overlay esg-fadeout eg-monroe-container\" data-delay=\"0\"><\/div>\n\n\t\t\t\t<div class=\"esg-bottom eg-post-878 eg-monroe-element-0-a esg-flipup\" data-delay=\"0\"><a class=\"eg-monroe-element-0 eg-post-878\" href=\"https:\/\/carnavalvegano.do\/index.php\/2015\/01\/10\/montaje-reinado-carnaval-de-la-vega-2013-bajo-techo-fernando-teruel-18-de-enero\/\" target=\"_self\">Ver M\u00e1s<\/a><\/div>\n\t\t\t\t<div class=\"esg-center eg-post-878 eg-monroe-element-1 esg-flipdownout\" data-delay=\"0\">Montaje Reinado Carnaval de La Vega 2013 @ Bajo Techo Fernando Teruel 18 de Enero<\/div>\n\t\t\t\t<div class=\"esg-top eg-post-878 eg-monroe-element-8 esg-slidedown\" data-delay=\"0\">enero 10, 2015<\/div>\n           <\/div>\n   <\/div>\n\n<\/li>\n<li id=\"eg-2-post-id-882\" class=\"filterall filter-galeria filter-uncategorized eg-monroe-wrapper eg-post-id-882\" data-date=\"1420882738\">\n    <div class=\"esg-media-cover-wrapper\">\n<div class=\"esg-entry-media\"><img loading=\"lazy\" decoding=\"async\" src=\"https:\/\/carnavalvegano.do\/wp-content\/uploads\/2015\/01\/DSC_9021.jpg\" alt=\"\" width=\"700\" height=\"464\"><\/div>\n\n            <div class=\"esg-entry-cover\">\n\n                <div class=\"esg-overlay esg-fadeout eg-monroe-container\" data-delay=\"0\"><\/div>\n\n\t\t\t\t<div class=\"esg-bottom eg-post-882 eg-monroe-element-0-a esg-flipup\" data-delay=\"0\"><a class=\"eg-monroe-element-0 eg-post-882\" href=\"https:\/\/carnavalvegano.do\/index.php\/2015\/01\/10\/reina-del-carnaval-de-la-vega-bajo-techo-fernando-teruel-la-vega-19-de-enero-2013\/\" target=\"_self\">Ver M\u00e1s<\/a><\/div>\n\t\t\t\t<div class=\"esg-center eg-post-882 eg-monroe-element-1 esg-flipdownout\" data-delay=\"0\">Reina del Carnaval de La Vega @ Bajo Techo Fernando Teruel La Vega 19 de Enero 2013<\/div>\n\t\t\t\t<div class=\"esg-top eg-post-882 eg-monroe-element-8 esg-slidedown\" data-delay=\"0\">enero 10, 2015<\/div>\n           <\/div>\n   <\/div>\n\n<\/li>\n<li id=\"eg-2-post-id-885\" class=\"filterall filter-galeria filter-uncategorized eg-monroe-wrapper eg-post-id-885\" data-date=\"1420882882\">\n    <div class=\"esg-media-cover-wrapper\">\n<div class=\"esg-entry-media\"><img loading=\"lazy\" decoding=\"async\" src=\"https:\/\/carnavalvegano.do\/wp-content\/uploads\/2015\/01\/MG_8568.jpg\" alt=\"\" width=\"466\" height=\"700\"><\/div>\n\n            <div class=\"esg-entry-cover\">\n\n                <div class=\"esg-overlay esg-fadeout eg-monroe-container\" data-delay=\"0\"><\/div>\n\n\t\t\t\t<div class=\"esg-bottom eg-post-885 eg-monroe-element-0-a esg-flipup\" data-delay=\"0\"><a class=\"eg-monroe-element-0 eg-post-885\" href=\"https:\/\/carnavalvegano.do\/index.php\/2015\/01\/10\/coronacion-reina-infantil-del-carnaval-de-la-vega-bajo-techo-fernando-teruel-20-de-enero-2013\/\" target=\"_self\">Ver M\u00e1s<\/a><\/div>\n\t\t\t\t<div class=\"esg-center eg-post-885 eg-monroe-element-1 esg-flipdownout\" data-delay=\"0\">Coronaci\u00f3n Reina Infantil del Carnaval de La Vega @ Bajo Techo Fernando Teruel 20 de Enero 2013<\/div>\n\t\t\t\t<div class=\"esg-top eg-post-885 eg-monroe-element-8 esg-slidedown\" data-delay=\"0\">enero 10, 2015<\/div>\n           <\/div>\n   <\/div>\n\n<\/li>\n<li id=\"eg-2-post-id-888\" class=\"filterall filter-galeria filter-uncategorized eg-monroe-wrapper eg-post-id-888\" data-date=\"1420883003\">\n    <div class=\"esg-media-cover-wrapper\">\n<div class=\"esg-entry-media\"><img loading=\"lazy\" decoding=\"async\" src=\"https:\/\/carnavalvegano.do\/wp-content\/uploads\/2015\/01\/MG_9173.jpg\" alt=\"\" width=\"800\" height=\"533\"><\/div>\n\n            <div class=\"esg-entry-cover\">\n\n                <div class=\"esg-overlay esg-fadeout eg-monroe-container\" data-delay=\"0\"><\/div>\n\n\t\t\t\t<div class=\"esg-bottom eg-post-888 eg-monroe-element-0-a esg-flipup\" data-delay=\"0\"><a class=\"eg-monroe-element-0 eg-post-888\" href=\"https:\/\/carnavalvegano.do\/index.php\/2015\/01\/10\/montaje-carnaval-de-la-vega-24-de-enero-2013\/\" target=\"_self\">Ver M\u00e1s<\/a><\/div>\n\t\t\t\t<div class=\"esg-center eg-post-888 eg-monroe-element-1 esg-flipdownout\" data-delay=\"0\">Montaje Carnaval de La Vega 24 de Enero 2013<\/div>\n\t\t\t\t<div class=\"esg-top eg-post-888 eg-monroe-element-8 esg-slidedown\" data-delay=\"0\">enero 10, 2015<\/div>\n           <\/div>\n   <\/div>\n\n<\/li>\n<li id=\"eg-2-post-id-891\" class=\"filterall filter-galeria filter-uncategorized eg-monroe-wrapper eg-post-id-891\" data-date=\"1420883159\">\n    <div class=\"esg-media-cover-wrapper\">\n<div class=\"esg-entry-media\"><img loading=\"lazy\" decoding=\"async\" src=\"https:\/\/carnavalvegano.do\/wp-content\/uploads\/2015\/01\/Carnaval-de-La-Vega-2013-196.jpg\" alt=\"\" width=\"700\" height=\"465\"><\/div>\n\n            <div class=\"esg-entry-cover\">\n\n                <div class=\"esg-overlay esg-fadeout eg-monroe-container\" data-delay=\"0\"><\/div>\n\n\t\t\t\t<div class=\"esg-bottom eg-post-891 eg-monroe-element-0-a esg-flipup\" data-delay=\"0\"><a class=\"eg-monroe-element-0 eg-post-891\" href=\"https:\/\/carnavalvegano.do\/index.php\/2015\/01\/10\/coronacion-del-rey-y-reina-madre-del-carnaval-de-la-vega-26-de-enero-2013\/\" target=\"_self\">Ver M\u00e1s<\/a><\/div>\n\t\t\t\t<div class=\"esg-center eg-post-891 eg-monroe-element-1 esg-flipdownout\" data-delay=\"0\">Coronaci\u00f3n del Rey y Reina Madre del Carnaval de La Vega 26 de Enero 2013<\/div>\n\t\t\t\t<div class=\"esg-top eg-post-891 eg-monroe-element-8 esg-slidedown\" data-delay=\"0\">enero 10, 2015<\/div>\n           <\/div>\n   <\/div>\n\n<\/li>\n<li id=\"eg-2-post-id-897\" class=\"filterall filter-galeria filter-uncategorized eg-monroe-wrapper eg-post-id-897\" data-date=\"1420883341\">\n    <div class=\"esg-media-cover-wrapper\">\n<div class=\"esg-entry-media\"><img loading=\"lazy\" decoding=\"async\" src=\"https:\/\/carnavalvegano.do\/wp-content\/uploads\/2015\/01\/Desfile-Oficial-Carnaval-De-La-Vega-2013-103.jpg\" alt=\"\" width=\"700\" height=\"466\"><\/div>\n\n            <div class=\"esg-entry-cover\">\n\n                <div class=\"esg-overlay esg-fadeout eg-monroe-container\" data-delay=\"0\"><\/div>\n\n\t\t\t\t<div class=\"esg-bottom eg-post-897 eg-monroe-element-0-a esg-flipup\" data-delay=\"0\"><a class=\"eg-monroe-element-0 eg-post-897\" href=\"https:\/\/carnavalvegano.do\/index.php\/2015\/01\/10\/desfile-oficial-del-carnaval-de-la-vega-27-de-enero-2013\/\" target=\"_self\">Ver M\u00e1s<\/a><\/div>\n\t\t\t\t<div class=\"esg-center eg-post-897 eg-monroe-element-1 esg-flipdownout\" data-delay=\"0\">Desfile Oficial del Carnaval de La Vega 27 de Enero 2013<\/div>\n\t\t\t\t<div class=\"esg-top eg-post-897 eg-monroe-element-8 esg-slidedown\" data-delay=\"0\">enero 10, 2015<\/div>\n           <\/div>\n   <\/div>\n\n<\/li>\n<li id=\"eg-2-post-id-903\" class=\"filterall filter-galeria filter-uncategorized eg-monroe-wrapper eg-post-id-903\" data-date=\"1420883455\">\n    <div class=\"esg-media-cover-wrapper\">\n<div class=\"esg-entry-media\"><img loading=\"lazy\" decoding=\"async\" src=\"https:\/\/carnavalvegano.do\/wp-content\/uploads\/2015\/01\/Desfile-Oficial-Carnaval-De-La-Vega-2013-Carnavaldelavega.do-122.jpg\" alt=\"\" width=\"700\" height=\"465\"><\/div>\n\n            <div class=\"esg-entry-cover\">\n\n                <div class=\"esg-overlay esg-fadeout eg-monroe-container\" data-delay=\"0\"><\/div>\n\n\t\t\t\t<div class=\"esg-bottom eg-post-903 eg-monroe-element-0-a esg-flipup\" data-delay=\"0\"><a class=\"eg-monroe-element-0 eg-post-903\" href=\"https:\/\/carnavalvegano.do\/index.php\/2015\/01\/10\/desfile-oficial-del-carnaval-de-la-vega-27-de-enero-2013-part-2\/\" target=\"_self\">Ver M\u00e1s<\/a><\/div>\n\t\t\t\t<div class=\"esg-center eg-post-903 eg-monroe-element-1 esg-flipdownout\" data-delay=\"0\">Desfile Oficial del Carnaval de La Vega 27 de Enero 2013 Part. 2<\/div>\n\t\t\t\t<div class=\"esg-top eg-post-903 eg-monroe-element-8 esg-slidedown\" data-delay=\"0\">enero 10, 2015<\/div>\n           <\/div>\n   <\/div>\n\n<\/li>\n<li id=\"eg-2-post-id-906\" class=\"filterall filter-galeria filter-uncategorized eg-monroe-wrapper eg-post-id-906\" data-date=\"1420883602\">\n    <div class=\"esg-media-cover-wrapper\">\n<div class=\"esg-entry-media\"><img loading=\"lazy\" decoding=\"async\" src=\"https:\/\/carnavalvegano.do\/wp-content\/uploads\/2015\/01\/112.jpg\" alt=\"\" width=\"700\" height=\"465\"><\/div>\n\n            <div class=\"esg-entry-cover\">\n\n                <div class=\"esg-overlay esg-fadeout eg-monroe-container\" data-delay=\"0\"><\/div>\n\n\t\t\t\t<div class=\"esg-bottom eg-post-906 eg-monroe-element-0-a esg-flipup\" data-delay=\"0\"><a class=\"eg-monroe-element-0 eg-post-906\" href=\"https:\/\/carnavalvegano.do\/index.php\/2015\/01\/10\/conciertos-sergio-vargas-clasicom-y-la-delfy-carnaval-de-la-vega-2-febrero-2013\/\" target=\"_self\">Ver M\u00e1s<\/a><\/div>\n\t\t\t\t<div class=\"esg-center eg-post-906 eg-monroe-element-1 esg-flipdownout\" data-delay=\"0\">Conciertos - Sergio Vargas, Clasicom y La Delfy @ Carnaval De La Vega, 2 Febrero 2013<\/div>\n\t\t\t\t<div class=\"esg-top eg-post-906 eg-monroe-element-8 esg-slidedown\" data-delay=\"0\">enero 10, 2015<\/div>\n           <\/div>\n   <\/div>\n\n<\/li>\n<li id=\"eg-2-post-id-909\" class=\"filterall filter-galeria filter-uncategorized eg-monroe-wrapper eg-post-id-909\" data-date=\"1420883789\">\n    <div class=\"esg-media-cover-wrapper\">\n<div class=\"esg-entry-media\"><img loading=\"lazy\" decoding=\"async\" src=\"https:\/\/carnavalvegano.do\/wp-content\/uploads\/2015\/01\/1-26.jpg\" alt=\"\" width=\"700\" height=\"465\"><\/div>\n\n            <div class=\"esg-entry-cover\">\n\n                <div class=\"esg-overlay esg-fadeout eg-monroe-container\" data-delay=\"0\"><\/div>\n\n\t\t\t\t<div class=\"esg-bottom eg-post-909 eg-monroe-element-0-a esg-flipup\" data-delay=\"0\"><a class=\"eg-monroe-element-0 eg-post-909\" href=\"https:\/\/carnavalvegano.do\/index.php\/2015\/01\/10\/primer-domingo-carnaval-de-la-vega-3-de-febrero-2013\/\" target=\"_self\">Ver M\u00e1s<\/a><\/div>\n\t\t\t\t<div class=\"esg-center eg-post-909 eg-monroe-element-1 esg-flipdownout\" data-delay=\"0\">Primer Domingo Carnaval De La Vega, 3 de Febrero 2013<\/div>\n\t\t\t\t<div class=\"esg-top eg-post-909 eg-monroe-element-8 esg-slidedown\" data-delay=\"0\">enero 10, 2015<\/div>\n           <\/div>\n   <\/div>\n\n<\/li>\n<li id=\"eg-2-post-id-912\" class=\"filterall filter-galeria filter-uncategorized eg-monroe-wrapper eg-post-id-912\" data-date=\"1420884119\">\n    <div class=\"esg-media-cover-wrapper\">\n<div class=\"esg-entry-media\"><img loading=\"lazy\" decoding=\"async\" src=\"https:\/\/carnavalvegano.do\/wp-content\/uploads\/2015\/01\/www.Carnavalvegano.do-1.jpg\" alt=\"\" width=\"467\" height=\"700\"><\/div>\n\n            <div class=\"esg-entry-cover\">\n\n                <div class=\"esg-overlay esg-fadeout eg-monroe-container\" data-delay=\"0\"><\/div>\n\n\t\t\t\t<div class=\"esg-bottom eg-post-912 eg-monroe-element-0-a esg-flipup\" data-delay=\"0\"><a class=\"eg-monroe-element-0 eg-post-912\" href=\"https:\/\/carnavalvegano.do\/index.php\/2015\/01\/10\/concierto-tego-calderon-tono-rosario-carnaval-de-la-vega-3-de-febrero-2013\/\" target=\"_self\">Ver M\u00e1s<\/a><\/div>\n\t\t\t\t<div class=\"esg-center eg-post-912 eg-monroe-element-1 esg-flipdownout\" data-delay=\"0\">Concierto Tego Calderon & To\u00f1o Rosario, @ Carnaval de La Vega 3 de Febrero 2013<\/div>\n\t\t\t\t<div class=\"esg-top eg-post-912 eg-monroe-element-8 esg-slidedown\" data-delay=\"0\">enero 10, 2015<\/div>\n           <\/div>\n   <\/div>\n\n<\/li>\n<li id=\"eg-2-post-id-915\" class=\"filterall filter-galeria filter-uncategorized eg-monroe-wrapper eg-post-id-915\" data-date=\"1420884212\">\n    <div class=\"esg-media-cover-wrapper\">\n<div class=\"esg-entry-media\"><img loading=\"lazy\" decoding=\"async\" src=\"https:\/\/carnavalvegano.do\/wp-content\/uploads\/2015\/01\/Carnavaldelavega.do-12.jpg\" alt=\"\" width=\"464\" height=\"700\"><\/div>\n\n            <div class=\"esg-entry-cover\">\n\n                <div class=\"esg-overlay esg-fadeout eg-monroe-container\" data-delay=\"0\"><\/div>\n\n\t\t\t\t<div class=\"esg-bottom eg-post-915 eg-monroe-element-0-a esg-flipup\" data-delay=\"0\"><a class=\"eg-monroe-element-0 eg-post-915\" href=\"https:\/\/carnavalvegano.do\/index.php\/2015\/01\/10\/fotos-conciertos-mozart-la-para-y-david-kada-carnavallavega-9-febrero-2013\/\" target=\"_self\">Ver M\u00e1s<\/a><\/div>\n\t\t\t\t<div class=\"esg-center eg-post-915 eg-monroe-element-1 esg-flipdownout\" data-delay=\"0\">Fotos Conciertos - Mozart La Para y David Kada #CarnavalLaVega - 9 Febrero 2013<\/div>\n\t\t\t\t<div class=\"esg-top eg-post-915 eg-monroe-element-8 esg-slidedown\" data-delay=\"0\">enero 10, 2015<\/div>\n           <\/div>\n   <\/div>\n\n<\/li>\n<li id=\"eg-2-post-id-918\" class=\"filterall filter-galeria filter-uncategorized eg-monroe-wrapper eg-post-id-918\" data-date=\"1420884407\">\n    <div class=\"esg-media-cover-wrapper\">\n<div class=\"esg-entry-media\"><img loading=\"lazy\" decoding=\"async\" src=\"https:\/\/carnavalvegano.do\/wp-content\/uploads\/2015\/01\/www.carnavalvegano-1012.jpg\" alt=\"\" width=\"700\" height=\"465\"><\/div>\n\n            <div class=\"esg-entry-cover\">\n\n                <div class=\"esg-overlay esg-fadeout eg-monroe-container\" data-delay=\"0\"><\/div>\n\n\t\t\t\t<div class=\"esg-bottom eg-post-918 eg-monroe-element-0-a esg-flipup\" data-delay=\"0\"><a class=\"eg-monroe-element-0 eg-post-918\" href=\"https:\/\/carnavalvegano.do\/index.php\/2015\/01\/10\/fotos-segundo-domingo-carnavallavega-10-febrero-2013\/\" target=\"_self\">Ver M\u00e1s<\/a><\/div>\n\t\t\t\t<div class=\"esg-center eg-post-918 eg-monroe-element-1 esg-flipdownout\" data-delay=\"0\">Fotos Segundo Domingo #CarnavalLaVega - 10 Febrero 2013<\/div>\n\t\t\t\t<div class=\"esg-top eg-post-918 eg-monroe-element-8 esg-slidedown\" data-delay=\"0\">enero 10, 2015<\/div>\n           <\/div>\n   <\/div>\n\n<\/li>\n<li id=\"eg-2-post-id-921\" class=\"filterall filter-galeria filter-uncategorized eg-monroe-wrapper eg-post-id-921\" data-date=\"1420884561\">\n    <div class=\"esg-media-cover-wrapper\">\n<div class=\"esg-entry-media\"><img loading=\"lazy\" decoding=\"async\" src=\"https:\/\/carnavalvegano.do\/wp-content\/uploads\/2015\/01\/www.Carnavalvegano.do-226.jpg\" alt=\"\" width=\"700\" height=\"467\"><\/div>\n\n            <div class=\"esg-entry-cover\">\n\n                <div class=\"esg-overlay esg-fadeout eg-monroe-container\" data-delay=\"0\"><\/div>\n\n\t\t\t\t<div class=\"esg-bottom eg-post-921 eg-monroe-element-0-a esg-flipup\" data-delay=\"0\"><a class=\"eg-monroe-element-0 eg-post-921\" href=\"https:\/\/carnavalvegano.do\/index.php\/2015\/01\/10\/fotos-concierto-jowell-y-randy-omega-el-fuerte-carnavallavega-10-de-febrero-2013\/\" target=\"_self\">Ver M\u00e1s<\/a><\/div>\n\t\t\t\t<div class=\"esg-center eg-post-921 eg-monroe-element-1 esg-flipdownout\" data-delay=\"0\">Fotos Concierto Jowell y Randy, Omega El Fuerte #CarnavalLaVega - 10 de Febrero 2013<\/div>\n\t\t\t\t<div class=\"esg-top eg-post-921 eg-monroe-element-8 esg-slidedown\" data-delay=\"0\">enero 10, 2015<\/div>\n           <\/div>\n   <\/div>\n\n<\/li>\n<li id=\"eg-2-post-id-927\" class=\"filterall filter-galeria filter-uncategorized eg-monroe-wrapper eg-post-id-927\" data-date=\"1420885456\">\n    <div class=\"esg-media-cover-wrapper\">\n<div class=\"esg-entry-media\"><img loading=\"lazy\" decoding=\"async\" src=\"https:\/\/carnavalvegano.do\/wp-content\/uploads\/2015\/01\/dkd_carnavallavega-17.jpg\" alt=\"\" width=\"700\" height=\"465\"><\/div>\n\n            <div class=\"esg-entry-cover\">\n\n                <div class=\"esg-overlay esg-fadeout eg-monroe-container\" data-delay=\"0\"><\/div>\n\n\t\t\t\t<div class=\"esg-bottom eg-post-927 eg-monroe-element-0-a esg-flipup\" data-delay=\"0\"><a class=\"eg-monroe-element-0 eg-post-927\" href=\"https:\/\/carnavalvegano.do\/index.php\/2015\/01\/10\/dkd-al-carnaval-de-la-vega-13-de-febrero-2013\/\" target=\"_self\">Ver M\u00e1s<\/a><\/div>\n\t\t\t\t<div class=\"esg-center eg-post-927 eg-monroe-element-1 esg-flipdownout\" data-delay=\"0\">DKD al Carnaval de La Vega 13 de Febrero 2013<\/div>\n\t\t\t\t<div class=\"esg-top eg-post-927 eg-monroe-element-8 esg-slidedown\" data-delay=\"0\">enero 10, 2015<\/div>\n           <\/div>\n   <\/div>\n\n<\/li>\n<li id=\"eg-2-post-id-930\" class=\"filterall filter-galeria filter-uncategorized eg-monroe-wrapper eg-post-id-930\" data-date=\"1420886010\">\n    <div class=\"esg-media-cover-wrapper\">\n<div class=\"esg-entry-media\"><img loading=\"lazy\" decoding=\"async\" src=\"https:\/\/carnavalvegano.do\/wp-content\/uploads\/2015\/01\/www.carnavalvegano-21.jpg\" alt=\"\" width=\"900\" height=\"598\"><\/div>\n\n            <div class=\"esg-entry-cover\">\n\n                <div class=\"esg-overlay esg-fadeout eg-monroe-container\" data-delay=\"0\"><\/div>\n\n\t\t\t\t<div class=\"esg-bottom eg-post-930 eg-monroe-element-0-a esg-flipup\" data-delay=\"0\"><a class=\"eg-monroe-element-0 eg-post-930\" href=\"https:\/\/carnavalvegano.do\/index.php\/2015\/01\/10\/carnaval-infantil-broncos-canaval-de-la-vega-16-de-febrero-2013\/\" target=\"_self\">Ver M\u00e1s<\/a><\/div>\n\t\t\t\t<div class=\"esg-center eg-post-930 eg-monroe-element-1 esg-flipdownout\" data-delay=\"0\">Carnaval Infantil Broncos @ Canaval De La Vega, 16 de Febrero 2013<\/div>\n\t\t\t\t<div class=\"esg-top eg-post-930 eg-monroe-element-8 esg-slidedown\" data-delay=\"0\">enero 10, 2015<\/div>\n           <\/div>\n   <\/div>\n\n<\/li>\n<li id=\"eg-2-post-id-933\" class=\"filterall filter-galeria filter-uncategorized eg-monroe-wrapper eg-post-id-933\" data-date=\"1420886232\">\n    <div class=\"esg-media-cover-wrapper\">\n<div class=\"esg-entry-media\"><img loading=\"lazy\" decoding=\"async\" src=\"https:\/\/carnavalvegano.do\/wp-content\/uploads\/2015\/01\/DSC_5071.jpg\" alt=\"\" width=\"900\" height=\"598\"><\/div>\n\n            <div class=\"esg-entry-cover\">\n\n                <div class=\"esg-overlay esg-fadeout eg-monroe-container\" data-delay=\"0\"><\/div>\n\n\t\t\t\t<div class=\"esg-bottom eg-post-933 eg-monroe-element-0-a esg-flipup\" data-delay=\"0\"><a class=\"eg-monroe-element-0 eg-post-933\" href=\"https:\/\/carnavalvegano.do\/index.php\/2015\/01\/10\/concierto-raulin-rodriguez-y-yiyo-sarante-carnaval-de-la-vega-parque-las-flores-16-de-febrero-2013\/\" target=\"_self\">Ver M\u00e1s<\/a><\/div>\n\t\t\t\t<div class=\"esg-center eg-post-933 eg-monroe-element-1 esg-flipdownout\" data-delay=\"0\">Concierto Raulin Rodriguez y Yiyo Sarante Carnaval De La Vega @ Parque Las Flores, 16 de Febrero 2013<\/div>\n\t\t\t\t<div class=\"esg-top eg-post-933 eg-monroe-element-8 esg-slidedown\" data-delay=\"0\">enero 10, 2015<\/div>\n           <\/div>\n   <\/div>\n\n<\/li>\n<li id=\"eg-2-post-id-936\" class=\"filterall filter-galeria filter-uncategorized eg-monroe-wrapper eg-post-id-936\" data-date=\"1420886554\">\n    <div class=\"esg-media-cover-wrapper\">\n<div class=\"esg-entry-media\"><img loading=\"lazy\" decoding=\"async\" src=\"https:\/\/carnavalvegano.do\/wp-content\/uploads\/2015\/01\/www.carnavalvegano.do-F-146.jpg\" alt=\"\" width=\"700\" height=\"465\"><\/div>\n\n            <div class=\"esg-entry-cover\">\n\n                <div class=\"esg-overlay esg-fadeout eg-monroe-container\" data-delay=\"0\"><\/div>\n\n\t\t\t\t<div class=\"esg-bottom eg-post-936 eg-monroe-element-0-a esg-flipup\" data-delay=\"0\"><a class=\"eg-monroe-element-0 eg-post-936\" href=\"https:\/\/carnavalvegano.do\/index.php\/2015\/01\/10\/fotos-tercer-domingo-carnavallavega-17-febrero-2013\/\" target=\"_self\">Ver M\u00e1s<\/a><\/div>\n\t\t\t\t<div class=\"esg-center eg-post-936 eg-monroe-element-1 esg-flipdownout\" data-delay=\"0\">Fotos Tercer Domingo #CarnavalLaVega - 17 Febrero 2013<\/div>\n\t\t\t\t<div class=\"esg-top eg-post-936 eg-monroe-element-8 esg-slidedown\" data-delay=\"0\">enero 10, 2015<\/div>\n           <\/div>\n   <\/div>\n\n<\/li>\n<li id=\"eg-2-post-id-939\" class=\"filterall filter-galeria filter-uncategorized eg-monroe-wrapper eg-post-id-939\" data-date=\"1420886752\">\n    <div class=\"esg-media-cover-wrapper\">\n<div class=\"esg-entry-media\"><img loading=\"lazy\" decoding=\"async\" src=\"https:\/\/carnavalvegano.do\/wp-content\/uploads\/2015\/01\/www.Carnavalvegano.do-J-60.jpg\" alt=\"\" width=\"700\" height=\"467\"><\/div>\n\n            <div class=\"esg-entry-cover\">\n\n                <div class=\"esg-overlay esg-fadeout eg-monroe-container\" data-delay=\"0\"><\/div>\n\n\t\t\t\t<div class=\"esg-bottom eg-post-939 eg-monroe-element-0-a esg-flipup\" data-delay=\"0\"><a class=\"eg-monroe-element-0 eg-post-939\" href=\"https:\/\/carnavalvegano.do\/index.php\/2015\/01\/10\/fotos-concierto-don-omar-milly-quezada-dj-plex-carnavallavega-estadio-olimpico-17-de-febrero-2013\/\" target=\"_self\">Ver M\u00e1s<\/a><\/div>\n\t\t\t\t<div class=\"esg-center eg-post-939 eg-monroe-element-1 esg-flipdownout\" data-delay=\"0\">Fotos Concierto Don Omar, Milly Quezada, Dj Plex #CarnavalLaVega @ Estadio Olimpico 17 de Febrero 2013<\/div>\n\t\t\t\t<div class=\"esg-top eg-post-939 eg-monroe-element-8 esg-slidedown\" data-delay=\"0\">enero 10, 2015<\/div>\n           <\/div>\n   <\/div>\n\n<\/li>\n<li id=\"eg-2-post-id-942\" class=\"filterall filter-galeria filter-uncategorized eg-monroe-wrapper eg-post-id-942\" data-date=\"1420886972\">\n    <div class=\"esg-media-cover-wrapper\">\n<div class=\"esg-entry-media\"><img loading=\"lazy\" decoding=\"async\" src=\"https:\/\/carnavalvegano.do\/wp-content\/uploads\/2015\/01\/www.Carnavalvegano.do-106.jpg\" alt=\"\" width=\"700\" height=\"465\"><\/div>\n\n            <div class=\"esg-entry-cover\">\n\n                <div class=\"esg-overlay esg-fadeout eg-monroe-container\" data-delay=\"0\"><\/div>\n\n\t\t\t\t<div class=\"esg-bottom eg-post-942 eg-monroe-element-0-a esg-flipup\" data-delay=\"0\"><a class=\"eg-monroe-element-0 eg-post-942\" href=\"https:\/\/carnavalvegano.do\/index.php\/2015\/01\/10\/desfile-regional-del-carnaval-de-la-vega-23-de-febrero-2013\/\" target=\"_self\">Ver M\u00e1s<\/a><\/div>\n\t\t\t\t<div class=\"esg-center eg-post-942 eg-monroe-element-1 esg-flipdownout\" data-delay=\"0\">Desfile Regional Del Carnaval De La Vega 23 de Febrero 2013<\/div>\n\t\t\t\t<div class=\"esg-top eg-post-942 eg-monroe-element-8 esg-slidedown\" data-delay=\"0\">enero 10, 2015<\/div>\n           <\/div>\n   <\/div>\n\n<\/li>\n<li id=\"eg-2-post-id-945\" class=\"filterall filter-galeria filter-uncategorized eg-monroe-wrapper eg-post-id-945\" data-date=\"1420887264\">\n    <div class=\"esg-media-cover-wrapper\">\n<div class=\"esg-entry-media\"><img loading=\"lazy\" decoding=\"async\" src=\"https:\/\/carnavalvegano.do\/wp-content\/uploads\/2015\/01\/Carnaval-de-La-Vega-Grupo-Medrano-100.jpg\" alt=\"\" width=\"700\" height=\"465\"><\/div>\n\n            <div class=\"esg-entry-cover\">\n\n                <div class=\"esg-overlay esg-fadeout eg-monroe-container\" data-delay=\"0\"><\/div>\n\n\t\t\t\t<div class=\"esg-bottom eg-post-945 eg-monroe-element-0-a esg-flipup\" data-delay=\"0\"><a class=\"eg-monroe-element-0 eg-post-945\" href=\"https:\/\/carnavalvegano.do\/index.php\/2015\/01\/10\/fotos-concierto-amara-la-negra-el-batallon-don-miguelo-carnaval-de-la-vega-parque-las-flores-23-de-febrero-2013\/\" target=\"_self\">Ver M\u00e1s<\/a><\/div>\n\t\t\t\t<div class=\"esg-center eg-post-945 eg-monroe-element-1 esg-flipdownout\" data-delay=\"0\">Fotos Concierto - Amara La Negra, El Batallon, Don Miguelo, Carnaval de La Vega @ Parque Las Flores 23 de Febrero 2013<\/div>\n\t\t\t\t<div class=\"esg-top eg-post-945 eg-monroe-element-8 esg-slidedown\" data-delay=\"0\">enero 10, 2015<\/div>\n           <\/div>\n   <\/div>\n\n<\/li>\n<li id=\"eg-2-post-id-949\" class=\"filterall filter-galeria filter-uncategorized eg-monroe-wrapper eg-post-id-949\" data-date=\"1420888542\">\n    <div class=\"esg-media-cover-wrapper\">\n<div class=\"esg-entry-media\"><img loading=\"lazy\" decoding=\"async\" src=\"https:\/\/carnavalvegano.do\/wp-content\/uploads\/2015\/01\/carnavaldelavega.com-110.jpg\" alt=\"\" width=\"900\" height=\"598\"><\/div>\n\n            <div class=\"esg-entry-cover\">\n\n                <div class=\"esg-overlay esg-fadeout eg-monroe-container\" data-delay=\"0\"><\/div>\n\n\t\t\t\t<div class=\"esg-bottom eg-post-949 eg-monroe-element-0-a esg-flipup\" data-delay=\"0\"><a class=\"eg-monroe-element-0 eg-post-949\" href=\"https:\/\/carnavalvegano.do\/index.php\/2015\/01\/10\/fotos-cuarto-domingo-carnavallavega-24-febrero-2013\/\" target=\"_self\">Ver M\u00e1s<\/a><\/div>\n\t\t\t\t<div class=\"esg-center eg-post-949 eg-monroe-element-1 esg-flipdownout\" data-delay=\"0\">Fotos Cuarto Domingo @CarnavalLaVega - 24 Febrero 2013<\/div>\n\t\t\t\t<div class=\"esg-top eg-post-949 eg-monroe-element-8 esg-slidedown\" data-delay=\"0\">enero 10, 2015<\/div>\n           <\/div>\n   <\/div>\n\n<\/li>\n<li id=\"eg-2-post-id-952\" class=\"filterall filter-galeria filter-uncategorized eg-monroe-wrapper eg-post-id-952\" data-date=\"1420888895\">\n    <div class=\"esg-media-cover-wrapper\">\n<div class=\"esg-entry-media\"><img loading=\"lazy\" decoding=\"async\" src=\"https:\/\/carnavalvegano.do\/wp-content\/uploads\/2015\/01\/www.carnavaldelavega-14.jpg\" alt=\"\" width=\"900\" height=\"600\"><\/div>\n\n            <div class=\"esg-entry-cover\">\n\n                <div class=\"esg-overlay esg-fadeout eg-monroe-container\" data-delay=\"0\"><\/div>\n\n\t\t\t\t<div class=\"esg-bottom eg-post-952 eg-monroe-element-0-a esg-flipup\" data-delay=\"0\"><a class=\"eg-monroe-element-0 eg-post-952\" href=\"https:\/\/carnavalvegano.do\/index.php\/2015\/01\/10\/fotos-prince-royce-dj-scuff-carnaval-de-la-vega-24-de-febrero-2013\/\" target=\"_self\">Ver M\u00e1s<\/a><\/div>\n\t\t\t\t<div class=\"esg-center eg-post-952 eg-monroe-element-1 esg-flipdownout\" data-delay=\"0\">Fotos Prince Royce, Dj Scuff @ Carnaval de La Vega - 24 de Febrero 2013<\/div>\n\t\t\t\t<div class=\"esg-top eg-post-952 eg-monroe-element-8 esg-slidedown\" data-delay=\"0\">enero 10, 2015<\/div>\n           <\/div>\n   <\/div>\n\n<\/li>\n<li id=\"eg-2-post-id-956\" class=\"filterall filter-galeria filter-uncategorized eg-monroe-wrapper eg-post-id-956\" data-date=\"1420889209\">\n    <div class=\"esg-media-cover-wrapper\">\n<div class=\"esg-entry-media\"><img loading=\"lazy\" decoding=\"async\" src=\"https:\/\/carnavalvegano.do\/wp-content\/uploads\/2015\/01\/DSC_8067.jpg\" alt=\"\" width=\"700\" height=\"465\"><\/div>\n\n            <div class=\"esg-entry-cover\">\n\n                <div class=\"esg-overlay esg-fadeout eg-monroe-container\" data-delay=\"0\"><\/div>\n\n\t\t\t\t<div class=\"esg-bottom eg-post-956 eg-monroe-element-0-a esg-flipup\" data-delay=\"0\"><a class=\"eg-monroe-element-0 eg-post-956\" href=\"https:\/\/carnavalvegano.do\/index.php\/2015\/01\/10\/desfile-estudiantil-del-27-de-febrero-2013\/\" target=\"_self\">Ver M\u00e1s<\/a><\/div>\n\t\t\t\t<div class=\"esg-center eg-post-956 eg-monroe-element-1 esg-flipdownout\" data-delay=\"0\">Desfile Estudiantil del 27 de Febrero 2013<\/div>\n\t\t\t\t<div class=\"esg-top eg-post-956 eg-monroe-element-8 esg-slidedown\" data-delay=\"0\">enero 10, 2015<\/div>\n           <\/div>\n   <\/div>\n\n<\/li>\n<li id=\"eg-2-post-id-959\" class=\"filterall filter-galeria filter-uncategorized eg-monroe-wrapper eg-post-id-959\" data-date=\"1420889403\">\n    <div class=\"esg-media-cover-wrapper\">\n<div class=\"esg-entry-media\"><img loading=\"lazy\" decoding=\"async\" src=\"https:\/\/carnavalvegano.do\/wp-content\/uploads\/2015\/01\/carnavaldelavega.do-0017.jpg\" alt=\"\" width=\"900\" height=\"598\"><\/div>\n\n            <div class=\"esg-entry-cover\">\n\n                <div class=\"esg-overlay esg-fadeout eg-monroe-container\" data-delay=\"0\"><\/div>\n\n\t\t\t\t<div class=\"esg-bottom eg-post-959 eg-monroe-element-0-a esg-flipup\" data-delay=\"0\"><a class=\"eg-monroe-element-0 eg-post-959\" href=\"https:\/\/carnavalvegano.do\/index.php\/2015\/01\/10\/ultima-salida-de-los-mundialmente-famosos-diablos-cojuelos-veganos-270213\/\" target=\"_self\">Ver M\u00e1s<\/a><\/div>\n\t\t\t\t<div class=\"esg-center eg-post-959 eg-monroe-element-1 esg-flipdownout\" data-delay=\"0\">Ultima Salida De Los Mundialmente Famosos Diablos Cojuelos Veganos 27\/02\/13<\/div>\n\t\t\t\t<div class=\"esg-top eg-post-959 eg-monroe-element-8 esg-slidedown\" data-delay=\"0\">enero 10, 2015<\/div>\n           <\/div>\n   <\/div>\n\n<\/li>\n<li id=\"eg-2-post-id-962\" class=\"filterall filter-galeria filter-uncategorized eg-monroe-wrapper eg-post-id-962\" data-date=\"1420889596\">\n    <div class=\"esg-media-cover-wrapper\">\n<div class=\"esg-entry-media\"><img loading=\"lazy\" decoding=\"async\" src=\"https:\/\/carnavalvegano.do\/wp-content\/uploads\/2015\/01\/Conciertos-Carnavaldelavega.do-113.jpg\" alt=\"\" width=\"700\" height=\"464\"><\/div>\n\n            <div class=\"esg-entry-cover\">\n\n                <div class=\"esg-overlay esg-fadeout eg-monroe-container\" data-delay=\"0\"><\/div>\n\n\t\t\t\t<div class=\"esg-bottom eg-post-962 eg-monroe-element-0-a esg-flipup\" data-delay=\"0\"><a class=\"eg-monroe-element-0 eg-post-962\" href=\"https:\/\/carnavalvegano.do\/index.php\/2015\/01\/10\/fotos-concierto-banda-real-jay-sebastian-eddy-herrera-el-poeta-callejero-carnaval-de-la-vega-parque-las-flores-27-02-2013\/\" target=\"_self\">Ver M\u00e1s<\/a><\/div>\n\t\t\t\t<div class=\"esg-center eg-post-962 eg-monroe-element-1 esg-flipdownout\" data-delay=\"0\">Fotos Concierto - Banda Real, Jay Sebastian, Eddy Herrera, El Poeta Callejero, Carnaval de La Vega @ Parque Las Flores 27-02-2013<\/div>\n\t\t\t\t<div class=\"esg-top eg-post-962 eg-monroe-element-8 esg-slidedown\" data-delay=\"0\">enero 10, 2015<\/div>\n           <\/div>\n   <\/div>\n\n<\/li>\n<li id=\"eg-2-post-id-965\" class=\"filterall filter-galeria filter-uncategorized eg-monroe-wrapper eg-post-id-965\" data-date=\"1420890003\">\n    <div class=\"esg-media-cover-wrapper\">\n<div class=\"esg-entry-media\"><img loading=\"lazy\" decoding=\"async\" src=\"https:\/\/carnavalvegano.do\/wp-content\/uploads\/2015\/01\/IMG_0404.jpg\" alt=\"\" width=\"640\" height=\"426\"><\/div>\n\n            <div class=\"esg-entry-cover\">\n\n                <div class=\"esg-overlay esg-fadeout eg-monroe-container\" data-delay=\"0\"><\/div>\n\n\t\t\t\t<div class=\"esg-bottom eg-post-965 eg-monroe-element-0-a esg-flipup\" data-delay=\"0\"><a class=\"eg-monroe-element-0 eg-post-965\" href=\"https:\/\/carnavalvegano.do\/index.php\/2015\/01\/10\/lanzamiento-carnaval-vegano-2014-salon-anacaona-hotel-jaragua-santo-domingo-16012014\/\" target=\"_self\">Ver M\u00e1s<\/a><\/div>\n\t\t\t\t<div class=\"esg-center eg-post-965 eg-monroe-element-1 esg-flipdownout\" data-delay=\"0\">Lanzamiento Carnaval Vegano 2014 @ Salon Anacaona Hotel Jaragua, Santo Domingo 16\/01\/2014<\/div>\n\t\t\t\t<div class=\"esg-top eg-post-965 eg-monroe-element-8 esg-slidedown\" data-delay=\"0\">enero 10, 2015<\/div>\n           <\/div>\n   <\/div>\n\n<\/li>\n<li id=\"eg-2-post-id-968\" class=\"filterall filter-galeria filter-uncategorized eg-monroe-wrapper eg-post-id-968\" data-date=\"1420890272\">\n    <div class=\"esg-media-cover-wrapper\">\n<div class=\"esg-entry-media\"><img loading=\"lazy\" decoding=\"async\" src=\"https:\/\/carnavalvegano.do\/wp-content\/uploads\/2015\/01\/DSC_0249.jpg\" alt=\"\" width=\"650\" height=\"431\"><\/div>\n\n            <div class=\"esg-entry-cover\">\n\n                <div class=\"esg-overlay esg-fadeout eg-monroe-container\" data-delay=\"0\"><\/div>\n\n\t\t\t\t<div class=\"esg-bottom eg-post-968 eg-monroe-element-0-a esg-flipup\" data-delay=\"0\"><a class=\"eg-monroe-element-0 eg-post-968\" href=\"https:\/\/carnavalvegano.do\/index.php\/2015\/01\/10\/reina-del-carnaval-vegano-bajo-techo-fernando-teruel-la-vega-18-enero-2014\/\" target=\"_self\">Ver M\u00e1s<\/a><\/div>\n\t\t\t\t<div class=\"esg-center eg-post-968 eg-monroe-element-1 esg-flipdownout\" data-delay=\"0\">Reina Del Carnaval Vegano @ Bajo Techo Fernando Teruel La Vega 18 Enero 2014<\/div>\n\t\t\t\t<div class=\"esg-top eg-post-968 eg-monroe-element-8 esg-slidedown\" data-delay=\"0\">enero 10, 2015<\/div>\n           <\/div>\n   <\/div>\n\n<\/li>\n<li id=\"eg-2-post-id-971\" class=\"filterall filter-galeria filter-uncategorized eg-monroe-wrapper eg-post-id-971\" data-date=\"1420890438\">\n    <div class=\"esg-media-cover-wrapper\">\n<div class=\"esg-entry-media\"><img loading=\"lazy\" decoding=\"async\" src=\"https:\/\/carnavalvegano.do\/wp-content\/uploads\/2015\/01\/IMG_0725.jpg\" alt=\"\" width=\"650\" height=\"433\"><\/div>\n\n            <div class=\"esg-entry-cover\">\n\n                <div class=\"esg-overlay esg-fadeout eg-monroe-container\" data-delay=\"0\"><\/div>\n\n\t\t\t\t<div class=\"esg-bottom eg-post-971 eg-monroe-element-0-a esg-flipup\" data-delay=\"0\"><a class=\"eg-monroe-element-0 eg-post-971\" href=\"https:\/\/carnavalvegano.do\/index.php\/2015\/01\/10\/bicharavana-del-grupo-de-carnaval-vegano-los-bichos-la-vega-19-enero-2014\/\" target=\"_self\">Ver M\u00e1s<\/a><\/div>\n\t\t\t\t<div class=\"esg-center eg-post-971 eg-monroe-element-1 esg-flipdownout\" data-delay=\"0\">Bicharavana Del Grupo de Carnaval Vegano Los Bichos @ La Vega 19 Enero 2014<\/div>\n\t\t\t\t<div class=\"esg-top eg-post-971 eg-monroe-element-8 esg-slidedown\" data-delay=\"0\">enero 10, 2015<\/div>\n           <\/div>\n   <\/div>\n\n<\/li>\n<li id=\"eg-2-post-id-974\" class=\"filterall filter-galeria filter-uncategorized eg-monroe-wrapper eg-post-id-974\" data-date=\"1420890561\">\n    <div class=\"esg-media-cover-wrapper\">\n<div class=\"esg-entry-media\"><img loading=\"lazy\" decoding=\"async\" src=\"https:\/\/carnavalvegano.do\/wp-content\/uploads\/2015\/01\/IMG_1099.jpg\" alt=\"\" width=\"650\" height=\"433\"><\/div>\n\n            <div class=\"esg-entry-cover\">\n\n                <div class=\"esg-overlay esg-fadeout eg-monroe-container\" data-delay=\"0\"><\/div>\n\n\t\t\t\t<div class=\"esg-bottom eg-post-974 eg-monroe-element-0-a esg-flipup\" data-delay=\"0\"><a class=\"eg-monroe-element-0 eg-post-974\" href=\"https:\/\/carnavalvegano.do\/index.php\/2015\/01\/10\/coronacion-reina-infantil-del-carnaval-vegano-bajo-techo-fernando-teruel-19-de-enero-2014\/\" target=\"_self\">Ver M\u00e1s<\/a><\/div>\n\t\t\t\t<div class=\"esg-center eg-post-974 eg-monroe-element-1 esg-flipdownout\" data-delay=\"0\">Coronacion Reina Infantil del Carnaval Vegano @ Bajo Techo Fernando Teruel 19 de Enero 2014<\/div>\n\t\t\t\t<div class=\"esg-top eg-post-974 eg-monroe-element-8 esg-slidedown\" data-delay=\"0\">enero 10, 2015<\/div>\n           <\/div>\n   <\/div>\n\n<\/li>\n<li id=\"eg-2-post-id-977\" class=\"filterall filter-galeria filter-uncategorized eg-monroe-wrapper eg-post-id-977\" data-date=\"1420890979\">\n    <div class=\"esg-media-cover-wrapper\">\n<div class=\"esg-entry-media\"><img loading=\"lazy\" decoding=\"async\" src=\"https:\/\/carnavalvegano.do\/wp-content\/uploads\/2015\/01\/Sakavana-CarnavalVegano-1.jpg\" alt=\"\" width=\"700\" height=\"466\"><\/div>\n\n            <div class=\"esg-entry-cover\">\n\n                <div class=\"esg-overlay esg-fadeout eg-monroe-container\" data-delay=\"0\"><\/div>\n\n\t\t\t\t<div class=\"esg-bottom eg-post-977 eg-monroe-element-0-a esg-flipup\" data-delay=\"0\"><a class=\"eg-monroe-element-0 eg-post-977\" href=\"https:\/\/carnavalvegano.do\/index.php\/2015\/01\/10\/caravana-grupo-de-carnaval-los-saktclas-25-01-2014\/\" target=\"_self\">Ver M\u00e1s<\/a><\/div>\n\t\t\t\t<div class=\"esg-center eg-post-977 eg-monroe-element-1 esg-flipdownout\" data-delay=\"0\">Caravana Grupo de Carnaval Los SaKTclas - 25-01-2014<\/div>\n\t\t\t\t<div class=\"esg-top eg-post-977 eg-monroe-element-8 esg-slidedown\" data-delay=\"0\">enero 10, 2015<\/div>\n           <\/div>\n   <\/div>\n\n<\/li>\n<li id=\"eg-2-post-id-980\" class=\"filterall filter-galeria filter-uncategorized eg-monroe-wrapper eg-post-id-980\" data-date=\"1420891052\">\n    <div class=\"esg-media-cover-wrapper\">\n<div class=\"esg-entry-media\"><img loading=\"lazy\" decoding=\"async\" src=\"https:\/\/carnavalvegano.do\/wp-content\/uploads\/2015\/01\/Coronacion-Rey-CarnavalVegano-do-25-01-2014-1.jpg\" alt=\"\" width=\"700\" height=\"393\"><\/div>\n\n            <div class=\"esg-entry-cover\">\n\n                <div class=\"esg-overlay esg-fadeout eg-monroe-container\" data-delay=\"0\"><\/div>\n\n\t\t\t\t<div class=\"esg-bottom eg-post-980 eg-monroe-element-0-a esg-flipup\" data-delay=\"0\"><a class=\"eg-monroe-element-0 eg-post-980\" href=\"https:\/\/carnavalvegano.do\/index.php\/2015\/01\/10\/980-2\/\" target=\"_self\">Ver M\u00e1s<\/a><\/div>\n\t\t\t\t<div class=\"esg-center eg-post-980 eg-monroe-element-1 esg-flipdownout\" data-delay=\"0\">Coronaci\u00f3n del Rey del Carnaval Vegano - 25-01-2014<\/div>\n\t\t\t\t<div class=\"esg-top eg-post-980 eg-monroe-element-8 esg-slidedown\" data-delay=\"0\">enero 10, 2015<\/div>\n           <\/div>\n   <\/div>\n\n<\/li>\n<li id=\"eg-2-post-id-988\" class=\"filterall filter-galeria filter-uncategorized eg-monroe-wrapper eg-post-id-988\" data-date=\"1420891505\">\n    <div class=\"esg-media-cover-wrapper\">\n<div class=\"esg-entry-media\"><img loading=\"lazy\" decoding=\"async\" src=\"https:\/\/carnavalvegano.do\/wp-content\/uploads\/2015\/01\/Desfile-Oficial-Carnaval-Vegano-2014-124.jpg\" alt=\"\" width=\"700\" height=\"465\"><\/div>\n\n            <div class=\"esg-entry-cover\">\n\n                <div class=\"esg-overlay esg-fadeout eg-monroe-container\" data-delay=\"0\"><\/div>\n\n\t\t\t\t<div class=\"esg-bottom eg-post-988 eg-monroe-element-0-a esg-flipup\" data-delay=\"0\"><a class=\"eg-monroe-element-0 eg-post-988\" href=\"https:\/\/carnavalvegano.do\/index.php\/2015\/01\/10\/desfile-de-apertura-del-carnaval-vegano-26-de-enero-2014\/\" target=\"_self\">Ver M\u00e1s<\/a><\/div>\n\t\t\t\t<div class=\"esg-center eg-post-988 eg-monroe-element-1 esg-flipdownout\" data-delay=\"0\">Desfile de Apertura del Carnaval Vegano - 26 de Enero 2014<\/div>\n\t\t\t\t<div class=\"esg-top eg-post-988 eg-monroe-element-8 esg-slidedown\" data-delay=\"0\">enero 10, 2015<\/div>\n           <\/div>\n   <\/div>\n\n<\/li>\n<li id=\"eg-2-post-id-991\" class=\"filterall filter-galeria filter-uncategorized eg-monroe-wrapper eg-post-id-991\" data-date=\"1420891770\">\n    <div class=\"esg-media-cover-wrapper\">\n<div class=\"esg-entry-media\"><img loading=\"lazy\" decoding=\"async\" src=\"https:\/\/carnavalvegano.do\/wp-content\/uploads\/2015\/01\/Montaje-Carnaval-Vegano-2014-10.jpg\" alt=\"\" width=\"700\" height=\"466\"><\/div>\n\n            <div class=\"esg-entry-cover\">\n\n                <div class=\"esg-overlay esg-fadeout eg-monroe-container\" data-delay=\"0\"><\/div>\n\n\t\t\t\t<div class=\"esg-bottom eg-post-991 eg-monroe-element-0-a esg-flipup\" data-delay=\"0\"><a class=\"eg-monroe-element-0 eg-post-991\" href=\"https:\/\/carnavalvegano.do\/index.php\/2015\/01\/10\/montaje-carnaval-vegano-30-de-enero-2014\/\" target=\"_self\">Ver M\u00e1s<\/a><\/div>\n\t\t\t\t<div class=\"esg-center eg-post-991 eg-monroe-element-1 esg-flipdownout\" data-delay=\"0\">Montaje Carnaval Vegano - 30 de Enero 2014<\/div>\n\t\t\t\t<div class=\"esg-top eg-post-991 eg-monroe-element-8 esg-slidedown\" data-delay=\"0\">enero 10, 2015<\/div>\n           <\/div>\n   <\/div>\n\n<\/li>\n<li id=\"eg-2-post-id-994\" class=\"filterall filter-galeria filter-uncategorized eg-monroe-wrapper eg-post-id-994\" data-date=\"1420891852\">\n    <div class=\"esg-media-cover-wrapper\">\n<div class=\"esg-entry-media\"><img loading=\"lazy\" decoding=\"async\" src=\"https:\/\/carnavalvegano.do\/wp-content\/uploads\/2015\/01\/Primer-DKD-Carnaval-Vegano-2014-107.jpg\" alt=\"\" width=\"700\" height=\"466\"><\/div>\n\n            <div class=\"esg-entry-cover\">\n\n                <div class=\"esg-overlay esg-fadeout eg-monroe-container\" data-delay=\"0\"><\/div>\n\n\t\t\t\t<div class=\"esg-bottom eg-post-994 eg-monroe-element-0-a esg-flipup\" data-delay=\"0\"><a class=\"eg-monroe-element-0 eg-post-994\" href=\"https:\/\/carnavalvegano.do\/index.php\/2015\/01\/10\/primer-dkd-al-carnaval-microvision-canal-10-31-de-enero-2014\/\" target=\"_self\">Ver M\u00e1s<\/a><\/div>\n\t\t\t\t<div class=\"esg-center eg-post-994 eg-monroe-element-1 esg-flipdownout\" data-delay=\"0\">Primer DKD Al Carnaval \u2013 Microvisi\u00f3n Canal 10 \u2013 31 de Enero 2014<\/div>\n\t\t\t\t<div class=\"esg-top eg-post-994 eg-monroe-element-8 esg-slidedown\" data-delay=\"0\">enero 10, 2015<\/div>\n           <\/div>\n   <\/div>\n\n<\/li>\n<li id=\"eg-2-post-id-997\" class=\"filterall filter-galeria filter-uncategorized eg-monroe-wrapper eg-post-id-997\" data-date=\"1420892091\">\n    <div class=\"esg-media-cover-wrapper\">\n<div class=\"esg-entry-media\"><img loading=\"lazy\" decoding=\"async\" src=\"https:\/\/carnavalvegano.do\/wp-content\/uploads\/2015\/01\/CarnavalVegano-1.jpg\" alt=\"\" width=\"700\" height=\"466\"><\/div>\n\n            <div class=\"esg-entry-cover\">\n\n                <div class=\"esg-overlay esg-fadeout eg-monroe-container\" data-delay=\"0\"><\/div>\n\n\t\t\t\t<div class=\"esg-bottom eg-post-997 eg-monroe-element-0-a esg-flipup\" data-delay=\"0\"><a class=\"eg-monroe-element-0 eg-post-997\" href=\"https:\/\/carnavalvegano.do\/index.php\/2015\/01\/10\/conciertos-secreto-y-elvis-martinez-carnaval-vegano-01-de-febrero-2014\/\" target=\"_self\">Ver M\u00e1s<\/a><\/div>\n\t\t\t\t<div class=\"esg-center eg-post-997 eg-monroe-element-1 esg-flipdownout\" data-delay=\"0\">Conciertos Secreto y Elvis Martinez @ Carnaval Vegano - 01 de Febrero 2014<\/div>\n\t\t\t\t<div class=\"esg-top eg-post-997 eg-monroe-element-8 esg-slidedown\" data-delay=\"0\">enero 10, 2015<\/div>\n           <\/div>\n   <\/div>\n\n<\/li>\n<li id=\"eg-2-post-id-1000\" class=\"filterall filter-galeria filter-uncategorized eg-monroe-wrapper eg-post-id-1000\" data-date=\"1421010073\">\n    <div class=\"esg-media-cover-wrapper\">\n<div class=\"esg-entry-media\"><img loading=\"lazy\" decoding=\"async\" src=\"https:\/\/carnavalvegano.do\/wp-content\/uploads\/2015\/01\/1er-Domingo-Carnaval-Vegano-2014-101.jpg\" alt=\"\" width=\"700\" height=\"466\"><\/div>\n\n            <div class=\"esg-entry-cover\">\n\n                <div class=\"esg-overlay esg-fadeout eg-monroe-container\" data-delay=\"0\"><\/div>\n\n\t\t\t\t<div class=\"esg-bottom eg-post-1000 eg-monroe-element-0-a esg-flipup\" data-delay=\"0\"><a class=\"eg-monroe-element-0 eg-post-1000\" href=\"https:\/\/carnavalvegano.do\/index.php\/2015\/01\/11\/primer-domingo-del-carnaval-vegano-02-de-febrero-2014\/\" target=\"_self\">Ver M\u00e1s<\/a><\/div>\n\t\t\t\t<div class=\"esg-center eg-post-1000 eg-monroe-element-1 esg-flipdownout\" data-delay=\"0\">Primer Domingo del Carnaval Vegano - 02 de Febrero 2014<\/div>\n\t\t\t\t<div class=\"esg-top eg-post-1000 eg-monroe-element-8 esg-slidedown\" data-delay=\"0\">enero 12, 2015<\/div>\n           <\/div>\n   <\/div>\n\n<\/li>\n<li id=\"eg-2-post-id-1003\" class=\"filterall filter-galeria filter-uncategorized eg-monroe-wrapper eg-post-id-1003\" data-date=\"1421010186\">\n    <div class=\"esg-media-cover-wrapper\">\n<div class=\"esg-entry-media\"><img loading=\"lazy\" decoding=\"async\" src=\"https:\/\/carnavalvegano.do\/wp-content\/uploads\/2015\/01\/Concierto-Carnaval-Vegano-02-de-Febrero-2014-163.jpg\" alt=\"\" width=\"700\" height=\"466\"><\/div>\n\n            <div class=\"esg-entry-cover\">\n\n                <div class=\"esg-overlay esg-fadeout eg-monroe-container\" data-delay=\"0\"><\/div>\n\n\t\t\t\t<div class=\"esg-bottom eg-post-1003 eg-monroe-element-0-a esg-flipup\" data-delay=\"0\"><a class=\"eg-monroe-element-0 eg-post-1003\" href=\"https:\/\/carnavalvegano.do\/index.php\/2015\/01\/11\/conciertos-plan-b-el-mayor-ilegales-carnaval-vegano-02-de-febrero-2014\/\" target=\"_self\">Ver M\u00e1s<\/a><\/div>\n\t\t\t\t<div class=\"esg-center eg-post-1003 eg-monroe-element-1 esg-flipdownout\" data-delay=\"0\">Conciertos Plan B, El Mayor, Ilegales @ Carnaval Vegano - 02 de Febrero 2014<\/div>\n\t\t\t\t<div class=\"esg-top eg-post-1003 eg-monroe-element-8 esg-slidedown\" data-delay=\"0\">enero 12, 2015<\/div>\n           <\/div>\n   <\/div>\n\n<\/li>\n<li id=\"eg-2-post-id-1006\" class=\"filterall filter-galeria filter-uncategorized eg-monroe-wrapper eg-post-id-1006\" data-date=\"1421010424\">\n    <div class=\"esg-media-cover-wrapper\">\n<div class=\"esg-entry-media\"><img loading=\"lazy\" decoding=\"async\" src=\"https:\/\/carnavalvegano.do\/wp-content\/uploads\/2015\/01\/Carnaval-Vegano-2014-10-1.jpg\" alt=\"\" width=\"700\" height=\"466\"><\/div>\n\n            <div class=\"esg-entry-cover\">\n\n                <div class=\"esg-overlay esg-fadeout eg-monroe-container\" data-delay=\"0\"><\/div>\n\n\t\t\t\t<div class=\"esg-bottom eg-post-1006 eg-monroe-element-0-a esg-flipup\" data-delay=\"0\"><a class=\"eg-monroe-element-0 eg-post-1006\" href=\"https:\/\/carnavalvegano.do\/index.php\/2015\/01\/11\/conciertos-alex-matos-y-la-nueva-escuela-carnaval-vegano-08-de-febrero-2014\/\" target=\"_self\">Ver M\u00e1s<\/a><\/div>\n\t\t\t\t<div class=\"esg-center eg-post-1006 eg-monroe-element-1 esg-flipdownout\" data-delay=\"0\">Conciertos Alex Matos y La Nueva Escuela @ Carnaval Vegano - 08 de Febrero 2014<\/div>\n\t\t\t\t<div class=\"esg-top eg-post-1006 eg-monroe-element-8 esg-slidedown\" data-delay=\"0\">enero 12, 2015<\/div>\n           <\/div>\n   <\/div>\n\n<\/li>\n<li id=\"eg-2-post-id-1009\" class=\"filterall filter-galeria filter-uncategorized eg-monroe-wrapper eg-post-id-1009\" data-date=\"1421010594\">\n    <div class=\"esg-media-cover-wrapper\">\n<div class=\"esg-entry-media\"><img loading=\"lazy\" decoding=\"async\" src=\"https:\/\/carnavalvegano.do\/wp-content\/uploads\/2015\/01\/2do-Domingo-Carnaval-Vegano-2014-17.jpg\" alt=\"\" width=\"700\" height=\"466\"><\/div>\n\n            <div class=\"esg-entry-cover\">\n\n                <div class=\"esg-overlay esg-fadeout eg-monroe-container\" data-delay=\"0\"><\/div>\n\n\t\t\t\t<div class=\"esg-bottom eg-post-1009 eg-monroe-element-0-a esg-flipup\" data-delay=\"0\"><a class=\"eg-monroe-element-0 eg-post-1009\" href=\"https:\/\/carnavalvegano.do\/index.php\/2015\/01\/11\/segundo-domingo-del-carnaval-vegano-09-de-febrero-2014\/\" target=\"_self\">Ver M\u00e1s<\/a><\/div>\n\t\t\t\t<div class=\"esg-center eg-post-1009 eg-monroe-element-1 esg-flipdownout\" data-delay=\"0\">Segundo Domingo del Carnaval Vegano - 09 de Febrero 2014<\/div>\n\t\t\t\t<div class=\"esg-top eg-post-1009 eg-monroe-element-8 esg-slidedown\" data-delay=\"0\">enero 12, 2015<\/div>\n           <\/div>\n   <\/div>\n\n<\/li>\n<li id=\"eg-2-post-id-1012\" class=\"filterall filter-galeria filter-uncategorized eg-monroe-wrapper eg-post-id-1012\" data-date=\"1421010695\">\n    <div class=\"esg-media-cover-wrapper\">\n<div class=\"esg-entry-media\"><img loading=\"lazy\" decoding=\"async\" src=\"https:\/\/carnavalvegano.do\/wp-content\/uploads\/2015\/01\/cv-2014-62.jpg\" alt=\"\" width=\"700\" height=\"466\"><\/div>\n\n            <div class=\"esg-entry-cover\">\n\n                <div class=\"esg-overlay esg-fadeout eg-monroe-container\" data-delay=\"0\"><\/div>\n\n\t\t\t\t<div class=\"esg-bottom eg-post-1012 eg-monroe-element-0-a esg-flipup\" data-delay=\"0\"><a class=\"eg-monroe-element-0 eg-post-1012\" href=\"https:\/\/carnavalvegano.do\/index.php\/2015\/01\/11\/conciertos-tito-el-bambino-don-miguelo-y-jay-sebastian-carnaval-vegano-09-de-febrero-2014\/\" target=\"_self\">Ver M\u00e1s<\/a><\/div>\n\t\t\t\t<div class=\"esg-center eg-post-1012 eg-monroe-element-1 esg-flipdownout\" data-delay=\"0\">Conciertos Tito El Bambino, Don Miguelo y Jay Sebastian @ Carnaval Vegano - 09 de Febrero 2014<\/div>\n\t\t\t\t<div class=\"esg-top eg-post-1012 eg-monroe-element-8 esg-slidedown\" data-delay=\"0\">enero 12, 2015<\/div>\n           <\/div>\n   <\/div>\n\n<\/li>\n<li id=\"eg-2-post-id-1015\" class=\"filterall filter-galeria filter-uncategorized eg-monroe-wrapper eg-post-id-1015\" data-date=\"1421010889\">\n    <div class=\"esg-media-cover-wrapper\">\n<div class=\"esg-entry-media\"><img loading=\"lazy\" decoding=\"async\" src=\"https:\/\/carnavalvegano.do\/wp-content\/uploads\/2015\/01\/Carnaval-Vegano-2014-Concierto-Sabado-15-17.jpg\" alt=\"\" width=\"700\" height=\"466\"><\/div>\n\n            <div class=\"esg-entry-cover\">\n\n                <div class=\"esg-overlay esg-fadeout eg-monroe-container\" data-delay=\"0\"><\/div>\n\n\t\t\t\t<div class=\"esg-bottom eg-post-1015 eg-monroe-element-0-a esg-flipup\" data-delay=\"0\"><a class=\"eg-monroe-element-0 eg-post-1015\" href=\"https:\/\/carnavalvegano.do\/index.php\/2015\/01\/11\/conciertos-yiyo-sarante-juliana-y-shelow-shaq-carnaval-vegano-15-de-febrero-2014\/\" target=\"_self\">Ver M\u00e1s<\/a><\/div>\n\t\t\t\t<div class=\"esg-center eg-post-1015 eg-monroe-element-1 esg-flipdownout\" data-delay=\"0\">Conciertos Yiyo Sarante, Juliana y Shelow Shaq @ Carnaval Vegano - 15 de Febrero 2014<\/div>\n\t\t\t\t<div class=\"esg-top eg-post-1015 eg-monroe-element-8 esg-slidedown\" data-delay=\"0\">enero 12, 2015<\/div>\n           <\/div>\n   <\/div>\n\n<\/li>\n<li id=\"eg-2-post-id-1018\" class=\"filterall filter-galeria filter-uncategorized eg-monroe-wrapper eg-post-id-1018\" data-date=\"1421011065\">\n    <div class=\"esg-media-cover-wrapper\">\n<div class=\"esg-entry-media\"><img loading=\"lazy\" decoding=\"async\" src=\"https:\/\/carnavalvegano.do\/wp-content\/uploads\/2015\/01\/3er-Domingo-Carnaval-Vegano-2014-106.jpg\" alt=\"\" width=\"700\" height=\"466\"><\/div>\n\n            <div class=\"esg-entry-cover\">\n\n                <div class=\"esg-overlay esg-fadeout eg-monroe-container\" data-delay=\"0\"><\/div>\n\n\t\t\t\t<div class=\"esg-bottom eg-post-1018 eg-monroe-element-0-a esg-flipup\" data-delay=\"0\"><a class=\"eg-monroe-element-0 eg-post-1018\" href=\"https:\/\/carnavalvegano.do\/index.php\/2015\/01\/11\/tercer-domingo-del-carnaval-vegano-16-de-febrero-2014\/\" target=\"_self\">Ver M\u00e1s<\/a><\/div>\n\t\t\t\t<div class=\"esg-center eg-post-1018 eg-monroe-element-1 esg-flipdownout\" data-delay=\"0\">Tercer Domingo del Carnaval Vegano - 16 de Febrero 2014<\/div>\n\t\t\t\t<div class=\"esg-top eg-post-1018 eg-monroe-element-8 esg-slidedown\" data-delay=\"0\">enero 12, 2015<\/div>\n           <\/div>\n   <\/div>\n\n<\/li>\n<li id=\"eg-2-post-id-1021\" class=\"filterall filter-galeria filter-uncategorized eg-monroe-wrapper eg-post-id-1021\" data-date=\"1421011249\">\n    <div class=\"esg-media-cover-wrapper\">\n<div class=\"esg-entry-media\"><img loading=\"lazy\" decoding=\"async\" src=\"https:\/\/carnavalvegano.do\/wp-content\/uploads\/2015\/01\/Concierto-Domingo-16-Carnaval-Vegano-2014-102.jpg\" alt=\"\" width=\"700\" height=\"466\"><\/div>\n\n            <div class=\"esg-entry-cover\">\n\n                <div class=\"esg-overlay esg-fadeout eg-monroe-container\" data-delay=\"0\"><\/div>\n\n\t\t\t\t<div class=\"esg-bottom eg-post-1021 eg-monroe-element-0-a esg-flipup\" data-delay=\"0\"><a class=\"eg-monroe-element-0 eg-post-1021\" href=\"https:\/\/carnavalvegano.do\/index.php\/2015\/01\/11\/conciertos-arcangel-vakero-sensato-y-los-teke-teke-carnaval-vegano-16-de-febrero-2014\/\" target=\"_self\">Ver M\u00e1s<\/a><\/div>\n\t\t\t\t<div class=\"esg-center eg-post-1021 eg-monroe-element-1 esg-flipdownout\" data-delay=\"0\">Conciertos Arcangel, Vakero, Sensato y Los Teke Teke @ Carnaval Vegano - 16 de Febrero 2014<\/div>\n\t\t\t\t<div class=\"esg-top eg-post-1021 eg-monroe-element-8 esg-slidedown\" data-delay=\"0\">enero 12, 2015<\/div>\n           <\/div>\n   <\/div>\n\n<\/li>\n<li id=\"eg-2-post-id-1024\" class=\"filterall filter-galeria filter-uncategorized eg-monroe-wrapper eg-post-id-1024\" data-date=\"1421011465\">\n    <div class=\"esg-media-cover-wrapper\">\n<div class=\"esg-entry-media\"><img loading=\"lazy\" decoding=\"async\" src=\"https:\/\/carnavalvegano.do\/wp-content\/uploads\/2015\/01\/Carnaval-Vegano-2014-66.jpg\" alt=\"\" width=\"700\" height=\"466\"><\/div>\n\n            <div class=\"esg-entry-cover\">\n\n                <div class=\"esg-overlay esg-fadeout eg-monroe-container\" data-delay=\"0\"><\/div>\n\n\t\t\t\t<div class=\"esg-bottom eg-post-1024 eg-monroe-element-0-a esg-flipup\" data-delay=\"0\"><a class=\"eg-monroe-element-0 eg-post-1024\" href=\"https:\/\/carnavalvegano.do\/index.php\/2015\/01\/11\/caravana-del-grupo-los-broncos-22-de-febrero-2014\/\" target=\"_self\">Ver M\u00e1s<\/a><\/div>\n\t\t\t\t<div class=\"esg-center eg-post-1024 eg-monroe-element-1 esg-flipdownout\" data-delay=\"0\">Caravana del Grupo Los Broncos - 22 de Febrero 2014<\/div>\n\t\t\t\t<div class=\"esg-top eg-post-1024 eg-monroe-element-8 esg-slidedown\" data-delay=\"0\">enero 12, 2015<\/div>\n           <\/div>\n   <\/div>\n\n<\/li>\n<li id=\"eg-2-post-id-1027\" class=\"filterall filter-galeria filter-uncategorized eg-monroe-wrapper eg-post-id-1027\" data-date=\"1421011707\">\n    <div class=\"esg-media-cover-wrapper\">\n<div class=\"esg-entry-media\"><img loading=\"lazy\" decoding=\"async\" src=\"https:\/\/carnavalvegano.do\/wp-content\/uploads\/2015\/01\/Carnaval-Vegano-2014-151.jpg\" alt=\"\" width=\"700\" height=\"466\"><\/div>\n\n            <div class=\"esg-entry-cover\">\n\n                <div class=\"esg-overlay esg-fadeout eg-monroe-container\" data-delay=\"0\"><\/div>\n\n\t\t\t\t<div class=\"esg-bottom eg-post-1027 eg-monroe-element-0-a esg-flipup\" data-delay=\"0\"><a class=\"eg-monroe-element-0 eg-post-1027\" href=\"https:\/\/carnavalvegano.do\/index.php\/2015\/01\/11\/caravana-del-grupo-las-fieras-22-de-febrero-2014\/\" target=\"_self\">Ver M\u00e1s<\/a><\/div>\n\t\t\t\t<div class=\"esg-center eg-post-1027 eg-monroe-element-1 esg-flipdownout\" data-delay=\"0\">Caravana del Grupo Las Fieras - 22 de Febrero 2014<\/div>\n\t\t\t\t<div class=\"esg-top eg-post-1027 eg-monroe-element-8 esg-slidedown\" data-delay=\"0\">enero 12, 2015<\/div>\n           <\/div>\n   <\/div>\n\n<\/li>\n<li id=\"eg-2-post-id-1030\" class=\"filterall filter-galeria filter-uncategorized eg-monroe-wrapper eg-post-id-1030\" data-date=\"1421011924\">\n    <div class=\"esg-media-cover-wrapper\">\n<div class=\"esg-entry-media\"><img loading=\"lazy\" decoding=\"async\" src=\"https:\/\/carnavalvegano.do\/wp-content\/uploads\/2015\/01\/Carnaval-Vegano-2014-100.jpg\" alt=\"\" width=\"700\" height=\"466\"><\/div>\n\n            <div class=\"esg-entry-cover\">\n\n                <div class=\"esg-overlay esg-fadeout eg-monroe-container\" data-delay=\"0\"><\/div>\n\n\t\t\t\t<div class=\"esg-bottom eg-post-1030 eg-monroe-element-0-a esg-flipup\" data-delay=\"0\"><a class=\"eg-monroe-element-0 eg-post-1030\" href=\"https:\/\/carnavalvegano.do\/index.php\/2015\/01\/11\/conciertos-el-lapiz-chimbala-chiquito-team-band-y-ala-jaza-carnaval-vegano-22-de-febrero-2014\/\" target=\"_self\">Ver M\u00e1s<\/a><\/div>\n\t\t\t\t<div class=\"esg-center eg-post-1030 eg-monroe-element-1 esg-flipdownout\" data-delay=\"0\">Conciertos El L\u00e1piz, Chimbala, Chiquito Team Band y Ala Jaza @ Carnaval Vegano - 22 de Febrero 2014<\/div>\n\t\t\t\t<div class=\"esg-top eg-post-1030 eg-monroe-element-8 esg-slidedown\" data-delay=\"0\">enero 12, 2015<\/div>\n           <\/div>\n   <\/div>\n\n<\/li>\n<li id=\"eg-2-post-id-1033\" class=\"filterall filter-galeria filter-uncategorized eg-monroe-wrapper eg-post-id-1033\" data-date=\"1421012429\">\n    <div class=\"esg-media-cover-wrapper\">\n<div class=\"esg-entry-media\"><img loading=\"lazy\" decoding=\"async\" src=\"https:\/\/carnavalvegano.do\/wp-content\/uploads\/2015\/01\/Carnaval-Vegano-2014-101-1.jpg\" alt=\"\" width=\"700\" height=\"466\"><\/div>\n\n            <div class=\"esg-entry-cover\">\n\n                <div class=\"esg-overlay esg-fadeout eg-monroe-container\" data-delay=\"0\"><\/div>\n\n\t\t\t\t<div class=\"esg-bottom eg-post-1033 eg-monroe-element-0-a esg-flipup\" data-delay=\"0\"><a class=\"eg-monroe-element-0 eg-post-1033\" href=\"https:\/\/carnavalvegano.do\/index.php\/2015\/01\/11\/cuarto-domingo-del-carnaval-vegano-23-de-febrero-2014\/\" target=\"_self\">Ver M\u00e1s<\/a><\/div>\n\t\t\t\t<div class=\"esg-center eg-post-1033 eg-monroe-element-1 esg-flipdownout\" data-delay=\"0\">Cuarto Domingo del Carnaval Vegano - 23 de Febrero 2014<\/div>\n\t\t\t\t<div class=\"esg-top eg-post-1033 eg-monroe-element-8 esg-slidedown\" data-delay=\"0\">enero 12, 2015<\/div>\n           <\/div>\n   <\/div>\n\n<\/li>\n<li id=\"eg-2-post-id-1036\" class=\"filterall filter-galeria filter-uncategorized eg-monroe-wrapper eg-post-id-1036\" data-date=\"1421012595\">\n    <div class=\"esg-media-cover-wrapper\">\n<div class=\"esg-entry-media\"><img loading=\"lazy\" decoding=\"async\" src=\"https:\/\/carnavalvegano.do\/wp-content\/uploads\/2015\/01\/Concierto-Domingo-Carnaval-Vegano-2014-167.jpg\" alt=\"\" width=\"700\" height=\"466\"><\/div>\n\n            <div class=\"esg-entry-cover\">\n\n                <div class=\"esg-overlay esg-fadeout eg-monroe-container\" data-delay=\"0\"><\/div>\n\n\t\t\t\t<div class=\"esg-bottom eg-post-1036 eg-monroe-element-0-a esg-flipup\" data-delay=\"0\"><a class=\"eg-monroe-element-0 eg-post-1036\" href=\"https:\/\/carnavalvegano.do\/index.php\/2015\/01\/11\/conciertos-chino-y-nacho-vena-mozart-la-para-gabriel-rocko-y-faraon-carnaval-vegano-23-de-febrero-2014\/\" target=\"_self\">Ver M\u00e1s<\/a><\/div>\n\t\t\t\t<div class=\"esg-center eg-post-1036 eg-monroe-element-1 esg-flipdownout\" data-delay=\"0\">Conciertos Chino y Nacho, Vena, Mozart La Para, Gabriel, Rocko y Faraon @ Carnaval Vegano - 23 de Febrero 2014<\/div>\n\t\t\t\t<div class=\"esg-top eg-post-1036 eg-monroe-element-8 esg-slidedown\" data-delay=\"0\">enero 12, 2015<\/div>\n           <\/div>\n   <\/div>\n\n<\/li>\n<li id=\"eg-2-post-id-1039\" class=\"filterall filter-galeria filter-uncategorized eg-monroe-wrapper eg-post-id-1039\" data-date=\"1421012748\">\n    <div class=\"esg-media-cover-wrapper\">\n<div class=\"esg-entry-media\"><img loading=\"lazy\" decoding=\"async\" src=\"https:\/\/carnavalvegano.do\/wp-content\/uploads\/2015\/01\/Concierto-Domingo-Carnaval-Vegano-2014-150.jpg\" alt=\"\" width=\"700\" height=\"466\"><\/div>\n\n            <div class=\"esg-entry-cover\">\n\n                <div class=\"esg-overlay esg-fadeout eg-monroe-container\" data-delay=\"0\"><\/div>\n\n\t\t\t\t<div class=\"esg-bottom eg-post-1039 eg-monroe-element-0-a esg-flipup\" data-delay=\"0\"><a class=\"eg-monroe-element-0 eg-post-1039\" href=\"https:\/\/carnavalvegano.do\/index.php\/2015\/01\/11\/dkd-al-carnaval-microvision-canal-10-24-de-febrero-2014\/\" target=\"_self\">Ver M\u00e1s<\/a><\/div>\n\t\t\t\t<div class=\"esg-center eg-post-1039 eg-monroe-element-1 esg-flipdownout\" data-delay=\"0\">DKD Al Carnaval - Microvision Canal 10 - 24 de Febrero 2014<\/div>\n\t\t\t\t<div class=\"esg-top eg-post-1039 eg-monroe-element-8 esg-slidedown\" data-delay=\"0\">enero 12, 2015<\/div>\n           <\/div>\n   <\/div>\n\n<\/li>\n<li id=\"eg-2-post-id-1043\" class=\"filterall filter-galeria filter-uncategorized eg-monroe-wrapper eg-post-id-1043\" data-date=\"1421012911\">\n    <div class=\"esg-media-cover-wrapper\">\n<div class=\"esg-entry-media\"><img loading=\"lazy\" decoding=\"async\" src=\"https:\/\/carnavalvegano.do\/wp-content\/uploads\/2015\/01\/Carnaval-Vegano-2014-124.jpg\" alt=\"\" width=\"700\" height=\"466\"><\/div>\n\n            <div class=\"esg-entry-cover\">\n\n                <div class=\"esg-overlay esg-fadeout eg-monroe-container\" data-delay=\"0\"><\/div>\n\n\t\t\t\t<div class=\"esg-bottom eg-post-1043 eg-monroe-element-0-a esg-flipup\" data-delay=\"0\"><a class=\"eg-monroe-element-0 eg-post-1043\" href=\"https:\/\/carnavalvegano.do\/index.php\/2015\/01\/11\/dkd-al-carnaval-microvision-canal-10-25-de-febrero-2014\/\" target=\"_self\">Ver M\u00e1s<\/a><\/div>\n\t\t\t\t<div class=\"esg-center eg-post-1043 eg-monroe-element-1 esg-flipdownout\" data-delay=\"0\">DKD Al Carnaval - Microvision Canal 10 - 25 de Febrero 2014<\/div>\n\t\t\t\t<div class=\"esg-top eg-post-1043 eg-monroe-element-8 esg-slidedown\" data-delay=\"0\">enero 12, 2015<\/div>\n           <\/div>\n   <\/div>\n\n<\/li>\n<li id=\"eg-2-post-id-1046\" class=\"filterall filter-galeria filter-uncategorized eg-monroe-wrapper eg-post-id-1046\" data-date=\"1421013074\">\n    <div class=\"esg-media-cover-wrapper\">\n<div class=\"esg-entry-media\"><img loading=\"lazy\" decoding=\"async\" src=\"https:\/\/carnavalvegano.do\/wp-content\/uploads\/2015\/01\/Carnaval-Vegano-2014-28.jpg\" alt=\"\" width=\"700\" height=\"466\"><\/div>\n\n            <div class=\"esg-entry-cover\">\n\n                <div class=\"esg-overlay esg-fadeout eg-monroe-container\" data-delay=\"0\"><\/div>\n\n\t\t\t\t<div class=\"esg-bottom eg-post-1046 eg-monroe-element-0-a esg-flipup\" data-delay=\"0\"><a class=\"eg-monroe-element-0 eg-post-1046\" href=\"https:\/\/carnavalvegano.do\/index.php\/2015\/01\/11\/dkd-al-carnaval-microvision-canal-10-26-de-febrero-2014\/\" target=\"_self\">Ver M\u00e1s<\/a><\/div>\n\t\t\t\t<div class=\"esg-center eg-post-1046 eg-monroe-element-1 esg-flipdownout\" data-delay=\"0\">DKD Al Carnaval - Microvision Canal 10 - 26 de Febrero 2014<\/div>\n\t\t\t\t<div class=\"esg-top eg-post-1046 eg-monroe-element-8 esg-slidedown\" data-delay=\"0\">enero 12, 2015<\/div>\n           <\/div>\n   <\/div>\n\n<\/li>\n<li id=\"eg-2-post-id-1049\" class=\"filterall filter-galeria filter-uncategorized eg-monroe-wrapper eg-post-id-1049\" data-date=\"1421013202\">\n    <div class=\"esg-media-cover-wrapper\">\n<div class=\"esg-entry-media\"><img loading=\"lazy\" decoding=\"async\" src=\"https:\/\/carnavalvegano.do\/wp-content\/uploads\/2015\/01\/Carnaval-Vegano-2014-10.jpg\" alt=\"\" width=\"700\" height=\"466\"><\/div>\n\n            <div class=\"esg-entry-cover\">\n\n                <div class=\"esg-overlay esg-fadeout eg-monroe-container\" data-delay=\"0\"><\/div>\n\n\t\t\t\t<div class=\"esg-bottom eg-post-1049 eg-monroe-element-0-a esg-flipup\" data-delay=\"0\"><a class=\"eg-monroe-element-0 eg-post-1049\" href=\"https:\/\/carnavalvegano.do\/index.php\/2015\/01\/11\/desfile-estudiantil-en-la-vega-27-de-febrero-2014\/\" target=\"_self\">Ver M\u00e1s<\/a><\/div>\n\t\t\t\t<div class=\"esg-center eg-post-1049 eg-monroe-element-1 esg-flipdownout\" data-delay=\"0\">Desfile Estudiantil en La Vega - 27 de Febrero 2014<\/div>\n\t\t\t\t<div class=\"esg-top eg-post-1049 eg-monroe-element-8 esg-slidedown\" data-delay=\"0\">enero 12, 2015<\/div>\n           <\/div>\n   <\/div>\n\n<\/li>\n<li id=\"eg-2-post-id-1052\" class=\"filterall filter-galeria filter-uncategorized eg-monroe-wrapper eg-post-id-1052\" data-date=\"1421013394\">\n    <div class=\"esg-media-cover-wrapper\">\n<div class=\"esg-entry-media\"><img loading=\"lazy\" decoding=\"async\" src=\"https:\/\/carnavalvegano.do\/wp-content\/uploads\/2015\/01\/Carnaval-Vegano-2014-101.jpg\" alt=\"\" width=\"700\" height=\"466\"><\/div>\n\n            <div class=\"esg-entry-cover\">\n\n                <div class=\"esg-overlay esg-fadeout eg-monroe-container\" data-delay=\"0\"><\/div>\n\n\t\t\t\t<div class=\"esg-bottom eg-post-1052 eg-monroe-element-0-a esg-flipup\" data-delay=\"0\"><a class=\"eg-monroe-element-0 eg-post-1052\" href=\"https:\/\/carnavalvegano.do\/index.php\/2015\/01\/11\/ultima-salida-de-los-diablos-cojuelos-en-el-carnaval-vegano-27-de-febrero-2014\/\" target=\"_self\">Ver M\u00e1s<\/a><\/div>\n\t\t\t\t<div class=\"esg-center eg-post-1052 eg-monroe-element-1 esg-flipdownout\" data-delay=\"0\">Ultima Salida de los Diablos Cojuelos en el Carnaval Vegano - 27 de Febrero 2014<\/div>\n\t\t\t\t<div class=\"esg-top eg-post-1052 eg-monroe-element-8 esg-slidedown\" data-delay=\"0\">enero 12, 2015<\/div>\n           <\/div>\n   <\/div>\n\n<\/li>\n<li id=\"eg-2-post-id-1055\" class=\"filterall filter-galeria filter-uncategorized eg-monroe-wrapper eg-post-id-1055\" data-date=\"1421013644\">\n    <div class=\"esg-media-cover-wrapper\">\n<div class=\"esg-entry-media\"><img loading=\"lazy\" decoding=\"async\" src=\"https:\/\/carnavalvegano.do\/wp-content\/uploads\/2015\/01\/Carnaval-Vegano-2014-128.jpg\" alt=\"\" width=\"700\" height=\"466\"><\/div>\n\n            <div class=\"esg-entry-cover\">\n\n                <div class=\"esg-overlay esg-fadeout eg-monroe-container\" data-delay=\"0\"><\/div>\n\n\t\t\t\t<div class=\"esg-bottom eg-post-1055 eg-monroe-element-0-a esg-flipup\" data-delay=\"0\"><a class=\"eg-monroe-element-0 eg-post-1055\" href=\"https:\/\/carnavalvegano.do\/index.php\/2015\/01\/11\/conciertos-miriam-cruz-yanfourd-el-alfa-y-mc-jay-en-el-carnaval-vegano-27-de-febrero-2014\/\" target=\"_self\">Ver M\u00e1s<\/a><\/div>\n\t\t\t\t<div class=\"esg-center eg-post-1055 eg-monroe-element-1 esg-flipdownout\" data-delay=\"0\">Conciertos Miriam Cruz, Yanfourd, El Alfa y MC Jay en el Carnaval Vegano - 27 de Febrero 2014<\/div>\n\t\t\t\t<div class=\"esg-top eg-post-1055 eg-monroe-element-8 esg-slidedown\" data-delay=\"0\">enero 12, 2015<\/div>\n           <\/div>\n   <\/div>\n\n<\/li>\n<li id=\"eg-2-post-id-1058\" class=\"filterall filter-galeria filter-uncategorized eg-monroe-wrapper eg-post-id-1058\" data-date=\"1421016732\">\n    <div class=\"esg-media-cover-wrapper\">\n<div class=\"esg-entry-media\"><img loading=\"lazy\" decoding=\"async\" src=\"https:\/\/carnavalvegano.do\/wp-content\/uploads\/2015\/01\/IMG_8196.jpg\" alt=\"\" width=\"700\" height=\"466\"><\/div>\n\n            <div class=\"esg-entry-cover\">\n\n                <div class=\"esg-overlay esg-fadeout eg-monroe-container\" data-delay=\"0\"><\/div>\n\n\t\t\t\t<div class=\"esg-bottom eg-post-1058 eg-monroe-element-0-a esg-flipup\" data-delay=\"0\"><a class=\"eg-monroe-element-0 eg-post-1058\" href=\"https:\/\/carnavalvegano.do\/index.php\/2015\/01\/11\/despertar-del-carnaval-vegano-los-panitas-04-de-enero-2015\/\" target=\"_self\">Ver M\u00e1s<\/a><\/div>\n\t\t\t\t<div class=\"esg-center eg-post-1058 eg-monroe-element-1 esg-flipdownout\" data-delay=\"0\">Despertar del Carnaval Vegano @ Los Panitas - 04 de Enero 2015<\/div>\n\t\t\t\t<div class=\"esg-top eg-post-1058 eg-monroe-element-8 esg-slidedown\" data-delay=\"0\">enero 12, 2015<\/div>\n           <\/div>\n   <\/div>\n\n<\/li>\n<li id=\"eg-2-post-id-1295\" class=\"filterall filter-galeria filter-uncategorized eg-monroe-wrapper eg-post-id-1295\" data-date=\"1421236123\">\n    <div class=\"esg-media-cover-wrapper\">\n<div class=\"esg-entry-media\"><img loading=\"lazy\" decoding=\"async\" src=\"https:\/\/carnavalvegano.do\/wp-content\/uploads\/2015\/01\/IMG_7417.jpg\" alt=\"\" width=\"700\" height=\"466\"><\/div>\n\n            <div class=\"esg-entry-cover\">\n\n                <div class=\"esg-overlay esg-fadeout eg-monroe-container\" data-delay=\"0\"><\/div>\n\n\t\t\t\t<div class=\"esg-bottom eg-post-1295 eg-monroe-element-0-a esg-flipup\" data-delay=\"0\"><a class=\"eg-monroe-element-0 eg-post-1295\" href=\"https:\/\/carnavalvegano.do\/index.php\/2015\/01\/14\/lanzamiento-carnaval-vegano-2015-hard-rock-cafe-blue-mall-sd-14-de-enero-2015\/\" target=\"_self\">Ver M\u00e1s<\/a><\/div>\n\t\t\t\t<div class=\"esg-center eg-post-1295 eg-monroe-element-1 esg-flipdownout\" data-delay=\"0\">Lanzamiento Carnaval Vegano 2015 @ Hard Rock Cafe Blue Mall, SD 14 de Enero 2015<\/div>\n\t\t\t\t<div class=\"esg-top eg-post-1295 eg-monroe-element-8 esg-slidedown\" data-delay=\"0\">enero 14, 2015<\/div>\n           <\/div>\n   <\/div>\n\n<\/li>\n<li id=\"eg-2-post-id-1357\" class=\"filterall filter-galeria filter-uncategorized eg-monroe-wrapper eg-post-id-1357\" data-date=\"1421497574\">\n    <div class=\"esg-media-cover-wrapper\">\n<div class=\"esg-entry-media\"><img loading=\"lazy\" decoding=\"async\" src=\"https:\/\/carnavalvegano.do\/wp-content\/uploads\/2015\/01\/IMG_7622.jpg\" alt=\"\" width=\"800\" height=\"532\"><\/div>\n\n            <div class=\"esg-entry-cover\">\n\n                <div class=\"esg-overlay esg-fadeout eg-monroe-container\" data-delay=\"0\"><\/div>\n\n\t\t\t\t<div class=\"esg-bottom eg-post-1357 eg-monroe-element-0-a esg-flipup\" data-delay=\"0\"><a class=\"eg-monroe-element-0 eg-post-1357\" href=\"https:\/\/carnavalvegano.do\/index.php\/2015\/01\/17\/reina-del-carnaval-vegano-bajo-techo-fernando-teruel-la-vega-17-enero-2015\/\" target=\"_self\">Ver M\u00e1s<\/a><\/div>\n\t\t\t\t<div class=\"esg-center eg-post-1357 eg-monroe-element-1 esg-flipdownout\" data-delay=\"0\">Reina Del Carnaval Vegano @ Bajo Techo Fernando Teruel La Vega 17 Enero 2015<\/div>\n\t\t\t\t<div class=\"esg-top eg-post-1357 eg-monroe-element-8 esg-slidedown\" data-delay=\"0\">enero 17, 2015<\/div>\n           <\/div>\n   <\/div>\n\n<\/li>\n<li id=\"eg-2-post-id-1361\" class=\"filterall filter-galeria filter-uncategorized eg-monroe-wrapper eg-post-id-1361\" data-date=\"1421615429\">\n    <div class=\"esg-media-cover-wrapper\">\n<div class=\"esg-entry-media\"><img loading=\"lazy\" decoding=\"async\" src=\"https:\/\/carnavalvegano.do\/wp-content\/uploads\/2015\/01\/IMG_8799.jpg\" alt=\"\" width=\"700\" height=\"466\"><\/div>\n\n            <div class=\"esg-entry-cover\">\n\n                <div class=\"esg-overlay esg-fadeout eg-monroe-container\" data-delay=\"0\"><\/div>\n\n\t\t\t\t<div class=\"esg-bottom eg-post-1361 eg-monroe-element-0-a esg-flipup\" data-delay=\"0\"><a class=\"eg-monroe-element-0 eg-post-1361\" href=\"https:\/\/carnavalvegano.do\/index.php\/2015\/01\/18\/caravana-grupo-de-carnaval-vegano-los-bichos-18-de-enero-2015\/\" target=\"_self\">Ver M\u00e1s<\/a><\/div>\n\t\t\t\t<div class=\"esg-center eg-post-1361 eg-monroe-element-1 esg-flipdownout\" data-delay=\"0\">Caravana Grupo de Carnaval Vegano @ Los Bichos, 18 de Enero 2015<\/div>\n\t\t\t\t<div class=\"esg-top eg-post-1361 eg-monroe-element-8 esg-slidedown\" data-delay=\"0\">enero 19, 2015<\/div>\n           <\/div>\n   <\/div>\n\n<\/li>\n<li id=\"eg-2-post-id-1364\" class=\"filterall filter-galeria filter-uncategorized eg-monroe-wrapper eg-post-id-1364\" data-date=\"1421618597\">\n    <div class=\"esg-media-cover-wrapper\">\n<div class=\"esg-entry-media\"><img loading=\"lazy\" decoding=\"async\" src=\"https:\/\/carnavalvegano.do\/wp-content\/uploads\/2015\/01\/IMG_8924.jpg\" alt=\"\" width=\"700\" height=\"466\"><\/div>\n\n            <div class=\"esg-entry-cover\">\n\n                <div class=\"esg-overlay esg-fadeout eg-monroe-container\" data-delay=\"0\"><\/div>\n\n\t\t\t\t<div class=\"esg-bottom eg-post-1364 eg-monroe-element-0-a esg-flipup\" data-delay=\"0\"><a class=\"eg-monroe-element-0 eg-post-1364\" href=\"https:\/\/carnavalvegano.do\/index.php\/2015\/01\/18\/caravana-oficial-de-la-zona-5-carnaval-vegano-18-enero-2015\/\" target=\"_self\">Ver M\u00e1s<\/a><\/div>\n\t\t\t\t<div class=\"esg-center eg-post-1364 eg-monroe-element-1 esg-flipdownout\" data-delay=\"0\">Caravana Oficial de la Zona 5, Carnaval Vegano, 18 Enero 2015<\/div>\n\t\t\t\t<div class=\"esg-top eg-post-1364 eg-monroe-element-8 esg-slidedown\" data-delay=\"0\">enero 19, 2015<\/div>\n           <\/div>\n   <\/div>\n\n<\/li>\n<li id=\"eg-2-post-id-1391\" class=\"filterall filter-galeria filter-uncategorized eg-monroe-wrapper eg-post-id-1391\" data-date=\"1421877577\">\n    <div class=\"esg-media-cover-wrapper\">\n<div class=\"esg-entry-media\"><img loading=\"lazy\" decoding=\"async\" src=\"https:\/\/carnavalvegano.do\/wp-content\/uploads\/2015\/01\/IMG_9165.jpg\" alt=\"\" width=\"700\" height=\"466\"><\/div>\n\n            <div class=\"esg-entry-cover\">\n\n                <div class=\"esg-overlay esg-fadeout eg-monroe-container\" data-delay=\"0\"><\/div>\n\n\t\t\t\t<div class=\"esg-bottom eg-post-1391 eg-monroe-element-0-a esg-flipup\" data-delay=\"0\"><a class=\"eg-monroe-element-0 eg-post-1391\" href=\"https:\/\/carnavalvegano.do\/index.php\/2015\/01\/21\/reina-de-miss-carnaval-infantil-teatro-dosa-la-vega-21-de-enero-2015\/\" target=\"_self\">Ver M\u00e1s<\/a><\/div>\n\t\t\t\t<div class=\"esg-center eg-post-1391 eg-monroe-element-1 esg-flipdownout\" data-delay=\"0\">Reina Infantil del Carnaval @ Teatro Dosa, La Vega 21 de Enero 2015<\/div>\n\t\t\t\t<div class=\"esg-top eg-post-1391 eg-monroe-element-8 esg-slidedown\" data-delay=\"0\">enero 22, 2015<\/div>\n           <\/div>\n   <\/div>\n\n<\/li>\n<li id=\"eg-2-post-id-1441\" class=\"filterall filter-galeria filter-uncategorized eg-monroe-wrapper eg-post-id-1441\" data-date=\"1422154734\">\n    <div class=\"esg-media-cover-wrapper\">\n<div class=\"esg-entry-media\"><img loading=\"lazy\" decoding=\"async\" src=\"https:\/\/carnavalvegano.do\/wp-content\/uploads\/2015\/01\/1-1.jpg\" alt=\"\" width=\"700\" height=\"466\"><\/div>\n\n            <div class=\"esg-entry-cover\">\n\n                <div class=\"esg-overlay esg-fadeout eg-monroe-container\" data-delay=\"0\"><\/div>\n\n\t\t\t\t<div class=\"esg-bottom eg-post-1441 eg-monroe-element-0-a esg-flipup\" data-delay=\"0\"><a class=\"eg-monroe-element-0 eg-post-1441\" href=\"https:\/\/carnavalvegano.do\/index.php\/2015\/01\/25\/coranacion-del-rey-y-reina-madre-del-carnaval-vegano-parque-de-la-flores-24-de-enero-2015\/\" target=\"_self\">Ver M\u00e1s<\/a><\/div>\n\t\t\t\t<div class=\"esg-center eg-post-1441 eg-monroe-element-1 esg-flipdownout\" data-delay=\"0\">Coronaci\u00f3n del Rey y Reina Madre del Carnaval Vegano @ Parque de La Flores, 24 de Enero 2015<\/div>\n\t\t\t\t<div class=\"esg-top eg-post-1441 eg-monroe-element-8 esg-slidedown\" data-delay=\"0\">enero 25, 2015<\/div>\n           <\/div>\n   <\/div>\n\n<\/li>\n<li id=\"eg-2-post-id-1446\" class=\"filterall filter-galeria filter-uncategorized eg-monroe-wrapper eg-post-id-1446\" data-date=\"1422228733\">\n    <div class=\"esg-media-cover-wrapper\">\n<div class=\"esg-entry-media\"><img loading=\"lazy\" decoding=\"async\" src=\"https:\/\/carnavalvegano.do\/wp-content\/uploads\/2015\/01\/IMG_1530.jpg\" alt=\"\" width=\"700\" height=\"466\"><\/div>\n\n            <div class=\"esg-entry-cover\">\n\n                <div class=\"esg-overlay esg-fadeout eg-monroe-container\" data-delay=\"0\"><\/div>\n\n\t\t\t\t<div class=\"esg-bottom eg-post-1446 eg-monroe-element-0-a esg-flipup\" data-delay=\"0\"><a class=\"eg-monroe-element-0 eg-post-1446\" href=\"https:\/\/carnavalvegano.do\/index.php\/2015\/01\/25\/desfile-oficial-del-carnaval-vegano-25-de-enero-2015\/\" target=\"_self\">Ver M\u00e1s<\/a><\/div>\n\t\t\t\t<div class=\"esg-center eg-post-1446 eg-monroe-element-1 esg-flipdownout\" data-delay=\"0\">Desfile Oficial del Carnaval Vegano 25 de Enero 2015<\/div>\n\t\t\t\t<div class=\"esg-top eg-post-1446 eg-monroe-element-8 esg-slidedown\" data-delay=\"0\">enero 26, 2015<\/div>\n           <\/div>\n   <\/div>\n\n<\/li>\n<li id=\"eg-2-post-id-1457\" class=\"filterall filter-galeria filter-uncategorized eg-monroe-wrapper eg-post-id-1457\" data-date=\"1422541964\">\n    <div class=\"esg-media-cover-wrapper\">\n<div class=\"esg-entry-media\"><img loading=\"lazy\" decoding=\"async\" src=\"https:\/\/carnavalvegano.do\/wp-content\/uploads\/2015\/01\/IMG_0361.jpg\" alt=\"\" width=\"700\" height=\"466\"><\/div>\n\n            <div class=\"esg-entry-cover\">\n\n                <div class=\"esg-overlay esg-fadeout eg-monroe-container\" data-delay=\"0\"><\/div>\n\n\t\t\t\t<div class=\"esg-bottom eg-post-1457 eg-monroe-element-0-a esg-flipup\" data-delay=\"0\"><a class=\"eg-monroe-element-0 eg-post-1457\" href=\"https:\/\/carnavalvegano.do\/index.php\/2015\/01\/29\/la-vega-se-esta-preparando-parte-del-montaje-carnaval-vegano-29-de-enero-2015\/\" target=\"_self\">Ver M\u00e1s<\/a><\/div>\n\t\t\t\t<div class=\"esg-center eg-post-1457 eg-monroe-element-1 esg-flipdownout\" data-delay=\"0\">La Vega se esta preparando, parte del montaje Carnaval Vegano 29 de Enero 2015<\/div>\n\t\t\t\t<div class=\"esg-top eg-post-1457 eg-monroe-element-8 esg-slidedown\" data-delay=\"0\">enero 29, 2015<\/div>\n           <\/div>\n   <\/div>\n\n<\/li>\n<li id=\"eg-2-post-id-1462\" class=\"filterall filter-galeria filter-uncategorized eg-monroe-wrapper eg-post-id-1462\" data-date=\"1422811222\">\n    <div class=\"esg-media-cover-wrapper\">\n<div class=\"esg-entry-media\"><img loading=\"lazy\" decoding=\"async\" src=\"https:\/\/carnavalvegano.do\/wp-content\/uploads\/2015\/02\/IMG_0669.jpg\" alt=\"\" width=\"700\" height=\"525\"><\/div>\n\n            <div class=\"esg-entry-cover\">\n\n                <div class=\"esg-overlay esg-fadeout eg-monroe-container\" data-delay=\"0\"><\/div>\n\n\t\t\t\t<div class=\"esg-bottom eg-post-1462 eg-monroe-element-0-a esg-flipup\" data-delay=\"0\"><a class=\"eg-monroe-element-0 eg-post-1462\" href=\"https:\/\/carnavalvegano.do\/index.php\/2015\/02\/01\/primer-domingo-del-carnaval-vegano-01-de-febrero-2015\/\" target=\"_self\">Ver M\u00e1s<\/a><\/div>\n\t\t\t\t<div class=\"esg-center eg-post-1462 eg-monroe-element-1 esg-flipdownout\" data-delay=\"0\">1er Domingo del Carnaval Vegano 01 de Febrero 2015<\/div>\n\t\t\t\t<div class=\"esg-top eg-post-1462 eg-monroe-element-8 esg-slidedown\" data-delay=\"0\">febrero 1, 2015<\/div>\n           <\/div>\n   <\/div>\n\n<\/li>\n<li id=\"eg-2-post-id-1465\" class=\"filterall filter-galeria filter-uncategorized eg-monroe-wrapper eg-post-id-1465\" data-date=\"1422829311\">\n    <div class=\"esg-media-cover-wrapper\">\n<div class=\"esg-entry-media\"><img loading=\"lazy\" decoding=\"async\" src=\"https:\/\/carnavalvegano.do\/wp-content\/uploads\/2015\/02\/IMG_1204.jpg\" alt=\"\" width=\"700\" height=\"525\"><\/div>\n\n            <div class=\"esg-entry-cover\">\n\n                <div class=\"esg-overlay esg-fadeout eg-monroe-container\" data-delay=\"0\"><\/div>\n\n\t\t\t\t<div class=\"esg-bottom eg-post-1465 eg-monroe-element-0-a esg-flipup\" data-delay=\"0\"><a class=\"eg-monroe-element-0 eg-post-1465\" href=\"https:\/\/carnavalvegano.do\/index.php\/2015\/02\/01\/concierto-primer-domingo-carnaval-vegano-farruko-mozart-y-elvis-martinez-estadio-olimpico-la-vega-01-de-febrero-2015\/\" target=\"_self\">Ver M\u00e1s<\/a><\/div>\n\t\t\t\t<div class=\"esg-center eg-post-1465 eg-monroe-element-1 esg-flipdownout\" data-delay=\"0\">Concierto, 1er Domingo Carnaval Vegano, Farruko, Mozart y Elvis Martinez @ Estadio Olimpico, La Vega 01 de Febrero 2015<\/div>\n\t\t\t\t<div class=\"esg-top eg-post-1465 eg-monroe-element-8 esg-slidedown\" data-delay=\"0\">febrero 2, 2015<\/div>\n           <\/div>\n   <\/div>\n\n<\/li>\n<li id=\"eg-2-post-id-1488\" class=\"filterall filter-galeria filter-uncategorized eg-monroe-wrapper eg-post-id-1488\" data-date=\"1423346267\">\n    <div class=\"esg-media-cover-wrapper\">\n<div class=\"esg-entry-media\"><img loading=\"lazy\" decoding=\"async\" src=\"https:\/\/carnavalvegano.do\/wp-content\/uploads\/2015\/02\/img_0302.jpg\" alt=\"\" width=\"1024\" height=\"682\"><\/div>\n\n            <div class=\"esg-entry-cover\">\n\n                <div class=\"esg-overlay esg-fadeout eg-monroe-container\" data-delay=\"0\"><\/div>\n\n\t\t\t\t<div class=\"esg-bottom eg-post-1488 eg-monroe-element-0-a esg-flipup\" data-delay=\"0\"><a class=\"eg-monroe-element-0 eg-post-1488\" href=\"https:\/\/carnavalvegano.do\/index.php\/2015\/02\/07\/concierto-segundo-sabado-carnaval-vegano-poeta-callejero-el-batallon-y-joe-veras-dj-plex-y-dito-bernard-estadio-olimpico-la-vega-07-de-febrero-2015\/\" target=\"_self\">Ver M\u00e1s<\/a><\/div>\n\t\t\t\t<div class=\"esg-center eg-post-1488 eg-monroe-element-1 esg-flipdownout\" data-delay=\"0\">Concierto, 2do Sabado Carnaval Vegano, Poeta Callejero, El Batallon y Joe Veras @ Estadio Olimpico, La Vega 07 de Febrero 2015<\/div>\n\t\t\t\t<div class=\"esg-top eg-post-1488 eg-monroe-element-8 esg-slidedown\" data-delay=\"0\">febrero 8, 2015<\/div>\n           <\/div>\n   <\/div>\n\n<\/li>\n<li id=\"eg-2-post-id-1495\" class=\"filterall filter-galeria filter-uncategorized eg-monroe-wrapper eg-post-id-1495\" data-date=\"1423412272\">\n    <div class=\"esg-media-cover-wrapper\">\n<div class=\"esg-entry-media\"><img loading=\"lazy\" decoding=\"async\" src=\"https:\/\/carnavalvegano.do\/wp-content\/uploads\/2015\/02\/Carnaval-Vegano-3-16.jpg\" alt=\"\" width=\"700\" height=\"466\"><\/div>\n\n            <div class=\"esg-entry-cover\">\n\n                <div class=\"esg-overlay esg-fadeout eg-monroe-container\" data-delay=\"0\"><\/div>\n\n\t\t\t\t<div class=\"esg-bottom eg-post-1495 eg-monroe-element-0-a esg-flipup\" data-delay=\"0\"><a class=\"eg-monroe-element-0 eg-post-1495\" href=\"https:\/\/carnavalvegano.do\/index.php\/2015\/02\/08\/segundo-domingo-del-carnaval-vegano-08-de-febrero-2015\/\" target=\"_self\">Ver M\u00e1s<\/a><\/div>\n\t\t\t\t<div class=\"esg-center eg-post-1495 eg-monroe-element-1 esg-flipdownout\" data-delay=\"0\">2do Domingo del Carnaval Vegano 08 de Febrero 2015<\/div>\n\t\t\t\t<div class=\"esg-top eg-post-1495 eg-monroe-element-8 esg-slidedown\" data-delay=\"0\">febrero 8, 2015<\/div>\n           <\/div>\n   <\/div>\n\n<\/li>\n<li id=\"eg-2-post-id-1498\" class=\"filterall filter-galeria filter-uncategorized eg-monroe-wrapper eg-post-id-1498\" data-date=\"1423429344\">\n    <div class=\"esg-media-cover-wrapper\">\n<div class=\"esg-entry-media\"><img loading=\"lazy\" decoding=\"async\" src=\"https:\/\/carnavalvegano.do\/wp-content\/uploads\/2015\/02\/Carnaval-2-34.jpg\" alt=\"\" width=\"700\" height=\"466\"><\/div>\n\n            <div class=\"esg-entry-cover\">\n\n                <div class=\"esg-overlay esg-fadeout eg-monroe-container\" data-delay=\"0\"><\/div>\n\n\t\t\t\t<div class=\"esg-bottom eg-post-1498 eg-monroe-element-0-a esg-flipup\" data-delay=\"0\"><a class=\"eg-monroe-element-0 eg-post-1498\" href=\"https:\/\/carnavalvegano.do\/index.php\/2015\/02\/08\/concierto-segundo-domingo-carnaval-vegano-nicky-jam-yiyo-sarante-y-eddy-herrera-dj-plex-y-dito-bernard-estadio-olimpico-la-vega-08-de-febrero-2015\/\" target=\"_self\">Ver M\u00e1s<\/a><\/div>\n\t\t\t\t<div class=\"esg-center eg-post-1498 eg-monroe-element-1 esg-flipdownout\" data-delay=\"0\">Concierto, 2do Domingo Carnaval Vegano, Nicky Jam, Yiyo Sarante y Eddy Herrera @ Estadio Olimpico, La Vega 08 de Febrero 2015<\/div>\n\t\t\t\t<div class=\"esg-top eg-post-1498 eg-monroe-element-8 esg-slidedown\" data-delay=\"0\">febrero 9, 2015<\/div>\n           <\/div>\n   <\/div>\n\n<\/li>\n<li id=\"eg-2-post-id-1504\" class=\"filterall filter-galeria filter-uncategorized eg-monroe-wrapper eg-post-id-1504\" data-date=\"1423954493\">\n    <div class=\"esg-media-cover-wrapper\">\n<div class=\"esg-entry-media\"><img loading=\"lazy\" decoding=\"async\" src=\"https:\/\/carnavalvegano.do\/wp-content\/uploads\/2015\/02\/CarnavalVegano-12-15.jpg\" alt=\"\" width=\"700\" height=\"466\"><\/div>\n\n            <div class=\"esg-entry-cover\">\n\n                <div class=\"esg-overlay esg-fadeout eg-monroe-container\" data-delay=\"0\"><\/div>\n\n\t\t\t\t<div class=\"esg-bottom eg-post-1504 eg-monroe-element-0-a esg-flipup\" data-delay=\"0\"><a class=\"eg-monroe-element-0 eg-post-1504\" href=\"https:\/\/carnavalvegano.do\/index.php\/2015\/02\/14\/concierto-tercer-sabado-carnaval-vegano-johnny-ventura-black-jonas-point-y-el-prodigio-dj-luois-crisostomo-y-manny-figueroa-estadio-olimpico-la-vega-14-de-febrero-2015\/\" target=\"_self\">Ver M\u00e1s<\/a><\/div>\n\t\t\t\t<div class=\"esg-center eg-post-1504 eg-monroe-element-1 esg-flipdownout\" data-delay=\"0\">Concierto, 3er S\u00e1bado Carnaval Vegano, Johnny Ventura, Black Jonas Point y El Prodigio @ Estadio Olimpico, La Vega 14 de Febrero 2015<\/div>\n\t\t\t\t<div class=\"esg-top eg-post-1504 eg-monroe-element-8 esg-slidedown\" data-delay=\"0\">febrero 15, 2015<\/div>\n           <\/div>\n   <\/div>\n\n<\/li>\n<li id=\"eg-2-post-id-1512\" class=\"filterall filter-galeria filter-uncategorized eg-monroe-wrapper eg-post-id-1512\" data-date=\"1424018135\">\n    <div class=\"esg-media-cover-wrapper\">\n<div class=\"esg-entry-media\"><img loading=\"lazy\" decoding=\"async\" src=\"https:\/\/carnavalvegano.do\/wp-content\/uploads\/2015\/02\/CarnavalVegano.do-2-49.jpg\" alt=\"\" width=\"700\" height=\"466\"><\/div>\n\n            <div class=\"esg-entry-cover\">\n\n                <div class=\"esg-overlay esg-fadeout eg-monroe-container\" data-delay=\"0\"><\/div>\n\n\t\t\t\t<div class=\"esg-bottom eg-post-1512 eg-monroe-element-0-a esg-flipup\" data-delay=\"0\"><a class=\"eg-monroe-element-0 eg-post-1512\" href=\"https:\/\/carnavalvegano.do\/index.php\/2015\/02\/15\/tercer-domingo-del-carnaval-vegano-15-de-febrero-2015\/\" target=\"_self\">Ver M\u00e1s<\/a><\/div>\n\t\t\t\t<div class=\"esg-center eg-post-1512 eg-monroe-element-1 esg-flipdownout\" data-delay=\"0\">3er Domingo del Carnaval Vegano 15 de Febrero 2015<\/div>\n\t\t\t\t<div class=\"esg-top eg-post-1512 eg-monroe-element-8 esg-slidedown\" data-delay=\"0\">febrero 15, 2015<\/div>\n           <\/div>\n   <\/div>\n\n<\/li>\n<li id=\"eg-2-post-id-1518\" class=\"filterall filter-galeria filter-uncategorized eg-monroe-wrapper eg-post-id-1518\" data-date=\"1424032731\">\n    <div class=\"esg-media-cover-wrapper\">\n<div class=\"esg-entry-media\"><img loading=\"lazy\" decoding=\"async\" src=\"https:\/\/carnavalvegano.do\/wp-content\/uploads\/2015\/02\/CarnavalVegano.do-14-17.jpg\" alt=\"\" width=\"466\" height=\"700\"><\/div>\n\n            <div class=\"esg-entry-cover\">\n\n                <div class=\"esg-overlay esg-fadeout eg-monroe-container\" data-delay=\"0\"><\/div>\n\n\t\t\t\t<div class=\"esg-bottom eg-post-1518 eg-monroe-element-0-a esg-flipup\" data-delay=\"0\"><a class=\"eg-monroe-element-0 eg-post-1518\" href=\"https:\/\/carnavalvegano.do\/index.php\/2015\/02\/15\/concierto-tercer-domingo-carnaval-vegano-cosculluela-raulin-rodriguez-y-vakero-dj-scuff-y-joseant-hidalgo-estadio-olimpico-la-vega-15-de-febrero-2015\/\" target=\"_self\">Ver M\u00e1s<\/a><\/div>\n\t\t\t\t<div class=\"esg-center eg-post-1518 eg-monroe-element-1 esg-flipdownout\" data-delay=\"0\">Concierto 3er Domingo Carnaval Vegano, Cosculluela, Raulin Rodriguez y Vakero @ Estadio Olimpico, La Vega 15 de Febrero 2015<\/div>\n\t\t\t\t<div class=\"esg-top eg-post-1518 eg-monroe-element-8 esg-slidedown\" data-delay=\"0\">febrero 16, 2015<\/div>\n           <\/div>\n   <\/div>\n\n<\/li>\n<li id=\"eg-2-post-id-1529\" class=\"filterall filter-galeria filter-uncategorized eg-monroe-wrapper eg-post-id-1529\" data-date=\"1424621851\">\n    <div class=\"esg-media-cover-wrapper\">\n<div class=\"esg-entry-media\"><img loading=\"lazy\" decoding=\"async\" src=\"https:\/\/carnavalvegano.do\/wp-content\/uploads\/2015\/02\/CarnavalVegano.do-2-6.jpg\" alt=\"\" width=\"800\" height=\"586\"><\/div>\n\n            <div class=\"esg-entry-cover\">\n\n                <div class=\"esg-overlay esg-fadeout eg-monroe-container\" data-delay=\"0\"><\/div>\n\n\t\t\t\t<div class=\"esg-bottom eg-post-1529 eg-monroe-element-0-a esg-flipup\" data-delay=\"0\"><a class=\"eg-monroe-element-0 eg-post-1529\" href=\"https:\/\/carnavalvegano.do\/index.php\/2015\/02\/22\/cuarto-domingo-del-carnaval-vegano-22-de-febrero-2015\/\" target=\"_self\">Ver M\u00e1s<\/a><\/div>\n\t\t\t\t<div class=\"esg-center eg-post-1529 eg-monroe-element-1 esg-flipdownout\" data-delay=\"0\">4to Domingo del Carnaval Vegano 22 de Febrero 2015<\/div>\n\t\t\t\t<div class=\"esg-top eg-post-1529 eg-monroe-element-8 esg-slidedown\" data-delay=\"0\">febrero 22, 2015<\/div>\n           <\/div>\n   <\/div>\n\n<\/li>\n<li id=\"eg-2-post-id-1531\" class=\"filterall filter-galeria filter-uncategorized eg-monroe-wrapper eg-post-id-1531\" data-date=\"1424636635\">\n    <div class=\"esg-media-cover-wrapper\">\n<div class=\"esg-entry-media\"><img loading=\"lazy\" decoding=\"async\" src=\"https:\/\/carnavalvegano.do\/wp-content\/uploads\/2015\/02\/CarnavalVegano.do-22-15.jpg\" alt=\"\" width=\"700\" height=\"466\"><\/div>\n\n            <div class=\"esg-entry-cover\">\n\n                <div class=\"esg-overlay esg-fadeout eg-monroe-container\" data-delay=\"0\"><\/div>\n\n\t\t\t\t<div class=\"esg-bottom eg-post-1531 eg-monroe-element-0-a esg-flipup\" data-delay=\"0\"><a class=\"eg-monroe-element-0 eg-post-1531\" href=\"https:\/\/carnavalvegano.do\/index.php\/2015\/02\/22\/concierto-cuarto-domingo-carnaval-vegano-jbalvin-johnny-sky-y-shadow-blow-dj-luz-joseant-hidalgo-y-davmotta-estadio-olimpico-la-vega-22-de-febrero-2015\/\" target=\"_self\">Ver M\u00e1s<\/a><\/div>\n\t\t\t\t<div class=\"esg-center eg-post-1531 eg-monroe-element-1 esg-flipdownout\" data-delay=\"0\">Concierto 4to Domingo Carnaval Vegano, JBalvin, Johnny Sky y Shadow Blow @ Estadio Olimpico, La Vega 22 de Febrero 2015<\/div>\n\t\t\t\t<div class=\"esg-top eg-post-1531 eg-monroe-element-8 esg-slidedown\" data-delay=\"0\">febrero 23, 2015<\/div>\n           <\/div>\n   <\/div>\n\n<\/li>\n<li id=\"eg-2-post-id-1548\" class=\"filterall filter-galeria filter-uncategorized eg-monroe-wrapper eg-post-id-1548\" data-date=\"1425058154\">\n    <div class=\"esg-media-cover-wrapper\">\n<div class=\"esg-entry-media\"><img loading=\"lazy\" decoding=\"async\" src=\"https:\/\/carnavalvegano.do\/wp-content\/uploads\/2015\/02\/CarnavalVegano.do-1-11.jpg\" alt=\"\" width=\"700\" height=\"466\"><\/div>\n\n            <div class=\"esg-entry-cover\">\n\n                <div class=\"esg-overlay esg-fadeout eg-monroe-container\" data-delay=\"0\"><\/div>\n\n\t\t\t\t<div class=\"esg-bottom eg-post-1548 eg-monroe-element-0-a esg-flipup\" data-delay=\"0\"><a class=\"eg-monroe-element-0 eg-post-1548\" href=\"https:\/\/carnavalvegano.do\/index.php\/2015\/02\/27\/quinta-salida-carnaval-vegano-27-de-febrero-2015\/\" target=\"_self\">Ver M\u00e1s<\/a><\/div>\n\t\t\t\t<div class=\"esg-center eg-post-1548 eg-monroe-element-1 esg-flipdownout\" data-delay=\"0\">Quinta Salida Carnaval Vegano 27 de Febrero 2015<\/div>\n\t\t\t\t<div class=\"esg-top eg-post-1548 eg-monroe-element-8 esg-slidedown\" data-delay=\"0\">febrero 27, 2015<\/div>\n           <\/div>\n   <\/div>\n\n<\/li>\n<li id=\"eg-2-post-id-6744\" class=\"filterall filter-galeria filter-uncategorized eg-monroe-wrapper eg-post-id-6744\" data-date=\"1453148109\">\n    <div class=\"esg-media-cover-wrapper\">\n<div class=\"esg-entry-media\"><img loading=\"lazy\" decoding=\"async\" src=\"https:\/\/carnavalvegano.do\/wp-content\/uploads\/2017\/02\/lanzamiento-2017.jpg\" alt=\"\" width=\"3500\" height=\"2333\"><\/div>\n\n            <div class=\"esg-entry-cover\">\n\n                <div class=\"esg-overlay esg-fadeout eg-monroe-container\" data-delay=\"0\"><\/div>\n\n\t\t\t\t<div class=\"esg-bottom eg-post-6744 eg-monroe-element-0-a esg-flipup\" data-delay=\"0\"><a class=\"eg-monroe-element-0 eg-post-6744\" href=\"https:\/\/carnavalvegano.do\/index.php\/2016\/01\/18\/lanzamiento-carnaval-vegano-2016-salon-de-eventos-sambil-14-01-2016\/\" target=\"_self\">Ver M\u00e1s<\/a><\/div>\n\t\t\t\t<div class=\"esg-center eg-post-6744 eg-monroe-element-1 esg-flipdownout\" data-delay=\"0\">Lanzamiento Carnaval Vegano 2016 @ Salon de Eventos Sambil 14 de Enero2016<\/div>\n\t\t\t\t<div class=\"esg-top eg-post-6744 eg-monroe-element-8 esg-slidedown\" data-delay=\"0\">enero 18, 2016<\/div>\n           <\/div>\n   <\/div>\n\n<\/li>\n<li id=\"eg-2-post-id-7036\" class=\"filterall filter-galeria eg-monroe-wrapper eg-post-id-7036\" data-date=\"1453562544\">\n    <div class=\"esg-media-cover-wrapper\">\n<div class=\"esg-entry-media\"><img loading=\"lazy\" decoding=\"async\" src=\"https:\/\/carnavalvegano.do\/wp-content\/uploads\/2016\/01\/img_0072.jpg\" alt=\"\" width=\"700\" height=\"466\"><\/div>\n\n            <div class=\"esg-entry-cover\">\n\n                <div class=\"esg-overlay esg-fadeout eg-monroe-container\" data-delay=\"0\"><\/div>\n\n\t\t\t\t<div class=\"esg-bottom eg-post-7036 eg-monroe-element-0-a esg-flipup\" data-delay=\"0\"><a class=\"eg-monroe-element-0 eg-post-7036\" href=\"https:\/\/carnavalvegano.do\/index.php\/2016\/01\/23\/coronacion-reina-carnaval-vegano-bajo-techo-fernando-teruel-22-ene-2016\/\" target=\"_self\">Ver M\u00e1s<\/a><\/div>\n\t\t\t\t<div class=\"esg-center eg-post-7036 eg-monroe-element-1 esg-flipdownout\" data-delay=\"0\">Coronaci\u00f3n Reina Carnaval Vegano @ Bajo Techo Fernando Teruel 22-Ene-2016<\/div>\n\t\t\t\t<div class=\"esg-top eg-post-7036 eg-monroe-element-8 esg-slidedown\" data-delay=\"0\">enero 23, 2016<\/div>\n           <\/div>\n   <\/div>\n\n<\/li>\n<li id=\"eg-2-post-id-7042\" class=\"filterall filter-galeria filter-uncategorized eg-monroe-wrapper eg-post-id-7042\" data-date=\"1453776369\">\n    <div class=\"esg-media-cover-wrapper\">\n<div class=\"esg-entry-media\"><img loading=\"lazy\" decoding=\"async\" src=\"https:\/\/carnavalvegano.do\/wp-content\/uploads\/2016\/01\/Reinado-Infantil-Carnaval-Vegano-@-Teatro-Dosa-25-Ene-2016-146.jpg\" alt=\"\" width=\"800\" height=\"533\"><\/div>\n\n            <div class=\"esg-entry-cover\">\n\n                <div class=\"esg-overlay esg-fadeout eg-monroe-container\" data-delay=\"0\"><\/div>\n\n\t\t\t\t<div class=\"esg-bottom eg-post-7042 eg-monroe-element-0-a esg-flipup\" data-delay=\"0\"><a class=\"eg-monroe-element-0 eg-post-7042\" href=\"https:\/\/carnavalvegano.do\/index.php\/2016\/01\/26\/coronacion-reina-infantil-carnaval-vegano-teatro-dosa-25-ene-2016\/\" target=\"_self\">Ver M\u00e1s<\/a><\/div>\n\t\t\t\t<div class=\"esg-center eg-post-7042 eg-monroe-element-1 esg-flipdownout\" data-delay=\"0\">Coronaci\u00f3n Reina Infantil Carnaval Vegano @ Teatro Dosa 25-Ene-2016<\/div>\n\t\t\t\t<div class=\"esg-top eg-post-7042 eg-monroe-element-8 esg-slidedown\" data-delay=\"0\">enero 26, 2016<\/div>\n           <\/div>\n   <\/div>\n\n<\/li>\n<li id=\"eg-2-post-id-7056\" class=\"filterall filter-galeria filter-uncategorized eg-monroe-wrapper eg-post-id-7056\" data-date=\"1454208568\">\n    <div class=\"esg-media-cover-wrapper\">\n<div class=\"esg-entry-media\"><img loading=\"lazy\" decoding=\"async\" src=\"https:\/\/carnavalvegano.do\/wp-content\/uploads\/2016\/01\/Coronacion-Rey-Momo-Del-Carnaval-Vegano-2016-@-Parque-Las-Flores-1-30-2016-22.jpg\" alt=\"\" width=\"700\" height=\"466\"><\/div>\n\n            <div class=\"esg-entry-cover\">\n\n                <div class=\"esg-overlay esg-fadeout eg-monroe-container\" data-delay=\"0\"><\/div>\n\n\t\t\t\t<div class=\"esg-bottom eg-post-7056 eg-monroe-element-0-a esg-flipup\" data-delay=\"0\"><a class=\"eg-monroe-element-0 eg-post-7056\" href=\"https:\/\/carnavalvegano.do\/index.php\/2016\/01\/31\/coronacion-rey-momo-del-carnaval-vegano-2016-parque-las-flores-30-ene-2016\/\" target=\"_self\">Ver M\u00e1s<\/a><\/div>\n\t\t\t\t<div class=\"esg-center eg-post-7056 eg-monroe-element-1 esg-flipdownout\" data-delay=\"0\">Coronaci\u00f3n Rey Momo Del Carnaval Vegano 2016 @ Parque Las Flores 30-Ene-2016<\/div>\n\t\t\t\t<div class=\"esg-top eg-post-7056 eg-monroe-element-8 esg-slidedown\" data-delay=\"0\">enero 31, 2016<\/div>\n           <\/div>\n   <\/div>\n\n<\/li>\n<li id=\"eg-2-post-id-7061\" class=\"filterall filter-galeria eg-monroe-wrapper eg-post-id-7061\" data-date=\"1454278927\">\n    <div class=\"esg-media-cover-wrapper\">\n<div class=\"esg-entry-media\"><img loading=\"lazy\" decoding=\"async\" src=\"https:\/\/carnavalvegano.do\/wp-content\/uploads\/2016\/01\/Desfile-Oficial-Apertura-Carnaval-Vegano-2016-31-Ene-2016-100.jpg\" alt=\"\" width=\"700\" height=\"466\"><\/div>\n\n            <div class=\"esg-entry-cover\">\n\n                <div class=\"esg-overlay esg-fadeout eg-monroe-container\" data-delay=\"0\"><\/div>\n\n\t\t\t\t<div class=\"esg-bottom eg-post-7061 eg-monroe-element-0-a esg-flipup\" data-delay=\"0\"><a class=\"eg-monroe-element-0 eg-post-7061\" href=\"https:\/\/carnavalvegano.do\/index.php\/2016\/01\/31\/desfile-oficial-de-apertura-carnaval-vegano-2016-31-ene-2016\/\" target=\"_self\">Ver M\u00e1s<\/a><\/div>\n\t\t\t\t<div class=\"esg-center eg-post-7061 eg-monroe-element-1 esg-flipdownout\" data-delay=\"0\">Desfile Oficial De Apertura Carnaval Vegano 2016 31-Ene-2016<\/div>\n\t\t\t\t<div class=\"esg-top eg-post-7061 eg-monroe-element-8 esg-slidedown\" data-delay=\"0\">enero 31, 2016<\/div>\n           <\/div>\n   <\/div>\n\n<\/li>\n<li id=\"eg-2-post-id-9475\" class=\"filterall filter-galeria eg-monroe-wrapper eg-post-id-9475\" data-date=\"1486128217\">\n    <div class=\"esg-media-cover-wrapper\">\n<div class=\"esg-entry-media\"><img loading=\"lazy\" decoding=\"async\" src=\"https:\/\/carnavalvegano.do\/wp-content\/uploads\/2017\/02\/img_0766-web.jpg\" alt=\"\" width=\"1024\" height=\"682\"><\/div>\n\n            <div class=\"esg-entry-cover\">\n\n                <div class=\"esg-overlay esg-fadeout eg-monroe-container\" data-delay=\"0\"><\/div>\n\n\t\t\t\t<div class=\"esg-bottom eg-post-9475 eg-monroe-element-0-a esg-flipup\" data-delay=\"0\"><a class=\"eg-monroe-element-0 eg-post-9475\" href=\"https:\/\/carnavalvegano.do\/index.php\/2017\/02\/03\/concierto-sabado-6-febrero-2016-hector-acosta-el-mayor-y-felix-manuell-estadio-olimpico-la-vega\/\" target=\"_self\">Ver M\u00e1s<\/a><\/div>\n\t\t\t\t<div class=\"esg-center eg-post-9475 eg-monroe-element-1 esg-flipdownout\" data-delay=\"0\">Concierto S\u00e1bado 6 Febrero 2016 - Hector Acosta, El Mayor y Felix Manuell @ Estadio Ol\u00edmpico, La Vega<\/div>\n\t\t\t\t<div class=\"esg-top eg-post-9475 eg-monroe-element-8 esg-slidedown\" data-delay=\"0\">febrero 3, 2017<\/div>\n           <\/div>\n   <\/div>\n\n<\/li>\n<li id=\"eg-2-post-id-9478\" class=\"filterall filter-galeria eg-monroe-wrapper eg-post-id-9478\" data-date=\"1486128298\">\n    <div class=\"esg-media-cover-wrapper\">\n<div class=\"esg-entry-media\"><img loading=\"lazy\" decoding=\"async\" src=\"https:\/\/carnavalvegano.do\/wp-content\/uploads\/2017\/02\/img_3199-web.jpg\" alt=\"\" width=\"1024\" height=\"682\"><\/div>\n\n            <div class=\"esg-entry-cover\">\n\n                <div class=\"esg-overlay esg-fadeout eg-monroe-container\" data-delay=\"0\"><\/div>\n\n\t\t\t\t<div class=\"esg-bottom eg-post-9478 eg-monroe-element-0-a esg-flipup\" data-delay=\"0\"><a class=\"eg-monroe-element-0 eg-post-9478\" href=\"https:\/\/carnavalvegano.do\/index.php\/2017\/02\/03\/primera-salida-carnaval-vegano-2016-7-feb-2016\/\" target=\"_self\">Ver M\u00e1s<\/a><\/div>\n\t\t\t\t<div class=\"esg-center eg-post-9478 eg-monroe-element-1 esg-flipdownout\" data-delay=\"0\">Primera Salida Carnaval Vegano 2016 - 7 Feb 2016<\/div>\n\t\t\t\t<div class=\"esg-top eg-post-9478 eg-monroe-element-8 esg-slidedown\" data-delay=\"0\">febrero 3, 2017<\/div>\n           <\/div>\n   <\/div>\n\n<\/li>\n<li id=\"eg-2-post-id-9481\" class=\"filterall filter-galeria eg-monroe-wrapper eg-post-id-9481\" data-date=\"1486128333\">\n    <div class=\"esg-media-cover-wrapper\">\n<div class=\"esg-entry-media\"><img loading=\"lazy\" decoding=\"async\" src=\"https:\/\/carnavalvegano.do\/wp-content\/uploads\/2017\/02\/img_3520-web.jpg\" alt=\"\" width=\"1024\" height=\"682\"><\/div>\n\n            <div class=\"esg-entry-cover\">\n\n                <div class=\"esg-overlay esg-fadeout eg-monroe-container\" data-delay=\"0\"><\/div>\n\n\t\t\t\t<div class=\"esg-bottom eg-post-9481 eg-monroe-element-0-a esg-flipup\" data-delay=\"0\"><a class=\"eg-monroe-element-0 eg-post-9481\" href=\"https:\/\/carnavalvegano.do\/index.php\/2017\/02\/03\/concierto-primer-domingo-7-feb-2016-wisin-don-miguelo-vakero-estadio-olimpico-la-vega\/\" target=\"_self\">Ver M\u00e1s<\/a><\/div>\n\t\t\t\t<div class=\"esg-center eg-post-9481 eg-monroe-element-1 esg-flipdownout\" data-delay=\"0\">Concierto Primer Domingo 7 Feb 2016 - Wisin, Don Miguelo & Vaker\u00f3 @ Estadio Ol\u00edmpico La Vega<\/div>\n\t\t\t\t<div class=\"esg-top eg-post-9481 eg-monroe-element-8 esg-slidedown\" data-delay=\"0\">febrero 3, 2017<\/div>\n           <\/div>\n   <\/div>\n\n<\/li>\n<li id=\"eg-2-post-id-9484\" class=\"filterall filter-galeria eg-monroe-wrapper eg-post-id-9484\" data-date=\"1486128398\">\n    <div class=\"esg-media-cover-wrapper\">\n<div class=\"esg-entry-media\"><img loading=\"lazy\" decoding=\"async\" src=\"https:\/\/carnavalvegano.do\/wp-content\/uploads\/2017\/02\/IMG_0301.jpg\" alt=\"\" width=\"5184\" height=\"3456\"><\/div>\n\n            <div class=\"esg-entry-cover\">\n\n                <div class=\"esg-overlay esg-fadeout eg-monroe-container\" data-delay=\"0\"><\/div>\n\n\t\t\t\t<div class=\"esg-bottom eg-post-9484 eg-monroe-element-0-a esg-flipup\" data-delay=\"0\"><a class=\"eg-monroe-element-0 eg-post-9484\" href=\"https:\/\/carnavalvegano.do\/index.php\/2017\/02\/03\/concierto-sabado-2-de-feb-2016-crazy-design-poeta-callejero-chiquito-team-band-estadio-olimpico-la-vega\/\" target=\"_self\">Ver M\u00e1s<\/a><\/div>\n\t\t\t\t<div class=\"esg-center eg-post-9484 eg-monroe-element-1 esg-flipdownout\" data-delay=\"0\">Concierto Sabado 2 de Feb 2016 - Crazy Design, Poeta Callejero, Chiquito Team Band @ Estadio Ol\u00edmpico, La Vega<\/div>\n\t\t\t\t<div class=\"esg-top eg-post-9484 eg-monroe-element-8 esg-slidedown\" data-delay=\"0\">febrero 3, 2017<\/div>\n           <\/div>\n   <\/div>\n\n<\/li>\n<li id=\"eg-2-post-id-9488\" class=\"filterall filter-galeria eg-monroe-wrapper eg-post-id-9488\" data-date=\"1486128432\">\n    <div class=\"esg-media-cover-wrapper\">\n<div class=\"esg-entry-media\"><img loading=\"lazy\" decoding=\"async\" src=\"https:\/\/carnavalvegano.do\/wp-content\/uploads\/2017\/02\/img_4420.jpg\" alt=\"\" width=\"1024\" height=\"682\"><\/div>\n\n            <div class=\"esg-entry-cover\">\n\n                <div class=\"esg-overlay esg-fadeout eg-monroe-container\" data-delay=\"0\"><\/div>\n\n\t\t\t\t<div class=\"esg-bottom eg-post-9488 eg-monroe-element-0-a esg-flipup\" data-delay=\"0\"><a class=\"eg-monroe-element-0 eg-post-9488\" href=\"https:\/\/carnavalvegano.do\/index.php\/2017\/02\/03\/segunda-salida-carnavalvegano-14-de-febrero-2016\/\" target=\"_self\">Ver M\u00e1s<\/a><\/div>\n\t\t\t\t<div class=\"esg-center eg-post-9488 eg-monroe-element-1 esg-flipdownout\" data-delay=\"0\">Segunda Salida @CarnavalVegano 14 de Febrero 2016<\/div>\n\t\t\t\t<div class=\"esg-top eg-post-9488 eg-monroe-element-8 esg-slidedown\" data-delay=\"0\">febrero 3, 2017<\/div>\n           <\/div>\n   <\/div>\n\n<\/li>\n<li id=\"eg-2-post-id-9491\" class=\"filterall filter-galeria eg-monroe-wrapper eg-post-id-9491\" data-date=\"1486128467\">\n    <div class=\"esg-media-cover-wrapper\">\n<div class=\"esg-entry-media\"><img loading=\"lazy\" decoding=\"async\" src=\"https:\/\/carnavalvegano.do\/wp-content\/uploads\/2017\/02\/img_5009.jpg\" alt=\"\" width=\"1024\" height=\"682\"><\/div>\n\n            <div class=\"esg-entry-cover\">\n\n                <div class=\"esg-overlay esg-fadeout eg-monroe-container\" data-delay=\"0\"><\/div>\n\n\t\t\t\t<div class=\"esg-bottom eg-post-9491 eg-monroe-element-0-a esg-flipup\" data-delay=\"0\"><a class=\"eg-monroe-element-0 eg-post-9491\" href=\"https:\/\/carnavalvegano.do\/index.php\/2017\/02\/03\/concierto-shadow-blow-nene-la-amenaza-shellow-shaq-14-feb-2016-estadio-olimpico-la-vega\/\" target=\"_self\">Ver M\u00e1s<\/a><\/div>\n\t\t\t\t<div class=\"esg-center eg-post-9491 eg-monroe-element-1 esg-flipdownout\" data-delay=\"0\">Concierto Shadow Blow, Nene La Amenaza, Shellow Shaq 14 Feb 2016 @ Estadio Ol\u00edmpico, La Vega<\/div>\n\t\t\t\t<div class=\"esg-top eg-post-9491 eg-monroe-element-8 esg-slidedown\" data-delay=\"0\">febrero 3, 2017<\/div>\n           <\/div>\n   <\/div>\n\n<\/li>\n<li id=\"eg-2-post-id-9494\" class=\"filterall filter-galeria eg-monroe-wrapper eg-post-id-9494\" data-date=\"1486128524\">\n    <div class=\"esg-media-cover-wrapper\">\n<div class=\"esg-entry-media\"><img loading=\"lazy\" decoding=\"async\" src=\"https:\/\/carnavalvegano.do\/wp-content\/uploads\/2017\/02\/Carnavalito.jpg\" alt=\"\" width=\"960\" height=\"640\"><\/div>\n\n            <div class=\"esg-entry-cover\">\n\n                <div class=\"esg-overlay esg-fadeout eg-monroe-container\" data-delay=\"0\"><\/div>\n\n\t\t\t\t<div class=\"esg-bottom eg-post-9494 eg-monroe-element-0-a esg-flipup\" data-delay=\"0\"><a class=\"eg-monroe-element-0 eg-post-9494\" href=\"https:\/\/carnavalvegano.do\/index.php\/2017\/02\/03\/carnaval-infantil-14-de-feb-2016\/\" target=\"_self\">Ver M\u00e1s<\/a><\/div>\n\t\t\t\t<div class=\"esg-center eg-post-9494 eg-monroe-element-1 esg-flipdownout\" data-delay=\"0\">Carnaval Infantil 14 de Feb 2016<\/div>\n\t\t\t\t<div class=\"esg-top eg-post-9494 eg-monroe-element-8 esg-slidedown\" data-delay=\"0\">febrero 3, 2017<\/div>\n           <\/div>\n   <\/div>\n\n<\/li>\n<li id=\"eg-2-post-id-9497\" class=\"filterall filter-galeria eg-monroe-wrapper eg-post-id-9497\" data-date=\"1486128568\">\n    <div class=\"esg-media-cover-wrapper\">\n<div class=\"esg-entry-media\"><img loading=\"lazy\" decoding=\"async\" src=\"https:\/\/carnavalvegano.do\/wp-content\/uploads\/2017\/02\/img_5766.jpg\" alt=\"\" width=\"1024\" height=\"682\"><\/div>\n\n            <div class=\"esg-entry-cover\">\n\n                <div class=\"esg-overlay esg-fadeout eg-monroe-container\" data-delay=\"0\"><\/div>\n\n\t\t\t\t<div class=\"esg-bottom eg-post-9497 eg-monroe-element-0-a esg-flipup\" data-delay=\"0\"><a class=\"eg-monroe-element-0 eg-post-9497\" href=\"https:\/\/carnavalvegano.do\/index.php\/2017\/02\/03\/concierto-lapiz-conciente-eddy-herrera-y-yiyo-sarane-estadio-olimpico-la-vega-20-feb-2016\/\" target=\"_self\">Ver M\u00e1s<\/a><\/div>\n\t\t\t\t<div class=\"esg-center eg-post-9497 eg-monroe-element-1 esg-flipdownout\" data-delay=\"0\">Concierto L\u00e1piz Conciente, Eddy Herrera y Yiyo Sarane @ Estadio Ol\u00edmpico, La Vega 20 Feb 2016<\/div>\n\t\t\t\t<div class=\"esg-top eg-post-9497 eg-monroe-element-8 esg-slidedown\" data-delay=\"0\">febrero 3, 2017<\/div>\n           <\/div>\n   <\/div>\n\n<\/li>\n<li id=\"eg-2-post-id-9500\" class=\"filterall filter-galeria eg-monroe-wrapper eg-post-id-9500\" data-date=\"1486128607\">\n    <div class=\"esg-media-cover-wrapper\">\n<div class=\"esg-entry-media\"><img loading=\"lazy\" decoding=\"async\" src=\"https:\/\/carnavalvegano.do\/wp-content\/uploads\/2017\/02\/img_6071.jpg\" alt=\"\" width=\"1024\" height=\"682\"><\/div>\n\n            <div class=\"esg-entry-cover\">\n\n                <div class=\"esg-overlay esg-fadeout eg-monroe-container\" data-delay=\"0\"><\/div>\n\n\t\t\t\t<div class=\"esg-bottom eg-post-9500 eg-monroe-element-0-a esg-flipup\" data-delay=\"0\"><a class=\"eg-monroe-element-0 eg-post-9500\" href=\"https:\/\/carnavalvegano.do\/index.php\/2017\/02\/03\/tercera-salida-carnavalvegano-21-febrero-2016\/\" target=\"_self\">Ver M\u00e1s<\/a><\/div>\n\t\t\t\t<div class=\"esg-center eg-post-9500 eg-monroe-element-1 esg-flipdownout\" data-delay=\"0\">Tercera Salida @CarnavalVegano 21 Febrero 2016<\/div>\n\t\t\t\t<div class=\"esg-top eg-post-9500 eg-monroe-element-8 esg-slidedown\" data-delay=\"0\">febrero 3, 2017<\/div>\n           <\/div>\n   <\/div>\n\n<\/li>\n<li id=\"eg-2-post-id-9503\" class=\"filterall filter-galeria eg-monroe-wrapper eg-post-id-9503\" data-date=\"1486128644\">\n    <div class=\"esg-media-cover-wrapper\">\n<div class=\"esg-entry-media\"><img loading=\"lazy\" decoding=\"async\" src=\"https:\/\/carnavalvegano.do\/wp-content\/uploads\/2017\/02\/img_6982.jpg\" alt=\"\" width=\"1024\" height=\"682\"><\/div>\n\n            <div class=\"esg-entry-cover\">\n\n                <div class=\"esg-overlay esg-fadeout eg-monroe-container\" data-delay=\"0\"><\/div>\n\n\t\t\t\t<div class=\"esg-bottom eg-post-9503 eg-monroe-element-0-a esg-flipup\" data-delay=\"0\"><a class=\"eg-monroe-element-0 eg-post-9503\" href=\"https:\/\/carnavalvegano.do\/index.php\/2017\/02\/03\/concierto-mozart-la-para-el-alfa-y-omega-estadio-olimpico-la-vega-21-feb-2016\/\" target=\"_self\">Ver M\u00e1s<\/a><\/div>\n\t\t\t\t<div class=\"esg-center eg-post-9503 eg-monroe-element-1 esg-flipdownout\" data-delay=\"0\">Concierto Mozart La Para, El Alfa y Omega @ Estadio Ol\u00edmpico, La Vega 21 Feb 2016<\/div>\n\t\t\t\t<div class=\"esg-top eg-post-9503 eg-monroe-element-8 esg-slidedown\" data-delay=\"0\">febrero 3, 2017<\/div>\n           <\/div>\n   <\/div>\n\n<\/li>\n<li id=\"eg-2-post-id-9506\" class=\"filterall filter-galeria eg-monroe-wrapper eg-post-id-9506\" data-date=\"1486128685\">\n    <div class=\"esg-media-cover-wrapper\">\n<div class=\"esg-entry-media\"><img loading=\"lazy\" decoding=\"async\" src=\"https:\/\/carnavalvegano.do\/wp-content\/uploads\/2017\/02\/img_2806.jpg\" alt=\"\" width=\"1024\" height=\"682\"><\/div>\n\n            <div class=\"esg-entry-cover\">\n\n                <div class=\"esg-overlay esg-fadeout eg-monroe-container\" data-delay=\"0\"><\/div>\n\n\t\t\t\t<div class=\"esg-bottom eg-post-9506 eg-monroe-element-0-a esg-flipup\" data-delay=\"0\"><a class=\"eg-monroe-element-0 eg-post-9506\" href=\"https:\/\/carnavalvegano.do\/index.php\/2017\/02\/03\/carnavalito-21-de-febrero-2016\/\" target=\"_self\">Ver M\u00e1s<\/a><\/div>\n\t\t\t\t<div class=\"esg-center eg-post-9506 eg-monroe-element-1 esg-flipdownout\" data-delay=\"0\">Carnavalito 21 de Febrero 2016<\/div>\n\t\t\t\t<div class=\"esg-top eg-post-9506 eg-monroe-element-8 esg-slidedown\" data-delay=\"0\">febrero 3, 2017<\/div>\n           <\/div>\n   <\/div>\n\n<\/li>\n<li id=\"eg-2-post-id-9509\" class=\"filterall filter-galeria eg-monroe-wrapper eg-post-id-9509\" data-date=\"1486128723\">\n    <div class=\"esg-media-cover-wrapper\">\n<div class=\"esg-entry-media\"><img loading=\"lazy\" decoding=\"async\" src=\"https:\/\/carnavalvegano.do\/wp-content\/uploads\/2017\/02\/img_7191.jpg\" alt=\"\" width=\"1024\" height=\"682\"><\/div>\n\n            <div class=\"esg-entry-cover\">\n\n                <div class=\"esg-overlay esg-fadeout eg-monroe-container\" data-delay=\"0\"><\/div>\n\n\t\t\t\t<div class=\"esg-bottom eg-post-9509 eg-monroe-element-0-a esg-flipup\" data-delay=\"0\"><a class=\"eg-monroe-element-0 eg-post-9509\" href=\"https:\/\/carnavalvegano.do\/index.php\/2017\/02\/03\/carnaval-vegano-27-febrero-2016\/\" target=\"_self\">Ver M\u00e1s<\/a><\/div>\n\t\t\t\t<div class=\"esg-center eg-post-9509 eg-monroe-element-1 esg-flipdownout\" data-delay=\"0\">Carnaval Vegano 27 Febrero 2016<\/div>\n\t\t\t\t<div class=\"esg-top eg-post-9509 eg-monroe-element-8 esg-slidedown\" data-delay=\"0\">febrero 3, 2017<\/div>\n           <\/div>\n   <\/div>\n\n<\/li>\n<li id=\"eg-2-post-id-9512\" class=\"filterall filter-galeria eg-monroe-wrapper eg-post-id-9512\" data-date=\"1486128918\">\n    <div class=\"esg-media-cover-wrapper\">\n<div class=\"esg-entry-media\"><img loading=\"lazy\" decoding=\"async\" src=\"https:\/\/carnavalvegano.do\/wp-content\/uploads\/2017\/02\/img_8086-2.jpg\" alt=\"\" width=\"1024\" height=\"682\"><\/div>\n\n            <div class=\"esg-entry-cover\">\n\n                <div class=\"esg-overlay esg-fadeout eg-monroe-container\" data-delay=\"0\"><\/div>\n\n\t\t\t\t<div class=\"esg-bottom eg-post-9512 eg-monroe-element-0-a esg-flipup\" data-delay=\"0\"><a class=\"eg-monroe-element-0 eg-post-9512\" href=\"https:\/\/carnavalvegano.do\/index.php\/2017\/02\/03\/concierto-27-febrero-sergio-vargas-super-nuevo-y-carlitos-way-estadio-olimpico-la-vega\/\" target=\"_self\">Ver M\u00e1s<\/a><\/div>\n\t\t\t\t<div class=\"esg-center eg-post-9512 eg-monroe-element-1 esg-flipdownout\" data-delay=\"0\">Concierto 27 Febrero Sergio Vargas, Super Nuevo y Carlitos Way @ Estadio Ol\u00edmpico, La Vega<\/div>\n\t\t\t\t<div class=\"esg-top eg-post-9512 eg-monroe-element-8 esg-slidedown\" data-delay=\"0\">febrero 3, 2017<\/div>\n           <\/div>\n   <\/div>\n\n<\/li>\n<li id=\"eg-2-post-id-9516\" class=\"filterall filter-galeria eg-monroe-wrapper eg-post-id-9516\" data-date=\"1486128989\">\n    <div class=\"esg-media-cover-wrapper\">\n<div class=\"esg-entry-media\"><img loading=\"lazy\" decoding=\"async\" src=\"https:\/\/carnavalvegano.do\/wp-content\/uploads\/2017\/02\/img_8463-web.jpg\" alt=\"\" width=\"1600\" height=\"1066\"><\/div>\n\n            <div class=\"esg-entry-cover\">\n\n                <div class=\"esg-overlay esg-fadeout eg-monroe-container\" data-delay=\"0\"><\/div>\n\n\t\t\t\t<div class=\"esg-bottom eg-post-9516 eg-monroe-element-0-a esg-flipup\" data-delay=\"0\"><a class=\"eg-monroe-element-0 eg-post-9516\" href=\"https:\/\/carnavalvegano.do\/index.php\/2017\/02\/03\/ultima-salida-carnaval-vegano-2016\/\" target=\"_self\">Ver M\u00e1s<\/a><\/div>\n\t\t\t\t<div class=\"esg-center eg-post-9516 eg-monroe-element-1 esg-flipdownout\" data-delay=\"0\">Ultima salida Carnaval Vegano 2016<\/div>\n\t\t\t\t<div class=\"esg-top eg-post-9516 eg-monroe-element-8 esg-slidedown\" data-delay=\"0\">febrero 3, 2017<\/div>\n           <\/div>\n   <\/div>\n\n<\/li>\n<li id=\"eg-2-post-id-9519\" class=\"filterall filter-galeria eg-monroe-wrapper eg-post-id-9519\" data-date=\"1486129112\">\n    <div class=\"esg-media-cover-wrapper\">\n<div class=\"esg-entry-media\"><img loading=\"lazy\" decoding=\"async\" src=\"https:\/\/carnavalvegano.do\/wp-content\/uploads\/2017\/02\/IMG_8980.jpg\" alt=\"\" width=\"5184\" height=\"3456\"><\/div>\n\n            <div class=\"esg-entry-cover\">\n\n                <div class=\"esg-overlay esg-fadeout eg-monroe-container\" data-delay=\"0\"><\/div>\n\n\t\t\t\t<div class=\"esg-bottom eg-post-9519 eg-monroe-element-0-a esg-flipup\" data-delay=\"0\"><a class=\"eg-monroe-element-0 eg-post-9519\" href=\"https:\/\/carnavalvegano.do\/index.php\/2017\/02\/03\/concierto-carnaval-vegano-2016-fernando-villalona-elvis-martinez-y-gilberto-santa-rosa-28-febrero-2016\/\" target=\"_self\">Ver M\u00e1s<\/a><\/div>\n\t\t\t\t<div class=\"esg-center eg-post-9519 eg-monroe-element-1 esg-flipdownout\" data-delay=\"0\">Concierto Carnaval Vegano 2016 - Fernando Villalona, Elvis Mart\u00ednez y Gilberto Santa Rosa 28 Febrero 2016<\/div>\n\t\t\t\t<div class=\"esg-top eg-post-9519 eg-monroe-element-8 esg-slidedown\" data-delay=\"0\">febrero 3, 2017<\/div>\n           <\/div>\n   <\/div>\n\n<\/li>\n<li id=\"eg-2-post-id-9523\" class=\"filterall filter-galeria eg-monroe-wrapper eg-post-id-9523\" data-date=\"1486129166\">\n    <div class=\"esg-media-cover-wrapper\">\n<div class=\"esg-entry-media\"><img loading=\"lazy\" decoding=\"async\" src=\"https:\/\/carnavalvegano.do\/wp-content\/uploads\/2017\/02\/carnavalvegano.do-1.jpg\" alt=\"\" width=\"800\" height=\"533\"><\/div>\n\n            <div class=\"esg-entry-cover\">\n\n                <div class=\"esg-overlay esg-fadeout eg-monroe-container\" data-delay=\"0\"><\/div>\n\n\t\t\t\t<div class=\"esg-bottom eg-post-9523 eg-monroe-element-0-a esg-flipup\" data-delay=\"0\"><a class=\"eg-monroe-element-0 eg-post-9523\" href=\"https:\/\/carnavalvegano.do\/index.php\/2017\/02\/03\/lanzamiento-oficial-carnaval-vegano-2017-salon-eventos-sambil\/\" target=\"_self\">Ver M\u00e1s<\/a><\/div>\n\t\t\t\t<div class=\"esg-center eg-post-9523 eg-monroe-element-1 esg-flipdownout\" data-delay=\"0\">Lanzamiento Oficial Carnaval Vegano 2017 @ Sal\u00f3n Eventos Sambil<\/div>\n\t\t\t\t<div class=\"esg-top eg-post-9523 eg-monroe-element-8 esg-slidedown\" data-delay=\"0\">febrero 3, 2017<\/div>\n           <\/div>\n   <\/div>\n\n<\/li>\n<li id=\"eg-2-post-id-9526\" class=\"filterall filter-galeria eg-monroe-wrapper eg-post-id-9526\" data-date=\"1486129389\">\n    <div class=\"esg-media-cover-wrapper\">\n<div class=\"esg-entry-media\"><img loading=\"lazy\" decoding=\"async\" src=\"https:\/\/carnavalvegano.do\/wp-content\/uploads\/2017\/02\/Portada-Reina-Infantil-1.jpg\" alt=\"\" width=\"2000\" height=\"1333\"><\/div>\n\n            <div class=\"esg-entry-cover\">\n\n                <div class=\"esg-overlay esg-fadeout eg-monroe-container\" data-delay=\"0\"><\/div>\n\n\t\t\t\t<div class=\"esg-bottom eg-post-9526 eg-monroe-element-0-a esg-flipup\" data-delay=\"0\"><a class=\"eg-monroe-element-0 eg-post-9526\" href=\"https:\/\/carnavalvegano.do\/index.php\/2017\/02\/03\/coronacion-reina-infantil-carnaval-vegano-2017-teatro-dosa-22-enero-2017\/\" target=\"_self\">Ver M\u00e1s<\/a><\/div>\n\t\t\t\t<div class=\"esg-center eg-post-9526 eg-monroe-element-1 esg-flipdownout\" data-delay=\"0\">Coronaci\u00f3n Reina Infantil Carnaval Vegano 2017 @ Teatro DOSA 22 Enero 2017<\/div>\n\t\t\t\t<div class=\"esg-top eg-post-9526 eg-monroe-element-8 esg-slidedown\" data-delay=\"0\">febrero 3, 2017<\/div>\n           <\/div>\n   <\/div>\n\n<\/li>\n<li id=\"eg-2-post-id-9529\" class=\"filterall filter-galeria eg-monroe-wrapper eg-post-id-9529\" data-date=\"1486129465\">\n    <div class=\"esg-media-cover-wrapper\">\n<div class=\"esg-entry-media\"><img loading=\"lazy\" decoding=\"async\" src=\"https:\/\/carnavalvegano.do\/wp-content\/uploads\/2017\/02\/IMG_0213.jpg\" alt=\"\" width=\"2000\" height=\"1333\"><\/div>\n\n            <div class=\"esg-entry-cover\">\n\n                <div class=\"esg-overlay esg-fadeout eg-monroe-container\" data-delay=\"0\"><\/div>\n\n\t\t\t\t<div class=\"esg-bottom eg-post-9529 eg-monroe-element-0-a esg-flipup\" data-delay=\"0\"><a class=\"eg-monroe-element-0 eg-post-9529\" href=\"https:\/\/carnavalvegano.do\/index.php\/2017\/02\/03\/coronacion-rey-momo-2017-parque-las-flores-ene-28\/\" target=\"_self\">Ver M\u00e1s<\/a><\/div>\n\t\t\t\t<div class=\"esg-center eg-post-9529 eg-monroe-element-1 esg-flipdownout\" data-delay=\"0\">Coronaci\u00f3n Rey Momo 2017 @ Parque Las Flores Ene 28<\/div>\n\t\t\t\t<div class=\"esg-top eg-post-9529 eg-monroe-element-8 esg-slidedown\" data-delay=\"0\">febrero 3, 2017<\/div>\n           <\/div>\n   <\/div>\n\n<\/li>\n<li id=\"eg-2-post-id-9691\" class=\"filterall filter-galeria eg-monroe-wrapper eg-post-id-9691\" data-date=\"1486404768\">\n    <div class=\"esg-media-cover-wrapper\">\n<div class=\"esg-entry-media\"><img loading=\"lazy\" decoding=\"async\" src=\"https:\/\/carnavalvegano.do\/wp-content\/uploads\/2017\/02\/cv1-309-web.jpg\" alt=\"\" width=\"1600\" height=\"1066\"><\/div>\n\n            <div class=\"esg-entry-cover\">\n\n                <div class=\"esg-overlay esg-fadeout eg-monroe-container\" data-delay=\"0\"><\/div>\n\n\t\t\t\t<div class=\"esg-bottom eg-post-9691 eg-monroe-element-0-a esg-flipup\" data-delay=\"0\"><a class=\"eg-monroe-element-0 eg-post-9691\" href=\"https:\/\/carnavalvegano.do\/index.php\/2017\/02\/06\/coronacion-reina-carnaval-vegano-2017-fernando-teruel-ene-27\/\" target=\"_self\">Ver M\u00e1s<\/a><\/div>\n\t\t\t\t<div class=\"esg-center eg-post-9691 eg-monroe-element-1 esg-flipdownout\" data-delay=\"0\">Coronaci\u00f3n Reina Carnaval Vegano 2017 @ Fernando Teruel Ene 27<\/div>\n\t\t\t\t<div class=\"esg-top eg-post-9691 eg-monroe-element-8 esg-slidedown\" data-delay=\"0\">febrero 6, 2017<\/div>\n           <\/div>\n   <\/div>\n\n<\/li>\n<li id=\"eg-2-post-id-9694\" class=\"filterall filter-galeria eg-monroe-wrapper eg-post-id-9694\" data-date=\"1486405394\">\n    <div class=\"esg-media-cover-wrapper\">\n<div class=\"esg-entry-media\"><img loading=\"lazy\" decoding=\"async\" src=\"https:\/\/carnavalvegano.do\/wp-content\/uploads\/2017\/02\/img_0494-web.jpg\" alt=\"\" width=\"1600\" height=\"1066\"><\/div>\n\n            <div class=\"esg-entry-cover\">\n\n                <div class=\"esg-overlay esg-fadeout eg-monroe-container\" data-delay=\"0\"><\/div>\n\n\t\t\t\t<div class=\"esg-bottom eg-post-9694 eg-monroe-element-0-a esg-flipup\" data-delay=\"0\"><a class=\"eg-monroe-element-0 eg-post-9694\" href=\"https:\/\/carnavalvegano.do\/index.php\/2017\/02\/06\/desfile-oficial-apertura-carnaval-vegano-2017\/\" target=\"_self\">Ver M\u00e1s<\/a><\/div>\n\t\t\t\t<div class=\"esg-center eg-post-9694 eg-monroe-element-1 esg-flipdownout\" data-delay=\"0\">Desfile Oficial Apertura Carnaval Vegano 2017<\/div>\n\t\t\t\t<div class=\"esg-top eg-post-9694 eg-monroe-element-8 esg-slidedown\" data-delay=\"0\">febrero 6, 2017<\/div>\n           <\/div>\n   <\/div>\n\n<\/li>\n<li id=\"eg-2-post-id-9697\" class=\"filterall filter-galeria eg-monroe-wrapper eg-post-id-9697\" data-date=\"1486405856\">\n    <div class=\"esg-media-cover-wrapper\">\n<div class=\"esg-entry-media\"><img loading=\"lazy\" decoding=\"async\" src=\"https:\/\/carnavalvegano.do\/wp-content\/uploads\/2017\/02\/img_1046-web.jpg\" alt=\"\" width=\"1600\" height=\"1066\"><\/div>\n\n            <div class=\"esg-entry-cover\">\n\n                <div class=\"esg-overlay esg-fadeout eg-monroe-container\" data-delay=\"0\"><\/div>\n\n\t\t\t\t<div class=\"esg-bottom eg-post-9697 eg-monroe-element-0-a esg-flipup\" data-delay=\"0\"><a class=\"eg-monroe-element-0 eg-post-9697\" href=\"https:\/\/carnavalvegano.do\/index.php\/2017\/02\/06\/concierto-nene-amenazzy-joseant-hidalgo-dj-mariposa-dito-bernard-dj-plex\/\" target=\"_self\">Ver M\u00e1s<\/a><\/div>\n\t\t\t\t<div class=\"esg-center eg-post-9697 eg-monroe-element-1 esg-flipdownout\" data-delay=\"0\">Concierto Nene Amenazzy, Joseant Hidalgo, Dj Mariposa, Dito Bernard & Dj Plex<\/div>\n\t\t\t\t<div class=\"esg-top eg-post-9697 eg-monroe-element-8 esg-slidedown\" data-delay=\"0\">febrero 6, 2017<\/div>\n           <\/div>\n   <\/div>\n\n<\/li>\n<li id=\"eg-2-post-id-9700\" class=\"filterall filter-galeria eg-monroe-wrapper eg-post-id-9700\" data-date=\"1486406446\">\n    <div class=\"esg-media-cover-wrapper\">\n<div class=\"esg-entry-media\"><img loading=\"lazy\" decoding=\"async\" src=\"https:\/\/carnavalvegano.do\/wp-content\/uploads\/2017\/02\/img_1521-web.jpg\" alt=\"\" width=\"1600\" height=\"1066\"><\/div>\n\n            <div class=\"esg-entry-cover\">\n\n                <div class=\"esg-overlay esg-fadeout eg-monroe-container\" data-delay=\"0\"><\/div>\n\n\t\t\t\t<div class=\"esg-bottom eg-post-9700 eg-monroe-element-0-a esg-flipup\" data-delay=\"0\"><a class=\"eg-monroe-element-0 eg-post-9700\" href=\"https:\/\/carnavalvegano.do\/index.php\/2017\/02\/06\/primera-salida-carnaval-vegano-feb-5-2017\/\" target=\"_self\">Ver M\u00e1s<\/a><\/div>\n\t\t\t\t<div class=\"esg-center eg-post-9700 eg-monroe-element-1 esg-flipdownout\" data-delay=\"0\">Primera Salida Carnaval Vegano - Feb 5 2017<\/div>\n\t\t\t\t<div class=\"esg-top eg-post-9700 eg-monroe-element-8 esg-slidedown\" data-delay=\"0\">febrero 6, 2017<\/div>\n           <\/div>\n   <\/div>\n\n<\/li>\n<li id=\"eg-2-post-id-9760\" class=\"filterall filter-galeria eg-monroe-wrapper eg-post-id-9760\" data-date=\"1486728837\">\n    <div class=\"esg-media-cover-wrapper\">\n<div class=\"esg-entry-media\"><img loading=\"lazy\" decoding=\"async\" src=\"https:\/\/carnavalvegano.do\/wp-content\/uploads\/2017\/02\/img_1809-web.jpg\" alt=\"\" width=\"1600\" height=\"1066\"><\/div>\n\n            <div class=\"esg-entry-cover\">\n\n                <div class=\"esg-overlay esg-fadeout eg-monroe-container\" data-delay=\"0\"><\/div>\n\n\t\t\t\t<div class=\"esg-bottom eg-post-9760 eg-monroe-element-0-a esg-flipup\" data-delay=\"0\"><a class=\"eg-monroe-element-0 eg-post-9760\" href=\"https:\/\/carnavalvegano.do\/index.php\/2017\/02\/10\/concierto-primer-domingo-carnaval-vegano-ozuna-bulin-47-feb-5-2017\/\" target=\"_self\">Ver M\u00e1s<\/a><\/div>\n\t\t\t\t<div class=\"esg-center eg-post-9760 eg-monroe-element-1 esg-flipdownout\" data-delay=\"0\">Concierto Primer Domingo Carnaval Vegano, Ozuna & Bulin 47 - Feb 5 2017<\/div>\n\t\t\t\t<div class=\"esg-top eg-post-9760 eg-monroe-element-8 esg-slidedown\" data-delay=\"0\">febrero 10, 2017<\/div>\n           <\/div>\n   <\/div>\n\n<\/li>\n<li id=\"eg-2-post-id-9765\" class=\"filterall filter-galeria eg-monroe-wrapper eg-post-id-9765\" data-date=\"1486873416\">\n    <div class=\"esg-media-cover-wrapper\">\n<div class=\"esg-entry-media\"><img loading=\"lazy\" decoding=\"async\" src=\"https:\/\/carnavalvegano.do\/wp-content\/uploads\/2017\/02\/img_1634-web.jpg\" alt=\"\" width=\"1600\" height=\"1066\"><\/div>\n\n            <div class=\"esg-entry-cover\">\n\n                <div class=\"esg-overlay esg-fadeout eg-monroe-container\" data-delay=\"0\"><\/div>\n\n\t\t\t\t<div class=\"esg-bottom eg-post-9765 eg-monroe-element-0-a esg-flipup\" data-delay=\"0\"><a class=\"eg-monroe-element-0 eg-post-9765\" href=\"https:\/\/carnavalvegano.do\/index.php\/2017\/02\/12\/concierto-mark-b-dj-la-chama-dj-scuff-camilo-taveras-manny-figueroa-feb-12-2017\/\" target=\"_self\">Ver M\u00e1s<\/a><\/div>\n\t\t\t\t<div class=\"esg-center eg-post-9765 eg-monroe-element-1 esg-flipdownout\" data-delay=\"0\">Concierto Mark B, Dj La Chama, Dj Scuff, Camilo Taveras & Manny Figueroa - Feb 11 2017<\/div>\n\t\t\t\t<div class=\"esg-top eg-post-9765 eg-monroe-element-8 esg-slidedown\" data-delay=\"0\">febrero 12, 2017<\/div>\n           <\/div>\n   <\/div>\n\n<\/li>\n<li id=\"eg-2-post-id-9768\" class=\"filterall filter-galeria eg-monroe-wrapper eg-post-id-9768\" data-date=\"1486944874\">\n    <div class=\"esg-media-cover-wrapper\">\n<div class=\"esg-entry-media\"><img loading=\"lazy\" decoding=\"async\" src=\"https:\/\/carnavalvegano.do\/wp-content\/uploads\/2017\/02\/img_1790-web.jpg\" alt=\"\" width=\"1600\" height=\"1066\"><\/div>\n\n            <div class=\"esg-entry-cover\">\n\n                <div class=\"esg-overlay esg-fadeout eg-monroe-container\" data-delay=\"0\"><\/div>\n\n\t\t\t\t<div class=\"esg-bottom eg-post-9768 eg-monroe-element-0-a esg-flipup\" data-delay=\"0\"><a class=\"eg-monroe-element-0 eg-post-9768\" href=\"https:\/\/carnavalvegano.do\/index.php\/2017\/02\/13\/segunda-salida-carnaval-vegano-2017-feb-12-2017\/\" target=\"_self\">Ver M\u00e1s<\/a><\/div>\n\t\t\t\t<div class=\"esg-center eg-post-9768 eg-monroe-element-1 esg-flipdownout\" data-delay=\"0\">Segunda Salida Carnaval Vegano 2017 - Feb 12 2017<\/div>\n\t\t\t\t<div class=\"esg-top eg-post-9768 eg-monroe-element-8 esg-slidedown\" data-delay=\"0\">febrero 13, 2017<\/div>\n           <\/div>\n   <\/div>\n\n<\/li>\n<li id=\"eg-2-post-id-9772\" class=\"filterall filter-galeria eg-monroe-wrapper eg-post-id-9772\" data-date=\"1486953400\">\n    <div class=\"esg-media-cover-wrapper\">\n<div class=\"esg-entry-media\"><img loading=\"lazy\" decoding=\"async\" src=\"https:\/\/carnavalvegano.do\/wp-content\/uploads\/2017\/02\/img_2758-web.jpg\" alt=\"\" width=\"1600\" height=\"1066\"><\/div>\n\n            <div class=\"esg-entry-cover\">\n\n                <div class=\"esg-overlay esg-fadeout eg-monroe-container\" data-delay=\"0\"><\/div>\n\n\t\t\t\t<div class=\"esg-bottom eg-post-9772 eg-monroe-element-0-a esg-flipup\" data-delay=\"0\"><a class=\"eg-monroe-element-0 eg-post-9772\" href=\"https:\/\/carnavalvegano.do\/index.php\/2017\/02\/13\/concierto-segunda-salida-carnaval-vegano-don-miguelo-omega-feb-12-2017\/\" target=\"_self\">Ver M\u00e1s<\/a><\/div>\n\t\t\t\t<div class=\"esg-center eg-post-9772 eg-monroe-element-1 esg-flipdownout\" data-delay=\"0\">Concierto Segunda Salida Carnaval Vegano, Don Miguelo & Omega - Feb 12 2017<\/div>\n\t\t\t\t<div class=\"esg-top eg-post-9772 eg-monroe-element-8 esg-slidedown\" data-delay=\"0\">febrero 13, 2017<\/div>\n           <\/div>\n   <\/div>\n\n<\/li>\n<li id=\"eg-2-post-id-9792\" class=\"filterall filter-galeria eg-monroe-wrapper eg-post-id-9792\" data-date=\"1487476688\">\n    <div class=\"esg-media-cover-wrapper\">\n<div class=\"esg-entry-media\"><img loading=\"lazy\" decoding=\"async\" src=\"https:\/\/carnavalvegano.do\/wp-content\/uploads\/2017\/02\/img_2175-web.jpg\" alt=\"\" width=\"1600\" height=\"1066\"><\/div>\n\n            <div class=\"esg-entry-cover\">\n\n                <div class=\"esg-overlay esg-fadeout eg-monroe-container\" data-delay=\"0\"><\/div>\n\n\t\t\t\t<div class=\"esg-bottom eg-post-9792 eg-monroe-element-0-a esg-flipup\" data-delay=\"0\"><a class=\"eg-monroe-element-0 eg-post-9792\" href=\"https:\/\/carnavalvegano.do\/index.php\/2017\/02\/19\/concierto-carnaval-vegano-el-mayor-joseant-hidalgo-dj-mariposa-luois-crisostomo-feb-18-2017\/\" target=\"_self\">Ver M\u00e1s<\/a><\/div>\n\t\t\t\t<div class=\"esg-center eg-post-9792 eg-monroe-element-1 esg-flipdownout\" data-delay=\"0\">Concierto Carnaval Vegano El Mayor, Joseant Hidalgo, Dj Mariposa & Luois Crisostomo - Feb 18 2017<\/div>\n\t\t\t\t<div class=\"esg-top eg-post-9792 eg-monroe-element-8 esg-slidedown\" data-delay=\"0\">febrero 19, 2017<\/div>\n           <\/div>\n   <\/div>\n\n<\/li>\n<li id=\"eg-2-post-id-9795\" class=\"filterall filter-galeria eg-monroe-wrapper eg-post-id-9795\" data-date=\"1487551551\">\n    <div class=\"esg-media-cover-wrapper\">\n<div class=\"esg-entry-media\"><img loading=\"lazy\" decoding=\"async\" src=\"https:\/\/carnavalvegano.do\/wp-content\/uploads\/2017\/02\/img_2723-web.jpg\" alt=\"\" width=\"1600\" height=\"1066\"><\/div>\n\n            <div class=\"esg-entry-cover\">\n\n                <div class=\"esg-overlay esg-fadeout eg-monroe-container\" data-delay=\"0\"><\/div>\n\n\t\t\t\t<div class=\"esg-bottom eg-post-9795 eg-monroe-element-0-a esg-flipup\" data-delay=\"0\"><a class=\"eg-monroe-element-0 eg-post-9795\" href=\"https:\/\/carnavalvegano.do\/index.php\/2017\/02\/20\/tercera-salida-carnaval-vegano-feb-19-2017\/\" target=\"_self\">Ver M\u00e1s<\/a><\/div>\n\t\t\t\t<div class=\"esg-center eg-post-9795 eg-monroe-element-1 esg-flipdownout\" data-delay=\"0\">Tercera Salida Carnaval Vegano - Feb 19 2017<\/div>\n\t\t\t\t<div class=\"esg-top eg-post-9795 eg-monroe-element-8 esg-slidedown\" data-delay=\"0\">febrero 20, 2017<\/div>\n           <\/div>\n   <\/div>\n\n<\/li>\n<li id=\"eg-2-post-id-9798\" class=\"filterall filter-galeria eg-monroe-wrapper eg-post-id-9798\" data-date=\"1487561797\">\n    <div class=\"esg-media-cover-wrapper\">\n<div class=\"esg-entry-media\"><img loading=\"lazy\" decoding=\"async\" src=\"https:\/\/carnavalvegano.do\/wp-content\/uploads\/2017\/02\/img_3135-web.jpg\" alt=\"\" width=\"1600\" height=\"1066\"><\/div>\n\n            <div class=\"esg-entry-cover\">\n\n                <div class=\"esg-overlay esg-fadeout eg-monroe-container\" data-delay=\"0\"><\/div>\n\n\t\t\t\t<div class=\"esg-bottom eg-post-9798 eg-monroe-element-0-a esg-flipup\" data-delay=\"0\"><a class=\"eg-monroe-element-0 eg-post-9798\" href=\"https:\/\/carnavalvegano.do\/index.php\/2017\/02\/20\/concierto-tercer-domingo-mozart-la-para-new-york-band-gabriel-feb-19-2017\/\" target=\"_self\">Ver M\u00e1s<\/a><\/div>\n\t\t\t\t<div class=\"esg-center eg-post-9798 eg-monroe-element-1 esg-flipdownout\" data-delay=\"0\">Concierto Tercer Domingo, Mozart La Para, New York Band & Gabriel - Feb 19 2017<\/div>\n\t\t\t\t<div class=\"esg-top eg-post-9798 eg-monroe-element-8 esg-slidedown\" data-delay=\"0\">febrero 20, 2017<\/div>\n           <\/div>\n   <\/div>\n\n<\/li>\n<li id=\"eg-2-post-id-9808\" class=\"filterall filter-galeria eg-monroe-wrapper eg-post-id-9808\" data-date=\"1488080048\">\n    <div class=\"esg-media-cover-wrapper\">\n<div class=\"esg-entry-media\"><img loading=\"lazy\" decoding=\"async\" src=\"https:\/\/carnavalvegano.do\/wp-content\/uploads\/2017\/02\/img_35762-web.jpg\" alt=\"\" width=\"1600\" height=\"1066\"><\/div>\n\n            <div class=\"esg-entry-cover\">\n\n                <div class=\"esg-overlay esg-fadeout eg-monroe-container\" data-delay=\"0\"><\/div>\n\n\t\t\t\t<div class=\"esg-bottom eg-post-9808 eg-monroe-element-0-a esg-flipup\" data-delay=\"0\"><a class=\"eg-monroe-element-0 eg-post-9808\" href=\"https:\/\/carnavalvegano.do\/index.php\/2017\/02\/26\/concierto-tercer-sabado-shellow-shaq-dito-bernard-dj-la-chama-dj-scuff-feb-25-2017\/\" target=\"_self\">Ver M\u00e1s<\/a><\/div>\n\t\t\t\t<div class=\"esg-center eg-post-9808 eg-monroe-element-1 esg-flipdownout\" data-delay=\"0\">Concierto Tercer S\u00e1bado, Shellow Shaq, Dito Bernard, Dj La Chama & Dj Scuff - Feb 25 2017<\/div>\n\t\t\t\t<div class=\"esg-top eg-post-9808 eg-monroe-element-8 esg-slidedown\" data-delay=\"0\">febrero 26, 2017<\/div>\n           <\/div>\n   <\/div>\n\n<\/li>\n<li id=\"eg-2-post-id-9813\" class=\"filterall filter-galeria eg-monroe-wrapper eg-post-id-9813\" data-date=\"1488152511\">\n    <div class=\"esg-media-cover-wrapper\">\n<div class=\"esg-entry-media\"><img loading=\"lazy\" decoding=\"async\" src=\"https:\/\/carnavalvegano.do\/wp-content\/uploads\/2017\/02\/img_3325-web.jpg\" alt=\"\" width=\"1600\" height=\"1066\"><\/div>\n\n            <div class=\"esg-entry-cover\">\n\n                <div class=\"esg-overlay esg-fadeout eg-monroe-container\" data-delay=\"0\"><\/div>\n\n\t\t\t\t<div class=\"esg-bottom eg-post-9813 eg-monroe-element-0-a esg-flipup\" data-delay=\"0\"><a class=\"eg-monroe-element-0 eg-post-9813\" href=\"https:\/\/carnavalvegano.do\/index.php\/2017\/02\/26\/cuarta-salida-carnaval-vegano-feb-26-2017\/\" target=\"_self\">Ver M\u00e1s<\/a><\/div>\n\t\t\t\t<div class=\"esg-center eg-post-9813 eg-monroe-element-1 esg-flipdownout\" data-delay=\"0\">Cuarta Salida Carnaval Vegano - Feb 26 2017<\/div>\n\t\t\t\t<div class=\"esg-top eg-post-9813 eg-monroe-element-8 esg-slidedown\" data-delay=\"0\">febrero 26, 2017<\/div>\n           <\/div>\n   <\/div>\n\n<\/li>\n<li id=\"eg-2-post-id-9816\" class=\"filterall filter-galeria eg-monroe-wrapper eg-post-id-9816\" data-date=\"1488159020\">\n    <div class=\"esg-media-cover-wrapper\">\n<div class=\"esg-entry-media\"><img loading=\"lazy\" decoding=\"async\" src=\"https:\/\/carnavalvegano.do\/wp-content\/uploads\/2017\/02\/img_3890-web.jpg\" alt=\"\" width=\"1600\" height=\"1066\"><\/div>\n\n            <div class=\"esg-entry-cover\">\n\n                <div class=\"esg-overlay esg-fadeout eg-monroe-container\" data-delay=\"0\"><\/div>\n\n\t\t\t\t<div class=\"esg-bottom eg-post-9816 eg-monroe-element-0-a esg-flipup\" data-delay=\"0\"><a class=\"eg-monroe-element-0 eg-post-9816\" href=\"https:\/\/carnavalvegano.do\/index.php\/2017\/02\/27\/concierto-cuarto-sabado-bad-bunny-lenny-tavarez-feb-26-2017\/\" target=\"_self\">Ver M\u00e1s<\/a><\/div>\n\t\t\t\t<div class=\"esg-center eg-post-9816 eg-monroe-element-1 esg-flipdownout\" data-delay=\"0\">Concierto Cuarto S\u00e1bado, Bad Bunny & Lenny Tavarez - Feb 26 2017<\/div>\n\t\t\t\t<div class=\"esg-top eg-post-9816 eg-monroe-element-8 esg-slidedown\" data-delay=\"0\">febrero 27, 2017<\/div>\n           <\/div>\n   <\/div>\n\n<\/li>\n<li id=\"eg-2-post-id-9819\" class=\"filterall filter-galeria eg-monroe-wrapper eg-post-id-9819\" data-date=\"1488235532\">\n    <div class=\"esg-media-cover-wrapper\">\n<div class=\"esg-entry-media\"><img loading=\"lazy\" decoding=\"async\" src=\"https:\/\/carnavalvegano.do\/wp-content\/uploads\/2017\/02\/img_0830-web.jpg\" alt=\"\" width=\"1600\" height=\"1066\"><\/div>\n\n            <div class=\"esg-entry-cover\">\n\n                <div class=\"esg-overlay esg-fadeout eg-monroe-container\" data-delay=\"0\"><\/div>\n\n\t\t\t\t<div class=\"esg-bottom eg-post-9819 eg-monroe-element-0-a esg-flipup\" data-delay=\"0\"><a class=\"eg-monroe-element-0 eg-post-9819\" href=\"https:\/\/carnavalvegano.do\/index.php\/2017\/02\/27\/ultima-salida-carnaval-vegano-feb-27-2017\/\" target=\"_self\">Ver M\u00e1s<\/a><\/div>\n\t\t\t\t<div class=\"esg-center eg-post-9819 eg-monroe-element-1 esg-flipdownout\" data-delay=\"0\">Ultima Salida Carnaval Vegano - Feb 27 2017<\/div>\n\t\t\t\t<div class=\"esg-top eg-post-9819 eg-monroe-element-8 esg-slidedown\" data-delay=\"0\">febrero 27, 2017<\/div>\n           <\/div>\n   <\/div>\n\n<\/li>\n<li id=\"eg-2-post-id-9822\" class=\"filterall filter-galeria eg-monroe-wrapper eg-post-id-9822\" data-date=\"1488251922\">\n    <div class=\"esg-media-cover-wrapper\">\n<div class=\"esg-entry-media\"><img loading=\"lazy\" decoding=\"async\" src=\"https:\/\/carnavalvegano.do\/wp-content\/uploads\/2017\/02\/IMG_4033.jpg\" alt=\"\" width=\"5184\" height=\"3456\"><\/div>\n\n            <div class=\"esg-entry-cover\">\n\n                <div class=\"esg-overlay esg-fadeout eg-monroe-container\" data-delay=\"0\"><\/div>\n\n\t\t\t\t<div class=\"esg-bottom eg-post-9822 eg-monroe-element-0-a esg-flipup\" data-delay=\"0\"><a class=\"eg-monroe-element-0 eg-post-9822\" href=\"https:\/\/carnavalvegano.do\/index.php\/2017\/02\/28\/concierto-cierre-carnaval-vegano-raulin-rodriguez-vakero-feb-27-2017\/\" target=\"_self\">Ver M\u00e1s<\/a><\/div>\n\t\t\t\t<div class=\"esg-center eg-post-9822 eg-monroe-element-1 esg-flipdownout\" data-delay=\"0\">Concierto Cierre Carnaval Vegano Raul\u00edn Rodr\u00edguez & Vaker\u00f3 - Feb 27 2017<\/div>\n\t\t\t\t<div class=\"esg-top eg-post-9822 eg-monroe-element-8 esg-slidedown\" data-delay=\"0\">febrero 28, 2017<\/div>\n           <\/div>\n   <\/div>\n\n<\/li>\n<li id=\"eg-2-post-id-10124\" class=\"filterall filter-galeria eg-monroe-wrapper eg-post-id-10124\" data-date=\"1516228656\">\n    <div class=\"esg-media-cover-wrapper\">\n<div class=\"esg-entry-media\"><img loading=\"lazy\" decoding=\"async\" src=\"https:\/\/carnavalvegano.do\/wp-content\/uploads\/2018\/01\/foto-lanzamiento-carnaval-2-web.jpg\" alt=\"\" width=\"1920\" height=\"1371\"><\/div>\n\n            <div class=\"esg-entry-cover\">\n\n                <div class=\"esg-overlay esg-fadeout eg-monroe-container\" data-delay=\"0\"><\/div>\n\n\t\t\t\t<div class=\"esg-bottom eg-post-10124 eg-monroe-element-0-a esg-flipup\" data-delay=\"0\"><a class=\"eg-monroe-element-0 eg-post-10124\" href=\"https:\/\/carnavalvegano.do\/index.php\/2018\/01\/17\/lanzamiento-oficial-carnaval-vegano-2018-salon-eventos-sambil-ene-16-2018\/\" target=\"_self\">Ver M\u00e1s<\/a><\/div>\n\t\t\t\t<div class=\"esg-center eg-post-10124 eg-monroe-element-1 esg-flipdownout\" data-delay=\"0\">Lanzamiento Oficial Carnaval Vegano 2018 @ Sal\u00f3n Eventos Sambil Ene 16 2018<\/div>\n\t\t\t\t<div class=\"esg-top eg-post-10124 eg-monroe-element-8 esg-slidedown\" data-delay=\"0\">enero 17, 2018<\/div>\n           <\/div>\n   <\/div>\n\n<\/li>\n<li id=\"eg-2-post-id-10135\" class=\"filterall filter-galeria eg-monroe-wrapper eg-post-id-10135\" data-date=\"1517061954\">\n    <div class=\"esg-media-cover-wrapper\">\n<div class=\"esg-entry-media\"><img loading=\"lazy\" decoding=\"async\" src=\"https:\/\/carnavalvegano.do\/wp-content\/uploads\/2018\/01\/CarnavalVegano-223.jpg\" alt=\"\" width=\"1000\" height=\"666\"><\/div>\n\n            <div class=\"esg-entry-cover\">\n\n                <div class=\"esg-overlay esg-fadeout eg-monroe-container\" data-delay=\"0\"><\/div>\n\n\t\t\t\t<div class=\"esg-bottom eg-post-10135 eg-monroe-element-0-a esg-flipup\" data-delay=\"0\"><a class=\"eg-monroe-element-0 eg-post-10135\" href=\"https:\/\/carnavalvegano.do\/index.php\/2018\/01\/27\/coronacion-reina-infantil-carnaval-vegano-teatro-dosa-ene-26-2018\/\" target=\"_self\">Ver M\u00e1s<\/a><\/div>\n\t\t\t\t<div class=\"esg-center eg-post-10135 eg-monroe-element-1 esg-flipdownout\" data-delay=\"0\">Coronaci\u00f3n Reina Infantil Carnaval Vegano 2018 @ Teatro DOSA Ene 26 2018<\/div>\n\t\t\t\t<div class=\"esg-top eg-post-10135 eg-monroe-element-8 esg-slidedown\" data-delay=\"0\">enero 27, 2018<\/div>\n           <\/div>\n   <\/div>\n\n<\/li>\n<li id=\"eg-2-post-id-10141\" class=\"filterall filter-galeria eg-monroe-wrapper eg-post-id-10141\" data-date=\"1517172511\">\n    <div class=\"esg-media-cover-wrapper\">\n<div class=\"esg-entry-media\"><img loading=\"lazy\" decoding=\"async\" src=\"https:\/\/carnavalvegano.do\/wp-content\/uploads\/2018\/01\/CarnavalVegano-461.jpg\" alt=\"\" width=\"1000\" height=\"666\"><\/div>\n\n            <div class=\"esg-entry-cover\">\n\n                <div class=\"esg-overlay esg-fadeout eg-monroe-container\" data-delay=\"0\"><\/div>\n\n\t\t\t\t<div class=\"esg-bottom eg-post-10141 eg-monroe-element-0-a esg-flipup\" data-delay=\"0\"><a class=\"eg-monroe-element-0 eg-post-10141\" href=\"https:\/\/carnavalvegano.do\/index.php\/2018\/01\/28\/noche-de-reyes-palacio-de-los-deportes-fernando-teruel-enero-27-2018\/\" target=\"_self\">Ver M\u00e1s<\/a><\/div>\n\t\t\t\t<div class=\"esg-center eg-post-10141 eg-monroe-element-1 esg-flipdownout\" data-delay=\"0\">Noche De Reyes @ Palacio De Los Deportes Fernando Teruel Enero 27 2018<\/div>\n\t\t\t\t<div class=\"esg-top eg-post-10141 eg-monroe-element-8 esg-slidedown\" data-delay=\"0\">enero 28, 2018<\/div>\n           <\/div>\n   <\/div>\n\n<\/li>\n<li id=\"eg-2-post-id-10145\" class=\"filterall filter-galeria eg-monroe-wrapper eg-post-id-10145\" data-date=\"1517762073\">\n    <div class=\"esg-media-cover-wrapper\">\n<div class=\"esg-entry-media\"><img loading=\"lazy\" decoding=\"async\" src=\"https:\/\/carnavalvegano.do\/wp-content\/uploads\/2018\/02\/CarnavalVegano-105.jpg\" alt=\"\" width=\"1000\" height=\"666\"><\/div>\n\n            <div class=\"esg-entry-cover\">\n\n                <div class=\"esg-overlay esg-fadeout eg-monroe-container\" data-delay=\"0\"><\/div>\n\n\t\t\t\t<div class=\"esg-bottom eg-post-10145 eg-monroe-element-0-a esg-flipup\" data-delay=\"0\"><a class=\"eg-monroe-element-0 eg-post-10145\" href=\"https:\/\/carnavalvegano.do\/index.php\/2018\/02\/04\/desfile-apertura-carnaval-vegano-2018-febrero-3-2018\/\" target=\"_self\">Ver M\u00e1s<\/a><\/div>\n\t\t\t\t<div class=\"esg-center eg-post-10145 eg-monroe-element-1 esg-flipdownout\" data-delay=\"0\">Desfile Apertura Carnaval Vegano 2018 - Febrero 3 2018<\/div>\n\t\t\t\t<div class=\"esg-top eg-post-10145 eg-monroe-element-8 esg-slidedown\" data-delay=\"0\">febrero 4, 2018<\/div>\n           <\/div>\n   <\/div>\n\n<\/li>\n<li id=\"eg-2-post-id-10148\" class=\"filterall filter-galeria eg-monroe-wrapper eg-post-id-10148\" data-date=\"1517762646\">\n    <div class=\"esg-media-cover-wrapper\">\n<div class=\"esg-entry-media\"><img loading=\"lazy\" decoding=\"async\" src=\"https:\/\/carnavalvegano.do\/wp-content\/uploads\/2018\/02\/CarnavalVegano-25.jpg\" alt=\"\" width=\"1000\" height=\"666\"><\/div>\n\n            <div class=\"esg-entry-cover\">\n\n                <div class=\"esg-overlay esg-fadeout eg-monroe-container\" data-delay=\"0\"><\/div>\n\n\t\t\t\t<div class=\"esg-bottom eg-post-10148 eg-monroe-element-0-a esg-flipup\" data-delay=\"0\"><a class=\"eg-monroe-element-0 eg-post-10148\" href=\"https:\/\/carnavalvegano.do\/index.php\/2018\/02\/04\/concierto-vakero-liro-shaq-el-sofoke-parque-las-flores-febrero-3-2018\/\" target=\"_self\">Ver M\u00e1s<\/a><\/div>\n\t\t\t\t<div class=\"esg-center eg-post-10148 eg-monroe-element-1 esg-flipdownout\" data-delay=\"0\">Concierto Vaker\u00f3, Liro Shaq El Sofoke @ Parque Las Flores - Febrero 3 2018<\/div>\n\t\t\t\t<div class=\"esg-top eg-post-10148 eg-monroe-element-8 esg-slidedown\" data-delay=\"0\">febrero 4, 2018<\/div>\n           <\/div>\n   <\/div>\n\n<\/li>\n<li id=\"eg-2-post-id-10151\" class=\"filterall filter-galeria eg-monroe-wrapper eg-post-id-10151\" data-date=\"1517787698\">\n    <div class=\"esg-media-cover-wrapper\">\n<div class=\"esg-entry-media\"><img loading=\"lazy\" decoding=\"async\" src=\"https:\/\/carnavalvegano.do\/wp-content\/uploads\/2018\/02\/CarnavalVegano-216.jpg\" alt=\"\" width=\"1000\" height=\"666\"><\/div>\n\n            <div class=\"esg-entry-cover\">\n\n                <div class=\"esg-overlay esg-fadeout eg-monroe-container\" data-delay=\"0\"><\/div>\n\n\t\t\t\t<div class=\"esg-bottom eg-post-10151 eg-monroe-element-0-a esg-flipup\" data-delay=\"0\"><a class=\"eg-monroe-element-0 eg-post-10151\" href=\"https:\/\/carnavalvegano.do\/index.php\/2018\/02\/04\/primera-salida-del-carnaval-vegano-2018-domingo-febrero-4-2018\/\" target=\"_self\">Ver M\u00e1s<\/a><\/div>\n\t\t\t\t<div class=\"esg-center eg-post-10151 eg-monroe-element-1 esg-flipdownout\" data-delay=\"0\">Primera Salida Del Carnaval Vegano 2018 - Domingo Febrero 4 2018<\/div>\n\t\t\t\t<div class=\"esg-top eg-post-10151 eg-monroe-element-8 esg-slidedown\" data-delay=\"0\">febrero 4, 2018<\/div>\n           <\/div>\n   <\/div>\n\n<\/li>\n<li id=\"eg-2-post-id-10154\" class=\"filterall filter-galeria eg-monroe-wrapper eg-post-id-10154\" data-date=\"1517800137\">\n    <div class=\"esg-media-cover-wrapper\">\n<div class=\"esg-entry-media\"><img loading=\"lazy\" decoding=\"async\" src=\"https:\/\/carnavalvegano.do\/wp-content\/uploads\/2018\/02\/CarnavalVegano-73.jpg\" alt=\"\" width=\"1000\" height=\"666\"><\/div>\n\n            <div class=\"esg-entry-cover\">\n\n                <div class=\"esg-overlay esg-fadeout eg-monroe-container\" data-delay=\"0\"><\/div>\n\n\t\t\t\t<div class=\"esg-bottom eg-post-10154 eg-monroe-element-0-a esg-flipup\" data-delay=\"0\"><a class=\"eg-monroe-element-0 eg-post-10154\" href=\"https:\/\/carnavalvegano.do\/index.php\/2018\/02\/05\/concierto-el-mayor-frank-reyes-michel-el-buenon-parque-las-flores-domingo-febrero-4-2018\/\" target=\"_self\">Ver M\u00e1s<\/a><\/div>\n\t\t\t\t<div class=\"esg-center eg-post-10154 eg-monroe-element-1 esg-flipdownout\" data-delay=\"0\">Concierto El Mayor, Frank Reyes, Michel El Buenon @ Parque Las Flores Domingo Febrero 4 2018<\/div>\n\t\t\t\t<div class=\"esg-top eg-post-10154 eg-monroe-element-8 esg-slidedown\" data-delay=\"0\">febrero 5, 2018<\/div>\n           <\/div>\n   <\/div>\n\n<\/li>\n<li id=\"eg-2-post-id-10157\" class=\"filterall filter-galeria eg-monroe-wrapper eg-post-id-10157\" data-date=\"1518370916\">\n    <div class=\"esg-media-cover-wrapper\">\n<div class=\"esg-entry-media\"><img loading=\"lazy\" decoding=\"async\" src=\"https:\/\/carnavalvegano.do\/wp-content\/uploads\/2018\/02\/CarnavalVegano-244.jpg\" alt=\"\" width=\"1000\" height=\"666\"><\/div>\n\n            <div class=\"esg-entry-cover\">\n\n                <div class=\"esg-overlay esg-fadeout eg-monroe-container\" data-delay=\"0\"><\/div>\n\n\t\t\t\t<div class=\"esg-bottom eg-post-10157 eg-monroe-element-0-a esg-flipup\" data-delay=\"0\"><a class=\"eg-monroe-element-0 eg-post-10157\" href=\"https:\/\/carnavalvegano.do\/index.php\/2018\/02\/11\/concierto-mark-b-chimbala-dito-bernard-parque-las-flores-domingo-febrero-10-2018\/\" target=\"_self\">Ver M\u00e1s<\/a><\/div>\n\t\t\t\t<div class=\"esg-center eg-post-10157 eg-monroe-element-1 esg-flipdownout\" data-delay=\"0\">Concierto Mark B, Chimbala & Dito Bernard @ Parque Las Flores Domingo Febrero 10 2018<\/div>\n\t\t\t\t<div class=\"esg-top eg-post-10157 eg-monroe-element-8 esg-slidedown\" data-delay=\"0\">febrero 11, 2018<\/div>\n           <\/div>\n   <\/div>\n\n<\/li>\n<li id=\"eg-2-post-id-10162\" class=\"filterall filter-galeria eg-monroe-wrapper eg-post-id-10162\" data-date=\"1518393873\">\n    <div class=\"esg-media-cover-wrapper\">\n<div class=\"esg-entry-media\"><img loading=\"lazy\" decoding=\"async\" src=\"https:\/\/carnavalvegano.do\/wp-content\/uploads\/2018\/02\/Carnaval-Vegano-2018-154.jpg\" alt=\"\" width=\"1000\" height=\"666\"><\/div>\n\n            <div class=\"esg-entry-cover\">\n\n                <div class=\"esg-overlay esg-fadeout eg-monroe-container\" data-delay=\"0\"><\/div>\n\n\t\t\t\t<div class=\"esg-bottom eg-post-10162 eg-monroe-element-0-a esg-flipup\" data-delay=\"0\"><a class=\"eg-monroe-element-0 eg-post-10162\" href=\"https:\/\/carnavalvegano.do\/index.php\/2018\/02\/12\/segunda-salida-carnaval-vegano-11-febrero-2018\/\" target=\"_self\">Ver M\u00e1s<\/a><\/div>\n\t\t\t\t<div class=\"esg-center eg-post-10162 eg-monroe-element-1 esg-flipdownout\" data-delay=\"0\">Segunda Salida Carnaval Vegano 2018 - Domingo 11 Febrero 2018<\/div>\n\t\t\t\t<div class=\"esg-top eg-post-10162 eg-monroe-element-8 esg-slidedown\" data-delay=\"0\">febrero 12, 2018<\/div>\n           <\/div>\n   <\/div>\n\n<\/li>\n<li id=\"eg-2-post-id-10167\" class=\"filterall filter-galeria eg-monroe-wrapper eg-post-id-10167\" data-date=\"1518404135\">\n    <div class=\"esg-media-cover-wrapper\">\n<div class=\"esg-entry-media\"><img loading=\"lazy\" decoding=\"async\" src=\"https:\/\/carnavalvegano.do\/wp-content\/uploads\/2018\/02\/Carnaval-Vegano-81.jpg\" alt=\"\" width=\"1000\" height=\"666\"><\/div>\n\n            <div class=\"esg-entry-cover\">\n\n                <div class=\"esg-overlay esg-fadeout eg-monroe-container\" data-delay=\"0\"><\/div>\n\n\t\t\t\t<div class=\"esg-bottom eg-post-10167 eg-monroe-element-0-a esg-flipup\" data-delay=\"0\"><a class=\"eg-monroe-element-0 eg-post-10167\" href=\"https:\/\/carnavalvegano.do\/index.php\/2018\/02\/12\/concierto-mozart-la-para-hermanos-rosario-domingo-11-febrero-2018\/\" target=\"_self\">Ver M\u00e1s<\/a><\/div>\n\t\t\t\t<div class=\"esg-center eg-post-10167 eg-monroe-element-1 esg-flipdownout\" data-delay=\"0\">Concierto Mozart La Para, Hermanos Rosario - Domingo 11 Febrero 2018<\/div>\n\t\t\t\t<div class=\"esg-top eg-post-10167 eg-monroe-element-8 esg-slidedown\" data-delay=\"0\">febrero 12, 2018<\/div>\n           <\/div>\n   <\/div>\n\n<\/li>\n<li id=\"eg-2-post-id-10190\" class=\"filterall filter-galeria eg-monroe-wrapper eg-post-id-10190\" data-date=\"1518960764\">\n    <div class=\"esg-media-cover-wrapper\">\n<div class=\"esg-entry-media\"><img loading=\"lazy\" decoding=\"async\" src=\"https:\/\/carnavalvegano.do\/wp-content\/uploads\/2018\/02\/Carnaval-Vegano-12.jpg\" alt=\"\" width=\"1000\" height=\"666\"><\/div>\n\n            <div class=\"esg-entry-cover\">\n\n                <div class=\"esg-overlay esg-fadeout eg-monroe-container\" data-delay=\"0\"><\/div>\n\n\t\t\t\t<div class=\"esg-bottom eg-post-10190 eg-monroe-element-0-a esg-flipup\" data-delay=\"0\"><a class=\"eg-monroe-element-0 eg-post-10190\" href=\"https:\/\/carnavalvegano.do\/index.php\/2018\/02\/18\/concierto-lapiz-conciente-secreto-dj-louis-crisostomo\/\" target=\"_self\">Ver M\u00e1s<\/a><\/div>\n\t\t\t\t<div class=\"esg-center eg-post-10190 eg-monroe-element-1 esg-flipdownout\" data-delay=\"0\">Concierto Lapiz Conciente, Secreto & Dj Louis Crisostomo<\/div>\n\t\t\t\t<div class=\"esg-top eg-post-10190 eg-monroe-element-8 esg-slidedown\" data-delay=\"0\">febrero 18, 2018<\/div>\n           <\/div>\n   <\/div>\n\n<\/li>\n<li id=\"eg-2-post-id-10194\" class=\"filterall filter-galeria eg-monroe-wrapper eg-post-id-10194\" data-date=\"1519074603\">\n    <div class=\"esg-media-cover-wrapper\">\n<div class=\"esg-entry-media\"><img loading=\"lazy\" decoding=\"async\" src=\"https:\/\/carnavalvegano.do\/wp-content\/uploads\/2018\/02\/Carnaval-Vegano-2018-187.jpg\" alt=\"\" width=\"750\" height=\"500\"><\/div>\n\n            <div class=\"esg-entry-cover\">\n\n                <div class=\"esg-overlay esg-fadeout eg-monroe-container\" data-delay=\"0\"><\/div>\n\n\t\t\t\t<div class=\"esg-bottom eg-post-10194 eg-monroe-element-0-a esg-flipup\" data-delay=\"0\"><a class=\"eg-monroe-element-0 eg-post-10194\" href=\"https:\/\/carnavalvegano.do\/index.php\/2018\/02\/19\/tercera-salida-carnaval-vegano-febrero-18-2018\/\" target=\"_self\">Ver M\u00e1s<\/a><\/div>\n\t\t\t\t<div class=\"esg-center eg-post-10194 eg-monroe-element-1 esg-flipdownout\" data-delay=\"0\">Tercera Salida Carnaval Vegano Febrero 18 2018<\/div>\n\t\t\t\t<div class=\"esg-top eg-post-10194 eg-monroe-element-8 esg-slidedown\" data-delay=\"0\">febrero 19, 2018<\/div>\n           <\/div>\n   <\/div>\n\n<\/li>\n<li id=\"eg-2-post-id-10197\" class=\"filterall filter-galeria eg-monroe-wrapper eg-post-id-10197\" data-date=\"1519078178\">\n    <div class=\"esg-media-cover-wrapper\">\n<div class=\"esg-entry-media\"><img loading=\"lazy\" decoding=\"async\" src=\"https:\/\/carnavalvegano.do\/wp-content\/uploads\/2018\/02\/Carnaval-Vegano-2018-162.jpg\" alt=\"\" width=\"750\" height=\"500\"><\/div>\n\n            <div class=\"esg-entry-cover\">\n\n                <div class=\"esg-overlay esg-fadeout eg-monroe-container\" data-delay=\"0\"><\/div>\n\n\t\t\t\t<div class=\"esg-bottom eg-post-10197 eg-monroe-element-0-a esg-flipup\" data-delay=\"0\"><a class=\"eg-monroe-element-0 eg-post-10197\" href=\"https:\/\/carnavalvegano.do\/index.php\/2018\/02\/19\/concierto-don-miguelo-musicologo-gabriel-dito-bernard-dj-mariposa\/\" target=\"_self\">Ver M\u00e1s<\/a><\/div>\n\t\t\t\t<div class=\"esg-center eg-post-10197 eg-monroe-element-1 esg-flipdownout\" data-delay=\"0\">Concierto Don Miguelo, Music\u00f3logo, Gabriel, Dito Bernard & Dj Mariposa<\/div>\n\t\t\t\t<div class=\"esg-top eg-post-10197 eg-monroe-element-8 esg-slidedown\" data-delay=\"0\">febrero 19, 2018<\/div>\n           <\/div>\n   <\/div>\n\n<\/li>\n<li id=\"eg-2-post-id-10201\" class=\"filterall filter-galeria eg-monroe-wrapper eg-post-id-10201\" data-date=\"1519569888\">\n    <div class=\"esg-media-cover-wrapper\">\n<div class=\"esg-entry-media\"><img loading=\"lazy\" decoding=\"async\" src=\"https:\/\/carnavalvegano.do\/wp-content\/uploads\/2018\/02\/Carnaval-Vegano-31.jpg\" alt=\"\" width=\"1000\" height=\"666\"><\/div>\n\n            <div class=\"esg-entry-cover\">\n\n                <div class=\"esg-overlay esg-fadeout eg-monroe-container\" data-delay=\"0\"><\/div>\n\n\t\t\t\t<div class=\"esg-bottom eg-post-10201 eg-monroe-element-0-a esg-flipup\" data-delay=\"0\"><a class=\"eg-monroe-element-0 eg-post-10201\" href=\"https:\/\/carnavalvegano.do\/index.php\/2018\/02\/25\/concierto-crazy-design-lirico-en-la-casa-dj-dito-bernard-febrero-25-2018\/\" target=\"_self\">Ver M\u00e1s<\/a><\/div>\n\t\t\t\t<div class=\"esg-center eg-post-10201 eg-monroe-element-1 esg-flipdownout\" data-delay=\"0\">Concierto Crazy Design, Lirico En La Casa & Dj Dito Bernard Febrero 25 2018<\/div>\n\t\t\t\t<div class=\"esg-top eg-post-10201 eg-monroe-element-8 esg-slidedown\" data-delay=\"0\">febrero 25, 2018<\/div>\n           <\/div>\n   <\/div>\n\n<\/li>\n<li id=\"eg-2-post-id-10212\" class=\"filterall filter-galeria eg-monroe-wrapper eg-post-id-10212\" data-date=\"1519638005\">\n    <div class=\"esg-media-cover-wrapper\">\n<div class=\"esg-entry-media\"><img loading=\"lazy\" decoding=\"async\" src=\"https:\/\/carnavalvegano.do\/wp-content\/uploads\/2018\/02\/img_1209-web.jpg\" alt=\"\" width=\"750\" height=\"500\"><\/div>\n\n            <div class=\"esg-entry-cover\">\n\n                <div class=\"esg-overlay esg-fadeout eg-monroe-container\" data-delay=\"0\"><\/div>\n\n\t\t\t\t<div class=\"esg-bottom eg-post-10212 eg-monroe-element-0-a esg-flipup\" data-delay=\"0\"><a class=\"eg-monroe-element-0 eg-post-10212\" href=\"https:\/\/carnavalvegano.do\/index.php\/2018\/02\/26\/cuarta-salida-carnaval-vegano-feb-25-2018\/\" target=\"_self\">Ver M\u00e1s<\/a><\/div>\n\t\t\t\t<div class=\"esg-center eg-post-10212 eg-monroe-element-1 esg-flipdownout\" data-delay=\"0\">Cuarta Salida Carnaval Vegano - Feb 25 2018<\/div>\n\t\t\t\t<div class=\"esg-top eg-post-10212 eg-monroe-element-8 esg-slidedown\" data-delay=\"0\">febrero 26, 2018<\/div>\n           <\/div>\n   <\/div>\n\n<\/li>\n<li id=\"eg-2-post-id-10215\" class=\"filterall filter-galeria eg-monroe-wrapper eg-post-id-10215\" data-date=\"1519672390\">\n    <div class=\"esg-media-cover-wrapper\">\n<div class=\"esg-entry-media\"><img loading=\"lazy\" decoding=\"async\" src=\"https:\/\/carnavalvegano.do\/wp-content\/uploads\/2018\/02\/Carnaval-Vegano-2018-29.jpg\" alt=\"\" width=\"750\" height=\"500\"><\/div>\n\n            <div class=\"esg-entry-cover\">\n\n                <div class=\"esg-overlay esg-fadeout eg-monroe-container\" data-delay=\"0\"><\/div>\n\n\t\t\t\t<div class=\"esg-bottom eg-post-10215 eg-monroe-element-0-a esg-flipup\" data-delay=\"0\"><a class=\"eg-monroe-element-0 eg-post-10215\" href=\"https:\/\/carnavalvegano.do\/index.php\/2018\/02\/26\/concierto-tono-rosario-el-alfa-dj-mariposa-dj-scuff-parque-las-flores-febrero-25-2018\/\" target=\"_self\">Ver M\u00e1s<\/a><\/div>\n\t\t\t\t<div class=\"esg-center eg-post-10215 eg-monroe-element-1 esg-flipdownout\" data-delay=\"0\">Concierto To\u00f1o Rosario, El Alfa, Dj Mariposa & Dj Scuff - Parque Las Flores Febrero 25 2018<\/div>\n\t\t\t\t<div class=\"esg-top eg-post-10215 eg-monroe-element-8 esg-slidedown\" data-delay=\"0\">febrero 26, 2018<\/div>\n           <\/div>\n   <\/div>\n\n<\/li>\n<li id=\"eg-2-post-id-10219\" class=\"filterall filter-galeria eg-monroe-wrapper eg-post-id-10219\" data-date=\"1519835359\">\n    <div class=\"esg-media-cover-wrapper\">\n<div class=\"esg-entry-media\"><img loading=\"lazy\" decoding=\"async\" src=\"https:\/\/carnavalvegano.do\/wp-content\/uploads\/2018\/02\/Carnaval-Vegano-2018-88.jpg\" alt=\"\" width=\"750\" height=\"500\"><\/div>\n\n            <div class=\"esg-entry-cover\">\n\n                <div class=\"esg-overlay esg-fadeout eg-monroe-container\" data-delay=\"0\"><\/div>\n\n\t\t\t\t<div class=\"esg-bottom eg-post-10219 eg-monroe-element-0-a esg-flipup\" data-delay=\"0\"><a class=\"eg-monroe-element-0 eg-post-10219\" href=\"https:\/\/carnavalvegano.do\/index.php\/2018\/02\/28\/desfile-dia-de-la-independecia-nacional-27-de-febrero\/\" target=\"_self\">Ver M\u00e1s<\/a><\/div>\n\t\t\t\t<div class=\"esg-center eg-post-10219 eg-monroe-element-1 esg-flipdownout\" data-delay=\"0\">Desfile D\u00eda de la Independecia Nacional 27 de Febrero<\/div>\n\t\t\t\t<div class=\"esg-top eg-post-10219 eg-monroe-element-8 esg-slidedown\" data-delay=\"0\">febrero 28, 2018<\/div>\n           <\/div>\n   <\/div>\n\n<\/li>\n<li id=\"eg-2-post-id-10222\" class=\"filterall filter-galeria eg-monroe-wrapper eg-post-id-10222\" data-date=\"1519837036\">\n    <div class=\"esg-media-cover-wrapper\">\n<div class=\"esg-entry-media\"><img loading=\"lazy\" decoding=\"async\" src=\"https:\/\/carnavalvegano.do\/wp-content\/uploads\/2018\/02\/img_2023-web.jpg\" alt=\"\" width=\"750\" height=\"500\"><\/div>\n\n            <div class=\"esg-entry-cover\">\n\n                <div class=\"esg-overlay esg-fadeout eg-monroe-container\" data-delay=\"0\"><\/div>\n\n\t\t\t\t<div class=\"esg-bottom eg-post-10222 eg-monroe-element-0-a esg-flipup\" data-delay=\"0\"><a class=\"eg-monroe-element-0 eg-post-10222\" href=\"https:\/\/carnavalvegano.do\/index.php\/2018\/02\/28\/ultima-salida-carnaval-vegano-27-febrero-2018\/\" target=\"_self\">Ver M\u00e1s<\/a><\/div>\n\t\t\t\t<div class=\"esg-center eg-post-10222 eg-monroe-element-1 esg-flipdownout\" data-delay=\"0\">Ultima Salida Carnaval Vegano 27 Febrero 2018<\/div>\n\t\t\t\t<div class=\"esg-top eg-post-10222 eg-monroe-element-8 esg-slidedown\" data-delay=\"0\">febrero 28, 2018<\/div>\n           <\/div>\n   <\/div>\n\n<\/li>\n<li id=\"eg-2-post-id-10225\" class=\"filterall filter-galeria eg-monroe-wrapper eg-post-id-10225\" data-date=\"1519841306\">\n    <div class=\"esg-media-cover-wrapper\">\n<div class=\"esg-entry-media\"><img loading=\"lazy\" decoding=\"async\" src=\"https:\/\/carnavalvegano.do\/wp-content\/uploads\/2018\/02\/Carnaval-Vegano-2018-50.jpg\" alt=\"\" width=\"750\" height=\"500\"><\/div>\n\n            <div class=\"esg-entry-cover\">\n\n                <div class=\"esg-overlay esg-fadeout eg-monroe-container\" data-delay=\"0\"><\/div>\n\n\t\t\t\t<div class=\"esg-bottom eg-post-10225 eg-monroe-element-0-a esg-flipup\" data-delay=\"0\"><a class=\"eg-monroe-element-0 eg-post-10225\" href=\"https:\/\/carnavalvegano.do\/index.php\/2018\/02\/28\/concierto-eddy-herrera-la-pandilla-el-nene-la-amenazzy-27-febrero-2018\/\" target=\"_self\">Ver M\u00e1s<\/a><\/div>\n\t\t\t\t<div class=\"esg-center eg-post-10225 eg-monroe-element-1 esg-flipdownout\" data-delay=\"0\">Concierto Eddy Herrera, La Pandilla & El Nene La Amenazzy - 27 Febrero 2018<\/div>\n\t\t\t\t<div class=\"esg-top eg-post-10225 eg-monroe-element-8 esg-slidedown\" data-delay=\"0\">febrero 28, 2018<\/div>\n           <\/div>\n   <\/div>\n\n<\/li>\n<li id=\"eg-2-post-id-10231\" class=\"filterall filter-galeria eg-monroe-wrapper eg-post-id-10231\" data-date=\"1547759245\">\n    <div class=\"esg-media-cover-wrapper\">\n<div class=\"esg-entry-media\"><img loading=\"lazy\" decoding=\"async\" src=\"https:\/\/carnavalvegano.do\/wp-content\/uploads\/2019\/01\/img_21601-web.jpg\" alt=\"\" width=\"750\" height=\"477\"><\/div>\n\n            <div class=\"esg-entry-cover\">\n\n                <div class=\"esg-overlay esg-fadeout eg-monroe-container\" data-delay=\"0\"><\/div>\n\n\t\t\t\t<div class=\"esg-bottom eg-post-10231 eg-monroe-element-0-a esg-flipup\" data-delay=\"0\"><a class=\"eg-monroe-element-0 eg-post-10231\" href=\"https:\/\/carnavalvegano.do\/index.php\/2019\/01\/17\/lanzamiento-oficial-carnaval-vegano-2019-hotel-intercontinental-15-ene-2019\/\" target=\"_self\">Ver M\u00e1s<\/a><\/div>\n\t\t\t\t<div class=\"esg-center eg-post-10231 eg-monroe-element-1 esg-flipdownout\" data-delay=\"0\">Lanzamiento Oficial Carnaval Vegano 2019 @ Hotel Intercontinental - 15 Ene 2019<\/div>\n\t\t\t\t<div class=\"esg-top eg-post-10231 eg-monroe-element-8 esg-slidedown\" data-delay=\"0\">enero 17, 2019<\/div>\n           <\/div>\n   <\/div>\n\n<\/li>\n<li id=\"eg-2-post-id-10238\" class=\"filterall filter-galeria eg-monroe-wrapper eg-post-id-10238\" data-date=\"1548436062\">\n    <div class=\"esg-media-cover-wrapper\">\n<div class=\"esg-entry-media\"><img loading=\"lazy\" decoding=\"async\" src=\"https:\/\/carnavalvegano.do\/wp-content\/uploads\/2019\/01\/Coronacion-Reina-Infantil-Carnaval-Vegano-2019-@-Teatro-DOSA-64.jpg\" alt=\"\" width=\"750\" height=\"500\"><\/div>\n\n            <div class=\"esg-entry-cover\">\n\n                <div class=\"esg-overlay esg-fadeout eg-monroe-container\" data-delay=\"0\"><\/div>\n\n\t\t\t\t<div class=\"esg-bottom eg-post-10238 eg-monroe-element-0-a esg-flipup\" data-delay=\"0\"><a class=\"eg-monroe-element-0 eg-post-10238\" href=\"https:\/\/carnavalvegano.do\/index.php\/2019\/01\/25\/coronacion-reina-infantil-teatro-dosa-24-ene-2019\/\" target=\"_self\">Ver M\u00e1s<\/a><\/div>\n\t\t\t\t<div class=\"esg-center eg-post-10238 eg-monroe-element-1 esg-flipdownout\" data-delay=\"0\">Coronaci\u00f3n Reina Infantil @ Teatro DOSA 24 - Ene - 2019<\/div>\n\t\t\t\t<div class=\"esg-top eg-post-10238 eg-monroe-element-8 esg-slidedown\" data-delay=\"0\">enero 25, 2019<\/div>\n           <\/div>\n   <\/div>\n\n<\/li>\n<li id=\"eg-2-post-id-10242\" class=\"filterall filter-galeria eg-monroe-wrapper eg-post-id-10242\" data-date=\"1548623298\">\n    <div class=\"esg-media-cover-wrapper\">\n<div class=\"esg-entry-media\"><img loading=\"lazy\" decoding=\"async\" src=\"https:\/\/carnavalvegano.do\/wp-content\/uploads\/2019\/01\/Noche-de-Reyes-@-Bajo-Techo-Fernando-Teruel-29-Ene-2019-209.jpg\" alt=\"\" width=\"750\" height=\"500\"><\/div>\n\n            <div class=\"esg-entry-cover\">\n\n                <div class=\"esg-overlay esg-fadeout eg-monroe-container\" data-delay=\"0\"><\/div>\n\n\t\t\t\t<div class=\"esg-bottom eg-post-10242 eg-monroe-element-0-a esg-flipup\" data-delay=\"0\"><a class=\"eg-monroe-element-0 eg-post-10242\" href=\"https:\/\/carnavalvegano.do\/index.php\/2019\/01\/27\/noche-de-reyes-carnaval-vegano-2019-bajo-techo-fernando-teruel-26-ene-2019\/\" target=\"_self\">Ver M\u00e1s<\/a><\/div>\n\t\t\t\t<div class=\"esg-center eg-post-10242 eg-monroe-element-1 esg-flipdownout\" data-delay=\"0\">Noche de Reyes Carnaval Vegano 2019 @ Bajo Techo Fernando Teruel 26 - Ene - 2019<\/div>\n\t\t\t\t<div class=\"esg-top eg-post-10242 eg-monroe-element-8 esg-slidedown\" data-delay=\"0\">enero 27, 2019<\/div>\n           <\/div>\n   <\/div>\n\n<\/li>\n<li id=\"eg-2-post-id-10245\" class=\"filterall filter-galeria eg-monroe-wrapper eg-post-id-10245\" data-date=\"1548711636\">\n    <div class=\"esg-media-cover-wrapper\">\n<div class=\"esg-entry-media\"><img loading=\"lazy\" decoding=\"async\" src=\"https:\/\/carnavalvegano.do\/wp-content\/uploads\/2019\/01\/Desfile-Apertura-Carnaval-Vegano-2019-155.jpg\" alt=\"\" width=\"750\" height=\"500\"><\/div>\n\n            <div class=\"esg-entry-cover\">\n\n                <div class=\"esg-overlay esg-fadeout eg-monroe-container\" data-delay=\"0\"><\/div>\n\n\t\t\t\t<div class=\"esg-bottom eg-post-10245 eg-monroe-element-0-a esg-flipup\" data-delay=\"0\"><a class=\"eg-monroe-element-0 eg-post-10245\" href=\"https:\/\/carnavalvegano.do\/index.php\/2019\/01\/28\/desfile-apertura-carnaval-vegano-27-ene-2019\/\" target=\"_self\">Ver M\u00e1s<\/a><\/div>\n\t\t\t\t<div class=\"esg-center eg-post-10245 eg-monroe-element-1 esg-flipdownout\" data-delay=\"0\">Desfile Apertura Carnaval Vegano 27 - Ene - 2019<\/div>\n\t\t\t\t<div class=\"esg-top eg-post-10245 eg-monroe-element-8 esg-slidedown\" data-delay=\"0\">enero 28, 2019<\/div>\n           <\/div>\n   <\/div>\n\n<\/li>\n<li id=\"eg-2-post-id-10249\" class=\"filterall filter-galeria eg-monroe-wrapper eg-post-id-10249\" data-date=\"1549219394\">\n    <div class=\"esg-media-cover-wrapper\">\n<div class=\"esg-entry-media\"><img loading=\"lazy\" decoding=\"async\" src=\"https:\/\/carnavalvegano.do\/wp-content\/uploads\/2019\/02\/Concierto-Sab-2-Febrero-2019-Parque-Las-Flores-Shellow-Shaq-Chimbala-El-Sultan-3.jpg\" alt=\"\" width=\"750\" height=\"496\"><\/div>\n\n            <div class=\"esg-entry-cover\">\n\n                <div class=\"esg-overlay esg-fadeout eg-monroe-container\" data-delay=\"0\"><\/div>\n\n\t\t\t\t<div class=\"esg-bottom eg-post-10249 eg-monroe-element-0-a esg-flipup\" data-delay=\"0\"><a class=\"eg-monroe-element-0 eg-post-10249\" href=\"https:\/\/carnavalvegano.do\/index.php\/2019\/02\/03\/concierto-sab-2-febrero-2019-parque-las-flores-shellow-shaq-chimbala-el-sultan\/\" target=\"_self\">Ver M\u00e1s<\/a><\/div>\n\t\t\t\t<div class=\"esg-center eg-post-10249 eg-monroe-element-1 esg-flipdownout\" data-delay=\"0\">Concierto S\u00e1b 2 Febrero 2019 - @ Parque Las Flores - Shellow Shaq, Chimbala, El Sultan<\/div>\n\t\t\t\t<div class=\"esg-top eg-post-10249 eg-monroe-element-8 esg-slidedown\" data-delay=\"0\">febrero 3, 2019<\/div>\n           <\/div>\n   <\/div>\n\n<\/li>\n<li id=\"eg-2-post-id-10252\" class=\"filterall filter-galeria eg-monroe-wrapper eg-post-id-10252\" data-date=\"1549238615\">\n    <div class=\"esg-media-cover-wrapper\">\n<div class=\"esg-entry-media\"><img loading=\"lazy\" decoding=\"async\" src=\"https:\/\/carnavalvegano.do\/wp-content\/uploads\/2019\/02\/Primera-Salida-Carnaal-Vegano-2019-02-Feb-2019-42.jpg\" alt=\"\" width=\"750\" height=\"500\"><\/div>\n\n            <div class=\"esg-entry-cover\">\n\n                <div class=\"esg-overlay esg-fadeout eg-monroe-container\" data-delay=\"0\"><\/div>\n\n\t\t\t\t<div class=\"esg-bottom eg-post-10252 eg-monroe-element-0-a esg-flipup\" data-delay=\"0\"><a class=\"eg-monroe-element-0 eg-post-10252\" href=\"https:\/\/carnavalvegano.do\/index.php\/2019\/02\/04\/primera-salida-carnaal-vegano-2019-02-feb-2019\/\" target=\"_self\">Ver M\u00e1s<\/a><\/div>\n\t\t\t\t<div class=\"esg-center eg-post-10252 eg-monroe-element-1 esg-flipdownout\" data-delay=\"0\">Primera Salida Carnaal Vegano 2019 - 02 Feb 2019<\/div>\n\t\t\t\t<div class=\"esg-top eg-post-10252 eg-monroe-element-8 esg-slidedown\" data-delay=\"0\">febrero 4, 2019<\/div>\n           <\/div>\n   <\/div>\n\n<\/li>\n<li id=\"eg-2-post-id-10255\" class=\"filterall filter-galeria eg-monroe-wrapper eg-post-id-10255\" data-date=\"1549313208\">\n    <div class=\"esg-media-cover-wrapper\">\n<div class=\"esg-entry-media\"><img loading=\"lazy\" decoding=\"async\" src=\"https:\/\/carnavalvegano.do\/wp-content\/uploads\/2019\/02\/Concierto-Omega-Mozart-La-Para-La-Insuperable-04-Feb-2019-90.jpg\" alt=\"\" width=\"750\" height=\"500\"><\/div>\n\n            <div class=\"esg-entry-cover\">\n\n                <div class=\"esg-overlay esg-fadeout eg-monroe-container\" data-delay=\"0\"><\/div>\n\n\t\t\t\t<div class=\"esg-bottom eg-post-10255 eg-monroe-element-0-a esg-flipup\" data-delay=\"0\"><a class=\"eg-monroe-element-0 eg-post-10255\" href=\"https:\/\/carnavalvegano.do\/index.php\/2019\/02\/04\/concierto-omega-mozart-la-para-la-insuperable-04-feb-2019\/\" target=\"_self\">Ver M\u00e1s<\/a><\/div>\n\t\t\t\t<div class=\"esg-center eg-post-10255 eg-monroe-element-1 esg-flipdownout\" data-delay=\"0\">Concierto Omega - Mozart La Para - La Insuperable 04 - Feb - 2019<\/div>\n\t\t\t\t<div class=\"esg-top eg-post-10255 eg-monroe-element-8 esg-slidedown\" data-delay=\"0\">febrero 4, 2019<\/div>\n           <\/div>\n   <\/div>\n\n<\/li>\n<li id=\"eg-2-post-id-10259\" class=\"filterall filter-galeria eg-monroe-wrapper eg-post-id-10259\" data-date=\"1549819690\">\n    <div class=\"esg-media-cover-wrapper\">\n<div class=\"esg-entry-media\"><img loading=\"lazy\" decoding=\"async\" src=\"https:\/\/carnavalvegano.do\/wp-content\/uploads\/2019\/02\/Concierto-Sujeto-24K-Crazy-Design-Vakero-9-Feb-2019-104.jpg\" alt=\"\" width=\"750\" height=\"500\"><\/div>\n\n            <div class=\"esg-entry-cover\">\n\n                <div class=\"esg-overlay esg-fadeout eg-monroe-container\" data-delay=\"0\"><\/div>\n\n\t\t\t\t<div class=\"esg-bottom eg-post-10259 eg-monroe-element-0-a esg-flipup\" data-delay=\"0\"><a class=\"eg-monroe-element-0 eg-post-10259\" href=\"https:\/\/carnavalvegano.do\/index.php\/2019\/02\/10\/concierto-sujeto-24k-crazy-design-vakero-9-feb-2019\/\" target=\"_self\">Ver M\u00e1s<\/a><\/div>\n\t\t\t\t<div class=\"esg-center eg-post-10259 eg-monroe-element-1 esg-flipdownout\" data-delay=\"0\">Concierto Sujeto 24K - Crazy Design - Vakero 9 - Feb - 2019<\/div>\n\t\t\t\t<div class=\"esg-top eg-post-10259 eg-monroe-element-8 esg-slidedown\" data-delay=\"0\">febrero 10, 2019<\/div>\n           <\/div>\n   <\/div>\n\n<\/li>\n<li id=\"eg-2-post-id-10263\" class=\"filterall filter-galeria eg-monroe-wrapper eg-post-id-10263\" data-date=\"1549918971\">\n    <div class=\"esg-media-cover-wrapper\">\n<div class=\"esg-entry-media\"><img loading=\"lazy\" decoding=\"async\" src=\"https:\/\/carnavalvegano.do\/wp-content\/uploads\/2019\/02\/2da-Salida-Carnaval-Vegano-2019-2-Feb-2019-142.jpg\" alt=\"\" width=\"750\" height=\"500\"><\/div>\n\n            <div class=\"esg-entry-cover\">\n\n                <div class=\"esg-overlay esg-fadeout eg-monroe-container\" data-delay=\"0\"><\/div>\n\n\t\t\t\t<div class=\"esg-bottom eg-post-10263 eg-monroe-element-0-a esg-flipup\" data-delay=\"0\"><a class=\"eg-monroe-element-0 eg-post-10263\" href=\"https:\/\/carnavalvegano.do\/index.php\/2019\/02\/11\/2da-salida-carnaval-vegano-2019-2-feb-2019\/\" target=\"_self\">Ver M\u00e1s<\/a><\/div>\n\t\t\t\t<div class=\"esg-center eg-post-10263 eg-monroe-element-1 esg-flipdownout\" data-delay=\"0\">2da Salida Carnaval Vegano 2019 - 2 Feb 2019<\/div>\n\t\t\t\t<div class=\"esg-top eg-post-10263 eg-monroe-element-8 esg-slidedown\" data-delay=\"0\">febrero 11, 2019<\/div>\n           <\/div>\n   <\/div>\n\n<\/li>\n<li id=\"eg-2-post-id-10266\" class=\"filterall filter-galeria eg-monroe-wrapper eg-post-id-10266\" data-date=\"1549919668\">\n    <div class=\"esg-media-cover-wrapper\">\n<div class=\"esg-entry-media\"><img loading=\"lazy\" decoding=\"async\" src=\"https:\/\/carnavalvegano.do\/wp-content\/uploads\/2019\/02\/Concierto-Don-Miguelo-To\u00f1o-Rosario-Dj-Mariposa-Dito-Bernard-1.jpg\" alt=\"\" width=\"750\" height=\"422\"><\/div>\n\n            <div class=\"esg-entry-cover\">\n\n                <div class=\"esg-overlay esg-fadeout eg-monroe-container\" data-delay=\"0\"><\/div>\n\n\t\t\t\t<div class=\"esg-bottom eg-post-10266 eg-monroe-element-0-a esg-flipup\" data-delay=\"0\"><a class=\"eg-monroe-element-0 eg-post-10266\" href=\"https:\/\/carnavalvegano.do\/index.php\/2019\/02\/11\/concierto-don-miguelo-tono-rosario-dj-mariposa-dito-bernard-domingo-10-2-2019\/\" target=\"_self\">Ver M\u00e1s<\/a><\/div>\n\t\t\t\t<div class=\"esg-center eg-post-10266 eg-monroe-element-1 esg-flipdownout\" data-delay=\"0\">Concierto Don Miguelo, To\u00f1o Rosario, Dj Mariposa & Dito Bernard - Domingo 10 - 2 -2019<\/div>\n\t\t\t\t<div class=\"esg-top eg-post-10266 eg-monroe-element-8 esg-slidedown\" data-delay=\"0\">febrero 11, 2019<\/div>\n           <\/div>\n   <\/div>\n\n<\/li>\n<li id=\"eg-2-post-id-10269\" class=\"filterall filter-galeria eg-monroe-wrapper eg-post-id-10269\" data-date=\"1550419793\">\n    <div class=\"esg-media-cover-wrapper\">\n<div class=\"esg-entry-media\"><img loading=\"lazy\" decoding=\"async\" src=\"https:\/\/carnavalvegano.do\/wp-content\/uploads\/2019\/02\/Concierto-Musicologo-Liroshaq-Sabado-16-2-2019-@-Parque-Las-Flores-18.jpg\" alt=\"\" width=\"750\" height=\"500\"><\/div>\n\n            <div class=\"esg-entry-cover\">\n\n                <div class=\"esg-overlay esg-fadeout eg-monroe-container\" data-delay=\"0\"><\/div>\n\n\t\t\t\t<div class=\"esg-bottom eg-post-10269 eg-monroe-element-0-a esg-flipup\" data-delay=\"0\"><a class=\"eg-monroe-element-0 eg-post-10269\" href=\"https:\/\/carnavalvegano.do\/index.php\/2019\/02\/17\/concierto-musicologo-liroshaq-sabado-16-2-2019-parque-las-flores\/\" target=\"_self\">Ver M\u00e1s<\/a><\/div>\n\t\t\t\t<div class=\"esg-center eg-post-10269 eg-monroe-element-1 esg-flipdownout\" data-delay=\"0\">Concierto Musicologo, Liroshaq - Sabado 16 - 2 - 2019 @ Parque Las Flores<\/div>\n\t\t\t\t<div class=\"esg-top eg-post-10269 eg-monroe-element-8 esg-slidedown\" data-delay=\"0\">febrero 17, 2019<\/div>\n           <\/div>\n   <\/div>\n\n<\/li>\n<li id=\"eg-2-post-id-10273\" class=\"filterall filter-galeria eg-monroe-wrapper eg-post-id-10273\" data-date=\"1550448331\">\n    <div class=\"esg-media-cover-wrapper\">\n<div class=\"esg-entry-media\"><img loading=\"lazy\" decoding=\"async\" src=\"https:\/\/carnavalvegano.do\/wp-content\/uploads\/2019\/02\/img_8390-web.jpg\" alt=\"\" width=\"750\" height=\"500\"><\/div>\n\n            <div class=\"esg-entry-cover\">\n\n                <div class=\"esg-overlay esg-fadeout eg-monroe-container\" data-delay=\"0\"><\/div>\n\n\t\t\t\t<div class=\"esg-bottom eg-post-10273 eg-monroe-element-0-a esg-flipup\" data-delay=\"0\"><a class=\"eg-monroe-element-0 eg-post-10273\" href=\"https:\/\/carnavalvegano.do\/index.php\/2019\/02\/18\/tercera-salida-carnaval-vegano-17-feb-2019\/\" target=\"_self\">Ver M\u00e1s<\/a><\/div>\n\t\t\t\t<div class=\"esg-center eg-post-10273 eg-monroe-element-1 esg-flipdownout\" data-delay=\"0\">Tercera Salida Carnaval Vegano - 17 - Feb - 2019<\/div>\n\t\t\t\t<div class=\"esg-top eg-post-10273 eg-monroe-element-8 esg-slidedown\" data-delay=\"0\">febrero 18, 2019<\/div>\n           <\/div>\n   <\/div>\n\n<\/li>\n<li id=\"eg-2-post-id-10276\" class=\"filterall filter-galeria eg-monroe-wrapper eg-post-id-10276\" data-date=\"1550461721\">\n    <div class=\"esg-media-cover-wrapper\">\n<div class=\"esg-entry-media\"><img loading=\"lazy\" decoding=\"async\" src=\"https:\/\/carnavalvegano.do\/wp-content\/uploads\/2019\/02\/Concierto-Lapiz-Cociente-Ala-Jaza-Estefany-Constanza-Dj-Mariposa-17-Feb-2019-13.jpg\" alt=\"\" width=\"750\" height=\"500\"><\/div>\n\n            <div class=\"esg-entry-cover\">\n\n                <div class=\"esg-overlay esg-fadeout eg-monroe-container\" data-delay=\"0\"><\/div>\n\n\t\t\t\t<div class=\"esg-bottom eg-post-10276 eg-monroe-element-0-a esg-flipup\" data-delay=\"0\"><a class=\"eg-monroe-element-0 eg-post-10276\" href=\"https:\/\/carnavalvegano.do\/index.php\/2019\/02\/18\/concierto-lapiz-cociente-ala-jaza-estefany-constanza-dj-mariposa-17-feb-2019\/\" target=\"_self\">Ver M\u00e1s<\/a><\/div>\n\t\t\t\t<div class=\"esg-center eg-post-10276 eg-monroe-element-1 esg-flipdownout\" data-delay=\"0\">Concierto Lapiz Cociente, Ala Jaza, Estefany Constanza & Dj Mariposa - 17 - Feb - 2019<\/div>\n\t\t\t\t<div class=\"esg-top eg-post-10276 eg-monroe-element-8 esg-slidedown\" data-delay=\"0\">febrero 18, 2019<\/div>\n           <\/div>\n   <\/div>\n\n<\/li>\n<li id=\"eg-2-post-id-10280\" class=\"filterall filter-galeria eg-monroe-wrapper eg-post-id-10280\" data-date=\"1551030471\">\n    <div class=\"esg-media-cover-wrapper\">\n<div class=\"esg-entry-media\"><img loading=\"lazy\" decoding=\"async\" src=\"https:\/\/carnavalvegano.do\/wp-content\/uploads\/2019\/02\/Concierto-Secreto-Mark-B-L\u00edrico-Dj-Crisostomo-23-Feb-2019-121.jpg\" alt=\"\" width=\"750\" height=\"500\"><\/div>\n\n            <div class=\"esg-entry-cover\">\n\n                <div class=\"esg-overlay esg-fadeout eg-monroe-container\" data-delay=\"0\"><\/div>\n\n\t\t\t\t<div class=\"esg-bottom eg-post-10280 eg-monroe-element-0-a esg-flipup\" data-delay=\"0\"><a class=\"eg-monroe-element-0 eg-post-10280\" href=\"https:\/\/carnavalvegano.do\/index.php\/2019\/02\/24\/concierto-secreto-mark-b-lirico-dj-crisostomo-23-feb-2019\/\" target=\"_self\">Ver M\u00e1s<\/a><\/div>\n\t\t\t\t<div class=\"esg-center eg-post-10280 eg-monroe-element-1 esg-flipdownout\" data-delay=\"0\">Concierto Secreto, Mark B, L\u00edrico & Dj Crisostomo - 23 - Feb - 2019<\/div>\n\t\t\t\t<div class=\"esg-top eg-post-10280 eg-monroe-element-8 esg-slidedown\" data-delay=\"0\">febrero 24, 2019<\/div>\n           <\/div>\n   <\/div>\n\n<\/li>\n<li id=\"eg-2-post-id-10283\" class=\"filterall filter-galeria eg-monroe-wrapper eg-post-id-10283\" data-date=\"1551065506\">\n    <div class=\"esg-media-cover-wrapper\">\n<div class=\"esg-entry-media\"><img loading=\"lazy\" decoding=\"async\" src=\"https:\/\/carnavalvegano.do\/wp-content\/uploads\/2019\/02\/Cuarta-Salida-Carnaval-Vegano-24-Feb-2019-205.jpg\" alt=\"\" width=\"750\" height=\"500\"><\/div>\n\n            <div class=\"esg-entry-cover\">\n\n                <div class=\"esg-overlay esg-fadeout eg-monroe-container\" data-delay=\"0\"><\/div>\n\n\t\t\t\t<div class=\"esg-bottom eg-post-10283 eg-monroe-element-0-a esg-flipup\" data-delay=\"0\"><a class=\"eg-monroe-element-0 eg-post-10283\" href=\"https:\/\/carnavalvegano.do\/index.php\/2019\/02\/25\/cuarta-salida-carnaval-vegano-24-feb-2019\/\" target=\"_self\">Ver M\u00e1s<\/a><\/div>\n\t\t\t\t<div class=\"esg-center eg-post-10283 eg-monroe-element-1 esg-flipdownout\" data-delay=\"0\">Cuarta Salida Carnaval Vegano 24 - Feb - 2019<\/div>\n\t\t\t\t<div class=\"esg-top eg-post-10283 eg-monroe-element-8 esg-slidedown\" data-delay=\"0\">febrero 25, 2019<\/div>\n           <\/div>\n   <\/div>\n\n<\/li>\n<li id=\"eg-2-post-id-10286\" class=\"filterall filter-galeria eg-monroe-wrapper eg-post-id-10286\" data-date=\"1551067113\">\n    <div class=\"esg-media-cover-wrapper\">\n<div class=\"esg-entry-media\"><img loading=\"lazy\" decoding=\"async\" src=\"https:\/\/carnavalvegano.do\/wp-content\/uploads\/2019\/02\/Concierto-El-Alfa-Noriel-Dj-Mariposa-Manny-Figueroa-24-Feb-2019-196.jpg\" alt=\"\" width=\"750\" height=\"500\"><\/div>\n\n            <div class=\"esg-entry-cover\">\n\n                <div class=\"esg-overlay esg-fadeout eg-monroe-container\" data-delay=\"0\"><\/div>\n\n\t\t\t\t<div class=\"esg-bottom eg-post-10286 eg-monroe-element-0-a esg-flipup\" data-delay=\"0\"><a class=\"eg-monroe-element-0 eg-post-10286\" href=\"https:\/\/carnavalvegano.do\/index.php\/2019\/02\/25\/concierto-el-alfa-noriel-dj-mariposa-manny-figueroa-24-feb-2019\/\" target=\"_self\">Ver M\u00e1s<\/a><\/div>\n\t\t\t\t<div class=\"esg-center eg-post-10286 eg-monroe-element-1 esg-flipdownout\" data-delay=\"0\">Concierto El Alfa, Noriel, Dj Mariposa & Manny Figueroa - 24 - Feb - 2019<\/div>\n\t\t\t\t<div class=\"esg-top eg-post-10286 eg-monroe-element-8 esg-slidedown\" data-delay=\"0\">febrero 25, 2019<\/div>\n           <\/div>\n   <\/div>\n\n<\/li>\n<li id=\"eg-2-post-id-10289\" class=\"filterall filter-galeria eg-monroe-wrapper eg-post-id-10289\" data-date=\"1551311497\">\n    <div class=\"esg-media-cover-wrapper\">\n<div class=\"esg-entry-media\"><img loading=\"lazy\" decoding=\"async\" src=\"https:\/\/carnavalvegano.do\/wp-content\/uploads\/2019\/02\/Quinta-Salida-Carnaval-Vegano-27-Feb-2019-248.jpg\" alt=\"\" width=\"750\" height=\"500\"><\/div>\n\n            <div class=\"esg-entry-cover\">\n\n                <div class=\"esg-overlay esg-fadeout eg-monroe-container\" data-delay=\"0\"><\/div>\n\n\t\t\t\t<div class=\"esg-bottom eg-post-10289 eg-monroe-element-0-a esg-flipup\" data-delay=\"0\"><a class=\"eg-monroe-element-0 eg-post-10289\" href=\"https:\/\/carnavalvegano.do\/index.php\/2019\/02\/27\/quinta-salida-carnaval-vegano-27-feb-2019\/\" target=\"_self\">Ver M\u00e1s<\/a><\/div>\n\t\t\t\t<div class=\"esg-center eg-post-10289 eg-monroe-element-1 esg-flipdownout\" data-delay=\"0\">Quinta Salida Carnaval Vegano - 27 - Feb - 2019<\/div>\n\t\t\t\t<div class=\"esg-top eg-post-10289 eg-monroe-element-8 esg-slidedown\" data-delay=\"0\">febrero 27, 2019<\/div>\n           <\/div>\n   <\/div>\n\n<\/li>\n<li id=\"eg-2-post-id-10292\" class=\"filterall filter-galeria eg-monroe-wrapper eg-post-id-10292\" data-date=\"1551323931\">\n    <div class=\"esg-media-cover-wrapper\">\n<div class=\"esg-entry-media\"><img loading=\"lazy\" decoding=\"async\" src=\"https:\/\/carnavalvegano.do\/wp-content\/uploads\/2019\/02\/Concierto-El-Mayor-Bullin-47-Amenazzy-27-Feb-2019-14.jpg\" alt=\"\" width=\"750\" height=\"500\"><\/div>\n\n            <div class=\"esg-entry-cover\">\n\n                <div class=\"esg-overlay esg-fadeout eg-monroe-container\" data-delay=\"0\"><\/div>\n\n\t\t\t\t<div class=\"esg-bottom eg-post-10292 eg-monroe-element-0-a esg-flipup\" data-delay=\"0\"><a class=\"eg-monroe-element-0 eg-post-10292\" href=\"https:\/\/carnavalvegano.do\/index.php\/2019\/02\/28\/concierto-el-mayor-bullin-47-amenazzy-27-feb-2019\/\" target=\"_self\">Ver M\u00e1s<\/a><\/div>\n\t\t\t\t<div class=\"esg-center eg-post-10292 eg-monroe-element-1 esg-flipdownout\" data-delay=\"0\">Concierto, El Mayor, Bullin 47 & Amenazzy - 27 Feb 2019<\/div>\n\t\t\t\t<div class=\"esg-top eg-post-10292 eg-monroe-element-8 esg-slidedown\" data-delay=\"0\">febrero 28, 2019<\/div>\n           <\/div>\n   <\/div>\n\n<\/li>\n<li id=\"eg-2-post-id-10299\" class=\"filterall filter-galeria eg-monroe-wrapper eg-post-id-10299\" data-date=\"1578962510\">\n    <div class=\"esg-media-cover-wrapper\">\n<div class=\"esg-entry-media\"><img loading=\"lazy\" decoding=\"async\" src=\"https:\/\/carnavalvegano.do\/wp-content\/uploads\/2020\/02\/Lanzamieno-Carnaval-Vegano-2020-@-Hotel-Intercontinental-36.jpg\" alt=\"\" width=\"1600\" height=\"1067\"><\/div>\n\n            <div class=\"esg-entry-cover\">\n\n                <div class=\"esg-overlay esg-fadeout eg-monroe-container\" data-delay=\"0\"><\/div>\n\n\t\t\t\t<div class=\"esg-bottom eg-post-10299 eg-monroe-element-0-a esg-flipup\" data-delay=\"0\"><a class=\"eg-monroe-element-0 eg-post-10299\" href=\"https:\/\/carnavalvegano.do\/index.php\/2020\/01\/14\/lanzamieno-carnaval-vegano-2020-hotel-intercontinental\/\" target=\"_self\">Ver M\u00e1s<\/a><\/div>\n\t\t\t\t<div class=\"esg-center eg-post-10299 eg-monroe-element-1 esg-flipdownout\" data-delay=\"0\">Lanzamieno Carnaval Vegano 2020 @ Hotel Intercontinental<\/div>\n\t\t\t\t<div class=\"esg-top eg-post-10299 eg-monroe-element-8 esg-slidedown\" data-delay=\"0\">enero 14, 2020<\/div>\n           <\/div>\n   <\/div>\n\n<\/li>\n<li id=\"eg-2-post-id-10303\" class=\"filterall filter-galeria eg-monroe-wrapper eg-post-id-10303\" data-date=\"1579740597\">\n    <div class=\"esg-media-cover-wrapper\">\n<div class=\"esg-entry-media\"><img loading=\"lazy\" decoding=\"async\" src=\"https:\/\/carnavalvegano.do\/wp-content\/uploads\/2020\/02\/Coronaci\u00f3n-Reina-Infantil-Carnaval-Vegano-2020-@-Teatro-DOSA-1.jpg\" alt=\"\" width=\"1600\" height=\"1067\"><\/div>\n\n            <div class=\"esg-entry-cover\">\n\n                <div class=\"esg-overlay esg-fadeout eg-monroe-container\" data-delay=\"0\"><\/div>\n\n\t\t\t\t<div class=\"esg-bottom eg-post-10303 eg-monroe-element-0-a esg-flipup\" data-delay=\"0\"><a class=\"eg-monroe-element-0 eg-post-10303\" href=\"https:\/\/carnavalvegano.do\/index.php\/2020\/01\/23\/coronacion-reina-infantil-carnaval-vegano-2020-teatro-dosa\/\" target=\"_self\">Ver M\u00e1s<\/a><\/div>\n\t\t\t\t<div class=\"esg-center eg-post-10303 eg-monroe-element-1 esg-flipdownout\" data-delay=\"0\">Coronaci\u00f3n Reina Infantil Carnaval Vegano 2020 @ Teatro DOSA<\/div>\n\t\t\t\t<div class=\"esg-top eg-post-10303 eg-monroe-element-8 esg-slidedown\" data-delay=\"0\">enero 23, 2020<\/div>\n           <\/div>\n   <\/div>\n\n<\/li>\n<li id=\"eg-2-post-id-10306\" class=\"filterall filter-galeria eg-monroe-wrapper eg-post-id-10306\" data-date=\"1579913806\">\n    <div class=\"esg-media-cover-wrapper\">\n<div class=\"esg-entry-media\"><img loading=\"lazy\" decoding=\"async\" src=\"https:\/\/carnavalvegano.do\/wp-content\/uploads\/2020\/02\/Noche-de-Reyes-Carnaval-Vegano-2020-@-Bajo-Techo-Fernando-Teruel-97.jpg\" alt=\"\" width=\"1600\" height=\"1067\"><\/div>\n\n            <div class=\"esg-entry-cover\">\n\n                <div class=\"esg-overlay esg-fadeout eg-monroe-container\" data-delay=\"0\"><\/div>\n\n\t\t\t\t<div class=\"esg-bottom eg-post-10306 eg-monroe-element-0-a esg-flipup\" data-delay=\"0\"><a class=\"eg-monroe-element-0 eg-post-10306\" href=\"https:\/\/carnavalvegano.do\/index.php\/2020\/01\/25\/noche-de-reyes-carnaval-vegano-2020-bajo-techo-fernando-teruel\/\" target=\"_self\">Ver M\u00e1s<\/a><\/div>\n\t\t\t\t<div class=\"esg-center eg-post-10306 eg-monroe-element-1 esg-flipdownout\" data-delay=\"0\">Noche de Reyes Carnaval Vegano 2020 @ Bajo Techo Fernando Teruel<\/div>\n\t\t\t\t<div class=\"esg-top eg-post-10306 eg-monroe-element-8 esg-slidedown\" data-delay=\"0\">enero 25, 2020<\/div>\n           <\/div>\n   <\/div>\n\n<\/li>\n<li id=\"eg-2-post-id-10309\" class=\"filterall filter-galeria eg-monroe-wrapper eg-post-id-10309\" data-date=\"1580000966\">\n    <div class=\"esg-media-cover-wrapper\">\n<div class=\"esg-entry-media\"><img loading=\"lazy\" decoding=\"async\" src=\"https:\/\/carnavalvegano.do\/wp-content\/uploads\/2020\/02\/Desfile-Apertura-Carnaval-Vegano-2020-42.jpg\" alt=\"\" width=\"1600\" height=\"1067\"><\/div>\n\n            <div class=\"esg-entry-cover\">\n\n                <div class=\"esg-overlay esg-fadeout eg-monroe-container\" data-delay=\"0\"><\/div>\n\n\t\t\t\t<div class=\"esg-bottom eg-post-10309 eg-monroe-element-0-a esg-flipup\" data-delay=\"0\"><a class=\"eg-monroe-element-0 eg-post-10309\" href=\"https:\/\/carnavalvegano.do\/index.php\/2020\/01\/26\/desfile-apertura-carnaval-vegano-2020\/\" target=\"_self\">Ver M\u00e1s<\/a><\/div>\n\t\t\t\t<div class=\"esg-center eg-post-10309 eg-monroe-element-1 esg-flipdownout\" data-delay=\"0\">Desfile Apertura Carnaval Vegano 2020<\/div>\n\t\t\t\t<div class=\"esg-top eg-post-10309 eg-monroe-element-8 esg-slidedown\" data-delay=\"0\">enero 26, 2020<\/div>\n           <\/div>\n   <\/div>\n\n<\/li>\n<li id=\"eg-2-post-id-10312\" class=\"filterall filter-galeria eg-monroe-wrapper eg-post-id-10312\" data-date=\"1580519680\">\n    <div class=\"esg-media-cover-wrapper\">\n<div class=\"esg-entry-media\"><img loading=\"lazy\" decoding=\"async\" src=\"https:\/\/carnavalvegano.do\/wp-content\/uploads\/2020\/02\/Concierto-S\u00e1bado-1-de-Febrero-Raul\u00edn-Rodr\u00edguez-Teodoro-Reyes-83.jpg\" alt=\"\" width=\"1600\" height=\"1067\"><\/div>\n\n            <div class=\"esg-entry-cover\">\n\n                <div class=\"esg-overlay esg-fadeout eg-monroe-container\" data-delay=\"0\"><\/div>\n\n\t\t\t\t<div class=\"esg-bottom eg-post-10312 eg-monroe-element-0-a esg-flipup\" data-delay=\"0\"><a class=\"eg-monroe-element-0 eg-post-10312\" href=\"https:\/\/carnavalvegano.do\/index.php\/2020\/02\/01\/concierto-sabado-1-de-febrero-raulin-rodriguez-teodoro-reyes\/\" target=\"_self\">Ver M\u00e1s<\/a><\/div>\n\t\t\t\t<div class=\"esg-center eg-post-10312 eg-monroe-element-1 esg-flipdownout\" data-delay=\"0\">Concierto S\u00e1bado 1 de Febrero - Raul\u00edn Rodr\u00edguez & Teodoro Reyes<\/div>\n\t\t\t\t<div class=\"esg-top eg-post-10312 eg-monroe-element-8 esg-slidedown\" data-delay=\"0\">febrero 1, 2020<\/div>\n           <\/div>\n   <\/div>\n\n<\/li>\n<li id=\"eg-2-post-id-10315\" class=\"filterall filter-galeria eg-monroe-wrapper eg-post-id-10315\" data-date=\"1580606731\">\n    <div class=\"esg-media-cover-wrapper\">\n<div class=\"esg-entry-media\"><img loading=\"lazy\" decoding=\"async\" src=\"https:\/\/carnavalvegano.do\/wp-content\/uploads\/2020\/02\/Primera-Salida-Carnaval-Vegano-2020-Domingo-2-Febrero-2020-102.jpg\" alt=\"\" width=\"1600\" height=\"1067\"><\/div>\n\n            <div class=\"esg-entry-cover\">\n\n                <div class=\"esg-overlay esg-fadeout eg-monroe-container\" data-delay=\"0\"><\/div>\n\n\t\t\t\t<div class=\"esg-bottom eg-post-10315 eg-monroe-element-0-a esg-flipup\" data-delay=\"0\"><a class=\"eg-monroe-element-0 eg-post-10315\" href=\"https:\/\/carnavalvegano.do\/index.php\/2020\/02\/02\/primera-salida-carnaval-vegano-2020-domingo-2-febrero-2020\/\" target=\"_self\">Ver M\u00e1s<\/a><\/div>\n\t\t\t\t<div class=\"esg-center eg-post-10315 eg-monroe-element-1 esg-flipdownout\" data-delay=\"0\">Primera Salida Carnaval Vegano 2020 - Domingo 2 Febrero 2020<\/div>\n\t\t\t\t<div class=\"esg-top eg-post-10315 eg-monroe-element-8 esg-slidedown\" data-delay=\"0\">febrero 2, 2020<\/div>\n           <\/div>\n   <\/div>\n\n<\/li>\n<li id=\"eg-2-post-id-10318\" class=\"filterall filter-galeria eg-monroe-wrapper eg-post-id-10318\" data-date=\"1580607129\">\n    <div class=\"esg-media-cover-wrapper\">\n<div class=\"esg-entry-media\"><img loading=\"lazy\" decoding=\"async\" src=\"https:\/\/carnavalvegano.do\/wp-content\/uploads\/2020\/02\/IMG_6697-Copiar-2.jpg\" alt=\"\" width=\"1600\" height=\"1067\"><\/div>\n\n            <div class=\"esg-entry-cover\">\n\n                <div class=\"esg-overlay esg-fadeout eg-monroe-container\" data-delay=\"0\"><\/div>\n\n\t\t\t\t<div class=\"esg-bottom eg-post-10318 eg-monroe-element-0-a esg-flipup\" data-delay=\"0\"><a class=\"eg-monroe-element-0 eg-post-10318\" href=\"https:\/\/carnavalvegano.do\/index.php\/2020\/02\/02\/concierto-primer-domingo-secreto-crazy-design-chimbala\/\" target=\"_self\">Ver M\u00e1s<\/a><\/div>\n\t\t\t\t<div class=\"esg-center eg-post-10318 eg-monroe-element-1 esg-flipdownout\" data-delay=\"0\">Concierto Primer Domingo - Secreto, Crazy Design & Chimbala<\/div>\n\t\t\t\t<div class=\"esg-top eg-post-10318 eg-monroe-element-8 esg-slidedown\" data-delay=\"0\">febrero 2, 2020<\/div>\n           <\/div>\n   <\/div>\n\n<\/li>\n<li id=\"eg-2-post-id-10321\" class=\"filterall filter-galeria eg-monroe-wrapper eg-post-id-10321\" data-date=\"1581223441\">\n    <div class=\"esg-media-cover-wrapper\">\n<div class=\"esg-entry-media\"><img loading=\"lazy\" decoding=\"async\" src=\"https:\/\/carnavalvegano.do\/wp-content\/uploads\/2020\/02\/Concierto-S\u00e1bado-9-de-Febrero-2020-Frank-Reyes-El-Gringo-de-La-Bachata-60.jpg\" alt=\"\" width=\"1600\" height=\"1067\"><\/div>\n\n            <div class=\"esg-entry-cover\">\n\n                <div class=\"esg-overlay esg-fadeout eg-monroe-container\" data-delay=\"0\"><\/div>\n\n\t\t\t\t<div class=\"esg-bottom eg-post-10321 eg-monroe-element-0-a esg-flipup\" data-delay=\"0\"><a class=\"eg-monroe-element-0 eg-post-10321\" href=\"https:\/\/carnavalvegano.do\/index.php\/2020\/02\/09\/concierto-sabado-9-de-febrero-2020-frank-reyes-el-gringo-de-la-bachata\/\" target=\"_self\">Ver M\u00e1s<\/a><\/div>\n\t\t\t\t<div class=\"esg-center eg-post-10321 eg-monroe-element-1 esg-flipdownout\" data-delay=\"0\">Concierto S\u00e1bado 9 de Febrero 2020 - Frank Reyes & El Gringo de La Bachata<\/div>\n\t\t\t\t<div class=\"esg-top eg-post-10321 eg-monroe-element-8 esg-slidedown\" data-delay=\"0\">febrero 9, 2020<\/div>\n           <\/div>\n   <\/div>\n\n<\/li>\n<li id=\"eg-2-post-id-10325\" class=\"filterall filter-galeria eg-monroe-wrapper eg-post-id-10325\" data-date=\"1581290312\">\n    <div class=\"esg-media-cover-wrapper\">\n<div class=\"esg-entry-media\"><img loading=\"lazy\" decoding=\"async\" src=\"https:\/\/carnavalvegano.do\/wp-content\/uploads\/2020\/02\/Segunda-Salida-Carnaval-Vegano-9-Febrero-2020-113.jpg\" alt=\"\" width=\"1600\" height=\"1067\"><\/div>\n\n            <div class=\"esg-entry-cover\">\n\n                <div class=\"esg-overlay esg-fadeout eg-monroe-container\" data-delay=\"0\"><\/div>\n\n\t\t\t\t<div class=\"esg-bottom eg-post-10325 eg-monroe-element-0-a esg-flipup\" data-delay=\"0\"><a class=\"eg-monroe-element-0 eg-post-10325\" href=\"https:\/\/carnavalvegano.do\/index.php\/2020\/02\/09\/segunda-salida-carnaval-vegano-9-febrero-2020\/\" target=\"_self\">Ver M\u00e1s<\/a><\/div>\n\t\t\t\t<div class=\"esg-center eg-post-10325 eg-monroe-element-1 esg-flipdownout\" data-delay=\"0\">Segunda Salida Carnaval Vegano - Domingo 9 Febrero 2020<\/div>\n\t\t\t\t<div class=\"esg-top eg-post-10325 eg-monroe-element-8 esg-slidedown\" data-delay=\"0\">febrero 9, 2020<\/div>\n           <\/div>\n   <\/div>\n\n<\/li>\n<li id=\"eg-2-post-id-10329\" class=\"filterall filter-galeria eg-monroe-wrapper eg-post-id-10329\" data-date=\"1581301896\">\n    <div class=\"esg-media-cover-wrapper\">\n<div class=\"esg-entry-media\"><img loading=\"lazy\" decoding=\"async\" src=\"https:\/\/carnavalvegano.do\/wp-content\/uploads\/2020\/02\/Concierto-Domingo-9-de-Febero-2020-Mozart-La-Para-Shellow-Shaq-Dj-Mariposa-41.jpg\" alt=\"\" width=\"1600\" height=\"1068\"><\/div>\n\n            <div class=\"esg-entry-cover\">\n\n                <div class=\"esg-overlay esg-fadeout eg-monroe-container\" data-delay=\"0\"><\/div>\n\n\t\t\t\t<div class=\"esg-bottom eg-post-10329 eg-monroe-element-0-a esg-flipup\" data-delay=\"0\"><a class=\"eg-monroe-element-0 eg-post-10329\" href=\"https:\/\/carnavalvegano.do\/index.php\/2020\/02\/10\/concierto-domingo-9-de-febero-2020-mozart-la-para-shellow-shaq-dj-mariposa\/\" target=\"_self\">Ver M\u00e1s<\/a><\/div>\n\t\t\t\t<div class=\"esg-center eg-post-10329 eg-monroe-element-1 esg-flipdownout\" data-delay=\"0\">Concierto Domingo 9 de Febero 2020 - Mozart La Para, Shellow Shaq & Dj Mariposa<\/div>\n\t\t\t\t<div class=\"esg-top eg-post-10329 eg-monroe-element-8 esg-slidedown\" data-delay=\"0\">febrero 10, 2020<\/div>\n           <\/div>\n   <\/div>\n\n<\/li>\n<li id=\"eg-2-post-id-10347\" class=\"filterall filter-galeria eg-monroe-wrapper eg-post-id-10347\" data-date=\"1582434172\">\n    <div class=\"esg-media-cover-wrapper\">\n<div class=\"esg-entry-media\"><img loading=\"lazy\" decoding=\"async\" src=\"https:\/\/carnavalvegano.do\/wp-content\/uploads\/2020\/02\/Concierto-Sabado-22-Febrero-2020-CarnavalVegano-61.jpg\" alt=\"\" width=\"1600\" height=\"1067\"><\/div>\n\n            <div class=\"esg-entry-cover\">\n\n                <div class=\"esg-overlay esg-fadeout eg-monroe-container\" data-delay=\"0\"><\/div>\n\n\t\t\t\t<div class=\"esg-bottom eg-post-10347 eg-monroe-element-0-a esg-flipup\" data-delay=\"0\"><a class=\"eg-monroe-element-0 eg-post-10347\" href=\"https:\/\/carnavalvegano.do\/index.php\/2020\/02\/23\/concierto-sabado-22-febrero-joe-veras-luis-miguel-del-amargue-grupo-extra\/\" target=\"_self\">Ver M\u00e1s<\/a><\/div>\n\t\t\t\t<div class=\"esg-center eg-post-10347 eg-monroe-element-1 esg-flipdownout\" data-delay=\"0\">Concierto S\u00e1bado 22 Febrero - Joe Veras, Luis Miguel del Amargue, Grupo Extra<\/div>\n\t\t\t\t<div class=\"esg-top eg-post-10347 eg-monroe-element-8 esg-slidedown\" data-delay=\"0\">febrero 23, 2020<\/div>\n           <\/div>\n   <\/div>\n\n<\/li>\n<li id=\"eg-2-post-id-10351\" class=\"filterall filter-galeria eg-monroe-wrapper eg-post-id-10351\" data-date=\"1582499671\">\n    <div class=\"esg-media-cover-wrapper\">\n<div class=\"esg-entry-media\"><img loading=\"lazy\" decoding=\"async\" src=\"https:\/\/carnavalvegano.do\/wp-content\/uploads\/2020\/02\/Tercera-Salida-Carnaval-Vegano-Domingo-23-de-Febrero-2020-20.jpg\" alt=\"\" width=\"1600\" height=\"1068\"><\/div>\n\n            <div class=\"esg-entry-cover\">\n\n                <div class=\"esg-overlay esg-fadeout eg-monroe-container\" data-delay=\"0\"><\/div>\n\n\t\t\t\t<div class=\"esg-bottom eg-post-10351 eg-monroe-element-0-a esg-flipup\" data-delay=\"0\"><a class=\"eg-monroe-element-0 eg-post-10351\" href=\"https:\/\/carnavalvegano.do\/index.php\/2020\/02\/23\/tercera-salida-carnaval-vegano-domingo-23-de-febrero-2020\/\" target=\"_self\">Ver M\u00e1s<\/a><\/div>\n\t\t\t\t<div class=\"esg-center eg-post-10351 eg-monroe-element-1 esg-flipdownout\" data-delay=\"0\">Tercera Salida Carnaval Vegano - Domingo 23 de Febrero 2020<\/div>\n\t\t\t\t<div class=\"esg-top eg-post-10351 eg-monroe-element-8 esg-slidedown\" data-delay=\"0\">febrero 23, 2020<\/div>\n           <\/div>\n   <\/div>\n\n<\/li>\n<li id=\"eg-2-post-id-10354\" class=\"filterall filter-galeria eg-monroe-wrapper eg-post-id-10354\" data-date=\"1582512522\">\n    <div class=\"esg-media-cover-wrapper\">\n<div class=\"esg-entry-media\"><img loading=\"lazy\" decoding=\"async\" src=\"https:\/\/carnavalvegano.do\/wp-content\/uploads\/2020\/02\/Concierto-Tercer-Domingo-Shadow-Blow-Kiko-El-Crazy-La-Insuperable-56.jpg\" alt=\"\" width=\"1600\" height=\"1067\"><\/div>\n\n            <div class=\"esg-entry-cover\">\n\n                <div class=\"esg-overlay esg-fadeout eg-monroe-container\" data-delay=\"0\"><\/div>\n\n\t\t\t\t<div class=\"esg-bottom eg-post-10354 eg-monroe-element-0-a esg-flipup\" data-delay=\"0\"><a class=\"eg-monroe-element-0 eg-post-10354\" href=\"https:\/\/carnavalvegano.do\/index.php\/2020\/02\/24\/concierto-tercer-domingo-shadow-blow-kiko-el-crazy-la-insuperable\/\" target=\"_self\">Ver M\u00e1s<\/a><\/div>\n\t\t\t\t<div class=\"esg-center eg-post-10354 eg-monroe-element-1 esg-flipdownout\" data-delay=\"0\">Concierto Domingo 23 de Febrero 2020 - Shadow Blow, Kiko El Crazy & La Insuperable<\/div>\n\t\t\t\t<div class=\"esg-top eg-post-10354 eg-monroe-element-8 esg-slidedown\" data-delay=\"0\">febrero 24, 2020<\/div>\n           <\/div>\n   <\/div>\n\n<\/li>\n<li id=\"eg-2-post-id-10358\" class=\"filterall filter-galeria eg-monroe-wrapper eg-post-id-10358\" data-date=\"1582847810\">\n    <div class=\"esg-media-cover-wrapper\">\n<div class=\"esg-entry-media\"><img loading=\"lazy\" decoding=\"async\" src=\"https:\/\/carnavalvegano.do\/wp-content\/uploads\/2020\/02\/Cuarta-Salida-Carnaval-Vegano-27-Febrero-2020-180.jpg\" alt=\"\" width=\"1600\" height=\"1067\"><\/div>\n\n            <div class=\"esg-entry-cover\">\n\n                <div class=\"esg-overlay esg-fadeout eg-monroe-container\" data-delay=\"0\"><\/div>\n\n\t\t\t\t<div class=\"esg-bottom eg-post-10358 eg-monroe-element-0-a esg-flipup\" data-delay=\"0\"><a class=\"eg-monroe-element-0 eg-post-10358\" href=\"https:\/\/carnavalvegano.do\/index.php\/2020\/02\/27\/cuarta-salida-carnaval-vegano-27-febrero-2020\/\" target=\"_self\">Ver M\u00e1s<\/a><\/div>\n\t\t\t\t<div class=\"esg-center eg-post-10358 eg-monroe-element-1 esg-flipdownout\" data-delay=\"0\">Cuarta Salida Carnaval Vegano - 27 Febrero 2020<\/div>\n\t\t\t\t<div class=\"esg-top eg-post-10358 eg-monroe-element-8 esg-slidedown\" data-delay=\"0\">febrero 27, 2020<\/div>\n           <\/div>\n   <\/div>\n\n<\/li>\n<li id=\"eg-2-post-id-10361\" class=\"filterall filter-galeria eg-monroe-wrapper eg-post-id-10361\" data-date=\"1582856307\">\n    <div class=\"esg-media-cover-wrapper\">\n<div class=\"esg-entry-media\"><img loading=\"lazy\" decoding=\"async\" src=\"https:\/\/carnavalvegano.do\/wp-content\/uploads\/2020\/02\/Concierto-El-Mayor-Ala-Jaza-Dj-Mr.-Greg-27-Febrero-2020-66.jpg\" alt=\"\" width=\"1600\" height=\"1067\"><\/div>\n\n            <div class=\"esg-entry-cover\">\n\n                <div class=\"esg-overlay esg-fadeout eg-monroe-container\" data-delay=\"0\"><\/div>\n\n\t\t\t\t<div class=\"esg-bottom eg-post-10361 eg-monroe-element-0-a esg-flipup\" data-delay=\"0\"><a class=\"eg-monroe-element-0 eg-post-10361\" href=\"https:\/\/carnavalvegano.do\/index.php\/2020\/02\/28\/concierto-el-mayor-ala-jaza-dj-mr-greg-27-febrero-2020\/\" target=\"_self\">Ver M\u00e1s<\/a><\/div>\n\t\t\t\t<div class=\"esg-center eg-post-10361 eg-monroe-element-1 esg-flipdownout\" data-delay=\"0\">Concierto El Mayor, Ala Jaza & Dj Mr. Greg - 27 Febrero 2020<\/div>\n\t\t\t\t<div class=\"esg-top eg-post-10361 eg-monroe-element-8 esg-slidedown\" data-delay=\"0\">febrero 28, 2020<\/div>\n           <\/div>\n   <\/div>\n\n<\/li>\n<li id=\"eg-2-post-id-10365\" class=\"filterall filter-galeria eg-monroe-wrapper eg-post-id-10365\" data-date=\"1583041212\">\n    <div class=\"esg-media-cover-wrapper\">\n<div class=\"esg-entry-media\"><img loading=\"lazy\" decoding=\"async\" src=\"https:\/\/carnavalvegano.do\/wp-content\/uploads\/2020\/03\/Concierto-Fefita-La-Grande-Luis-Segura-Leonardo-Paniagua-124.jpg\" alt=\"\" width=\"1600\" height=\"1068\"><\/div>\n\n            <div class=\"esg-entry-cover\">\n\n                <div class=\"esg-overlay esg-fadeout eg-monroe-container\" data-delay=\"0\"><\/div>\n\n\t\t\t\t<div class=\"esg-bottom eg-post-10365 eg-monroe-element-0-a esg-flipup\" data-delay=\"0\"><a class=\"eg-monroe-element-0 eg-post-10365\" href=\"https:\/\/carnavalvegano.do\/index.php\/2020\/03\/01\/concierto-fefita-la-grande-luis-segura-leonardo-paniagua\/\" target=\"_self\">Ver M\u00e1s<\/a><\/div>\n\t\t\t\t<div class=\"esg-center eg-post-10365 eg-monroe-element-1 esg-flipdownout\" data-delay=\"0\">Concierto Fefita La Grande, Luis Segura & Leonardo Paniagua<\/div>\n\t\t\t\t<div class=\"esg-top eg-post-10365 eg-monroe-element-8 esg-slidedown\" data-delay=\"0\">marzo 1, 2020<\/div>\n           <\/div>\n   <\/div>\n\n<\/li>\n<li id=\"eg-2-post-id-10368\" class=\"filterall filter-galeria eg-monroe-wrapper eg-post-id-10368\" data-date=\"1583106089\">\n    <div class=\"esg-media-cover-wrapper\">\n<div class=\"esg-entry-media\"><img loading=\"lazy\" decoding=\"async\" src=\"https:\/\/carnavalvegano.do\/wp-content\/uploads\/2020\/03\/Ultima-Salida-Carnaval-Vegano-2020-1-de-Marzo-2020-74.jpg\" alt=\"\" width=\"1600\" height=\"1067\"><\/div>\n\n            <div class=\"esg-entry-cover\">\n\n                <div class=\"esg-overlay esg-fadeout eg-monroe-container\" data-delay=\"0\"><\/div>\n\n\t\t\t\t<div class=\"esg-bottom eg-post-10368 eg-monroe-element-0-a esg-flipup\" data-delay=\"0\"><a class=\"eg-monroe-element-0 eg-post-10368\" href=\"https:\/\/carnavalvegano.do\/index.php\/2020\/03\/01\/ultima-salida-carnaval-vegano-2020-1-de-marzo-2020\/\" target=\"_self\">Ver M\u00e1s<\/a><\/div>\n\t\t\t\t<div class=\"esg-center eg-post-10368 eg-monroe-element-1 esg-flipdownout\" data-delay=\"0\">Ultima Salida Carnaval Vegano 2020 - 1 de Marzo 2020<\/div>\n\t\t\t\t<div class=\"esg-top eg-post-10368 eg-monroe-element-8 esg-slidedown\" data-delay=\"0\">marzo 1, 2020<\/div>\n           <\/div>\n   <\/div>\n\n<\/li>\n<li id=\"eg-2-post-id-10372\" class=\"filterall filter-galeria eg-monroe-wrapper eg-post-id-10372\" data-date=\"1583121498\">\n    <div class=\"esg-media-cover-wrapper\">\n<div class=\"esg-entry-media\"><img loading=\"lazy\" decoding=\"async\" src=\"https:\/\/carnavalvegano.do\/wp-content\/uploads\/2020\/03\/Concierto-Omega-Vaker\u00f3-1-Marzo-de-2020-109.jpg\" alt=\"\" width=\"1600\" height=\"1067\"><\/div>\n\n            <div class=\"esg-entry-cover\">\n\n                <div class=\"esg-overlay esg-fadeout eg-monroe-container\" data-delay=\"0\"><\/div>\n\n\t\t\t\t<div class=\"esg-bottom eg-post-10372 eg-monroe-element-0-a esg-flipup\" data-delay=\"0\"><a class=\"eg-monroe-element-0 eg-post-10372\" href=\"https:\/\/carnavalvegano.do\/index.php\/2020\/03\/02\/concierto-omega-vakero-1-marzo-de-2020\/\" target=\"_self\">Ver M\u00e1s<\/a><\/div>\n\t\t\t\t<div class=\"esg-center eg-post-10372 eg-monroe-element-1 esg-flipdownout\" data-delay=\"0\">Concierto Omega & Vaker\u00f3 - 1 Marzo de 2020<\/div>\n\t\t\t\t<div class=\"esg-top eg-post-10372 eg-monroe-element-8 esg-slidedown\" data-delay=\"0\">marzo 2, 2020<\/div>\n           <\/div>\n   <\/div>\n\n<\/li>\n<li id=\"eg-2-post-id-10379\" class=\"filterall filter-galeria eg-monroe-wrapper eg-post-id-10379\" data-date=\"1674671697\">\n    <div class=\"esg-media-cover-wrapper\">\n<div class=\"esg-entry-media\"><img loading=\"lazy\" decoding=\"async\" src=\"https:\/\/carnavalvegano.do\/wp-content\/uploads\/2023\/02\/EFF_8763.jpg\" alt=\"\" width=\"1600\" height=\"1080\"><\/div>\n\n            <div class=\"esg-entry-cover\">\n\n                <div class=\"esg-overlay esg-fadeout eg-monroe-container\" data-delay=\"0\"><\/div>\n\n\t\t\t\t<div class=\"esg-bottom eg-post-10379 eg-monroe-element-0-a esg-flipup\" data-delay=\"0\"><a class=\"eg-monroe-element-0 eg-post-10379\" href=\"https:\/\/carnavalvegano.do\/index.php\/2023\/01\/25\/lanzamiento-carnaval-vegano-2023\/\" target=\"_self\">Ver M\u00e1s<\/a><\/div>\n\t\t\t\t<div class=\"esg-center eg-post-10379 eg-monroe-element-1 esg-flipdownout\" data-delay=\"0\">Lanzamiento Carnaval Vegano 2023<\/div>\n\t\t\t\t<div class=\"esg-top eg-post-10379 eg-monroe-element-8 esg-slidedown\" data-delay=\"0\">enero 25, 2023<\/div>\n           <\/div>\n   <\/div>\n\n<\/li>\n<li id=\"eg-2-post-id-10383\" class=\"filterall filter-galeria eg-monroe-wrapper eg-post-id-10383\" data-date=\"1674776530\">\n    <div class=\"esg-media-cover-wrapper\">\n<div class=\"esg-entry-media\"><img decoding=\"async\" src=\"https:\/\/carnavalvegano.do\/wp-content\/uploads\/2023\/02\/Reinado-Infantil-Carnaval-Vegano-115.png\" alt=\"\"><\/div>\n\n            <div class=\"esg-entry-cover\">\n\n                <div class=\"esg-overlay esg-fadeout eg-monroe-container\" data-delay=\"0\"><\/div>\n\n\t\t\t\t<div class=\"esg-bottom eg-post-10383 eg-monroe-element-0-a esg-flipup\" data-delay=\"0\"><a class=\"eg-monroe-element-0 eg-post-10383\" href=\"https:\/\/carnavalvegano.do\/index.php\/2023\/01\/26\/reinado-infantil-carnaval-vegano-2023\/\" target=\"_self\">Ver M\u00e1s<\/a><\/div>\n\t\t\t\t<div class=\"esg-center eg-post-10383 eg-monroe-element-1 esg-flipdownout\" data-delay=\"0\">Reinado Infantil Carnaval Vegano 2023<\/div>\n\t\t\t\t<div class=\"esg-top eg-post-10383 eg-monroe-element-8 esg-slidedown\" data-delay=\"0\">enero 26, 2023<\/div>\n           <\/div>\n   <\/div>\n\n<\/li>\n<li id=\"eg-2-post-id-10389\" class=\"filterall filter-galeria eg-monroe-wrapper eg-post-id-10389\" data-date=\"1674949893\">\n    <div class=\"esg-media-cover-wrapper\">\n<div class=\"esg-entry-media\"><img loading=\"lazy\" decoding=\"async\" src=\"https:\/\/carnavalvegano.do\/wp-content\/uploads\/2023\/02\/Noche-De-Reyes-Carnaval-Vegano-58.jpg\" alt=\"\" width=\"1200\" height=\"800\"><\/div>\n\n            <div class=\"esg-entry-cover\">\n\n                <div class=\"esg-overlay esg-fadeout eg-monroe-container\" data-delay=\"0\"><\/div>\n\n\t\t\t\t<div class=\"esg-bottom eg-post-10389 eg-monroe-element-0-a esg-flipup\" data-delay=\"0\"><a class=\"eg-monroe-element-0 eg-post-10389\" href=\"https:\/\/carnavalvegano.do\/index.php\/2023\/01\/28\/noche-de-reyes-carnaval-vegano-2023-28-de-enero\/\" target=\"_self\">Ver M\u00e1s<\/a><\/div>\n\t\t\t\t<div class=\"esg-center eg-post-10389 eg-monroe-element-1 esg-flipdownout\" data-delay=\"0\">Noche de Reyes Carnaval Vegano 2023<\/div>\n\t\t\t\t<div class=\"esg-top eg-post-10389 eg-monroe-element-8 esg-slidedown\" data-delay=\"0\">enero 28, 2023<\/div>\n           <\/div>\n   <\/div>\n\n<\/li>\n<li id=\"eg-2-post-id-10394\" class=\"filterall filter-galeria eg-monroe-wrapper eg-post-id-10394\" data-date=\"1675036385\">\n    <div class=\"esg-media-cover-wrapper\">\n<div class=\"esg-entry-media\"><img loading=\"lazy\" decoding=\"async\" src=\"https:\/\/carnavalvegano.do\/wp-content\/uploads\/2023\/02\/Caravana-Carnaval-Vegano-24.jpg\" alt=\"\" width=\"1200\" height=\"800\"><\/div>\n\n            <div class=\"esg-entry-cover\">\n\n                <div class=\"esg-overlay esg-fadeout eg-monroe-container\" data-delay=\"0\"><\/div>\n\n\t\t\t\t<div class=\"esg-bottom eg-post-10394 eg-monroe-element-0-a esg-flipup\" data-delay=\"0\"><a class=\"eg-monroe-element-0 eg-post-10394\" href=\"https:\/\/carnavalvegano.do\/index.php\/2023\/01\/29\/desfile-de-apertura-carnaval-vegano-2023\/\" target=\"_self\">Ver M\u00e1s<\/a><\/div>\n\t\t\t\t<div class=\"esg-center eg-post-10394 eg-monroe-element-1 esg-flipdownout\" data-delay=\"0\">Desfile de Apertura Carnaval Vegano 2023<\/div>\n\t\t\t\t<div class=\"esg-top eg-post-10394 eg-monroe-element-8 esg-slidedown\" data-delay=\"0\">enero 29, 2023<\/div>\n           <\/div>\n   <\/div>\n\n<\/li>\n<li id=\"eg-2-post-id-10397\" class=\"filterall filter-galeria eg-monroe-wrapper eg-post-id-10397\" data-date=\"1675604574\">\n    <div class=\"esg-media-cover-wrapper\">\n<div class=\"esg-entry-media\"><img loading=\"lazy\" decoding=\"async\" src=\"https:\/\/carnavalvegano.do\/wp-content\/uploads\/2023\/02\/Primera-Salida-Carnaval-Vegano-35.jpg\" alt=\"\" width=\"1200\" height=\"800\"><\/div>\n\n            <div class=\"esg-entry-cover\">\n\n                <div class=\"esg-overlay esg-fadeout eg-monroe-container\" data-delay=\"0\"><\/div>\n\n\t\t\t\t<div class=\"esg-bottom eg-post-10397 eg-monroe-element-0-a esg-flipup\" data-delay=\"0\"><a class=\"eg-monroe-element-0 eg-post-10397\" href=\"https:\/\/carnavalvegano.do\/index.php\/2023\/02\/05\/primera-salida-carnaval-vegano-2023-domingo-5-febrero-2023\/\" target=\"_self\">Ver M\u00e1s<\/a><\/div>\n\t\t\t\t<div class=\"esg-center eg-post-10397 eg-monroe-element-1 esg-flipdownout\" data-delay=\"0\">Primera Salida Carnaval Vegano 2023 - Domingo 5 Febrero 2023<\/div>\n\t\t\t\t<div class=\"esg-top eg-post-10397 eg-monroe-element-8 esg-slidedown\" data-delay=\"0\">febrero 5, 2023<\/div>\n           <\/div>\n   <\/div>\n\n<\/li>\n<li id=\"eg-2-post-id-10400\" class=\"filterall filter-galeria eg-monroe-wrapper eg-post-id-10400\" data-date=\"1675604683\">\n    <div class=\"esg-media-cover-wrapper\">\n<div class=\"esg-entry-media\"><img loading=\"lazy\" decoding=\"async\" src=\"https:\/\/carnavalvegano.do\/wp-content\/uploads\/2023\/02\/Concierto-RochyRd-Omega-Carnaval-Vegano2-40.jpg\" alt=\"\" width=\"1200\" height=\"800\"><\/div>\n\n            <div class=\"esg-entry-cover\">\n\n                <div class=\"esg-overlay esg-fadeout eg-monroe-container\" data-delay=\"0\"><\/div>\n\n\t\t\t\t<div class=\"esg-bottom eg-post-10400 eg-monroe-element-0-a esg-flipup\" data-delay=\"0\"><a class=\"eg-monroe-element-0 eg-post-10400\" href=\"https:\/\/carnavalvegano.do\/index.php\/2023\/02\/05\/concierto-primer-domingo-del-carnaval-vegano-2023\/\" target=\"_self\">Ver M\u00e1s<\/a><\/div>\n\t\t\t\t<div class=\"esg-center eg-post-10400 eg-monroe-element-1 esg-flipdownout\" data-delay=\"0\">Concierto Primero Domingo - Omega El Fuerte & Rochy RD - Carnaval Vegano 2023<\/div>\n\t\t\t\t<div class=\"esg-top eg-post-10400 eg-monroe-element-8 esg-slidedown\" data-delay=\"0\">febrero 5, 2023<\/div>\n           <\/div>\n   <\/div>\n\n<\/li>\n<li id=\"eg-2-post-id-10408\" class=\"filterall filter-galeria eg-monroe-wrapper eg-post-id-10408\" data-date=\"1676210002\">\n    <div class=\"esg-media-cover-wrapper\">\n<div class=\"esg-entry-media\"><img loading=\"lazy\" decoding=\"async\" src=\"https:\/\/carnavalvegano.do\/wp-content\/uploads\/2023\/02\/Segunda-Salida-Carnaval-Vegano-167.jpg\" alt=\"\" width=\"1200\" height=\"800\"><\/div>\n\n            <div class=\"esg-entry-cover\">\n\n                <div class=\"esg-overlay esg-fadeout eg-monroe-container\" data-delay=\"0\"><\/div>\n\n\t\t\t\t<div class=\"esg-bottom eg-post-10408 eg-monroe-element-0-a esg-flipup\" data-delay=\"0\"><a class=\"eg-monroe-element-0 eg-post-10408\" href=\"https:\/\/carnavalvegano.do\/index.php\/2023\/02\/12\/segunda-salida-carnaval-vegano-2023-domingo-12-febrero-2023\/\" target=\"_self\">Ver M\u00e1s<\/a><\/div>\n\t\t\t\t<div class=\"esg-center eg-post-10408 eg-monroe-element-1 esg-flipdownout\" data-delay=\"0\">Segunda Salida Carnaval Vegano 2023 - Domingo 12 Febrero 2023<\/div>\n\t\t\t\t<div class=\"esg-top eg-post-10408 eg-monroe-element-8 esg-slidedown\" data-delay=\"0\">febrero 12, 2023<\/div>\n           <\/div>\n   <\/div>\n\n<\/li>\n<li id=\"eg-2-post-id-10404\" class=\"filterall filter-galeria eg-monroe-wrapper eg-post-id-10404\" data-date=\"1676210032\">\n    <div class=\"esg-media-cover-wrapper\">\n<div class=\"esg-entry-media\"><img loading=\"lazy\" decoding=\"async\" src=\"https:\/\/carnavalvegano.do\/wp-content\/uploads\/2023\/02\/Segundo-Concierto-Carnaval-Vegano-53.jpg\" alt=\"\" width=\"1200\" height=\"798\"><\/div>\n\n            <div class=\"esg-entry-cover\">\n\n                <div class=\"esg-overlay esg-fadeout eg-monroe-container\" data-delay=\"0\"><\/div>\n\n\t\t\t\t<div class=\"esg-bottom eg-post-10404 eg-monroe-element-0-a esg-flipup\" data-delay=\"0\"><a class=\"eg-monroe-element-0 eg-post-10404\" href=\"https:\/\/carnavalvegano.do\/index.php\/2023\/02\/12\/concierto-segundo-domingo-luis-miguel-del-amargue-don-miguelo-tono-rosario-carnaval-vegano-2023\/\" target=\"_self\">Ver M\u00e1s<\/a><\/div>\n\t\t\t\t<div class=\"esg-center eg-post-10404 eg-monroe-element-1 esg-flipdownout\" data-delay=\"0\">Concierto Segundo Domingo - Luis Miguel Del Amargue, Don Miguelo & To\u00f1o Rosario - Carnaval Vegano 2023<\/div>\n\t\t\t\t<div class=\"esg-top eg-post-10404 eg-monroe-element-8 esg-slidedown\" data-delay=\"0\">febrero 12, 2023<\/div>\n           <\/div>\n   <\/div>\n\n<\/li>\n<li id=\"eg-2-post-id-10410\" class=\"filterall filter-galeria eg-monroe-wrapper eg-post-id-10410\" data-date=\"1676814849\">\n    <div class=\"esg-media-cover-wrapper\">\n<div class=\"esg-entry-media\"><img loading=\"lazy\" decoding=\"async\" src=\"https:\/\/carnavalvegano.do\/wp-content\/uploads\/2023\/02\/Tercera-Salida-Carnaval-Vegano-76.jpg\" alt=\"\" width=\"1200\" height=\"798\"><\/div>\n\n            <div class=\"esg-entry-cover\">\n\n                <div class=\"esg-overlay esg-fadeout eg-monroe-container\" data-delay=\"0\"><\/div>\n\n\t\t\t\t<div class=\"esg-bottom eg-post-10410 eg-monroe-element-0-a esg-flipup\" data-delay=\"0\"><a class=\"eg-monroe-element-0 eg-post-10410\" href=\"https:\/\/carnavalvegano.do\/index.php\/2023\/02\/19\/tercera-salida-carnaval-vegano-2023-domingo-19-febrero-2023\/\" target=\"_self\">Ver M\u00e1s<\/a><\/div>\n\t\t\t\t<div class=\"esg-center eg-post-10410 eg-monroe-element-1 esg-flipdownout\" data-delay=\"0\">Tercera Salida Carnaval Vegano 2023 - Domingo 19 Febrero 2023<\/div>\n\t\t\t\t<div class=\"esg-top eg-post-10410 eg-monroe-element-8 esg-slidedown\" data-delay=\"0\">febrero 19, 2023<\/div>\n           <\/div>\n   <\/div>\n\n<\/li>\n<li id=\"eg-2-post-id-10412\" class=\"filterall filter-galeria eg-monroe-wrapper eg-post-id-10412\" data-date=\"1676840104\">\n    <div class=\"esg-media-cover-wrapper\">\n<div class=\"esg-entry-media\"><img loading=\"lazy\" decoding=\"async\" src=\"https:\/\/carnavalvegano.do\/wp-content\/uploads\/2023\/02\/Tercer-Concierto-Carnaval-Vegano-42.jpg\" alt=\"\" width=\"1200\" height=\"800\"><\/div>\n\n            <div class=\"esg-entry-cover\">\n\n                <div class=\"esg-overlay esg-fadeout eg-monroe-container\" data-delay=\"0\"><\/div>\n\n\t\t\t\t<div class=\"esg-bottom eg-post-10412 eg-monroe-element-0-a esg-flipup\" data-delay=\"0\"><a class=\"eg-monroe-element-0 eg-post-10412\" href=\"https:\/\/carnavalvegano.do\/index.php\/2023\/02\/19\/concierto-tercer-domingo-angel-dior-secreto-alajaza-bulin-47-carnaval-vegano-2023\/\" target=\"_self\">Ver M\u00e1s<\/a><\/div>\n\t\t\t\t<div class=\"esg-center eg-post-10412 eg-monroe-element-1 esg-flipdownout\" data-delay=\"0\">Concierto Tercer Domingo - \u00c1ngel Dior, Secreto, Alajaza & Bulin 47 - Carnaval Vegano 2023<\/div>\n\t\t\t\t<div class=\"esg-top eg-post-10412 eg-monroe-element-8 esg-slidedown\" data-delay=\"0\">febrero 19, 2023<\/div>\n           <\/div>\n   <\/div>\n\n<\/li>\n<li id=\"eg-2-post-id-10416\" class=\"filterall filter-galeria eg-monroe-wrapper eg-post-id-10416\" data-date=\"1677440765\">\n    <div class=\"esg-media-cover-wrapper\">\n<div class=\"esg-entry-media\"><img loading=\"lazy\" decoding=\"async\" src=\"https:\/\/carnavalvegano.do\/wp-content\/uploads\/2023\/02\/Cuarto-Domingo-Carnaval-Vegano-124.jpg\" alt=\"\" width=\"1200\" height=\"800\"><\/div>\n\n            <div class=\"esg-entry-cover\">\n\n                <div class=\"esg-overlay esg-fadeout eg-monroe-container\" data-delay=\"0\"><\/div>\n\n\t\t\t\t<div class=\"esg-bottom eg-post-10416 eg-monroe-element-0-a esg-flipup\" data-delay=\"0\"><a class=\"eg-monroe-element-0 eg-post-10416\" href=\"https:\/\/carnavalvegano.do\/index.php\/2023\/02\/26\/cuarta-salida-carnaval-vegano-2023-domingo-26-febrero-2023\/\" target=\"_self\">Ver M\u00e1s<\/a><\/div>\n\t\t\t\t<div class=\"esg-center eg-post-10416 eg-monroe-element-1 esg-flipdownout\" data-delay=\"0\">Cuarta Salida Carnaval Vegano 2023 - Domingo 26 Febrero 2023<\/div>\n\t\t\t\t<div class=\"esg-top eg-post-10416 eg-monroe-element-8 esg-slidedown\" data-delay=\"0\">febrero 26, 2023<\/div>\n           <\/div>\n   <\/div>\n\n<\/li>\n<li id=\"eg-2-post-id-10414\" class=\"filterall filter-galeria eg-monroe-wrapper eg-post-id-10414\" data-date=\"1677449367\">\n    <div class=\"esg-media-cover-wrapper\">\n<div class=\"esg-entry-media\"><img loading=\"lazy\" decoding=\"async\" src=\"https:\/\/carnavalvegano.do\/wp-content\/uploads\/2023\/02\/Concierto-Cuarto-Domingo-Carnaval-Vegano-90.jpg\" alt=\"\" width=\"1200\" height=\"800\"><\/div>\n\n            <div class=\"esg-entry-cover\">\n\n                <div class=\"esg-overlay esg-fadeout eg-monroe-container\" data-delay=\"0\"><\/div>\n\n\t\t\t\t<div class=\"esg-bottom eg-post-10414 eg-monroe-element-0-a esg-flipup\" data-delay=\"0\"><a class=\"eg-monroe-element-0 eg-post-10414\" href=\"https:\/\/carnavalvegano.do\/index.php\/2023\/02\/26\/concierto-cuarto-domingo-amenazzy-eladio-carrion-carnaval-vegano-2023\/\" target=\"_self\">Ver M\u00e1s<\/a><\/div>\n\t\t\t\t<div class=\"esg-center eg-post-10414 eg-monroe-element-1 esg-flipdownout\" data-delay=\"0\">Concierto Cuarto Domingo - Amenazzy & Eladio Carrion - Carnaval Vegano 2023<\/div>\n\t\t\t\t<div class=\"esg-top eg-post-10414 eg-monroe-element-8 esg-slidedown\" data-delay=\"0\">febrero 26, 2023<\/div>\n           <\/div>\n   <\/div>\n\n<\/li>\n<li id=\"eg-2-post-id-10425\" class=\"filterall filter-galeria eg-monroe-wrapper eg-post-id-10425\" data-date=\"1677494181\">\n    <div class=\"esg-media-cover-wrapper\">\n<div class=\"esg-entry-media\"><img loading=\"lazy\" decoding=\"async\" src=\"https:\/\/carnavalvegano.do\/wp-content\/uploads\/2023\/03\/Desfile-27-Febrero-Independencia-50.jpg\" alt=\"\" width=\"1200\" height=\"800\"><\/div>\n\n            <div class=\"esg-entry-cover\">\n\n                <div class=\"esg-overlay esg-fadeout eg-monroe-container\" data-delay=\"0\"><\/div>\n\n\t\t\t\t<div class=\"esg-bottom eg-post-10425 eg-monroe-element-0-a esg-flipup\" data-delay=\"0\"><a class=\"eg-monroe-element-0 eg-post-10425\" href=\"https:\/\/carnavalvegano.do\/index.php\/2023\/02\/27\/desfile-dia-de-la-independecia-nacional-27-de-febrero-2023\/\" target=\"_self\">Ver M\u00e1s<\/a><\/div>\n\t\t\t\t<div class=\"esg-center eg-post-10425 eg-monroe-element-1 esg-flipdownout\" data-delay=\"0\">Desfile D\u00eda de la Independecia Nacional 27 de Febrero 2023<\/div>\n\t\t\t\t<div class=\"esg-top eg-post-10425 eg-monroe-element-8 esg-slidedown\" data-delay=\"0\">febrero 27, 2023<\/div>\n           <\/div>\n   <\/div>\n\n<\/li>\n<li id=\"eg-2-post-id-10428\" class=\"filterall filter-galeria eg-monroe-wrapper eg-post-id-10428\" data-date=\"1677523519\">\n    <div class=\"esg-media-cover-wrapper\">\n<div class=\"esg-entry-media\"><img loading=\"lazy\" decoding=\"async\" src=\"https:\/\/carnavalvegano.do\/wp-content\/uploads\/2023\/03\/00-Lunes-27-de-Febrero-Carnaval-Vegano-102.jpg\" alt=\"\" width=\"1200\" height=\"800\"><\/div>\n\n            <div class=\"esg-entry-cover\">\n\n                <div class=\"esg-overlay esg-fadeout eg-monroe-container\" data-delay=\"0\"><\/div>\n\n\t\t\t\t<div class=\"esg-bottom eg-post-10428 eg-monroe-element-0-a esg-flipup\" data-delay=\"0\"><a class=\"eg-monroe-element-0 eg-post-10428\" href=\"https:\/\/carnavalvegano.do\/index.php\/2023\/02\/27\/quinta-salida-carnaval-vegano-2023-lunes-27-febrero-2023\/\" target=\"_self\">Ver M\u00e1s<\/a><\/div>\n\t\t\t\t<div class=\"esg-center eg-post-10428 eg-monroe-element-1 esg-flipdownout\" data-delay=\"0\">Quinta Salida Carnaval Vegano 2023 - Lunes 27 Febrero 2023<\/div>\n\t\t\t\t<div class=\"esg-top eg-post-10428 eg-monroe-element-8 esg-slidedown\" data-delay=\"0\">febrero 27, 2023<\/div>\n           <\/div>\n   <\/div>\n\n<\/li>\n<li id=\"eg-2-post-id-10431\" class=\"filterall filter-galeria eg-monroe-wrapper eg-post-id-10431\" data-date=\"1677541533\">\n    <div class=\"esg-media-cover-wrapper\">\n<div class=\"esg-entry-media\"><img loading=\"lazy\" decoding=\"async\" src=\"https:\/\/carnavalvegano.do\/wp-content\/uploads\/2023\/03\/Concierto-Lunes-27-de-Febrero-Carnaval-Vegano-49.jpg\" alt=\"\" width=\"1200\" height=\"800\"><\/div>\n\n            <div class=\"esg-entry-cover\">\n\n                <div class=\"esg-overlay esg-fadeout eg-monroe-container\" data-delay=\"0\"><\/div>\n\n\t\t\t\t<div class=\"esg-bottom eg-post-10431 eg-monroe-element-0-a esg-flipup\" data-delay=\"0\"><a class=\"eg-monroe-element-0 eg-post-10431\" href=\"https:\/\/carnavalvegano.do\/index.php\/2023\/02\/27\/concierto-lunes-27-el-torito-flow-28-y-chimbala-carnaval-vegano-2023\/\" target=\"_self\">Ver M\u00e1s<\/a><\/div>\n\t\t\t\t<div class=\"esg-center eg-post-10431 eg-monroe-element-1 esg-flipdownout\" data-delay=\"0\">Concierto Lunes 27 - El Torito, Flow 28 y Chimbala - Carnaval Vegano 2023<\/div>\n\t\t\t\t<div class=\"esg-top eg-post-10431 eg-monroe-element-8 esg-slidedown\" data-delay=\"0\">febrero 27, 2023<\/div>\n           <\/div>\n   <\/div>\n\n<\/li>\n<li id=\"eg-2-post-id-10438\" class=\"filterall filter-galeria eg-monroe-wrapper eg-post-id-10438\" data-date=\"1706297355\">\n    <div class=\"esg-media-cover-wrapper\">\n<div class=\"esg-entry-media\"><img loading=\"lazy\" decoding=\"async\" src=\"https:\/\/carnavalvegano.do\/wp-content\/uploads\/2024\/01\/IMG_1799.jpg\" alt=\"\" width=\"1200\" height=\"800\"><\/div>\n\n            <div class=\"esg-entry-cover\">\n\n                <div class=\"esg-overlay esg-fadeout eg-monroe-container\" data-delay=\"0\"><\/div>\n\n\t\t\t\t<div class=\"esg-bottom eg-post-10438 eg-monroe-element-0-a esg-flipup\" data-delay=\"0\"><a class=\"eg-monroe-element-0 eg-post-10438\" href=\"https:\/\/carnavalvegano.do\/index.php\/2024\/01\/26\/lanzamiento-carnaval-2024\/\" target=\"_self\">Ver M\u00e1s<\/a><\/div>\n\t\t\t\t<div class=\"esg-center eg-post-10438 eg-monroe-element-1 esg-flipdownout\" data-delay=\"0\">Lanzamiento Carnaval 2024<\/div>\n\t\t\t\t<div class=\"esg-top eg-post-10438 eg-monroe-element-8 esg-slidedown\" data-delay=\"0\">enero 26, 2024<\/div>\n           <\/div>\n   <\/div>\n\n<\/li>\n<li id=\"eg-2-post-id-10443\" class=\"filterall filter-galeria eg-monroe-wrapper eg-post-id-10443\" data-date=\"1706299365\">\n    <div class=\"esg-media-cover-wrapper\">\n<div class=\"esg-entry-media\"><img loading=\"lazy\" decoding=\"async\" src=\"https:\/\/carnavalvegano.do\/wp-content\/uploads\/2024\/01\/IMG_4920.jpg\" alt=\"\" width=\"800\" height=\"1200\"><\/div>\n\n            <div class=\"esg-entry-cover\">\n\n                <div class=\"esg-overlay esg-fadeout eg-monroe-container\" data-delay=\"0\"><\/div>\n\n\t\t\t\t<div class=\"esg-bottom eg-post-10443 eg-monroe-element-0-a esg-flipup\" data-delay=\"0\"><a class=\"eg-monroe-element-0 eg-post-10443\" href=\"https:\/\/carnavalvegano.do\/index.php\/2024\/01\/26\/reinado-infantil-carnaval-vegano-2024\/\" target=\"_self\">Ver M\u00e1s<\/a><\/div>\n\t\t\t\t<div class=\"esg-center eg-post-10443 eg-monroe-element-1 esg-flipdownout\" data-delay=\"0\">Reinado Infantil Carnaval Vegano 2024<\/div>\n\t\t\t\t<div class=\"esg-top eg-post-10443 eg-monroe-element-8 esg-slidedown\" data-delay=\"0\">enero 26, 2024<\/div>\n           <\/div>\n   <\/div>\n\n<\/li>\n<li id=\"eg-2-post-id-10446\" class=\"filterall filter-galeria eg-monroe-wrapper eg-post-id-10446\" data-date=\"1706647882\">\n    <div class=\"esg-media-cover-wrapper\">\n<div class=\"esg-entry-media\"><img loading=\"lazy\" decoding=\"async\" src=\"https:\/\/carnavalvegano.do\/wp-content\/uploads\/2024\/01\/DSC5766.jpg\" alt=\"\" width=\"1200\" height=\"798\"><\/div>\n\n            <div class=\"esg-entry-cover\">\n\n                <div class=\"esg-overlay esg-fadeout eg-monroe-container\" data-delay=\"0\"><\/div>\n\n\t\t\t\t<div class=\"esg-bottom eg-post-10446 eg-monroe-element-0-a esg-flipup\" data-delay=\"0\"><a class=\"eg-monroe-element-0 eg-post-10446\" href=\"https:\/\/carnavalvegano.do\/index.php\/2024\/01\/30\/noche-de-reyes-carnaval-vegano-2024\/\" target=\"_self\">Ver M\u00e1s<\/a><\/div>\n\t\t\t\t<div class=\"esg-center eg-post-10446 eg-monroe-element-1 esg-flipdownout\" data-delay=\"0\">Noche de Reyes Carnaval Vegano 2024<\/div>\n\t\t\t\t<div class=\"esg-top eg-post-10446 eg-monroe-element-8 esg-slidedown\" data-delay=\"0\">enero 30, 2024<\/div>\n           <\/div>\n   <\/div>\n\n<\/li>\n<li id=\"eg-2-post-id-10449\" class=\"filterall filter-galeria eg-monroe-wrapper eg-post-id-10449\" data-date=\"1706648023\">\n    <div class=\"esg-media-cover-wrapper\">\n<div class=\"esg-entry-media\"><img loading=\"lazy\" decoding=\"async\" src=\"https:\/\/carnavalvegano.do\/wp-content\/uploads\/2024\/01\/Mesa-de-trabajo-4@2x-100.jpg\" alt=\"\" width=\"3200\" height=\"2160\"><\/div>\n\n            <div class=\"esg-entry-cover\">\n\n                <div class=\"esg-overlay esg-fadeout eg-monroe-container\" data-delay=\"0\"><\/div>\n\n\t\t\t\t<div class=\"esg-bottom eg-post-10449 eg-monroe-element-0-a esg-flipup\" data-delay=\"0\"><a class=\"eg-monroe-element-0 eg-post-10449\" href=\"https:\/\/carnavalvegano.do\/index.php\/2024\/01\/30\/desfile-de-apertura-carnaval-vegano-2024\/\" target=\"_self\">Ver M\u00e1s<\/a><\/div>\n\t\t\t\t<div class=\"esg-center eg-post-10449 eg-monroe-element-1 esg-flipdownout\" data-delay=\"0\">Desfile de Apertura Carnaval Vegano 2024<\/div>\n\t\t\t\t<div class=\"esg-top eg-post-10449 eg-monroe-element-8 esg-slidedown\" data-delay=\"0\">enero 30, 2024<\/div>\n           <\/div>\n   <\/div>\n\n<\/li>\n<li id=\"eg-2-post-id-10453\" class=\"filterall filter-galeria eg-monroe-wrapper eg-post-id-10453\" data-date=\"1707150712\">\n    <div class=\"esg-media-cover-wrapper\">\n<div class=\"esg-entry-media\"><img loading=\"lazy\" decoding=\"async\" src=\"https:\/\/carnavalvegano.do\/wp-content\/uploads\/2024\/02\/Mesa-de-trabajo-26-copia-3-100.jpg\" alt=\"\" width=\"1081\" height=\"1081\"><\/div>\n\n            <div class=\"esg-entry-cover\">\n\n                <div class=\"esg-overlay esg-fadeout eg-monroe-container\" data-delay=\"0\"><\/div>\n\n\t\t\t\t<div class=\"esg-bottom eg-post-10453 eg-monroe-element-0-a esg-flipup\" data-delay=\"0\"><a class=\"eg-monroe-element-0 eg-post-10453\" href=\"https:\/\/carnavalvegano.do\/index.php\/2024\/02\/05\/primera-salida-carnaval-vegano-domingo-4-febrero-2024\/\" target=\"_self\">Ver M\u00e1s<\/a><\/div>\n\t\t\t\t<div class=\"esg-center eg-post-10453 eg-monroe-element-1 esg-flipdownout\" data-delay=\"0\">Primera Salida Carnaval Vegano \u2013 Domingo 4 Febrero 2024<\/div>\n\t\t\t\t<div class=\"esg-top eg-post-10453 eg-monroe-element-8 esg-slidedown\" data-delay=\"0\">febrero 5, 2024<\/div>\n           <\/div>\n   <\/div>\n\n<\/li>\n<li id=\"eg-2-post-id-10456\" class=\"filterall filter-galeria eg-monroe-wrapper eg-post-id-10456\" data-date=\"1707150889\">\n    <div class=\"esg-media-cover-wrapper\">\n<div class=\"esg-entry-media\"><img loading=\"lazy\" decoding=\"async\" src=\"https:\/\/carnavalvegano.do\/wp-content\/uploads\/2024\/02\/Mesa-de-trabajo-1-100-16.jpg\" alt=\"\" width=\"1600\" height=\"1080\"><\/div>\n\n            <div class=\"esg-entry-cover\">\n\n                <div class=\"esg-overlay esg-fadeout eg-monroe-container\" data-delay=\"0\"><\/div>\n\n\t\t\t\t<div class=\"esg-bottom eg-post-10456 eg-monroe-element-0-a esg-flipup\" data-delay=\"0\"><a class=\"eg-monroe-element-0 eg-post-10456\" href=\"https:\/\/carnavalvegano.do\/index.php\/2024\/02\/05\/concierto-primer-domingo-lapiz-conciente-omega-el-fuerte-secreto-carnaval-vegano-2024\/\" target=\"_self\">Ver M\u00e1s<\/a><\/div>\n\t\t\t\t<div class=\"esg-center eg-post-10456 eg-monroe-element-1 esg-flipdownout\" data-delay=\"0\">Concierto Primer Domingo - Lapiz Conciente, Omega El Fuerte & Secreto - Carnaval Vegano 2024<\/div>\n\t\t\t\t<div class=\"esg-top eg-post-10456 eg-monroe-element-8 esg-slidedown\" data-delay=\"0\">febrero 5, 2024<\/div>\n           <\/div>\n   <\/div>\n\n<\/li>\n<li id=\"eg-2-post-id-10471\" class=\"filterall filter-galeria eg-monroe-wrapper eg-post-id-10471\" data-date=\"1707856787\">\n    <div class=\"esg-media-cover-wrapper\">\n<div class=\"esg-entry-media\"><img loading=\"lazy\" decoding=\"async\" src=\"https:\/\/carnavalvegano.do\/wp-content\/uploads\/2024\/02\/IMG_9682.jpg\" alt=\"\" width=\"1200\" height=\"800\"><\/div>\n\n            <div class=\"esg-entry-cover\">\n\n                <div class=\"esg-overlay esg-fadeout eg-monroe-container\" data-delay=\"0\"><\/div>\n\n\t\t\t\t<div class=\"esg-bottom eg-post-10471 eg-monroe-element-0-a esg-flipup\" data-delay=\"0\"><a class=\"eg-monroe-element-0 eg-post-10471\" href=\"https:\/\/carnavalvegano.do\/index.php\/2024\/02\/13\/segunda-salida-carnaval-vegano-domingo-11-febrero-2024\/\" target=\"_self\">Ver M\u00e1s<\/a><\/div>\n\t\t\t\t<div class=\"esg-center eg-post-10471 eg-monroe-element-1 esg-flipdownout\" data-delay=\"0\">Segunda Salida Carnaval Vegano \u2013 Domingo 11 Febrero 2024<\/div>\n\t\t\t\t<div class=\"esg-top eg-post-10471 eg-monroe-element-8 esg-slidedown\" data-delay=\"0\">febrero 13, 2024<\/div>\n           <\/div>\n   <\/div>\n\n<\/li>\n<li id=\"eg-2-post-id-10474\" class=\"filterall filter-galeria eg-monroe-wrapper eg-post-id-10474\" data-date=\"1707857310\">\n    <div class=\"esg-media-cover-wrapper\">\n<div class=\"esg-entry-media\"><img loading=\"lazy\" decoding=\"async\" src=\"https:\/\/carnavalvegano.do\/wp-content\/uploads\/2024\/02\/159-8.jpg\" alt=\"\" width=\"1600\" height=\"1080\"><\/div>\n\n            <div class=\"esg-entry-cover\">\n\n                <div class=\"esg-overlay esg-fadeout eg-monroe-container\" data-delay=\"0\"><\/div>\n\n\t\t\t\t<div class=\"esg-bottom eg-post-10474 eg-monroe-element-0-a esg-flipup\" data-delay=\"0\"><a class=\"eg-monroe-element-0 eg-post-10474\" href=\"https:\/\/carnavalvegano.do\/index.php\/2024\/02\/13\/concierto-segundo-domingo-jowel-randy-yiyo-sarante-carnaval-vegano-2024\/\" target=\"_self\">Ver M\u00e1s<\/a><\/div>\n\t\t\t\t<div class=\"esg-center eg-post-10474 eg-monroe-element-1 esg-flipdownout\" data-delay=\"0\">Concierto Segundo Domingo - Jowell & Randy , Yiyo Sarante - Carnaval Vegano 2024<\/div>\n\t\t\t\t<div class=\"esg-top eg-post-10474 eg-monroe-element-8 esg-slidedown\" data-delay=\"0\">febrero 13, 2024<\/div>\n           <\/div>\n   <\/div>\n\n<\/li>\n<li id=\"eg-2-post-id-10480\" class=\"filterall filter-galeria eg-monroe-wrapper eg-post-id-10480\" data-date=\"1709222374\">\n    <div class=\"esg-media-cover-wrapper\">\n<div class=\"esg-entry-media\"><img loading=\"lazy\" decoding=\"async\" src=\"https:\/\/carnavalvegano.do\/wp-content\/uploads\/2024\/02\/IMG_8466.jpg\" alt=\"\" width=\"1800\" height=\"1200\"><\/div>\n\n            <div class=\"esg-entry-cover\">\n\n                <div class=\"esg-overlay esg-fadeout eg-monroe-container\" data-delay=\"0\"><\/div>\n\n\t\t\t\t<div class=\"esg-bottom eg-post-10480 eg-monroe-element-0-a esg-flipup\" data-delay=\"0\"><a class=\"eg-monroe-element-0 eg-post-10480\" href=\"https:\/\/carnavalvegano.do\/index.php\/2024\/02\/29\/tercera-salida-carnaval-vegano-domingo-25-febrero-2024\/\" target=\"_self\">Ver M\u00e1s<\/a><\/div>\n\t\t\t\t<div class=\"esg-center eg-post-10480 eg-monroe-element-1 esg-flipdownout\" data-delay=\"0\">Tercera Salida Carnaval Vegano \u2013 Domingo 25 Febrero 2024<\/div>\n\t\t\t\t<div class=\"esg-top eg-post-10480 eg-monroe-element-8 esg-slidedown\" data-delay=\"0\">febrero 29, 2024<\/div>\n           <\/div>\n   <\/div>\n\n<\/li>\n<li id=\"eg-2-post-id-10483\" class=\"filterall filter-galeria eg-monroe-wrapper eg-post-id-10483\" data-date=\"1709222640\">\n    <div class=\"esg-media-cover-wrapper\">\n<div class=\"esg-entry-media\"><img loading=\"lazy\" decoding=\"async\" src=\"https:\/\/carnavalvegano.do\/wp-content\/uploads\/2024\/02\/DSC1499.jpg\" alt=\"\" width=\"1200\" height=\"1804\"><\/div>\n\n            <div class=\"esg-entry-cover\">\n\n                <div class=\"esg-overlay esg-fadeout eg-monroe-container\" data-delay=\"0\"><\/div>\n\n\t\t\t\t<div class=\"esg-bottom eg-post-10483 eg-monroe-element-0-a esg-flipup\" data-delay=\"0\"><a class=\"eg-monroe-element-0 eg-post-10483\" href=\"https:\/\/carnavalvegano.do\/index.php\/2024\/02\/29\/concierto-tercer-domingo-bulin-47-el-blachy-carnaval-vegano-2024\/\" target=\"_self\">Ver M\u00e1s<\/a><\/div>\n\t\t\t\t<div class=\"esg-center eg-post-10483 eg-monroe-element-1 esg-flipdownout\" data-delay=\"0\">Concierto Tercer Domingo - Bulin 47 , El Blachy - Carnaval Vegano 2024<\/div>\n\t\t\t\t<div class=\"esg-top eg-post-10483 eg-monroe-element-8 esg-slidedown\" data-delay=\"0\">febrero 29, 2024<\/div>\n           <\/div>\n   <\/div>\n\n<\/li>\n<li id=\"eg-2-post-id-10487\" class=\"filterall filter-galeria eg-monroe-wrapper eg-post-id-10487\" data-date=\"1709223146\">\n    <div class=\"esg-media-cover-wrapper\">\n<div class=\"esg-entry-media\"><img loading=\"lazy\" decoding=\"async\" src=\"https:\/\/carnavalvegano.do\/wp-content\/uploads\/2024\/02\/QWERTYUI-4.jpg\" alt=\"\" width=\"3200\" height=\"2160\"><\/div>\n\n            <div class=\"esg-entry-cover\">\n\n                <div class=\"esg-overlay esg-fadeout eg-monroe-container\" data-delay=\"0\"><\/div>\n\n\t\t\t\t<div class=\"esg-bottom eg-post-10487 eg-monroe-element-0-a esg-flipup\" data-delay=\"0\"><a class=\"eg-monroe-element-0 eg-post-10487\" href=\"https:\/\/carnavalvegano.do\/index.php\/2024\/02\/29\/cuarta-salida-carnaval-vegano-martes-27-febrero-2024\/\" target=\"_self\">Ver M\u00e1s<\/a><\/div>\n\t\t\t\t<div class=\"esg-center eg-post-10487 eg-monroe-element-1 esg-flipdownout\" data-delay=\"0\">Cuarta Salida Carnaval Vegano - Martes 27 Febrero 2024<\/div>\n\t\t\t\t<div class=\"esg-top eg-post-10487 eg-monroe-element-8 esg-slidedown\" data-delay=\"0\">febrero 29, 2024<\/div>\n           <\/div>\n   <\/div>\n\n<\/li>\n<li id=\"eg-2-post-id-10490\" class=\"filterall filter-galeria eg-monroe-wrapper eg-post-id-10490\" data-date=\"1709223491\">\n    <div class=\"esg-media-cover-wrapper\">\n<div class=\"esg-entry-media\"><img loading=\"lazy\" decoding=\"async\" src=\"https:\/\/carnavalvegano.do\/wp-content\/uploads\/2024\/02\/UGDFX-2.jpg\" alt=\"\" width=\"3200\" height=\"2160\"><\/div>\n\n            <div class=\"esg-entry-cover\">\n\n                <div class=\"esg-overlay esg-fadeout eg-monroe-container\" data-delay=\"0\"><\/div>\n\n\t\t\t\t<div class=\"esg-bottom eg-post-10490 eg-monroe-element-0-a esg-flipup\" data-delay=\"0\"><a class=\"eg-monroe-element-0 eg-post-10490\" href=\"https:\/\/carnavalvegano.do\/index.php\/2024\/02\/29\/concierto-martes-27-dj-adoniii-rochy-rd-carnaval-vegano-2024\/\" target=\"_self\">Ver M\u00e1s<\/a><\/div>\n\t\t\t\t<div class=\"esg-center eg-post-10490 eg-monroe-element-1 esg-flipdownout\" data-delay=\"0\">Concierto Martes 27 - DJ Adoniii & Rochy RD - Carnaval Vegano 2024<\/div>\n\t\t\t\t<div class=\"esg-top eg-post-10490 eg-monroe-element-8 esg-slidedown\" data-delay=\"0\">febrero 29, 2024<\/div>\n           <\/div>\n   <\/div>\n\n<\/li>\n<li id=\"eg-2-post-id-10510\" class=\"filterall filter-galeria eg-monroe-wrapper eg-post-id-10510\" data-date=\"1738155321\">\n    <div class=\"esg-media-cover-wrapper\">\n<div class=\"esg-entry-media\"><img loading=\"lazy\" decoding=\"async\" src=\"https:\/\/carnavalvegano.do\/wp-content\/uploads\/2025\/01\/SFL1090.jpg\" alt=\"\" width=\"1200\" height=\"800\"><\/div>\n\n            <div class=\"esg-entry-cover\">\n\n                <div class=\"esg-overlay esg-fadeout eg-monroe-container\" data-delay=\"0\"><\/div>\n\n\t\t\t\t<div class=\"esg-bottom eg-post-10510 eg-monroe-element-0-a esg-flipup\" data-delay=\"0\"><a class=\"eg-monroe-element-0 eg-post-10510\" href=\"https:\/\/carnavalvegano.do\/index.php\/2025\/01\/29\/coronacion-del-rey-momo-2025\/\" target=\"_self\">Ver M\u00e1s<\/a><\/div>\n\t\t\t\t<div class=\"esg-center eg-post-10510 eg-monroe-element-1 esg-flipdownout\" data-delay=\"0\">Coronaci\u00f3n del Rey Momo - S\u00e1bado 11 de Enero 2025<\/div>\n\t\t\t\t<div class=\"esg-top eg-post-10510 eg-monroe-element-8 esg-slidedown\" data-delay=\"0\">enero 29, 2025<\/div>\n           <\/div>\n   <\/div>\n\n<\/li>\n<li id=\"eg-2-post-id-10513\" class=\"filterall filter-galeria eg-monroe-wrapper eg-post-id-10513\" data-date=\"1738156034\">\n    <div class=\"esg-media-cover-wrapper\">\n<div class=\"esg-entry-media\"><img loading=\"lazy\" decoding=\"async\" src=\"https:\/\/carnavalvegano.do\/wp-content\/uploads\/2025\/01\/SFL1429.jpg\" alt=\"\" width=\"1200\" height=\"800\"><\/div>\n\n            <div class=\"esg-entry-cover\">\n\n                <div class=\"esg-overlay esg-fadeout eg-monroe-container\" data-delay=\"0\"><\/div>\n\n\t\t\t\t<div class=\"esg-bottom eg-post-10513 eg-monroe-element-0-a esg-flipup\" data-delay=\"0\"><a class=\"eg-monroe-element-0 eg-post-10513\" href=\"https:\/\/carnavalvegano.do\/index.php\/2025\/01\/29\/lanzamiento-oficial-carnaval-vegano-2025-viernes-17-de-enero\/\" target=\"_self\">Ver M\u00e1s<\/a><\/div>\n\t\t\t\t<div class=\"esg-center eg-post-10513 eg-monroe-element-1 esg-flipdownout\" data-delay=\"0\">Lanzamiento Oficial Carnaval Vegano - Viernes 17 de Enero 2025<\/div>\n\t\t\t\t<div class=\"esg-top eg-post-10513 eg-monroe-element-8 esg-slidedown\" data-delay=\"0\">enero 29, 2025<\/div>\n           <\/div>\n   <\/div>\n\n<\/li>\n<li id=\"eg-2-post-id-10516\" class=\"filterall filter-galeria eg-monroe-wrapper eg-post-id-10516\" data-date=\"1738156332\">\n    <div class=\"esg-media-cover-wrapper\">\n<div class=\"esg-entry-media\"><img loading=\"lazy\" decoding=\"async\" src=\"https:\/\/carnavalvegano.do\/wp-content\/uploads\/2025\/01\/IMG_1119.jpg\" alt=\"\" width=\"1200\" height=\"810\"><\/div>\n\n            <div class=\"esg-entry-cover\">\n\n                <div class=\"esg-overlay esg-fadeout eg-monroe-container\" data-delay=\"0\"><\/div>\n\n\t\t\t\t<div class=\"esg-bottom eg-post-10516 eg-monroe-element-0-a esg-flipup\" data-delay=\"0\"><a class=\"eg-monroe-element-0 eg-post-10516\" href=\"https:\/\/carnavalvegano.do\/index.php\/2025\/01\/29\/coronacion-reina-infantil-jueves-23-de-enero\/\" target=\"_self\">Ver M\u00e1s<\/a><\/div>\n\t\t\t\t<div class=\"esg-center eg-post-10516 eg-monroe-element-1 esg-flipdownout\" data-delay=\"0\">Coronaci\u00f3n Reina Infantil - Jueves 23 de Enero 2025<\/div>\n\t\t\t\t<div class=\"esg-top eg-post-10516 eg-monroe-element-8 esg-slidedown\" data-delay=\"0\">enero 29, 2025<\/div>\n           <\/div>\n   <\/div>\n\n<\/li>\n<li id=\"eg-2-post-id-10519\" class=\"filterall filter-galeria eg-monroe-wrapper eg-post-id-10519\" data-date=\"1738156540\">\n    <div class=\"esg-media-cover-wrapper\">\n<div class=\"esg-entry-media\"><img loading=\"lazy\" decoding=\"async\" src=\"https:\/\/carnavalvegano.do\/wp-content\/uploads\/2025\/01\/DSC07932.jpg\" alt=\"\" width=\"1200\" height=\"810\"><\/div>\n\n            <div class=\"esg-entry-cover\">\n\n                <div class=\"esg-overlay esg-fadeout eg-monroe-container\" data-delay=\"0\"><\/div>\n\n\t\t\t\t<div class=\"esg-bottom eg-post-10519 eg-monroe-element-0-a esg-flipup\" data-delay=\"0\"><a class=\"eg-monroe-element-0 eg-post-10519\" href=\"https:\/\/carnavalvegano.do\/index.php\/2025\/01\/29\/coronacion-reina-del-carnaval-sabado-25-de-enero\/\" target=\"_self\">Ver M\u00e1s<\/a><\/div>\n\t\t\t\t<div class=\"esg-center eg-post-10519 eg-monroe-element-1 esg-flipdownout\" data-delay=\"0\">Coronaci\u00f3n Reina del Carnaval - S\u00e1bado 25 de Enero 2025<\/div>\n\t\t\t\t<div class=\"esg-top eg-post-10519 eg-monroe-element-8 esg-slidedown\" data-delay=\"0\">enero 29, 2025<\/div>\n           <\/div>\n   <\/div>\n\n<\/li>\n<li id=\"eg-2-post-id-10522\" class=\"filterall filter-galeria eg-monroe-wrapper eg-post-id-10522\" data-date=\"1738156751\">\n    <div class=\"esg-media-cover-wrapper\">\n<div class=\"esg-entry-media\"><img loading=\"lazy\" decoding=\"async\" src=\"https:\/\/carnavalvegano.do\/wp-content\/uploads\/2025\/01\/IMG_7439.jpg\" alt=\"\" width=\"1200\" height=\"800\"><\/div>\n\n            <div class=\"esg-entry-cover\">\n\n                <div class=\"esg-overlay esg-fadeout eg-monroe-container\" data-delay=\"0\"><\/div>\n\n\t\t\t\t<div class=\"esg-bottom eg-post-10522 eg-monroe-element-0-a esg-flipup\" data-delay=\"0\"><a class=\"eg-monroe-element-0 eg-post-10522\" href=\"https:\/\/carnavalvegano.do\/index.php\/2025\/01\/29\/desfile-de-apertura-2025-domingo-26-de-enero\/\" target=\"_self\">Ver M\u00e1s<\/a><\/div>\n\t\t\t\t<div class=\"esg-center eg-post-10522 eg-monroe-element-1 esg-flipdownout\" data-delay=\"0\">Desfile de Apertura - Domingo 26 de Enero 2025<\/div>\n\t\t\t\t<div class=\"esg-top eg-post-10522 eg-monroe-element-8 esg-slidedown\" data-delay=\"0\">enero 29, 2025<\/div>\n           <\/div>\n   <\/div>\n\n<\/li>\n<li id=\"eg-2-post-id-10537\" class=\"filterall filter-galeria eg-monroe-wrapper eg-post-id-10537\" data-date=\"1738601939\">\n    <div class=\"esg-media-cover-wrapper\">\n<div class=\"esg-entry-media\"><img loading=\"lazy\" decoding=\"async\" src=\"https:\/\/carnavalvegano.do\/wp-content\/uploads\/2025\/02\/DSC00340.jpg\" alt=\"\" width=\"1200\" height=\"800\"><\/div>\n\n            <div class=\"esg-entry-cover\">\n\n                <div class=\"esg-overlay esg-fadeout eg-monroe-container\" data-delay=\"0\"><\/div>\n\n\t\t\t\t<div class=\"esg-bottom eg-post-10537 eg-monroe-element-0-a esg-flipup\" data-delay=\"0\"><a class=\"eg-monroe-element-0 eg-post-10537\" href=\"https:\/\/carnavalvegano.do\/index.php\/2025\/02\/03\/primera-salida-carnaval-vegano-domingo-2-febrero-2025\/\" target=\"_self\">Ver M\u00e1s<\/a><\/div>\n\t\t\t\t<div class=\"esg-center eg-post-10537 eg-monroe-element-1 esg-flipdownout\" data-delay=\"0\">Primera Salida Carnaval Vegano \u2013 Domingo 2 Febrero 2025<\/div>\n\t\t\t\t<div class=\"esg-top eg-post-10537 eg-monroe-element-8 esg-slidedown\" data-delay=\"0\">febrero 3, 2025<\/div>\n           <\/div>\n   <\/div>\n\n<\/li>\n<li id=\"eg-2-post-id-10540\" class=\"filterall filter-galeria eg-monroe-wrapper eg-post-id-10540\" data-date=\"1738602138\">\n    <div class=\"esg-media-cover-wrapper\">\n<div class=\"esg-entry-media\"><img loading=\"lazy\" decoding=\"async\" src=\"https:\/\/carnavalvegano.do\/wp-content\/uploads\/2025\/02\/SFL8710.jpg\" alt=\"\" width=\"1200\" height=\"800\"><\/div>\n\n            <div class=\"esg-entry-cover\">\n\n                <div class=\"esg-overlay esg-fadeout eg-monroe-container\" data-delay=\"0\"><\/div>\n\n\t\t\t\t<div class=\"esg-bottom eg-post-10540 eg-monroe-element-0-a esg-flipup\" data-delay=\"0\"><a class=\"eg-monroe-element-0 eg-post-10540\" href=\"https:\/\/carnavalvegano.do\/index.php\/2025\/02\/03\/concierto-primer-domingo-bulin-47-el-blachy-carnaval-vegano-2025\/\" target=\"_self\">Ver M\u00e1s<\/a><\/div>\n\t\t\t\t<div class=\"esg-center eg-post-10540 eg-monroe-element-1 esg-flipdownout\" data-delay=\"0\">Concierto Primer Domingo \u2013 Bulin 47, El Blachy \u2013 Carnaval Vegano 2025<\/div>\n\t\t\t\t<div class=\"esg-top eg-post-10540 eg-monroe-element-8 esg-slidedown\" data-delay=\"0\">febrero 3, 2025<\/div>\n           <\/div>\n   <\/div>\n\n<\/li>\n<li id=\"eg-2-post-id-10554\" class=\"filterall filter-galeria eg-monroe-wrapper eg-post-id-10554\" data-date=\"1739294034\">\n    <div class=\"esg-media-cover-wrapper\">\n<div class=\"esg-entry-media\"><img loading=\"lazy\" decoding=\"async\" src=\"https:\/\/carnavalvegano.do\/wp-content\/uploads\/2025\/02\/DSC01311.jpg\" alt=\"\" width=\"1300\" height=\"867\"><\/div>\n\n            <div class=\"esg-entry-cover\">\n\n                <div class=\"esg-overlay esg-fadeout eg-monroe-container\" data-delay=\"0\"><\/div>\n\n\t\t\t\t<div class=\"esg-bottom eg-post-10554 eg-monroe-element-0-a esg-flipup\" data-delay=\"0\"><a class=\"eg-monroe-element-0 eg-post-10554\" href=\"https:\/\/carnavalvegano.do\/index.php\/2025\/02\/11\/segunda-salida-carnaval-vegano-domingo-9-febrero-2025\/\" target=\"_self\">Ver M\u00e1s<\/a><\/div>\n\t\t\t\t<div class=\"esg-center eg-post-10554 eg-monroe-element-1 esg-flipdownout\" data-delay=\"0\">Segunda Salida Carnaval Vegano \u2013 Domingo 9 Febrero 2025<\/div>\n\t\t\t\t<div class=\"esg-top eg-post-10554 eg-monroe-element-8 esg-slidedown\" data-delay=\"0\">febrero 11, 2025<\/div>\n           <\/div>\n   <\/div>\n\n<\/li>\n<li id=\"eg-2-post-id-10557\" class=\"filterall filter-galeria eg-monroe-wrapper eg-post-id-10557\" data-date=\"1739294270\">\n    <div class=\"esg-media-cover-wrapper\">\n<div class=\"esg-entry-media\"><img loading=\"lazy\" decoding=\"async\" src=\"https:\/\/carnavalvegano.do\/wp-content\/uploads\/2025\/02\/SFL0855.jpg\" alt=\"\" width=\"1300\" height=\"867\"><\/div>\n\n            <div class=\"esg-entry-cover\">\n\n                <div class=\"esg-overlay esg-fadeout eg-monroe-container\" data-delay=\"0\"><\/div>\n\n\t\t\t\t<div class=\"esg-bottom eg-post-10557 eg-monroe-element-0-a esg-flipup\" data-delay=\"0\"><a class=\"eg-monroe-element-0 eg-post-10557\" href=\"https:\/\/carnavalvegano.do\/index.php\/2025\/02\/11\/concierto-segundo-domingo-amenazzy-secreto-el-famoso-biberon-carnaval-vegano-2025\/\" target=\"_self\">Ver M\u00e1s<\/a><\/div>\n\t\t\t\t<div class=\"esg-center eg-post-10557 eg-monroe-element-1 esg-flipdownout\" data-delay=\"0\">Concierto Segundo Domingo \u2013 Amenazzy, Secreto el Famoso Biberon \u2013 Carnaval Vegano 2025<\/div>\n\t\t\t\t<div class=\"esg-top eg-post-10557 eg-monroe-element-8 esg-slidedown\" data-delay=\"0\">febrero 11, 2025<\/div>\n           <\/div>\n   <\/div>\n\n<\/li>\n<li id=\"eg-2-post-id-10560\" class=\"filterall filter-galeria eg-monroe-wrapper eg-post-id-10560\" data-date=\"1739807093\">\n    <div class=\"esg-media-cover-wrapper\">\n<div class=\"esg-entry-media\"><img loading=\"lazy\" decoding=\"async\" src=\"https:\/\/carnavalvegano.do\/wp-content\/uploads\/2025\/02\/DSC04381.jpg\" alt=\"\" width=\"1300\" height=\"867\"><\/div>\n\n            <div class=\"esg-entry-cover\">\n\n                <div class=\"esg-overlay esg-fadeout eg-monroe-container\" data-delay=\"0\"><\/div>\n\n\t\t\t\t<div class=\"esg-bottom eg-post-10560 eg-monroe-element-0-a esg-flipup\" data-delay=\"0\"><a class=\"eg-monroe-element-0 eg-post-10560\" href=\"https:\/\/carnavalvegano.do\/index.php\/2025\/02\/17\/tercera-salida-carnaval-vegano-domingo-16-febrero-2025\/\" target=\"_self\">Ver M\u00e1s<\/a><\/div>\n\t\t\t\t<div class=\"esg-center eg-post-10560 eg-monroe-element-1 esg-flipdownout\" data-delay=\"0\">Tercera Salida Carnaval Vegano \u2013 Domingo 16 Febrero 2025<\/div>\n\t\t\t\t<div class=\"esg-top eg-post-10560 eg-monroe-element-8 esg-slidedown\" data-delay=\"0\">febrero 17, 2025<\/div>\n           <\/div>\n   <\/div>\n\n<\/li>\n<li id=\"eg-2-post-id-10563\" class=\"filterall filter-galeria eg-monroe-wrapper eg-post-id-10563\" data-date=\"1739807368\">\n    <div class=\"esg-media-cover-wrapper\">\n<div class=\"esg-entry-media\"><img loading=\"lazy\" decoding=\"async\" src=\"https:\/\/carnavalvegano.do\/wp-content\/uploads\/2025\/02\/SFL1228.jpg\" alt=\"\" width=\"1300\" height=\"867\"><\/div>\n\n            <div class=\"esg-entry-cover\">\n\n                <div class=\"esg-overlay esg-fadeout eg-monroe-container\" data-delay=\"0\"><\/div>\n\n\t\t\t\t<div class=\"esg-bottom eg-post-10563 eg-monroe-element-0-a esg-flipup\" data-delay=\"0\"><a class=\"eg-monroe-element-0 eg-post-10563\" href=\"https:\/\/carnavalvegano.do\/index.php\/2025\/02\/17\/concierto-tercer-domingo-chimbala-omega-el-fuerte-carnaval-vegano-2025\/\" target=\"_self\">Ver M\u00e1s<\/a><\/div>\n\t\t\t\t<div class=\"esg-center eg-post-10563 eg-monroe-element-1 esg-flipdownout\" data-delay=\"0\">Concierto Tercer Domingo \u2013 Chimbala, Omega el Fuerte \u2013 Carnaval Vegano 2025<\/div>\n\t\t\t\t<div class=\"esg-top eg-post-10563 eg-monroe-element-8 esg-slidedown\" data-delay=\"0\">febrero 17, 2025<\/div>\n           <\/div>\n   <\/div>\n\n<\/li>\n<li id=\"eg-2-post-id-10567\" class=\"filterall filter-galeria eg-monroe-wrapper eg-post-id-10567\" data-date=\"1740475533\">\n    <div class=\"esg-media-cover-wrapper\">\n<div class=\"esg-entry-media\"><img loading=\"lazy\" decoding=\"async\" src=\"https:\/\/carnavalvegano.do\/wp-content\/uploads\/2025\/02\/SFL2828.jpg\" alt=\"\" width=\"1300\" height=\"867\"><\/div>\n\n            <div class=\"esg-entry-cover\">\n\n                <div class=\"esg-overlay esg-fadeout eg-monroe-container\" data-delay=\"0\"><\/div>\n\n\t\t\t\t<div class=\"esg-bottom eg-post-10567 eg-monroe-element-0-a esg-flipup\" data-delay=\"0\"><a class=\"eg-monroe-element-0 eg-post-10567\" href=\"https:\/\/carnavalvegano.do\/index.php\/2025\/02\/25\/cuarta-salida-carnaval-vegano-domingo-23-febrero-2025\/\" target=\"_self\">Ver M\u00e1s<\/a><\/div>\n\t\t\t\t<div class=\"esg-center eg-post-10567 eg-monroe-element-1 esg-flipdownout\" data-delay=\"0\">Cuarta Salida Carnaval Vegano \u2013 Domingo 23 Febrero 2025<\/div>\n\t\t\t\t<div class=\"esg-top eg-post-10567 eg-monroe-element-8 esg-slidedown\" data-delay=\"0\">febrero 25, 2025<\/div>\n           <\/div>\n   <\/div>\n\n<\/li>\n<li id=\"eg-2-post-id-10568\" class=\"filterall filter-galeria eg-monroe-wrapper eg-post-id-10568\" data-date=\"1740475844\">\n    <div class=\"esg-media-cover-wrapper\">\n<div class=\"esg-entry-media\"><img loading=\"lazy\" decoding=\"async\" src=\"https:\/\/carnavalvegano.do\/wp-content\/uploads\/2025\/02\/SFL4177.jpg\" alt=\"\" width=\"1300\" height=\"867\"><\/div>\n\n            <div class=\"esg-entry-cover\">\n\n                <div class=\"esg-overlay esg-fadeout eg-monroe-container\" data-delay=\"0\"><\/div>\n\n\t\t\t\t<div class=\"esg-bottom eg-post-10568 eg-monroe-element-0-a esg-flipup\" data-delay=\"0\"><a class=\"eg-monroe-element-0 eg-post-10568\" href=\"https:\/\/carnavalvegano.do\/index.php\/2025\/02\/25\/concierto-cuarto-domingo-lapiz-conciente-yaisel-lm-chiquito-team-band-fuego-carnaval-vegano-2025\/\" target=\"_self\">Ver M\u00e1s<\/a><\/div>\n\t\t\t\t<div class=\"esg-center eg-post-10568 eg-monroe-element-1 esg-flipdownout\" data-delay=\"0\">Concierto Cuarto Domingo \u2013 L\u00e1piz Conciente, Yaisel LM, Chiquito Team Band, Fuego \u2013 Carnaval Vegano 2025<\/div>\n\t\t\t\t<div class=\"esg-top eg-post-10568 eg-monroe-element-8 esg-slidedown\" data-delay=\"0\">febrero 25, 2025<\/div>\n           <\/div>\n   <\/div>\n\n<\/li>\n<li id=\"eg-2-post-id-10583\" class=\"filterall filter-galeria eg-monroe-wrapper eg-post-id-10583\" data-date=\"1770024542\">\n    <div class=\"esg-media-cover-wrapper\">\n<div class=\"esg-entry-media\"><img loading=\"lazy\" decoding=\"async\" src=\"https:\/\/carnavalvegano.do\/wp-content\/uploads\/2026\/02\/JSFL0069-scaled.jpg\" alt=\"\" width=\"2560\" height=\"1440\"><\/div>\n\n            <div class=\"esg-entry-cover\">\n\n                <div class=\"esg-overlay esg-fadeout eg-monroe-container\" data-delay=\"0\"><\/div>\n\n\t\t\t\t<div class=\"esg-bottom eg-post-10583 eg-monroe-element-0-a esg-flipup\" data-delay=\"0\"><a class=\"eg-monroe-element-0 eg-post-10583\" href=\"https:\/\/carnavalvegano.do\/index.php\/2026\/02\/02\/lanzamiento-oficial-carnaval-vegano-martes-13-de-enero-2026\/\" target=\"_self\">Ver M\u00e1s<\/a><\/div>\n\t\t\t\t<div class=\"esg-center eg-post-10583 eg-monroe-element-1 esg-flipdownout\" data-delay=\"0\">Lanzamiento Oficial Carnaval Vegano \u2013 Martes 13 de Enero 2026<\/div>\n\t\t\t\t<div class=\"esg-top eg-post-10583 eg-monroe-element-8 esg-slidedown\" data-delay=\"0\">febrero 2, 2026<\/div>\n           <\/div>\n   <\/div>\n\n<\/li>\n<li id=\"eg-2-post-id-10586\" class=\"filterall filter-galeria eg-monroe-wrapper eg-post-id-10586\" data-date=\"1770025243\">\n    <div class=\"esg-media-cover-wrapper\">\n<div class=\"esg-entry-media\"><img loading=\"lazy\" decoding=\"async\" src=\"https:\/\/carnavalvegano.do\/wp-content\/uploads\/2026\/02\/JSFL9952-scaled.jpg\" alt=\"\" width=\"2560\" height=\"2048\"><\/div>\n\n            <div class=\"esg-entry-cover\">\n\n                <div class=\"esg-overlay esg-fadeout eg-monroe-container\" data-delay=\"0\"><\/div>\n\n\t\t\t\t<div class=\"esg-bottom eg-post-10586 eg-monroe-element-0-a esg-flipup\" data-delay=\"0\"><a class=\"eg-monroe-element-0 eg-post-10586\" href=\"https:\/\/carnavalvegano.do\/index.php\/2026\/02\/02\/coronacion-reina-infantil-jueves-22-de-enero-2026\/\" target=\"_self\">Ver M\u00e1s<\/a><\/div>\n\t\t\t\t<div class=\"esg-center eg-post-10586 eg-monroe-element-1 esg-flipdownout\" data-delay=\"0\">Coronaci\u00f3n Reina Infantil - Jueves 22 de Enero 2026<\/div>\n\t\t\t\t<div class=\"esg-top eg-post-10586 eg-monroe-element-8 esg-slidedown\" data-delay=\"0\">febrero 2, 2026<\/div>\n           <\/div>\n   <\/div>\n\n<\/li>\n<li id=\"eg-2-post-id-10590\" class=\"filterall filter-galeria eg-monroe-wrapper eg-post-id-10590\" data-date=\"1770025578\">\n    <div class=\"esg-media-cover-wrapper\">\n<div class=\"esg-entry-media\"><img loading=\"lazy\" decoding=\"async\" src=\"https:\/\/carnavalvegano.do\/wp-content\/uploads\/2026\/02\/DSC03651-scaled.jpg\" alt=\"\" width=\"2560\" height=\"2048\"><\/div>\n\n            <div class=\"esg-entry-cover\">\n\n                <div class=\"esg-overlay esg-fadeout eg-monroe-container\" data-delay=\"0\"><\/div>\n\n\t\t\t\t<div class=\"esg-bottom eg-post-10590 eg-monroe-element-0-a esg-flipup\" data-delay=\"0\"><a class=\"eg-monroe-element-0 eg-post-10590\" href=\"https:\/\/carnavalvegano.do\/index.php\/2026\/02\/02\/coronacion-reina-del-carnaval-sabado-24-de-enero-2026\/\" target=\"_self\">Ver M\u00e1s<\/a><\/div>\n\t\t\t\t<div class=\"esg-center eg-post-10590 eg-monroe-element-1 esg-flipdownout\" data-delay=\"0\">Coronaci\u00f3n Reina del Carnaval - S\u00e1bado 24 de Enero 2026<\/div>\n\t\t\t\t<div class=\"esg-top eg-post-10590 eg-monroe-element-8 esg-slidedown\" data-delay=\"0\">febrero 2, 2026<\/div>\n           <\/div>\n   <\/div>\n\n<\/li>\n<li id=\"eg-2-post-id-10593\" class=\"filterall filter-galeria eg-monroe-wrapper eg-post-id-10593\" data-date=\"1770025805\">\n    <div class=\"esg-media-cover-wrapper\">\n<div class=\"esg-entry-media\"><img loading=\"lazy\" decoding=\"async\" src=\"https:\/\/carnavalvegano.do\/wp-content\/uploads\/2026\/02\/JSFL4494-scaled.jpg\" alt=\"\" width=\"2560\" height=\"2048\"><\/div>\n\n            <div class=\"esg-entry-cover\">\n\n                <div class=\"esg-overlay esg-fadeout eg-monroe-container\" data-delay=\"0\"><\/div>\n\n\t\t\t\t<div class=\"esg-bottom eg-post-10593 eg-monroe-element-0-a esg-flipup\" data-delay=\"0\"><a class=\"eg-monroe-element-0 eg-post-10593\" href=\"https:\/\/carnavalvegano.do\/index.php\/2026\/02\/02\/desfile-de-apertura-domingo-25-de-enero-2026\/\" target=\"_self\">Ver M\u00e1s<\/a><\/div>\n\t\t\t\t<div class=\"esg-center eg-post-10593 eg-monroe-element-1 esg-flipdownout\" data-delay=\"0\">Desfile de Apertura - Domingo 25 de Enero 2026<\/div>\n\t\t\t\t<div class=\"esg-top eg-post-10593 eg-monroe-element-8 esg-slidedown\" data-delay=\"0\">febrero 2, 2026<\/div>\n           <\/div>\n   <\/div>\n\n<\/li>\n<li id=\"eg-2-post-id-10596\" class=\"filterall filter-galeria eg-monroe-wrapper eg-post-id-10596\" data-date=\"1770130457\">\n    <div class=\"esg-media-cover-wrapper\">\n<div class=\"esg-entry-media\"><img loading=\"lazy\" decoding=\"async\" src=\"https:\/\/carnavalvegano.do\/wp-content\/uploads\/2026\/02\/JSFL6920-scaled.jpg\" alt=\"\" width=\"2048\" height=\"2560\"><\/div>\n\n            <div class=\"esg-entry-cover\">\n\n                <div class=\"esg-overlay esg-fadeout eg-monroe-container\" data-delay=\"0\"><\/div>\n\n\t\t\t\t<div class=\"esg-bottom eg-post-10596 eg-monroe-element-0-a esg-flipup\" data-delay=\"0\"><a class=\"eg-monroe-element-0 eg-post-10596\" href=\"https:\/\/carnavalvegano.do\/index.php\/2026\/02\/03\/primera-salida-carnaval-vegano-domingo-1-febrero-2026\/\" target=\"_self\">Ver M\u00e1s<\/a><\/div>\n\t\t\t\t<div class=\"esg-center eg-post-10596 eg-monroe-element-1 esg-flipdownout\" data-delay=\"0\">Primera Salida Carnaval Vegano \u2013 Domingo 1 Febrero 2026<\/div>\n\t\t\t\t<div class=\"esg-top eg-post-10596 eg-monroe-element-8 esg-slidedown\" data-delay=\"0\">febrero 3, 2026<\/div>\n           <\/div>\n   <\/div>\n\n<\/li>\n<li id=\"eg-2-post-id-10600\" class=\"filterall filter-galeria eg-monroe-wrapper eg-post-id-10600\" data-date=\"1770137695\">\n    <div class=\"esg-media-cover-wrapper\">\n<div class=\"esg-entry-media\"><img loading=\"lazy\" decoding=\"async\" src=\"https:\/\/carnavalvegano.do\/wp-content\/uploads\/2026\/02\/DSC00515-scaled.jpg\" alt=\"\" width=\"2048\" height=\"2560\"><\/div>\n\n            <div class=\"esg-entry-cover\">\n\n                <div class=\"esg-overlay esg-fadeout eg-monroe-container\" data-delay=\"0\"><\/div>\n\n\t\t\t\t<div class=\"esg-bottom eg-post-10600 eg-monroe-element-0-a esg-flipup\" data-delay=\"0\"><a class=\"eg-monroe-element-0 eg-post-10600\" href=\"https:\/\/carnavalvegano.do\/index.php\/2026\/02\/03\/concierto-primer-domingo-shadow-blow-yiyo-sarante-carnaval-vegano-2026\/\" target=\"_self\">Ver M\u00e1s<\/a><\/div>\n\t\t\t\t<div class=\"esg-center eg-post-10600 eg-monroe-element-1 esg-flipdownout\" data-delay=\"0\">Concierto Primer Domingo \u2013 Shadow Blow, Yiyo Sarante \u2013 Carnaval Vegano 2026<\/div>\n\t\t\t\t<div class=\"esg-top eg-post-10600 eg-monroe-element-8 esg-slidedown\" data-delay=\"0\">febrero 3, 2026<\/div>\n           <\/div>\n   <\/div>\n\n<\/li>\n<li id=\"eg-2-post-id-10604\" class=\"filterall filter-galeria eg-monroe-wrapper eg-post-id-10604\" data-date=\"1770800173\">\n    <div class=\"esg-media-cover-wrapper\">\n<div class=\"esg-entry-media\"><img loading=\"lazy\" decoding=\"async\" src=\"https:\/\/carnavalvegano.do\/wp-content\/uploads\/2026\/02\/IMG_5005-scaled.jpg\" alt=\"\" width=\"2560\" height=\"2048\"><\/div>\n\n            <div class=\"esg-entry-cover\">\n\n                <div class=\"esg-overlay esg-fadeout eg-monroe-container\" data-delay=\"0\"><\/div>\n\n\t\t\t\t<div class=\"esg-bottom eg-post-10604 eg-monroe-element-0-a esg-flipup\" data-delay=\"0\"><a class=\"eg-monroe-element-0 eg-post-10604\" href=\"https:\/\/carnavalvegano.do\/index.php\/2026\/02\/11\/segunda-salida-carnaval-vegano-domingo-8-febrero-2026\/\" target=\"_self\">Ver M\u00e1s<\/a><\/div>\n\t\t\t\t<div class=\"esg-center eg-post-10604 eg-monroe-element-1 esg-flipdownout\" data-delay=\"0\">Segunda Salida Carnaval Vegano \u2013 Domingo 8 Febrero 2026<\/div>\n\t\t\t\t<div class=\"esg-top eg-post-10604 eg-monroe-element-8 esg-slidedown\" data-delay=\"0\">febrero 11, 2026<\/div>\n           <\/div>\n   <\/div>\n\n<\/li>\n<li id=\"eg-2-post-id-10607\" class=\"filterall filter-galeria eg-monroe-wrapper eg-post-id-10607\" data-date=\"1770800440\">\n    <div class=\"esg-media-cover-wrapper\">\n<div class=\"esg-entry-media\"><img loading=\"lazy\" decoding=\"async\" src=\"https:\/\/carnavalvegano.do\/wp-content\/uploads\/2026\/02\/JSFL9945-scaled.jpg\" alt=\"\" width=\"2560\" height=\"2048\"><\/div>\n\n            <div class=\"esg-entry-cover\">\n\n                <div class=\"esg-overlay esg-fadeout eg-monroe-container\" data-delay=\"0\"><\/div>\n\n\t\t\t\t<div class=\"esg-bottom eg-post-10607 eg-monroe-element-0-a esg-flipup\" data-delay=\"0\"><a class=\"eg-monroe-element-0 eg-post-10607\" href=\"https:\/\/carnavalvegano.do\/index.php\/2026\/02\/11\/concierto-segundo-domingo-chiquito-team-band-yk-its-junaa-amenazzy-carnaval-vegano-2026\/\" target=\"_self\">Ver M\u00e1s<\/a><\/div>\n\t\t\t\t<div class=\"esg-center eg-post-10607 eg-monroe-element-1 esg-flipdownout\" data-delay=\"0\">Concierto Segundo Domingo \u2013 Chiquito Team Band, Yk It\u2019s Junaa - Amenazzy \u2013 Carnaval Vegano 2026<\/div>\n\t\t\t\t<div class=\"esg-top eg-post-10607 eg-monroe-element-8 esg-slidedown\" data-delay=\"0\">febrero 11, 2026<\/div>\n           <\/div>\n   <\/div>\n\n<\/li>\n<li id=\"eg-2-post-id-10611\" class=\"filterall filter-galeria eg-monroe-wrapper eg-post-id-10611\" data-date=\"1771492157\">\n    <div class=\"esg-media-cover-wrapper\">\n<div class=\"esg-entry-media\"><img loading=\"lazy\" decoding=\"async\" src=\"https:\/\/carnavalvegano.do\/wp-content\/uploads\/2026\/02\/JSFL1290-scaled.jpg\" alt=\"\" width=\"2560\" height=\"1707\"><\/div>\n\n            <div class=\"esg-entry-cover\">\n\n                <div class=\"esg-overlay esg-fadeout eg-monroe-container\" data-delay=\"0\"><\/div>\n\n\t\t\t\t<div class=\"esg-bottom eg-post-10611 eg-monroe-element-0-a esg-flipup\" data-delay=\"0\"><a class=\"eg-monroe-element-0 eg-post-10611\" href=\"https:\/\/carnavalvegano.do\/index.php\/2026\/02\/19\/tercera-salida-carnaval-vegano-domingo-15-febrero-2026\/\" target=\"_self\">Ver M\u00e1s<\/a><\/div>\n\t\t\t\t<div class=\"esg-center eg-post-10611 eg-monroe-element-1 esg-flipdownout\" data-delay=\"0\">Tercera Salida Carnaval Vegano \u2013 Domingo 15 Febrero 2026<\/div>\n\t\t\t\t<div class=\"esg-top eg-post-10611 eg-monroe-element-8 esg-slidedown\" data-delay=\"0\">febrero 19, 2026<\/div>\n           <\/div>\n   <\/div>\n\n<\/li>\n<li id=\"eg-2-post-id-10614\" class=\"filterall filter-galeria eg-monroe-wrapper eg-post-id-10614\" data-date=\"1771492315\">\n    <div class=\"esg-media-cover-wrapper\">\n<div class=\"esg-entry-media\"><img loading=\"lazy\" decoding=\"async\" src=\"https:\/\/carnavalvegano.do\/wp-content\/uploads\/2026\/02\/JSFL2351-scaled.jpg\" alt=\"\" width=\"2560\" height=\"1707\"><\/div>\n\n            <div class=\"esg-entry-cover\">\n\n                <div class=\"esg-overlay esg-fadeout eg-monroe-container\" data-delay=\"0\"><\/div>\n\n\t\t\t\t<div class=\"esg-bottom eg-post-10614 eg-monroe-element-0-a esg-flipup\" data-delay=\"0\"><a class=\"eg-monroe-element-0 eg-post-10614\" href=\"https:\/\/carnavalvegano.do\/index.php\/2026\/02\/19\/concierto-tercer-domingo-crazy-design-la-perversa-la-insuperable-carnaval-vegano-2026\/\" target=\"_self\">Ver M\u00e1s<\/a><\/div>\n\t\t\t\t<div class=\"esg-center eg-post-10614 eg-monroe-element-1 esg-flipdownout\" data-delay=\"0\">Concierto Tercer Domingo \u2013 Crazy Design, La Perversa - La Insuperable\u2013 Carnaval Vegano 2026<\/div>\n\t\t\t\t<div class=\"esg-top eg-post-10614 eg-monroe-element-8 esg-slidedown\" data-delay=\"0\">febrero 19, 2026<\/div>\n           <\/div>\n   <\/div>\n\n<\/li>\n<li id=\"eg-2-post-id-10617\" class=\"filterall filter-galeria eg-monroe-wrapper eg-post-id-10617\" data-date=\"1772015374\">\n    <div class=\"esg-media-cover-wrapper\">\n<div class=\"esg-entry-media\"><img loading=\"lazy\" decoding=\"async\" src=\"https:\/\/carnavalvegano.do\/wp-content\/uploads\/2026\/02\/JSFL5579-scaled.jpg\" alt=\"\" width=\"2560\" height=\"1707\"><\/div>\n\n            <div class=\"esg-entry-cover\">\n\n                <div class=\"esg-overlay esg-fadeout eg-monroe-container\" data-delay=\"0\"><\/div>\n\n\t\t\t\t<div class=\"esg-bottom eg-post-10617 eg-monroe-element-0-a esg-flipup\" data-delay=\"0\"><a class=\"eg-monroe-element-0 eg-post-10617\" href=\"https:\/\/carnavalvegano.do\/index.php\/2026\/02\/25\/cuarta-salida-carnaval-vegano-domingo-22-febrero-2026\/\" target=\"_self\">Ver M\u00e1s<\/a><\/div>\n\t\t\t\t<div class=\"esg-center eg-post-10617 eg-monroe-element-1 esg-flipdownout\" data-delay=\"0\">Cuarta Salida Carnaval Vegano \u2013 Domingo 22 Febrero 2026<\/div>\n\t\t\t\t<div class=\"esg-top eg-post-10617 eg-monroe-element-8 esg-slidedown\" data-delay=\"0\">febrero 25, 2026<\/div>\n           <\/div>\n   <\/div>\n\n<\/li>\n<li id=\"eg-2-post-id-10618\" class=\"filterall filter-galeria eg-monroe-wrapper eg-post-id-10618\" data-date=\"1772015426\">\n    <div class=\"esg-media-cover-wrapper\">\n<div class=\"esg-entry-media\"><img loading=\"lazy\" decoding=\"async\" src=\"https:\/\/carnavalvegano.do\/wp-content\/uploads\/2026\/02\/JSFL6051-scaled.jpg\" alt=\"\" width=\"2560\" height=\"1707\"><\/div>\n\n            <div class=\"esg-entry-cover\">\n\n                <div class=\"esg-overlay esg-fadeout eg-monroe-container\" data-delay=\"0\"><\/div>\n\n\t\t\t\t<div class=\"esg-bottom eg-post-10618 eg-monroe-element-0-a esg-flipup\" data-delay=\"0\"><a class=\"eg-monroe-element-0 eg-post-10618\" href=\"https:\/\/carnavalvegano.do\/index.php\/2026\/02\/25\/concierto-cuarto-domingo-don-miguelo-sujeto-oro24-dj-opg-carnaval-vegano-2026\/\" target=\"_self\">Ver M\u00e1s<\/a><\/div>\n\t\t\t\t<div class=\"esg-center eg-post-10618 eg-monroe-element-1 esg-flipdownout\" data-delay=\"0\">Concierto Cuarto Domingo \u2013 Don Miguelo, Sujeto Oro24 - DJ OPG\u2013 Carnaval Vegano 2026<\/div>\n\t\t\t\t<div class=\"esg-top eg-post-10618 eg-monroe-element-8 esg-slidedown\" data-delay=\"0\">febrero 25, 2026<\/div>\n           <\/div>\n   <\/div>\n\n<\/li>\n<\/ul>\n    <\/div>\n\n<\/article>\n<div class=\"clear\"><\/div>\n[\/vc_column_text][\/vc_column][\/vc_row]<\/p>\n","protected":false},"excerpt":{"rendered":"<p>[vc_row el_class=\u00bbjx-evont-padding\u00bb fullwidth=\u00bbyes\u00bb css=\u00bb.vc_custom_1486152509397{background-image: url(http:\/\/juanvmedrano.com\/cv2017\/wp-content\/uploads\/2016\/06\/calendario-1.png?id=790) !important;}\u00bb][vc_column][vc_single_image image=\u00bb10501&#8243; img_size=\u00bb600&#215;100&#8243; alignment=\u00bbcenter\u00bb css=\u00bb.vc_custom_1737747227422{margin-top: -70px !important;}\u00bb][vc_empty_space height=\u00bb60px\u00bb][vc_column_text css=\u00bb.vc_custom_1486152395294{margin-right: 100px !important;margin-left: 100px !important;}\u00bb][\/vc_column_text][\/vc_column][\/vc_row]<\/p>\n","protected":false},"author":1,"featured_media":0,"parent":0,"menu_order":0,"comment_status":"closed","ping_status":"closed","template":"template-fullwidth.php","meta":{"footnotes":""},"_links":{"self":[{"href":"https:\/\/carnavalvegano.do\/index.php\/wp-json\/wp\/v2\/pages\/19"}],"collection":[{"href":"https:\/\/carnavalvegano.do\/index.php\/wp-json\/wp\/v2\/pages"}],"about":[{"href":"https:\/\/carnavalvegano.do\/index.php\/wp-json\/wp\/v2\/types\/page"}],"author":[{"embeddable":true,"href":"https:\/\/carnavalvegano.do\/index.php\/wp-json\/wp\/v2\/users\/1"}],"replies":[{"embeddable":true,"href":"https:\/\/carnavalvegano.do\/index.php\/wp-json\/wp\/v2\/comments?post=19"}],"version-history":[{"count":16,"href":"https:\/\/carnavalvegano.do\/index.php\/wp-json\/wp\/v2\/pages\/19\/revisions"}],"predecessor-version":[{"id":10502,"href":"https:\/\/carnavalvegano.do\/index.php\/wp-json\/wp\/v2\/pages\/19\/revisions\/10502"}],"wp:attachment":[{"href":"https:\/\/carnavalvegano.do\/index.php\/wp-json\/wp\/v2\/media?parent=19"}],"curies":[{"name":"wp","href":"https:\/\/api.w.org\/{rel}","templated":true}]}}